{"id":1487,"date":"2021-04-15T11:00:08","date_gmt":"2021-04-15T11:00:08","guid":{"rendered":"https:\/\/vps-de1b14d9.vps.ovh.net\/effe3ti\/?page_id=1487"},"modified":"2026-01-07T10:19:20","modified_gmt":"2026-01-07T10:19:20","slug":"datenschutzrichtlinie","status":"publish","type":"page","link":"https:\/\/www.effe3ti.com\/de\/privacy-policy\/","title":{"rendered":"Datenverarbeitung"},"content":{"rendered":"\t\t<div data-elementor-type=\"wp-page\" data-elementor-id=\"1487\" class=\"elementor elementor-1487\" data-elementor-post-type=\"page\">\n\t\t\t\t\t\t<section class=\"elementor-section elementor-top-section elementor-element elementor-element-e04c04e elementor-section-boxed elementor-section-height-default elementor-section-height-default\" data-id=\"e04c04e\" data-element_type=\"section\" data-e-type=\"section\">\n\t\t\t\t\t\t<div class=\"elementor-container elementor-column-gap-default\">\n\t\t\t\t\t<div class=\"elementor-column elementor-col-100 elementor-top-column elementor-element elementor-element-2c1f255\" data-id=\"2c1f255\" data-element_type=\"column\" data-e-type=\"column\">\n\t\t\t<div class=\"elementor-widget-wrap elementor-element-populated\">\n\t\t\t\t\t\t<div class=\"elementor-element elementor-element-ddb8d62 elementor-widget elementor-widget-heading\" data-id=\"ddb8d62\" data-element_type=\"widget\" data-e-type=\"widget\" data-widget_type=\"heading.default\">\n\t\t\t\t<div class=\"elementor-widget-container\">\n\t\t\t\t\t<h2 class=\"elementor-heading-title elementor-size-default\">Informativa sulla Privacy<\/h2>\t\t\t\t<\/div>\n\t\t\t\t<\/div>\n\t\t\t\t\t<\/div>\n\t\t<\/div>\n\t\t\t\t\t<\/div>\n\t\t<\/section>\n\t\t\t\t<section class=\"elementor-section elementor-top-section elementor-element elementor-element-6ebc656 elementor-section-boxed elementor-section-height-default elementor-section-height-default\" data-id=\"6ebc656\" data-element_type=\"section\" data-e-type=\"section\">\n\t\t\t\t\t\t<div class=\"elementor-container elementor-column-gap-default\">\n\t\t\t\t\t<div class=\"elementor-column elementor-col-100 elementor-top-column elementor-element elementor-element-b9b36a7\" data-id=\"b9b36a7\" data-element_type=\"column\" data-e-type=\"column\">\n\t\t\t<div class=\"elementor-widget-wrap elementor-element-populated\">\n\t\t\t\t\t\t<div class=\"elementor-element elementor-element-65c6e76 elementor-tabs-view-horizontal elementor-widget elementor-widget-tabs\" data-id=\"65c6e76\" data-element_type=\"widget\" data-e-type=\"widget\" data-widget_type=\"tabs.default\">\n\t\t\t\t<div class=\"elementor-widget-container\">\n\t\t\t\t\t\t\t<div class=\"elementor-tabs\">\n\t\t\t<div class=\"elementor-tabs-wrapper\" role=\"tablist\" >\n\t\t\t\t\t\t\t\t\t<div id=\"elementor-tab-title-1061\" class=\"elementor-tab-title elementor-tab-desktop-title\" aria-selected=\"true\" data-tab=\"1\" role=\"tab\" tabindex=\"0\" aria-controls=\"elementor-tab-content-1061\" aria-expanded=\"false\">Generale<\/div>\n\t\t\t\t\t\t\t\t\t<div id=\"elementor-tab-title-1062\" class=\"elementor-tab-title elementor-tab-desktop-title\" aria-selected=\"false\" data-tab=\"2\" role=\"tab\" tabindex=\"-1\" aria-controls=\"elementor-tab-content-1062\" aria-expanded=\"false\">Modulo Contatti<\/div>\n\t\t\t\t\t\t\t\t\t<div id=\"elementor-tab-title-1063\" class=\"elementor-tab-title elementor-tab-desktop-title\" aria-selected=\"false\" data-tab=\"3\" role=\"tab\" tabindex=\"-1\" aria-controls=\"elementor-tab-content-1063\" aria-expanded=\"false\">Clienti e Fornitori<\/div>\n\t\t\t\t\t\t\t<\/div>\n\t\t\t<div class=\"elementor-tabs-content-wrapper\" role=\"tablist\" aria-orientation=\"vertical\">\n\t\t\t\t\t\t\t\t\t<div class=\"elementor-tab-title elementor-tab-mobile-title\" aria-selected=\"true\" data-tab=\"1\" role=\"tab\" tabindex=\"0\" aria-controls=\"elementor-tab-content-1061\" aria-expanded=\"false\">Generale<\/div>\n\t\t\t\t\t<div id=\"elementor-tab-content-1061\" class=\"elementor-tab-content elementor-clearfix\" data-tab=\"1\" role=\"tabpanel\" aria-labelledby=\"elementor-tab-title-1061\" tabindex=\"0\" hidden=\"false\"><p><strong>Informativa della privacy<\/strong><br \/>Il sito https:\/\/www.effe3ti.com raccoglie e tratta alcuni dati come di seguito descritto, in ottemperanza alla normativa prescritta dal Reg. Eu 679\/2016 e alla normativa nazionale in ambito Privacy (d.lgs. 101\/2018) nonch\u00e9 modifiche e integrazioni.<br \/>Il titolare del sito, infatti, conforme alle raccomandazioni del Garante della Privacy sull\u2019adeguamento del GDPR, pone molta importanza sulla riservatezza dei visitatori e degli utenti al fine di non ledere i loro diritti.<br \/>L\u2019intento di questa informativa privacy \u00e8 di fornire trasparenza e informazioni comprensibili attinenti alle informazioni raccolte sul sito e al suo utilizzo.<br \/>La presente informativa si applica esclusivamente alle funzionalit\u00e0 online del sito ed \u00e8 valida per i visitatori\/utenti del sito. L\u2019informativa non si applica a tutte quelle informazioni raccolte al di fuori del canale web dove \u00e8 presente questo sito web.\u00a0<\/p><p><strong>Dati di navigazione e tempi di conservazione<\/strong><br \/>Dati acquisiti dai log di sistema e sicurezza<br \/>Il presente sito, durante le visite degli utenti, acquisisce automaticamente delle informazioni attraverso LOG di sistema e log di sicurezza.<br \/>Le informazioni raccolte potrebbero essere le seguenti:<br \/>\u2013 orario e data della visita;\u00a0<br \/>\u2013 indirizzo IP d e nome del provider di provenienza;<br \/>\u2013 registrazioni di errori e problemi.<br \/>Tutti questi dati, raccolti in forma aggregata, vengono utilizzati solo a supporto della diagnostica a fini per la sicurezza. Esempio: in caso di attacco i log vengono monitorati per bloccare gli accessi non autorizzati e per impedire attivit\u00e0 dannose.<br \/>L\u2019accesso a questi dati \u00e8 solo a livello di amministrazione di server e non sono mai utilizzati per l\u2019identificazione o la profilazione dell\u2019utente\/visitatore ma solo acquisiti per la tutela e sicurezza del sito presente. Potrebbero essere utilizzati solo in caso di reato, e solo su richiesta dell\u2019autorit\u00e0 giudiziaria nei casi previsti dalla Legge.<br \/>I dati di LOG raccolti dal sito sono trattati presso la sede del Titolare del Trattamento e presso il datacenter del web Hosting.<br \/>Il web hosting \u00e8 responsabile del trattamento dei dati ed elabora i dati solo su richiesta esplicita del titolare e agisce in conformit\u00e0 alle normative europee.<br \/>I dati utilizzati a fini di sicurezza sono conservati per 90 giorni.\u00a0<\/p><p><strong>Processi decisionali automatizzati<\/strong><br \/>Per informazioni pi\u00f9 dettagliate sui tipi di cookie utilizzati, su altre tecniche di tracciamento e sulle informazioni che raccogliamo su di essi vi invitiamo a leggere la nostra cookie policy al seguente link (<a href=\"https:\/\/www.effe3ti.com\/cookie-policy-ue\/\">https:\/\/www.effe3ti.com\/cookie-policy-ue\/<\/a>)<\/p><p><strong>Finalit\u00e0 e Basi Giuridiche del trattamento<\/strong><br \/>La finalit\u00e0 delle nostre attivit\u00e0 di trattamento dei dati \u00e8 quella di adempiere ad obblighi di legge, perseguire i nostri interessi legittimi e scopi commerciali.<br \/>Per il trattamento dei dati ci basiamo, infatti, sulle basi giuridiche di seguito descritte:<br \/>\u2013 art. 6 lett. a) GDPR, ossia il vostro consenso, fornito per determinati trattamenti dei dati personali;<br \/>\u2013 art. 6 lett. b) GDPR, ossia quando il trattamento dei dati personali \u00e8 necessario per l\u2019adempimento degli obblighi derivanti da un contratto (es. qualora inoltriate richieste di informazioni e, a tali richieste, segua un ordine da parte vostra, infatti, il trattamento dei dati \u00e8 indispensabile);<br \/>\u2013 art. 6 lett. c) GDPR, ossia quando il trattamento dei dati personali sia necessario per adempiere a un obbligo giuridico;<br \/>\u2013 art. 6 lett. f) GDPR, ossia in base al legittimo interesse della nostra azienda o di terzi \u2013 a condizione che non prevalgano gli interessi o i diritti e le libert\u00e0 fondamentali dell\u2019interessato \u2013 considerato che il nostro interesse legittimo principale \u00e8 lo svolgimento e l\u2019esecuzione della nostra attivit\u00e0 commerciale (e ci\u00f2 corrisponde agli interessi legittimi delle aziende espressamente descritti dal legislatore europeo).<\/p><p><strong>Misure di sicurezza<\/strong><br \/>Il trattamento dei dati acquisiti dai navigatori attraverso questo sito \u00e8 gestito in maniera legale, adottando tutte le misure opportune per:<br \/>\u2022 aumentare la sicurezza<br \/>\u2022 impedire accessi non autorizzati<br \/>\u2022 impedire la divulgazione non autorizzata dei dati.<br \/>Il trattamento viene attuato mediante dispositivi informatici, con logiche e modalit\u00e0 organizzative strettamente correlate alle finalit\u00e0 descritte sopra. Oltre al titolare, come nel caso di Google Analytics, l\u2019accesso dei dati \u00e8 delegato a consulenti tecnici coinvolti nel progetto del sito.<br \/>I soggetti coinvolti, sempre incaricati dall\u2019azienda titolare dei dati, possono essere anche esterni e sono intesi come fornitori di servizi tecnici terzi, hosting provider, societ\u00e0 informatiche, agenzie di web marketing.\u00a0<\/p><p><strong>Diritti dell\u2019utente<\/strong><br \/>Ai sensi del Regolamento europeo 679\/2016 (GDPR), e secondo le modalit\u00e0 e nei limiti previsti dalla vigente normativa, il navigatore\/utente pu\u00f2 esercitare i seguenti diritti:\u00a0<br \/>Diritto di recesso, o l\u2019aggiornamento\/rettifica\/integrazione e cancellazione dei dati;<br \/>richiedere la conferma dell\u2019esistenza di propri dati personali;<br \/>richiedere l\u2019origine dei propri dati in maniera intelleggibile;<br \/>avere le informazioni riguardo le modalit\u00e0 e le finalit\u00e0 del trattamento dei dati;<br \/>richiedere la trasformazione in forma anonima dei dati<br \/>presentare un reclamo al Garante Privacy in qualit\u00e0 di Autorit\u00e0 di controllo;<br \/>Le richieste vanno inviate al Titolare del trattamento attraverso il form contattaci.\u00a0<br \/>Precisiamo inoltre che il visitatore\/navigatore pu\u00f2 negare il consenso al conferimento e raccolta dei dati e pu\u00f2 revocare in qualsiasi momento un consenso gi\u00e0 precedentemente fornito attraverso il form Contattaci presente sul sito.<br \/>Il rifiuto del consenso, attraverso l\u2019apposito tasto di rifiuto sul banner dei cookie, o attraverso una revoca del consenso via email potrebbe comportare il divieto di accesso al alcuni servizi e compromettere l\u2019esperienza di navigazione di questo sito.\u00a0<\/p><p><strong>Titolare del trattamento<\/strong><br \/>Ai sensi delle leggi vigenti il titolare del trattamento \u00e8:<br \/>EFFE3ti S.r.l., con sede in Gattinara (VC) in C.so Garibaldi 298<br \/>ed \u00e8 contattabile all\u2019indirizzo communication@effe3ti.com.<\/p><p>Aggiornamento dell\u2019informativa della privacy e Cookie policy<br \/>Il presente documento \u00e8 aggiornato al 25\/01\/2021<\/p><\/div>\n\t\t\t\t\t\t\t\t\t<div class=\"elementor-tab-title elementor-tab-mobile-title\" aria-selected=\"false\" data-tab=\"2\" role=\"tab\" tabindex=\"-1\" aria-controls=\"elementor-tab-content-1062\" aria-expanded=\"false\">Modulo Contatti<\/div>\n\t\t\t\t\t<div id=\"elementor-tab-content-1062\" class=\"elementor-tab-content elementor-clearfix\" data-tab=\"2\" role=\"tabpanel\" aria-labelledby=\"elementor-tab-title-1062\" tabindex=\"0\" hidden=\"hidden\"><p>Il Titolare del trattamento effettuato \u00e8 <strong>EFFE3ti\u00a0S.r.l.,<\/strong> con sede legale in Gattinara (VC) in C.so Garibaldi 298; eventuali richieste di informazioni e\/o chiarimenti circa il trattamento dei dati potranno essere richiesti inviando una mail al seguente indirizzo: communication@effe3ti.com.<br \/>I dati di contatto del Responsabile della Protezione dei Dati sono i seguenti: stefano.franchino@effe3ti.com.<\/p><p><b>Trattamenti effettuati e finalit\u00e0<\/b><\/p><p>Il Titolare desidera informarLa che i dati personali (es. anagrafici e l\u2019indirizzo di posta elettronica aziendale) richiesti in questo form sono raccolti e trattati per le seguenti finalit\u00e0:<\/p><p>\u2013 presa in carico e riscontro dell\u2019interesse da Lei manifestato nei confronti della nostra Societ\u00e0 al fine di fornirLe le informazioni richieste;<\/p><p>\u2013 invio di posta elettronica aziendale con materiale informativo, pubblicitario e\/o riguardante la nostra Societ\u00e0.<\/p><p>I trattamenti effettuati tramite l\u2019ausilio di strumenti cartacei\/informatici non prevedono l\u2019impiego di processi decisionali automatizzati.<\/p><p><b>Base giuridica del trattamento<\/b><\/p><p>Il trattamento viene effettuato in base alla sussistenza di un legittimo interesse in quanto esiste una relazione pertinente e appropriata tra l\u2019interessato e il titolare del trattamento (navigazione sul sito e compilazione del form di contatto) e in ogni caso non viene svolta alcuna attivit\u00e0 di profilazione da parte del titolare.<\/p><p><b>Conferimento dei dati<\/b><\/p><p>Il conferimento dei dati \u00e8 facoltativo ma necessario per il raggiungimento delle finalit\u00e0 di cui sopra e la mancata disponibilit\u00e0 degli stessi non permette n\u00e9 il riscontro alle Sue richieste n\u00e9 l\u2019invio di messaggi di posta elettronica contenenti informazioni sull\u2019attivit\u00e0 del titolare.<\/p><p><b>Comunicazione dei dati, ambito di diffusione, trasferimento verso Paesi Terzi<\/b><\/p><p>I dati potranno essere trattati soltanto da soggetti espressamente autorizzati dal Titolare e\/o da soggetti che agiscono in qualit\u00e0 di titolari autonomi del trattamento o responsabili del trattamento, per conto della stessa e che hanno sottoscritto un apposito contratto che disciplina puntualmente i trattamenti loro affidati e gli obblighi in materia di protezione dei dati; a titolo esemplificativo: consulenti e liberi professionisti in forma singola o associata, societ\u00e0 e\/o imprese di cui pu\u00f2 avvalersi il titolare per l\u2019espletamento di alcune attivit\u00e0 funzionali allo svolgimento della propria attivit\u00e0 o per l\u2019erogazione dei propri servizi. I Suoi dati non verranno diffusi n\u00e9 trasferiti verso Paesi Terzi.<\/p><p><b>Tempo di Conservazione<\/b><\/p><p>I dati saranno conservati per il tempo necessario ad esplicare le finalit\u00e0 sopra riportate nel rispetto dei termini di legge; qualora all\u2019esito del contatto dovesse derivare il perfezionamento di un rapporto contrattuale i dati saranno conservati per 10 anni dalla data di cessazione di tale rapporto.<\/p><p>Si precisa che in calce a ciascuna email informativa sulla nostra attivit\u00e0 \u00e8 presente tasto unsubscrive.<\/p><p><b>Diritti dell\u2019Interessato<\/b><\/p><p>Le viene riconosciuto e garantito il pieno diritto a: chiedere al Titolare del trattamento l\u2019accesso ai dati personali e la rettifica o la cancellazione degli stessi o la limitazione del trattamento che la riguardano o di opporsi al loro trattamento, oltre al diritto alla portabilit\u00e0 dei dati. Tale diritto pu\u00f2 essere esercitato inviando una mail a communication@effe3ti.com.<\/p><p>Inoltre il Titolare interromper\u00e0 il trattamento nel momento in cui pervenga da parte sua la relativa richiesta.<\/p><p><b>Reclamo all\u2019autorit\u00e0 di controllo<\/b><\/p><p>L\u2019interessato ha diritto a proporre reclamo presso l\u2019Autorit\u00e0 di Controllo nel caso in cui le proprie richieste di informazioni rivolte al Titolare non abbiano determinato risposte soddisfacenti.<\/p><p>L\u2019Autorit\u00e0 di riferimento \u00e8 Il Garante per la Protezione dei dati personali<\/p><p>http:\/\/www.garanteprivacy.it\/web\/guest\/home\/docweb\/-\/docwebdisplay\/docweb\/4535524<\/p><\/div>\n\t\t\t\t\t\t\t\t\t<div class=\"elementor-tab-title elementor-tab-mobile-title\" aria-selected=\"false\" data-tab=\"3\" role=\"tab\" tabindex=\"-1\" aria-controls=\"elementor-tab-content-1063\" aria-expanded=\"false\">Clienti e Fornitori<\/div>\n\t\t\t\t\t<div id=\"elementor-tab-content-1063\" class=\"elementor-tab-content elementor-clearfix\" data-tab=\"3\" role=\"tabpanel\" aria-labelledby=\"elementor-tab-title-1063\" tabindex=\"0\" hidden=\"hidden\"><p><b>Titolare del trattamento:<\/b><\/p><p>Il Titolare del trattamento effettuato \u00e8 <b>EFFE3ti s.r.l.<\/b>, con sede legale in Gattinara (VC) in C.so Garibaldi 298; eventuali richieste di informazioni e\/o chiarimenti circa il trattamento dei dati potranno essere richiesti inviando una mail al seguente indirizzo: communication@effe3ti.com<br \/>I dati di contatto del Responsabile della Protezione dei Dati sono i seguenti: stefano.franchino@effe3ti.com.<\/p><p><b>Trattamenti effettuati e finalit\u00e0<\/b><\/p><p>Il Titolare desidera informarLa che i Suoi dati personali anagrafici e identificativi saranno raccolti e trattati per le seguenti finalit\u00e0:<\/p><ol><li aria-level=\"1\">esecuzione delle prestazioni contrattuali di cui al rapporto in essere tra le Parti;<\/li><li aria-level=\"1\">esecuzione degli adempimenti amministrativo\/contabili (ivi compresi gli obblighi normativi);<\/li><li aria-level=\"1\">invio di posta elettronica aziendale con materiale informativo, pubblicitario e\/o riguardante la nostra Societ\u00e0.<\/li><\/ol><p>I trattamenti effettuati tramite l\u2019ausilio di strumenti cartacei\/informatici non prevedono l\u2019impiego di processi decisionali automatizzati.<\/p><p><b>Base giuridica del trattamento<\/b><\/p><p>Il trattamento viene effettuato in base alla sussistenza di un rapporto contrattuale tra le parti, per quanto di cui alle finalit\u00e0 sub a) e b).<\/p><p>Il trattamento viene effettuato in base alla sussistenza di un legittimo interesse in quanto esiste una relazione pertinente e appropriata tra l\u2019interessato e il titolare del trattamento per quanto di cui alla finalit\u00e0 sub c).<\/p><p><b>Conferimento dei dati<\/b><\/p><p>Il conferimento dei dati \u00e8 facoltativo, ma necessario per il raggiungimento delle finalit\u00e0 di cui sopra e la mancata disponibilit\u00e0 degli stessi non permette n\u00e9 l\u2019assunzione di alcun obbligo n\u00e9 la gestione amministrativa e contabile dei rapporti n\u00e9 l\u2019invio di messaggi di posta elettronica contenenti informazioni sulla nostra Societ\u00e0.<\/p><p><b>Comunicazione dei dati, ambito di diffusione e trasferimento verso Paesi Terzi.<\/b><\/p><p>I dati verranno trattati soltanto da soggetti espressamente autorizzati dal Titolare e\/o da soggetti che agiscono in qualit\u00e0 di titolari autonomi del trattamento o responsabili del trattamento, per conto della stessa e che hanno sottoscritto un apposito contratto che disciplina puntualmente i trattamenti loro affidati e gli obblighi in materia di protezione dei dati; a titolo esemplificativo: consulenti e liberi professionisti in forma singola o associata (fornitori, studio legale, studio commercialista), banche e istituti di credito, societ\u00e0 e\/o imprese di cui pu\u00f2 avvalersi il Titolare per l\u2019espletamento di alcune attivit\u00e0 funzionali allo svolgimento della propria attivit\u00e0 e all\u2019erogazione dei propri servizi.<\/p><p>I Suoi dati non saranno oggetto di diffusione n\u00e8 di trasferimento verso Paesi Terzi.<\/p><p><b>Tempo di Conservazione<\/b><\/p><p>I dati saranno conservati dal Titolare per il tempo necessario al perseguimento delle finalit\u00e0 sopra riportate e all\u2019esecuzione del rapporto contrattuale; successivamente, per 10 anni dalla cessazione del rapporto in essere [si veda paragrafo\u00a0<b>Trattamenti effettuati e finalit\u00e0\u00a0<\/b>lettera a) e b)].<\/p><p>Si precisa che in calce a ciascuna email informativa sulla nostra attivit\u00e0 \u00e8 presente tasto unsubscrive.<\/p><p><b>Diritti dell\u2019Interessato<\/b><\/p><p>Le viene riconosciuto e garantito il pieno diritto a: chiedere al Titolare del trattamento l\u2019accesso ai dati personali e la rettifica o la cancellazione degli stessi (diritto all\u2019oblio \u2013 art. 17) o la limitazione del trattamento che la riguardano o di opporsi al loro trattamento, oltre al diritto alla portabilit\u00e0 dei dati. Tale diritto pu\u00f2 essere esercitato inviando una mail a communication@effe3ti.com.<\/p><p>Inoltre il Titolare interromper\u00e0 il trattamento nel momento in cui pervenga da parte sua la relativa richiesta.<\/p><p><b>Reclamo all\u2019autorit\u00e0 di controllo<\/b><\/p><p>L\u2019interessato ha diritto a proporre reclamo presso l\u2019Autorit\u00e0 di Controllo nel caso in cui le proprie richieste di informazioni rivolte al Titolare non abbiano determinato risposte soddisfacenti.<\/p><p>L\u2019Autorit\u00e0 di riferimento \u00e8 Il Garante per la Protezione dei dati personali:<\/p><p><a href=\"http:\/\/www.garanteprivacy.it\/web\/guest\/home\/docweb\/-\/docweb-display\/docweb\/4535524\">http:\/\/www.garanteprivacy.it\/web\/guest\/home\/docweb\/-\/docweb-display\/docweb\/4535524<\/a><\/p><\/div>\n\t\t\t\t\t\t\t<\/div>\n\t\t<\/div>\n\t\t\t\t\t\t<\/div>\n\t\t\t\t<\/div>\n\t\t\t\t\t<\/div>\n\t\t<\/div>\n\t\t\t\t\t<\/div>\n\t\t<\/section>\n\t\t\t\t<\/div>\n\t\t","protected":false},"excerpt":{"rendered":"<p>Informativa sulla Privacy Generale Modulo Contatti Clienti e Fornitori Generale Informativa della privacyIl sito https:\/\/www.effe3ti.com raccoglie e tratta alcuni dati come di seguito descritto, in ottemperanza alla normativa prescritta dal Reg. Eu 679\/2016 e alla normativa nazionale in ambito Privacy (d.lgs. 101\/2018) nonch\u00e9 modifiche e integrazioni.Il titolare del sito, infatti, conforme alle raccomandazioni del Garante [&hellip;]<\/p>\n","protected":false},"author":1,"featured_media":0,"parent":0,"menu_order":0,"comment_status":"closed","ping_status":"closed","template":"","meta":{"footnotes":""},"class_list":["post-1487","page","type-page","status-publish","hentry"],"yoast_head":"<!-- This site is optimized with the Yoast SEO plugin v27.4 - https:\/\/yoast.com\/product\/yoast-seo-wordpress\/ -->\n<title>Trattamento dati - Effe3ti<\/title>\n<meta name=\"robots\" content=\"index, follow, max-snippet:-1, max-image-preview:large, max-video-preview:-1\" \/>\n<link rel=\"canonical\" href=\"https:\/\/www.effe3ti.com\/de\/datenschutzrichtlinie\/\" \/>\n<meta property=\"og:locale\" content=\"de_DE\" \/>\n<meta property=\"og:type\" content=\"article\" \/>\n<meta property=\"og:title\" content=\"Trattamento dati - Effe3ti\" \/>\n<meta property=\"og:description\" content=\"Informativa sulla Privacy Generale Modulo Contatti Clienti e Fornitori Generale Informativa della privacyIl sito https:\/\/www.effe3ti.com raccoglie e tratta alcuni dati come di seguito descritto, in ottemperanza alla normativa prescritta dal Reg. Eu 679\/2016 e alla normativa nazionale in ambito Privacy (d.lgs. 101\/2018) nonch\u00e9 modifiche e integrazioni.Il titolare del sito, infatti, conforme alle raccomandazioni del Garante [&hellip;]\" \/>\n<meta property=\"og:url\" content=\"https:\/\/www.effe3ti.com\/de\/datenschutzrichtlinie\/\" \/>\n<meta property=\"og:site_name\" content=\"Effe3ti\" \/>\n<meta property=\"article:publisher\" content=\"https:\/\/www.facebook.com\/effe3ti.packaging\" \/>\n<meta property=\"article:modified_time\" content=\"2026-01-07T10:19:20+00:00\" \/>\n<meta name=\"twitter:card\" content=\"summary_large_image\" \/>\n<meta name=\"twitter:label1\" content=\"Gesch\u00e4tzte Lesezeit\" \/>\n\t<meta name=\"twitter:data1\" content=\"11\u00a0Minuten\" \/>\n<script type=\"application\/ld+json\" class=\"yoast-schema-graph\">{\"@context\":\"https:\\\/\\\/schema.org\",\"@graph\":[{\"@type\":\"WebPage\",\"@id\":\"https:\\\/\\\/www.effe3ti.com\\\/privacy-policy\\\/\",\"url\":\"https:\\\/\\\/www.effe3ti.com\\\/privacy-policy\\\/\",\"name\":\"Trattamento dati - Effe3ti\",\"isPartOf\":{\"@id\":\"https:\\\/\\\/www.effe3ti.com\\\/#website\"},\"datePublished\":\"2021-04-15T11:00:08+00:00\",\"dateModified\":\"2026-01-07T10:19:20+00:00\",\"breadcrumb\":{\"@id\":\"https:\\\/\\\/www.effe3ti.com\\\/privacy-policy\\\/#breadcrumb\"},\"inLanguage\":\"de\",\"potentialAction\":[{\"@type\":\"ReadAction\",\"target\":[\"https:\\\/\\\/www.effe3ti.com\\\/privacy-policy\\\/\"]}]},{\"@type\":\"BreadcrumbList\",\"@id\":\"https:\\\/\\\/www.effe3ti.com\\\/privacy-policy\\\/#breadcrumb\",\"itemListElement\":[{\"@type\":\"ListItem\",\"position\":1,\"name\":\"Home\",\"item\":\"https:\\\/\\\/www.effe3ti.com\\\/\"},{\"@type\":\"ListItem\",\"position\":2,\"name\":\"Trattamento dati\"}]},{\"@type\":\"WebSite\",\"@id\":\"https:\\\/\\\/www.effe3ti.com\\\/#website\",\"url\":\"https:\\\/\\\/www.effe3ti.com\\\/\",\"name\":\"Effe3ti\",\"description\":\"Packaging Technologies\",\"publisher\":{\"@id\":\"https:\\\/\\\/www.effe3ti.com\\\/#organization\"},\"potentialAction\":[{\"@type\":\"SearchAction\",\"target\":{\"@type\":\"EntryPoint\",\"urlTemplate\":\"https:\\\/\\\/www.effe3ti.com\\\/?s={search_term_string}\"},\"query-input\":{\"@type\":\"PropertyValueSpecification\",\"valueRequired\":true,\"valueName\":\"search_term_string\"}}],\"inLanguage\":\"de\"},{\"@type\":\"Organization\",\"@id\":\"https:\\\/\\\/www.effe3ti.com\\\/#organization\",\"name\":\"Effe3ti\",\"alternateName\":\"f3t\",\"url\":\"https:\\\/\\\/www.effe3ti.com\\\/\",\"logo\":{\"@type\":\"ImageObject\",\"inLanguage\":\"de\",\"@id\":\"https:\\\/\\\/www.effe3ti.com\\\/#\\\/schema\\\/logo\\\/image\\\/\",\"url\":\"https:\\\/\\\/www.effe3ti.com\\\/wp-content\\\/uploads\\\/2021\\\/04\\\/Effe3ti_logo-350.gif\",\"contentUrl\":\"https:\\\/\\\/www.effe3ti.com\\\/wp-content\\\/uploads\\\/2021\\\/04\\\/Effe3ti_logo-350.gif\",\"width\":350,\"height\":128,\"caption\":\"Effe3ti\"},\"image\":{\"@id\":\"https:\\\/\\\/www.effe3ti.com\\\/#\\\/schema\\\/logo\\\/image\\\/\"},\"sameAs\":[\"https:\\\/\\\/www.facebook.com\\\/effe3ti.packaging\",\"https:\\\/\\\/www.instagram.com\\\/EFFE3TI\\\/\",\"https:\\\/\\\/www.linkedin.com\\\/company\\\/effe3ti-srl\",\"https:\\\/\\\/www.youtube.com\\\/effe3ti\"]}]}<\/script>\n<!-- \/ Yoast SEO plugin. -->","yoast_head_json":{"title":"Datenverarbeitung - Effe3ti","robots":{"index":"index","follow":"follow","max-snippet":"max-snippet:-1","max-image-preview":"max-image-preview:large","max-video-preview":"max-video-preview:-1"},"canonical":"https:\/\/www.effe3ti.com\/de\/datenschutzrichtlinie\/","og_locale":"de_DE","og_type":"article","og_title":"Trattamento dati - Effe3ti","og_description":"Informativa sulla Privacy Generale Modulo Contatti Clienti e Fornitori Generale Informativa della privacyIl sito https:\/\/www.effe3ti.com raccoglie e tratta alcuni dati come di seguito descritto, in ottemperanza alla normativa prescritta dal Reg. Eu 679\/2016 e alla normativa nazionale in ambito Privacy (d.lgs. 101\/2018) nonch\u00e9 modifiche e integrazioni.Il titolare del sito, infatti, conforme alle raccomandazioni del Garante [&hellip;]","og_url":"https:\/\/www.effe3ti.com\/de\/datenschutzrichtlinie\/","og_site_name":"Effe3ti","article_publisher":"https:\/\/www.facebook.com\/effe3ti.packaging","article_modified_time":"2026-01-07T10:19:20+00:00","twitter_card":"summary_large_image","twitter_misc":{"Gesch\u00e4tzte Lesezeit":"11\u00a0Minuten"},"schema":{"@context":"https:\/\/schema.org","@graph":[{"@type":"WebPage","@id":"https:\/\/www.effe3ti.com\/privacy-policy\/","url":"https:\/\/www.effe3ti.com\/privacy-policy\/","name":"Datenverarbeitung - Effe3ti","isPartOf":{"@id":"https:\/\/www.effe3ti.com\/#website"},"datePublished":"2021-04-15T11:00:08+00:00","dateModified":"2026-01-07T10:19:20+00:00","breadcrumb":{"@id":"https:\/\/www.effe3ti.com\/privacy-policy\/#breadcrumb"},"inLanguage":"de","potentialAction":[{"@type":"ReadAction","target":["https:\/\/www.effe3ti.com\/privacy-policy\/"]}]},{"@type":"BreadcrumbList","@id":"https:\/\/www.effe3ti.com\/privacy-policy\/#breadcrumb","itemListElement":[{"@type":"ListItem","position":1,"name":"Home","item":"https:\/\/www.effe3ti.com\/"},{"@type":"ListItem","position":2,"name":"Trattamento dati"}]},{"@type":"WebSite","@id":"https:\/\/www.effe3ti.com\/#website","url":"https:\/\/www.effe3ti.com\/","name":"Effe3ti","description":"Verpackungstechnologien","publisher":{"@id":"https:\/\/www.effe3ti.com\/#organization"},"potentialAction":[{"@type":"SearchAction","target":{"@type":"EntryPoint","urlTemplate":"https:\/\/www.effe3ti.com\/?s={search_term_string}"},"query-input":{"@type":"PropertyValueSpecification","valueRequired":true,"valueName":"search_term_string"}}],"inLanguage":"de"},{"@type":"Organization","@id":"https:\/\/www.effe3ti.com\/#organization","name":"Effe3ti","alternateName":"f3t","url":"https:\/\/www.effe3ti.com\/","logo":{"@type":"ImageObject","inLanguage":"de","@id":"https:\/\/www.effe3ti.com\/#\/schema\/logo\/image\/","url":"https:\/\/www.effe3ti.com\/wp-content\/uploads\/2021\/04\/Effe3ti_logo-350.gif","contentUrl":"https:\/\/www.effe3ti.com\/wp-content\/uploads\/2021\/04\/Effe3ti_logo-350.gif","width":350,"height":128,"caption":"Effe3ti"},"image":{"@id":"https:\/\/www.effe3ti.com\/#\/schema\/logo\/image\/"},"sameAs":["https:\/\/www.facebook.com\/effe3ti.packaging","https:\/\/www.instagram.com\/EFFE3TI\/","https:\/\/www.linkedin.com\/company\/effe3ti-srl","https:\/\/www.youtube.com\/effe3ti"]}]}},"_links":{"self":[{"href":"https:\/\/www.effe3ti.com\/de\/wp-json\/wp\/v2\/pages\/1487","targetHints":{"allow":["GET"]}}],"collection":[{"href":"https:\/\/www.effe3ti.com\/de\/wp-json\/wp\/v2\/pages"}],"about":[{"href":"https:\/\/www.effe3ti.com\/de\/wp-json\/wp\/v2\/types\/page"}],"author":[{"embeddable":true,"href":"https:\/\/www.effe3ti.com\/de\/wp-json\/wp\/v2\/users\/1"}],"replies":[{"embeddable":true,"href":"https:\/\/www.effe3ti.com\/de\/wp-json\/wp\/v2\/comments?post=1487"}],"version-history":[{"count":3,"href":"https:\/\/www.effe3ti.com\/de\/wp-json\/wp\/v2\/pages\/1487\/revisions"}],"predecessor-version":[{"id":24098,"href":"https:\/\/www.effe3ti.com\/de\/wp-json\/wp\/v2\/pages\/1487\/revisions\/24098"}],"wp:attachment":[{"href":"https:\/\/www.effe3ti.com\/de\/wp-json\/wp\/v2\/media?parent=1487"}],"curies":[{"name":"wp","href":"https:\/\/api.w.org\/{rel}","templated":true}]}}