{"id":3979,"date":"2021-10-21T13:57:15","date_gmt":"2021-10-21T13:57:15","guid":{"rendered":"https:\/\/epic-einstein.5-196-224-87.plesk.page\/?page_id=3979"},"modified":"2021-10-21T13:57:59","modified_gmt":"2021-10-21T13:57:59","slug":"neuigkeiten","status":"publish","type":"page","link":"https:\/\/www.effe3ti.com\/de\/news-approfondimenti\/","title":{"rendered":"Neuigkeiten \u2013 Einblicke"},"content":{"rendered":"<div data-elementor-type=\"wp-page\" data-elementor-id=\"3979\" class=\"elementor elementor-3979\" data-elementor-post-type=\"page\">\n\t\t\t\t\t\t<section class=\"elementor-section elementor-top-section elementor-element elementor-element-03d5dbb elementor-section-boxed elementor-section-height-default elementor-section-height-default\" data-id=\"03d5dbb\" data-element_type=\"section\" data-e-type=\"section\">\n\t\t\t\t\t\t<div class=\"elementor-container elementor-column-gap-default\">\n\t\t\t\t\t<div class=\"elementor-column elementor-col-100 elementor-top-column elementor-element elementor-element-8dcf13f\" data-id=\"8dcf13f\" data-element_type=\"column\" data-e-type=\"column\">\n\t\t\t<div class=\"elementor-widget-wrap elementor-element-populated\">\n\t\t\t\t\t\t<div class=\"elementor-element elementor-element-6e79d70 elementor-grid-3 elementor-grid-tablet-2 elementor-grid-mobile-1 elementor-posts--thumbnail-top elementor-card-shadow-yes elementor-posts__hover-gradient elementor-widget elementor-widget-posts\" data-id=\"6e79d70\" data-element_type=\"widget\" data-e-type=\"widget\" data-settings=\"{&quot;pagination_type&quot;:&quot;numbers&quot;,&quot;cards_columns&quot;:&quot;3&quot;,&quot;cards_columns_tablet&quot;:&quot;2&quot;,&quot;cards_columns_mobile&quot;:&quot;1&quot;,&quot;cards_row_gap&quot;:{&quot;unit&quot;:&quot;px&quot;,&quot;size&quot;:35,&quot;sizes&quot;:[]},&quot;cards_row_gap_tablet&quot;:{&quot;unit&quot;:&quot;px&quot;,&quot;size&quot;:&quot;&quot;,&quot;sizes&quot;:[]},&quot;cards_row_gap_mobile&quot;:{&quot;unit&quot;:&quot;px&quot;,&quot;size&quot;:&quot;&quot;,&quot;sizes&quot;:[]}}\" data-widget_type=\"posts.cards\">\n\t\t\t\t<div class=\"elementor-widget-container\">\n\t\t\t\t\t\t\t<div class=\"elementor-posts-container elementor-posts elementor-posts--skin-cards elementor-grid\" role=\"list\">\n\t\t\t\t<article class=\"elementor-post elementor-grid-item post-24442 post type-post status-publish format-standard has-post-thumbnail hentry category-news-approfondimenti\" role=\"listitem\">\n\t\t\t<div class=\"elementor-post__card\">\n\t\t\t\t<a class=\"elementor-post__thumbnail__link\" href=\"https:\/\/www.effe3ti.com\/de\/reggiatrici-automatiche-come-integrarle-nei-processi-produttivi-industriali\/\" tabindex=\"-1\" ><div class=\"elementor-post__thumbnail\"><img fetchpriority=\"high\" decoding=\"async\" width=\"300\" height=\"200\" src=\"https:\/\/www.effe3ti.com\/wp-content\/uploads\/2022\/06\/Impianto-box-pallet-3w-300x200.jpg\" class=\"attachment-medium size-medium wp-image-9334\" alt=\"4.0 Paletten- und Kartonsystem\" srcset=\"https:\/\/www.effe3ti.com\/wp-content\/uploads\/2022\/06\/Impianto-box-pallet-3w-300x200.jpg 300w, https:\/\/www.effe3ti.com\/wp-content\/uploads\/2022\/06\/Impianto-box-pallet-3w-600x400.jpg 600w, https:\/\/www.effe3ti.com\/wp-content\/uploads\/2022\/06\/Impianto-box-pallet-3w-1024x683.jpg 1024w, https:\/\/www.effe3ti.com\/wp-content\/uploads\/2022\/06\/Impianto-box-pallet-3w-768x512.jpg 768w, https:\/\/www.effe3ti.com\/wp-content\/uploads\/2022\/06\/Impianto-box-pallet-3w-1536x1024.jpg 1536w, https:\/\/www.effe3ti.com\/wp-content\/uploads\/2022\/06\/Impianto-box-pallet-3w-2048x1365.jpg 2048w\" sizes=\"(max-width: 300px) 100vw, 300px\" \/><\/div><\/a>\n\t\t\t\t<div class=\"elementor-post__badge\">Einblicke<\/div>\n\t\t\t\t<div class=\"elementor-post__text\">\n\t\t\t\t<h3 class=\"elementor-post__title\">\n\t\t\t<a href=\"https:\/\/www.effe3ti.com\/de\/reggiatrici-automatiche-come-integrarle-nei-processi-produttivi-industriali\/\" >\n\t\t\t\tAutomatische Umreifungsmaschinen: Wie lassen sie sich in industrielle Produktionsprozesse integrieren?\t\t\t<\/a>\n\t\t<\/h3>\n\t\t\t\t<div class=\"elementor-post__excerpt\">\n\t\t\t<p>Automatische Umreifungsmaschinen sollten nicht als blo\u00dfes Detail am Ende der Produktionslinie betrachtet werden. Tats\u00e4chlich sind sie heute einer der Punkte, an denen<\/p>\n\t\t<\/div>\n\t\t\n\t\t<a class=\"elementor-post__read-more\" href=\"https:\/\/www.effe3ti.com\/de\/reggiatrici-automatiche-come-integrarle-nei-processi-produttivi-industriali\/\" aria-label=\"Mehr \u00fcber Reggiatrici automatiche: come integrarle nei processi produttivi industriali\" tabindex=\"-1\" >\n\t\t\tWeiterlesen\t\t<\/a>\n\n\t\t\t\t<\/div>\n\t\t\t\t<div class=\"elementor-post__meta-data\">\n\t\t\t\t\t<span class=\"elementor-post-date\">\n\t\t\t15. April 2026\t\t<\/span>\n\t\t\t\t<\/div>\n\t\t\t\t\t<\/div>\n\t\t<\/article>\n\t\t\t\t<article class=\"elementor-post elementor-grid-item post-24837 post type-post status-publish format-standard has-post-thumbnail hentry category-news-approfondimenti\" role=\"listitem\">\n\t\t\t<div class=\"elementor-post__card\">\n\t\t\t\t<a class=\"elementor-post__thumbnail__link\" href=\"https:\/\/www.effe3ti.com\/de\/compattatore-cartone-ecco-perche-ti-serve-davvero-in-azienda\/\" tabindex=\"-1\" ><div class=\"elementor-post__thumbnail\"><img decoding=\"async\" width=\"300\" height=\"200\" src=\"https:\/\/www.effe3ti.com\/wp-content\/uploads\/2026\/03\/arrangement-dirty-dumped-objects-300x200.jpg\" class=\"attachment-medium size-medium wp-image-24710\" alt=\"\" srcset=\"https:\/\/www.effe3ti.com\/wp-content\/uploads\/2026\/03\/arrangement-dirty-dumped-objects-300x200.jpg 300w, https:\/\/www.effe3ti.com\/wp-content\/uploads\/2026\/03\/arrangement-dirty-dumped-objects-1024x683.jpg 1024w, https:\/\/www.effe3ti.com\/wp-content\/uploads\/2026\/03\/arrangement-dirty-dumped-objects-768x512.jpg 768w, https:\/\/www.effe3ti.com\/wp-content\/uploads\/2026\/03\/arrangement-dirty-dumped-objects-1536x1024.jpg 1536w, https:\/\/www.effe3ti.com\/wp-content\/uploads\/2026\/03\/arrangement-dirty-dumped-objects-2048x1365.jpg 2048w, https:\/\/www.effe3ti.com\/wp-content\/uploads\/2026\/03\/arrangement-dirty-dumped-objects-18x12.jpg 18w, https:\/\/www.effe3ti.com\/wp-content\/uploads\/2026\/03\/arrangement-dirty-dumped-objects-600x400.jpg 600w\" sizes=\"(max-width: 300px) 100vw, 300px\" \/><\/div><\/a>\n\t\t\t\t<div class=\"elementor-post__badge\">Einblicke<\/div>\n\t\t\t\t<div class=\"elementor-post__text\">\n\t\t\t\t<h3 class=\"elementor-post__title\">\n\t\t\t<a href=\"https:\/\/www.effe3ti.com\/de\/compattatore-cartone-ecco-perche-ti-serve-davvero-in-azienda\/\" >\n\t\t\t\tKartonpresse: Darum brauchen Sie sie unbedingt in Ihrem Unternehmen\t\t\t<\/a>\n\t\t<\/h3>\n\t\t\t\t<div class=\"elementor-post__excerpt\">\n\t\t\t<p>Die Kartonpresse ist eine der Maschinen, die die Organisation eines Lagers oder einer Abteilung am schnellsten ver\u00e4ndert.<\/p>\n\t\t<\/div>\n\t\t\n\t\t<a class=\"elementor-post__read-more\" href=\"https:\/\/www.effe3ti.com\/de\/compattatore-cartone-ecco-perche-ti-serve-davvero-in-azienda\/\" aria-label=\"Mehr zum Thema Kartonverdichter: Darum brauchen Sie ihn unbedingt f\u00fcr Ihr Unternehmen.\" tabindex=\"-1\" >\n\t\t\tWeiterlesen\t\t<\/a>\n\n\t\t\t\t<\/div>\n\t\t\t\t<div class=\"elementor-post__meta-data\">\n\t\t\t\t\t<span class=\"elementor-post-date\">\n\t\t\t30. M\u00e4rz 2026\t\t<\/span>\n\t\t\t\t<\/div>\n\t\t\t\t\t<\/div>\n\t\t<\/article>\n\t\t\t\t<article class=\"elementor-post elementor-grid-item post-24444 post type-post status-publish format-standard has-post-thumbnail hentry category-news-approfondimenti\" role=\"listitem\">\n\t\t\t<div class=\"elementor-post__card\">\n\t\t\t\t<a class=\"elementor-post__thumbnail__link\" href=\"https:\/\/www.effe3ti.com\/de\/presse-per-rifiuti-di-piccole-dimensioni-quando-convengono\/\" tabindex=\"-1\" ><div class=\"elementor-post__thumbnail\"><img decoding=\"async\" width=\"300\" height=\"300\" src=\"https:\/\/www.effe3ti.com\/wp-content\/uploads\/2021\/04\/BP4-300x300.jpg\" class=\"attachment-medium size-medium wp-image-272\" alt=\"Abfallpresse\" srcset=\"https:\/\/www.effe3ti.com\/wp-content\/uploads\/2021\/04\/BP4-300x300.jpg 300w, https:\/\/www.effe3ti.com\/wp-content\/uploads\/2021\/04\/BP4-100x100.jpg 100w, https:\/\/www.effe3ti.com\/wp-content\/uploads\/2021\/04\/BP4-600x600.jpg 600w, https:\/\/www.effe3ti.com\/wp-content\/uploads\/2021\/04\/BP4-1024x1024.jpg 1024w, https:\/\/www.effe3ti.com\/wp-content\/uploads\/2021\/04\/BP4-150x150.jpg 150w, https:\/\/www.effe3ti.com\/wp-content\/uploads\/2021\/04\/BP4-768x768.jpg 768w, https:\/\/www.effe3ti.com\/wp-content\/uploads\/2021\/04\/BP4.jpg 1200w\" sizes=\"(max-width: 300px) 100vw, 300px\" \/><\/div><\/a>\n\t\t\t\t<div class=\"elementor-post__badge\">Einblicke<\/div>\n\t\t\t\t<div class=\"elementor-post__text\">\n\t\t\t\t<h3 class=\"elementor-post__title\">\n\t\t\t<a href=\"https:\/\/www.effe3ti.com\/de\/presse-per-rifiuti-di-piccole-dimensioni-quando-convengono\/\" >\n\t\t\t\tKleine Abfallballenpressen: Wann lohnen sie sich?\t\t\t<\/a>\n\t\t<\/h3>\n\t\t\t\t<div class=\"elementor-post__excerpt\">\n\t\t\t<p>Kleine Abfallballenpressen sind eine immer beliebtere L\u00f6sung f\u00fcr Unternehmen, Werkst\u00e4tten, Gesch\u00e4fte und Produktionsbetriebe.<\/p>\n\t\t<\/div>\n\t\t\n\t\t<a class=\"elementor-post__read-more\" href=\"https:\/\/www.effe3ti.com\/de\/presse-per-rifiuti-di-piccole-dimensioni-quando-convengono\/\" aria-label=\"Mehr zum Thema kleine Abfallballenpressen: Wann lohnt sich die Anschaffung?\" tabindex=\"-1\" >\n\t\t\tWeiterlesen\t\t<\/a>\n\n\t\t\t\t<\/div>\n\t\t\t\t<div class=\"elementor-post__meta-data\">\n\t\t\t\t\t<span class=\"elementor-post-date\">\n\t\t\t23. M\u00e4rz 2026\t\t<\/span>\n\t\t\t\t<\/div>\n\t\t\t\t\t<\/div>\n\t\t<\/article>\n\t\t\t\t<article class=\"elementor-post elementor-grid-item post-24446 post type-post status-publish format-standard has-post-thumbnail hentry category-news-approfondimenti\" role=\"listitem\">\n\t\t\t<div class=\"elementor-post__card\">\n\t\t\t\t<a class=\"elementor-post__thumbnail__link\" href=\"https:\/\/www.effe3ti.com\/de\/avvolgitrici-pallet-semiautomatiche-a-tavola-rotante-e-a-braccio-rotante-cosa-cambia\/\" tabindex=\"-1\" ><div class=\"elementor-post__thumbnail\"><img loading=\"lazy\" decoding=\"async\" width=\"300\" height=\"169\" src=\"https:\/\/www.effe3ti.com\/wp-content\/uploads\/2021\/04\/Avvolgere-300x169.jpg\" class=\"attachment-medium size-medium wp-image-2401\" alt=\"Stretchfolienverpackung\" srcset=\"https:\/\/www.effe3ti.com\/wp-content\/uploads\/2021\/04\/Avvolgere-300x169.jpg 300w, https:\/\/www.effe3ti.com\/wp-content\/uploads\/2021\/04\/Avvolgere-600x338.jpg 600w, https:\/\/www.effe3ti.com\/wp-content\/uploads\/2021\/04\/Avvolgere-1024x576.jpg 1024w, https:\/\/www.effe3ti.com\/wp-content\/uploads\/2021\/04\/Avvolgere-768x432.jpg 768w, https:\/\/www.effe3ti.com\/wp-content\/uploads\/2021\/04\/Avvolgere-1536x864.jpg 1536w, https:\/\/www.effe3ti.com\/wp-content\/uploads\/2021\/04\/Avvolgere-2048x1152.jpg 2048w\" sizes=\"(max-width: 300px) 100vw, 300px\" \/><\/div><\/a>\n\t\t\t\t<div class=\"elementor-post__badge\">Einblicke<\/div>\n\t\t\t\t<div class=\"elementor-post__text\">\n\t\t\t\t<h3 class=\"elementor-post__title\">\n\t\t\t<a href=\"https:\/\/www.effe3ti.com\/de\/avvolgitrici-pallet-semiautomatiche-a-tavola-rotante-e-a-braccio-rotante-cosa-cambia\/\" >\n\t\t\t\tHalbautomatische Palettenwickler mit Drehtisch und Dreharm: Was \u00e4ndert sich?\t\t\t<\/a>\n\t\t<\/h3>\n\t\t\t\t<div class=\"elementor-post__excerpt\">\n\t\t\t<p>Palettenwickler sind oft das letzte Glied in der Produktionskette, aber auch eines der empfindlichsten. Hier wird eine Ladung<\/p>\n\t\t<\/div>\n\t\t\n\t\t<a class=\"elementor-post__read-more\" href=\"https:\/\/www.effe3ti.com\/de\/avvolgitrici-pallet-semiautomatiche-a-tavola-rotante-e-a-braccio-rotante-cosa-cambia\/\" aria-label=\"Mehr zu halbautomatischen Palettenwicklern mit Drehtisch und Dreharm: Worin liegt der Unterschied?\" tabindex=\"-1\" >\n\t\t\tWeiterlesen\t\t<\/a>\n\n\t\t\t\t<\/div>\n\t\t\t\t<div class=\"elementor-post__meta-data\">\n\t\t\t\t\t<span class=\"elementor-post-date\">\n\t\t\t21. M\u00e4rz 2026\t\t<\/span>\n\t\t\t\t<\/div>\n\t\t\t\t\t<\/div>\n\t\t<\/article>\n\t\t\t\t<article class=\"elementor-post elementor-grid-item post-24440 post type-post status-publish format-standard has-post-thumbnail hentry category-news-approfondimenti\" role=\"listitem\">\n\t\t\t<div class=\"elementor-post__card\">\n\t\t\t\t<a class=\"elementor-post__thumbnail__link\" href=\"https:\/\/www.effe3ti.com\/de\/presse-cartone-le-strategie-per-ridurre-limpatto-ambientale-aziendale\/\" tabindex=\"-1\" ><div class=\"elementor-post__thumbnail\"><img decoding=\"async\" width=\"300\" height=\"200\" src=\"https:\/\/www.effe3ti.com\/wp-content\/uploads\/2026\/03\/arrangement-dirty-dumped-objects-300x200.jpg\" class=\"attachment-medium size-medium wp-image-24710\" alt=\"\" srcset=\"https:\/\/www.effe3ti.com\/wp-content\/uploads\/2026\/03\/arrangement-dirty-dumped-objects-300x200.jpg 300w, https:\/\/www.effe3ti.com\/wp-content\/uploads\/2026\/03\/arrangement-dirty-dumped-objects-1024x683.jpg 1024w, https:\/\/www.effe3ti.com\/wp-content\/uploads\/2026\/03\/arrangement-dirty-dumped-objects-768x512.jpg 768w, https:\/\/www.effe3ti.com\/wp-content\/uploads\/2026\/03\/arrangement-dirty-dumped-objects-1536x1024.jpg 1536w, https:\/\/www.effe3ti.com\/wp-content\/uploads\/2026\/03\/arrangement-dirty-dumped-objects-2048x1365.jpg 2048w, https:\/\/www.effe3ti.com\/wp-content\/uploads\/2026\/03\/arrangement-dirty-dumped-objects-18x12.jpg 18w, https:\/\/www.effe3ti.com\/wp-content\/uploads\/2026\/03\/arrangement-dirty-dumped-objects-600x400.jpg 600w\" sizes=\"(max-width: 300px) 100vw, 300px\" \/><\/div><\/a>\n\t\t\t\t<div class=\"elementor-post__badge\">Einblicke<\/div>\n\t\t\t\t<div class=\"elementor-post__text\">\n\t\t\t\t<h3 class=\"elementor-post__title\">\n\t\t\t<a href=\"https:\/\/www.effe3ti.com\/de\/presse-cartone-le-strategie-per-ridurre-limpatto-ambientale-aziendale\/\" >\n\t\t\t\tKartonballenpressen: Strategien zur Reduzierung der Umweltauswirkungen Ihres Unternehmens\t\t\t<\/a>\n\t\t<\/h3>\n\t\t\t\t<div class=\"elementor-post__excerpt\">\n\t\t\t<p>Kartonballenpressen sind ein sehr effektives, aber oft untersch\u00e4tztes Instrument f\u00fcr Unternehmen, die ihren Energieverbrauch reduzieren wollen.<\/p>\n\t\t<\/div>\n\t\t\n\t\t<a class=\"elementor-post__read-more\" href=\"https:\/\/www.effe3ti.com\/de\/presse-cartone-le-strategie-per-ridurre-limpatto-ambientale-aziendale\/\" aria-label=\"Mehr zu Kartonpressen: Strategien zur Reduzierung der Umweltauswirkungen des Unternehmens\" tabindex=\"-1\" >\n\t\t\tWeiterlesen\t\t<\/a>\n\n\t\t\t\t<\/div>\n\t\t\t\t<div class=\"elementor-post__meta-data\">\n\t\t\t\t\t<span class=\"elementor-post-date\">\n\t\t\t17. M\u00e4rz 2026\t\t<\/span>\n\t\t\t\t<\/div>\n\t\t\t\t\t<\/div>\n\t\t<\/article>\n\t\t\t\t<article class=\"elementor-post elementor-grid-item post-24450 post type-post status-publish format-standard has-post-thumbnail hentry category-news-approfondimenti\" role=\"listitem\">\n\t\t\t<div class=\"elementor-post__card\">\n\t\t\t\t<a class=\"elementor-post__thumbnail__link\" href=\"https:\/\/www.effe3ti.com\/de\/impianti-di-imballaggio-riduci-i-costi-con-una-linea-di-packaging-efficiente\/\" tabindex=\"-1\" ><div class=\"elementor-post__thumbnail\"><img fetchpriority=\"high\" decoding=\"async\" width=\"300\" height=\"200\" src=\"https:\/\/www.effe3ti.com\/wp-content\/uploads\/2022\/06\/Impianto-box-pallet-3w-300x200.jpg\" class=\"attachment-medium size-medium wp-image-9334\" alt=\"4.0 Paletten- und Kartonsystem\" srcset=\"https:\/\/www.effe3ti.com\/wp-content\/uploads\/2022\/06\/Impianto-box-pallet-3w-300x200.jpg 300w, https:\/\/www.effe3ti.com\/wp-content\/uploads\/2022\/06\/Impianto-box-pallet-3w-600x400.jpg 600w, https:\/\/www.effe3ti.com\/wp-content\/uploads\/2022\/06\/Impianto-box-pallet-3w-1024x683.jpg 1024w, https:\/\/www.effe3ti.com\/wp-content\/uploads\/2022\/06\/Impianto-box-pallet-3w-768x512.jpg 768w, https:\/\/www.effe3ti.com\/wp-content\/uploads\/2022\/06\/Impianto-box-pallet-3w-1536x1024.jpg 1536w, https:\/\/www.effe3ti.com\/wp-content\/uploads\/2022\/06\/Impianto-box-pallet-3w-2048x1365.jpg 2048w\" sizes=\"(max-width: 300px) 100vw, 300px\" \/><\/div><\/a>\n\t\t\t\t<div class=\"elementor-post__badge\">Einblicke<\/div>\n\t\t\t\t<div class=\"elementor-post__text\">\n\t\t\t\t<h3 class=\"elementor-post__title\">\n\t\t\t<a href=\"https:\/\/www.effe3ti.com\/de\/impianti-di-imballaggio-riduci-i-costi-con-una-linea-di-packaging-efficiente\/\" >\n\t\t\t\tVerpackungssysteme: Kosten senken mit einer effizienten Verpackungslinie\t\t\t<\/a>\n\t\t<\/h3>\n\t\t\t\t<div class=\"elementor-post__excerpt\">\n\t\t\t<p>Verpackungsanlagen werden oft als einfache Endstufe der Produktion betrachtet. Das ist jedoch ein Irrtum. In Wirklichkeit repr\u00e4sentieren sie \u2026<\/p>\n\t\t<\/div>\n\t\t\n\t\t<a class=\"elementor-post__read-more\" href=\"https:\/\/www.effe3ti.com\/de\/impianti-di-imballaggio-riduci-i-costi-con-una-linea-di-packaging-efficiente\/\" aria-label=\"Mehr \u00fcber Impianti di imballaggio: riduci i costi con una linea di packaging efficiente\" tabindex=\"-1\" >\n\t\t\tWeiterlesen\t\t<\/a>\n\n\t\t\t\t<\/div>\n\t\t\t\t<div class=\"elementor-post__meta-data\">\n\t\t\t\t\t<span class=\"elementor-post-date\">\n\t\t\t12. M\u00e4rz 2026\t\t<\/span>\n\t\t\t\t<\/div>\n\t\t\t\t\t<\/div>\n\t\t<\/article>\n\t\t\t\t<article class=\"elementor-post elementor-grid-item post-24438 post type-post status-publish format-standard has-post-thumbnail hentry category-news-approfondimenti\" role=\"listitem\">\n\t\t\t<div class=\"elementor-post__card\">\n\t\t\t\t<a class=\"elementor-post__thumbnail__link\" href=\"https:\/\/www.effe3ti.com\/de\/presse-e-compattatori-cartone-verticali-vantaggi-e-applicazioni\/\" tabindex=\"-1\" ><div class=\"elementor-post__thumbnail\"><img loading=\"lazy\" decoding=\"async\" width=\"300\" height=\"192\" src=\"https:\/\/www.effe3ti.com\/wp-content\/uploads\/2025\/11\/Strautmann_Maschinen_BalePress03_20230405_2965_Tuer_Mensch_V01-1-scaled-1-300x192.jpg\" class=\"attachment-medium size-medium wp-image-23857\" alt=\"Kartonpressen\" srcset=\"https:\/\/www.effe3ti.com\/wp-content\/uploads\/2025\/11\/Strautmann_Maschinen_BalePress03_20230405_2965_Tuer_Mensch_V01-1-scaled-1-300x192.jpg 300w, https:\/\/www.effe3ti.com\/wp-content\/uploads\/2025\/11\/Strautmann_Maschinen_BalePress03_20230405_2965_Tuer_Mensch_V01-1-scaled-1-1024x657.jpg 1024w, https:\/\/www.effe3ti.com\/wp-content\/uploads\/2025\/11\/Strautmann_Maschinen_BalePress03_20230405_2965_Tuer_Mensch_V01-1-scaled-1-768x493.jpg 768w, https:\/\/www.effe3ti.com\/wp-content\/uploads\/2025\/11\/Strautmann_Maschinen_BalePress03_20230405_2965_Tuer_Mensch_V01-1-scaled-1-1536x985.jpg 1536w, https:\/\/www.effe3ti.com\/wp-content\/uploads\/2025\/11\/Strautmann_Maschinen_BalePress03_20230405_2965_Tuer_Mensch_V01-1-scaled-1-2048x1314.jpg 2048w, https:\/\/www.effe3ti.com\/wp-content\/uploads\/2025\/11\/Strautmann_Maschinen_BalePress03_20230405_2965_Tuer_Mensch_V01-1-scaled-1-18x12.jpg 18w, https:\/\/www.effe3ti.com\/wp-content\/uploads\/2025\/11\/Strautmann_Maschinen_BalePress03_20230405_2965_Tuer_Mensch_V01-1-scaled-1-600x385.jpg 600w\" sizes=\"(max-width: 300px) 100vw, 300px\" \/><\/div><\/a>\n\t\t\t\t<div class=\"elementor-post__badge\">Einblicke<\/div>\n\t\t\t\t<div class=\"elementor-post__text\">\n\t\t\t\t<h3 class=\"elementor-post__title\">\n\t\t\t<a href=\"https:\/\/www.effe3ti.com\/de\/presse-e-compattatori-cartone-verticali-vantaggi-e-applicazioni\/\" >\n\t\t\t\tVertikale Kartonballenpressen und -verdichter: Vorteile und Anwendungsbereiche\t\t\t<\/a>\n\t\t<\/h3>\n\t\t\t\t<div class=\"elementor-post__excerpt\">\n\t\t\t<p>Vertikale Ballenpressen und Kompaktoren f\u00fcr Karton gewinnen in Lagerh\u00e4usern, Logistik- und Produktionsabteilungen zunehmend an strategischer Bedeutung.<\/p>\n\t\t<\/div>\n\t\t\n\t\t<a class=\"elementor-post__read-more\" href=\"https:\/\/www.effe3ti.com\/de\/presse-e-compattatori-cartone-verticali-vantaggi-e-applicazioni\/\" aria-label=\"Mehr \u00fcber Presse e compattatori cartone verticali: vantaggi e applicazioni\" tabindex=\"-1\" >\n\t\t\tWeiterlesen\t\t<\/a>\n\n\t\t\t\t<\/div>\n\t\t\t\t<div class=\"elementor-post__meta-data\">\n\t\t\t\t\t<span class=\"elementor-post-date\">\n\t\t\t12. M\u00e4rz 2026\t\t<\/span>\n\t\t\t\t<\/div>\n\t\t\t\t\t<\/div>\n\t\t<\/article>\n\t\t\t\t<article class=\"elementor-post elementor-grid-item post-24434 post type-post status-publish format-standard has-post-thumbnail hentry category-news-approfondimenti\" role=\"listitem\">\n\t\t\t<div class=\"elementor-post__card\">\n\t\t\t\t<a class=\"elementor-post__thumbnail__link\" href=\"https:\/\/www.effe3ti.com\/de\/presse-rifiuti-per-comunita-e-ospedali-rivoluziona-la-gestione-di-cassonetti-e-bidoni\/\" tabindex=\"-1\" ><div class=\"elementor-post__thumbnail\"><img loading=\"lazy\" decoding=\"async\" width=\"300\" height=\"200\" src=\"https:\/\/www.effe3ti.com\/wp-content\/uploads\/2025\/01\/pressa-bidoni-300x200.jpg\" class=\"attachment-medium size-medium wp-image-21427\" alt=\"Presse f\u00fcr Abf\u00e4lle in Tonnen und Containern\" srcset=\"https:\/\/www.effe3ti.com\/wp-content\/uploads\/2025\/01\/pressa-bidoni-300x200.jpg 300w, https:\/\/www.effe3ti.com\/wp-content\/uploads\/2025\/01\/pressa-bidoni-1024x683.jpg 1024w, https:\/\/www.effe3ti.com\/wp-content\/uploads\/2025\/01\/pressa-bidoni-768x513.jpg 768w, https:\/\/www.effe3ti.com\/wp-content\/uploads\/2025\/01\/pressa-bidoni-600x400.jpg 600w, https:\/\/www.effe3ti.com\/wp-content\/uploads\/2025\/01\/pressa-bidoni.jpg 1500w\" sizes=\"(max-width: 300px) 100vw, 300px\" \/><\/div><\/a>\n\t\t\t\t<div class=\"elementor-post__badge\">Einblicke<\/div>\n\t\t\t\t<div class=\"elementor-post__text\">\n\t\t\t\t<h3 class=\"elementor-post__title\">\n\t\t\t<a href=\"https:\/\/www.effe3ti.com\/de\/presse-rifiuti-per-comunita-e-ospedali-rivoluziona-la-gestione-di-cassonetti-e-bidoni\/\" >\n\t\t\t\tAbfallballenpressen f\u00fcr Kommunen und Krankenh\u00e4user: Revolutionieren Sie die Abfallentsorgung.\t\t\t<\/a>\n\t\t<\/h3>\n\t\t\t\t<div class=\"elementor-post__excerpt\">\n\t\t\t<p>Abfallballenpressen ver\u00e4ndern die Art und Weise, wie Krankenh\u00e4user, Gemeinden und alle \u00f6ffentlichen Einrichtungen mit Abf\u00e4llen umgehen.<\/p>\n\t\t<\/div>\n\t\t\n\t\t<a class=\"elementor-post__read-more\" href=\"https:\/\/www.effe3ti.com\/de\/presse-rifiuti-per-comunita-e-ospedali-rivoluziona-la-gestione-di-cassonetti-e-bidoni\/\" aria-label=\"Mehr \u00fcber Presse rifiuti per comunit\u00e0 e ospedali: rivoluziona la gestione di cassonetti e bidoni\" tabindex=\"-1\" >\n\t\t\tWeiterlesen\t\t<\/a>\n\n\t\t\t\t<\/div>\n\t\t\t\t<div class=\"elementor-post__meta-data\">\n\t\t\t\t\t<span class=\"elementor-post-date\">\n\t\t\t12. M\u00e4rz 2026\t\t<\/span>\n\t\t\t\t<\/div>\n\t\t\t\t\t<\/div>\n\t\t<\/article>\n\t\t\t\t<article class=\"elementor-post elementor-grid-item post-24436 post type-post status-publish format-standard has-post-thumbnail hentry category-news-approfondimenti\" role=\"listitem\">\n\t\t\t<div class=\"elementor-post__card\">\n\t\t\t\t<a class=\"elementor-post__thumbnail__link\" href=\"https:\/\/www.effe3ti.com\/de\/avvolgitrici-pallet-non-lasciarti-tentare-dallusato\/\" tabindex=\"-1\" ><div class=\"elementor-post__thumbnail\"><img loading=\"lazy\" decoding=\"async\" width=\"300\" height=\"300\" src=\"https:\/\/www.effe3ti.com\/wp-content\/uploads\/2023\/04\/old-spinny.jpg-1-300x300.jpg\" class=\"attachment-medium size-medium wp-image-11187\" alt=\"Verpackungsmaschine\" srcset=\"https:\/\/www.effe3ti.com\/wp-content\/uploads\/2023\/04\/old-spinny.jpg-1-300x300.jpg 300w, https:\/\/www.effe3ti.com\/wp-content\/uploads\/2023\/04\/old-spinny.jpg-1-100x100.jpg 100w, https:\/\/www.effe3ti.com\/wp-content\/uploads\/2023\/04\/old-spinny.jpg-1-600x600.jpg 600w, https:\/\/www.effe3ti.com\/wp-content\/uploads\/2023\/04\/old-spinny.jpg-1-1024x1024.jpg 1024w, https:\/\/www.effe3ti.com\/wp-content\/uploads\/2023\/04\/old-spinny.jpg-1-150x150.jpg 150w, https:\/\/www.effe3ti.com\/wp-content\/uploads\/2023\/04\/old-spinny.jpg-1-768x768.jpg 768w, https:\/\/www.effe3ti.com\/wp-content\/uploads\/2023\/04\/old-spinny.jpg-1.jpg 1536w\" sizes=\"(max-width: 300px) 100vw, 300px\" \/><\/div><\/a>\n\t\t\t\t<div class=\"elementor-post__badge\">Einblicke<\/div>\n\t\t\t\t<div class=\"elementor-post__text\">\n\t\t\t\t<h3 class=\"elementor-post__title\">\n\t\t\t<a href=\"https:\/\/www.effe3ti.com\/de\/avvolgitrici-pallet-non-lasciarti-tentare-dallusato\/\" >\n\t\t\t\tPalettenwickler: Lassen Sie sich nicht von gebrauchten Artikeln verf\u00fchren!\t\t\t<\/a>\n\t\t<\/h3>\n\t\t\t\t<div class=\"elementor-post__excerpt\">\n\t\t\t<p>Palettenwickler sind unverzichtbare Maschinen f\u00fcr die Sicherheit und Effizienz industrieller Verpackungen. Dennoch versuchen viele Unternehmen, die Kosten zu senken, indem sie Palettenwickler einsetzen.<\/p>\n\t\t<\/div>\n\t\t\n\t\t<a class=\"elementor-post__read-more\" href=\"https:\/\/www.effe3ti.com\/de\/avvolgitrici-pallet-non-lasciarti-tentare-dallusato\/\" aria-label=\"Mehr \u00fcber Avvolgitrici pallet: non lasciarti tentare dall&#8217;usato\" tabindex=\"-1\" >\n\t\t\tWeiterlesen\t\t<\/a>\n\n\t\t\t\t<\/div>\n\t\t\t\t<div class=\"elementor-post__meta-data\">\n\t\t\t\t\t<span class=\"elementor-post-date\">\n\t\t\t10. M\u00e4rz 2026\t\t<\/span>\n\t\t\t\t<\/div>\n\t\t\t\t\t<\/div>\n\t\t<\/article>\n\t\t\t\t<article class=\"elementor-post elementor-grid-item post-23848 post type-post status-publish format-standard has-post-thumbnail hentry category-news-approfondimenti\" role=\"listitem\">\n\t\t\t<div class=\"elementor-post__card\">\n\t\t\t\t<a class=\"elementor-post__thumbnail__link\" href=\"https:\/\/www.effe3ti.com\/de\/pressa-per-imballaggi-cosa-puo-gestire-e-quando-conviene\/\" tabindex=\"-1\" ><div class=\"elementor-post__thumbnail\"><img loading=\"lazy\" decoding=\"async\" width=\"300\" height=\"192\" src=\"https:\/\/www.effe3ti.com\/wp-content\/uploads\/2025\/11\/Strautmann_Maschinen_BalePress53_20230405_3133-scaled-1-300x192.jpg\" class=\"attachment-medium size-medium wp-image-23858\" alt=\"Verpackungspresse\" srcset=\"https:\/\/www.effe3ti.com\/wp-content\/uploads\/2025\/11\/Strautmann_Maschinen_BalePress53_20230405_3133-scaled-1-300x192.jpg 300w, https:\/\/www.effe3ti.com\/wp-content\/uploads\/2025\/11\/Strautmann_Maschinen_BalePress53_20230405_3133-scaled-1-1024x656.jpg 1024w, https:\/\/www.effe3ti.com\/wp-content\/uploads\/2025\/11\/Strautmann_Maschinen_BalePress53_20230405_3133-scaled-1-768x492.jpg 768w, https:\/\/www.effe3ti.com\/wp-content\/uploads\/2025\/11\/Strautmann_Maschinen_BalePress53_20230405_3133-scaled-1-1536x985.jpg 1536w, https:\/\/www.effe3ti.com\/wp-content\/uploads\/2025\/11\/Strautmann_Maschinen_BalePress53_20230405_3133-scaled-1-2048x1313.jpg 2048w, https:\/\/www.effe3ti.com\/wp-content\/uploads\/2025\/11\/Strautmann_Maschinen_BalePress53_20230405_3133-scaled-1-18x12.jpg 18w, https:\/\/www.effe3ti.com\/wp-content\/uploads\/2025\/11\/Strautmann_Maschinen_BalePress53_20230405_3133-scaled-1-600x385.jpg 600w\" sizes=\"(max-width: 300px) 100vw, 300px\" \/><\/div><\/a>\n\t\t\t\t<div class=\"elementor-post__badge\">Einblicke<\/div>\n\t\t\t\t<div class=\"elementor-post__text\">\n\t\t\t\t<h3 class=\"elementor-post__title\">\n\t\t\t<a href=\"https:\/\/www.effe3ti.com\/de\/pressa-per-imballaggi-cosa-puo-gestire-e-quando-conviene\/\" >\n\t\t\t\tBallenpresse: Was sie leisten kann und wann sie sich lohnt\t\t\t<\/a>\n\t\t<\/h3>\n\t\t\t\t<div class=\"elementor-post__excerpt\">\n\t\t\t<p>Die Ballenpresse ist heute eine unverzichtbare Maschine f\u00fcr alle Unternehmen, die ihre Abfallentsorgung optimieren wollen, und<\/p>\n\t\t<\/div>\n\t\t\n\t\t<a class=\"elementor-post__read-more\" href=\"https:\/\/www.effe3ti.com\/de\/pressa-per-imballaggi-cosa-puo-gestire-e-quando-conviene\/\" aria-label=\"Mehr \u00fcber Ballenpressen: Was sie verarbeiten k\u00f6nnen und wann sie am besten eingesetzt werden.\" tabindex=\"-1\" >\n\t\t\tWeiterlesen\t\t<\/a>\n\n\t\t\t\t<\/div>\n\t\t\t\t<div class=\"elementor-post__meta-data\">\n\t\t\t\t\t<span class=\"elementor-post-date\">\n\t\t\t12. November 2025\t\t<\/span>\n\t\t\t\t<\/div>\n\t\t\t\t\t<\/div>\n\t\t<\/article>\n\t\t\t\t<article class=\"elementor-post elementor-grid-item post-23846 post type-post status-publish format-standard has-post-thumbnail hentry category-news-approfondimenti\" role=\"listitem\">\n\t\t\t<div class=\"elementor-post__card\">\n\t\t\t\t<a class=\"elementor-post__thumbnail__link\" href=\"https:\/\/www.effe3ti.com\/de\/presse-cartone-guida-allacquisto-per-piccole-e-grandi-imprese\/\" tabindex=\"-1\" ><div class=\"elementor-post__thumbnail\"><img loading=\"lazy\" decoding=\"async\" width=\"300\" height=\"192\" src=\"https:\/\/www.effe3ti.com\/wp-content\/uploads\/2023\/11\/Jumboloadbaler-3-300x192.jpg\" class=\"attachment-medium size-medium wp-image-23231\" alt=\"Jumbo-Ballenpresse\" srcset=\"https:\/\/www.effe3ti.com\/wp-content\/uploads\/2023\/11\/Jumboloadbaler-3-300x192.jpg 300w, https:\/\/www.effe3ti.com\/wp-content\/uploads\/2023\/11\/Jumboloadbaler-3-1024x656.jpg 1024w, https:\/\/www.effe3ti.com\/wp-content\/uploads\/2023\/11\/Jumboloadbaler-3-768x492.jpg 768w, https:\/\/www.effe3ti.com\/wp-content\/uploads\/2023\/11\/Jumboloadbaler-3-1536x985.jpg 1536w, https:\/\/www.effe3ti.com\/wp-content\/uploads\/2023\/11\/Jumboloadbaler-3-18x12.jpg 18w, https:\/\/www.effe3ti.com\/wp-content\/uploads\/2023\/11\/Jumboloadbaler-3-600x385.jpg 600w, https:\/\/www.effe3ti.com\/wp-content\/uploads\/2023\/11\/Jumboloadbaler-3.jpg 2000w\" sizes=\"(max-width: 300px) 100vw, 300px\" \/><\/div><\/a>\n\t\t\t\t<div class=\"elementor-post__badge\">Einblicke<\/div>\n\t\t\t\t<div class=\"elementor-post__text\">\n\t\t\t\t<h3 class=\"elementor-post__title\">\n\t\t\t<a href=\"https:\/\/www.effe3ti.com\/de\/presse-cartone-guida-allacquisto-per-piccole-e-grandi-imprese\/\" >\n\t\t\t\tKartonballenpressen: Ein Einkaufsleitfaden f\u00fcr kleine und gro\u00dfe Unternehmen\t\t\t<\/a>\n\t\t<\/h3>\n\t\t\t\t<div class=\"elementor-post__excerpt\">\n\t\t\t<p>Kartonballenpressen sind unverzichtbar, wenn Sie Verpackungsabf\u00e4lle effizient entsorgen wollen. Von kleinen Unternehmen<\/p>\n\t\t<\/div>\n\t\t\n\t\t<a class=\"elementor-post__read-more\" href=\"https:\/\/www.effe3ti.com\/de\/presse-cartone-guida-allacquisto-per-piccole-e-grandi-imprese\/\" aria-label=\"Mehr \u00fcber Kartonpressen: Ein Einkaufsleitfaden f\u00fcr kleine und gro\u00dfe Unternehmen\" tabindex=\"-1\" >\n\t\t\tWeiterlesen\t\t<\/a>\n\n\t\t\t\t<\/div>\n\t\t\t\t<div class=\"elementor-post__meta-data\">\n\t\t\t\t\t<span class=\"elementor-post-date\">\n\t\t\t12. November 2025\t\t<\/span>\n\t\t\t\t<\/div>\n\t\t\t\t\t<\/div>\n\t\t<\/article>\n\t\t\t\t<article class=\"elementor-post elementor-grid-item post-23844 post type-post status-publish format-standard has-post-thumbnail hentry category-news-approfondimenti\" role=\"listitem\">\n\t\t\t<div class=\"elementor-post__card\">\n\t\t\t\t<a class=\"elementor-post__thumbnail__link\" href=\"https:\/\/www.effe3ti.com\/de\/le-avvolgitrici-pallet-per-una-movimentazione-sicura-delle-merci\/\" tabindex=\"-1\" ><div class=\"elementor-post__thumbnail\"><img loading=\"lazy\" decoding=\"async\" width=\"300\" height=\"169\" src=\"https:\/\/www.effe3ti.com\/wp-content\/uploads\/2025\/11\/EFFE3ti-transport-300x169.jpg\" class=\"attachment-medium size-medium wp-image-23854\" alt=\"Warenhandhabung\" srcset=\"https:\/\/www.effe3ti.com\/wp-content\/uploads\/2025\/11\/EFFE3ti-transport-300x169.jpg 300w, https:\/\/www.effe3ti.com\/wp-content\/uploads\/2025\/11\/EFFE3ti-transport-768x432.jpg 768w, https:\/\/www.effe3ti.com\/wp-content\/uploads\/2025\/11\/EFFE3ti-transport-18x10.jpg 18w, https:\/\/www.effe3ti.com\/wp-content\/uploads\/2025\/11\/EFFE3ti-transport-600x338.jpg 600w, https:\/\/www.effe3ti.com\/wp-content\/uploads\/2025\/11\/EFFE3ti-transport.jpg 1024w\" sizes=\"(max-width: 300px) 100vw, 300px\" \/><\/div><\/a>\n\t\t\t\t<div class=\"elementor-post__badge\">Einblicke<\/div>\n\t\t\t\t<div class=\"elementor-post__text\">\n\t\t\t\t<h3 class=\"elementor-post__title\">\n\t\t\t<a href=\"https:\/\/www.effe3ti.com\/de\/le-avvolgitrici-pallet-per-una-movimentazione-sicura-delle-merci\/\" >\n\t\t\t\tPalettenwickler f\u00fcr die sichere Handhabung von Waren\t\t\t<\/a>\n\t\t<\/h3>\n\t\t\t\t<div class=\"elementor-post__excerpt\">\n\t\t\t<p>Palettenwickler sind unerl\u00e4sslich, um die Unversehrtheit und Stabilit\u00e4t der Ladung in jeder Phase der Lieferkette zu gew\u00e4hrleisten. Ob in<\/p>\n\t\t<\/div>\n\t\t\n\t\t<a class=\"elementor-post__read-more\" href=\"https:\/\/www.effe3ti.com\/de\/le-avvolgitrici-pallet-per-una-movimentazione-sicura-delle-merci\/\" aria-label=\"Mehr \u00fcber Palettenwickler f\u00fcr sicheres Warenhandling\" tabindex=\"-1\" >\n\t\t\tWeiterlesen\t\t<\/a>\n\n\t\t\t\t<\/div>\n\t\t\t\t<div class=\"elementor-post__meta-data\">\n\t\t\t\t\t<span class=\"elementor-post-date\">\n\t\t\t12. November 2025\t\t<\/span>\n\t\t\t\t<\/div>\n\t\t\t\t\t<\/div>\n\t\t<\/article>\n\t\t\t\t<article class=\"elementor-post elementor-grid-item post-23272 post type-post status-publish format-standard has-post-thumbnail hentry category-news-approfondimenti\" role=\"listitem\">\n\t\t\t<div class=\"elementor-post__card\">\n\t\t\t\t<a class=\"elementor-post__thumbnail__link\" href=\"https:\/\/www.effe3ti.com\/de\/industria-4-0-scegli-gli-impianti-automatici-per-operazioni-piu-veloci\/\" tabindex=\"-1\" ><div class=\"elementor-post__thumbnail\"><img loading=\"lazy\" decoding=\"async\" width=\"300\" height=\"169\" src=\"https:\/\/www.effe3ti.com\/wp-content\/uploads\/2024\/10\/effe3ti-datalogger-2-mobile-300x169.jpg\" class=\"attachment-medium size-medium wp-image-19378\" alt=\"Industrie 4.0\" srcset=\"https:\/\/www.effe3ti.com\/wp-content\/uploads\/2024\/10\/effe3ti-datalogger-2-mobile-300x169.jpg 300w, https:\/\/www.effe3ti.com\/wp-content\/uploads\/2024\/10\/effe3ti-datalogger-2-mobile-1024x576.jpg 1024w, https:\/\/www.effe3ti.com\/wp-content\/uploads\/2024\/10\/effe3ti-datalogger-2-mobile-768x432.jpg 768w, https:\/\/www.effe3ti.com\/wp-content\/uploads\/2024\/10\/effe3ti-datalogger-2-mobile-1536x864.jpg 1536w, https:\/\/www.effe3ti.com\/wp-content\/uploads\/2024\/10\/effe3ti-datalogger-2-mobile-600x338.jpg 600w, https:\/\/www.effe3ti.com\/wp-content\/uploads\/2024\/10\/effe3ti-datalogger-2-mobile.jpg 2000w\" sizes=\"(max-width: 300px) 100vw, 300px\" \/><\/div><\/a>\n\t\t\t\t<div class=\"elementor-post__badge\">Einblicke<\/div>\n\t\t\t\t<div class=\"elementor-post__text\">\n\t\t\t\t<h3 class=\"elementor-post__title\">\n\t\t\t<a href=\"https:\/\/www.effe3ti.com\/de\/industria-4-0-scegli-gli-impianti-automatici-per-operazioni-piu-veloci\/\" >\n\t\t\t\tIndustrie 4.0: W\u00e4hlen Sie automatische Systeme f\u00fcr schnellere Abl\u00e4ufe\t\t\t<\/a>\n\t\t<\/h3>\n\t\t\t\t<div class=\"elementor-post__excerpt\">\n\t\t\t<p>Industrie 4.0 kann nicht l\u00e4nger warten: Automatisierung, Effizienz und Optimierung von Produktionslinien sind heute unerl\u00e4sslich, wenn Unternehmen<\/p>\n\t\t<\/div>\n\t\t\n\t\t<a class=\"elementor-post__read-more\" href=\"https:\/\/www.effe3ti.com\/de\/industria-4-0-scegli-gli-impianti-automatici-per-operazioni-piu-veloci\/\" aria-label=\"Mehr \u00fcber Industria 4.0: scegli gli impianti automatici per operazioni pi\u00f9 veloci\" tabindex=\"-1\" >\n\t\t\tWeiterlesen\t\t<\/a>\n\n\t\t\t\t<\/div>\n\t\t\t\t<div class=\"elementor-post__meta-data\">\n\t\t\t\t\t<span class=\"elementor-post-date\">\n\t\t\t28. Juni 2025\t\t<\/span>\n\t\t\t\t<\/div>\n\t\t\t\t\t<\/div>\n\t\t<\/article>\n\t\t\t\t<article class=\"elementor-post elementor-grid-item post-23199 post type-post status-publish format-standard has-post-thumbnail hentry category-news-approfondimenti\" role=\"listitem\">\n\t\t\t<div class=\"elementor-post__card\">\n\t\t\t\t<a class=\"elementor-post__thumbnail__link\" href=\"https:\/\/www.effe3ti.com\/de\/con-le-avvolgitrici-non-perdi-merce-e-quindi-soldi\/\" tabindex=\"-1\" ><div class=\"elementor-post__thumbnail\"><img loading=\"lazy\" decoding=\"async\" width=\"300\" height=\"188\" src=\"https:\/\/www.effe3ti.com\/wp-content\/uploads\/2021\/04\/RotaxS3350-scatole-LR-300x188.jpg\" class=\"attachment-medium size-medium wp-image-315\" alt=\"Palettenwickler\" srcset=\"https:\/\/www.effe3ti.com\/wp-content\/uploads\/2021\/04\/RotaxS3350-scatole-LR-300x188.jpg 300w, https:\/\/www.effe3ti.com\/wp-content\/uploads\/2021\/04\/RotaxS3350-scatole-LR-600x375.jpg 600w, https:\/\/www.effe3ti.com\/wp-content\/uploads\/2021\/04\/RotaxS3350-scatole-LR-1024x640.jpg 1024w, https:\/\/www.effe3ti.com\/wp-content\/uploads\/2021\/04\/RotaxS3350-scatole-LR-768x480.jpg 768w, https:\/\/www.effe3ti.com\/wp-content\/uploads\/2021\/04\/RotaxS3350-scatole-LR-1536x960.jpg 1536w, https:\/\/www.effe3ti.com\/wp-content\/uploads\/2021\/04\/RotaxS3350-scatole-LR.jpg 1600w\" sizes=\"(max-width: 300px) 100vw, 300px\" \/><\/div><\/a>\n\t\t\t\t<div class=\"elementor-post__badge\">Einblicke<\/div>\n\t\t\t\t<div class=\"elementor-post__text\">\n\t\t\t\t<h3 class=\"elementor-post__title\">\n\t\t\t<a href=\"https:\/\/www.effe3ti.com\/de\/con-le-avvolgitrici-non-perdi-merce-e-quindi-soldi\/\" >\n\t\t\t\tMit Verpackungsmaschinen verlieren Sie keine Waren (und somit kein Geld)\t\t\t<\/a>\n\t\t<\/h3>\n\t\t\t\t<div class=\"elementor-post__excerpt\">\n\t\t\t<p>Palettenwickler k\u00f6nnen viel mehr als nur Ladungen verpacken: Sie sind wichtige Werkzeuge zum Schutz von Waren, zur Vermeidung von Sch\u00e4den und<\/p>\n\t\t<\/div>\n\t\t\n\t\t<a class=\"elementor-post__read-more\" href=\"https:\/\/www.effe3ti.com\/de\/con-le-avvolgitrici-non-perdi-merce-e-quindi-soldi\/\" aria-label=\"Mehr \u00fcber Con le avvolgitrici non perdi merce (e quindi soldi)\" tabindex=\"-1\" >\n\t\t\tWeiterlesen\t\t<\/a>\n\n\t\t\t\t<\/div>\n\t\t\t\t<div class=\"elementor-post__meta-data\">\n\t\t\t\t\t<span class=\"elementor-post-date\">\n\t\t\t27. Juni 2025\t\t<\/span>\n\t\t\t\t<\/div>\n\t\t\t\t\t<\/div>\n\t\t<\/article>\n\t\t\t\t<article class=\"elementor-post elementor-grid-item post-23185 post type-post status-publish format-standard has-post-thumbnail hentry category-news-approfondimenti\" role=\"listitem\">\n\t\t\t<div class=\"elementor-post__card\">\n\t\t\t\t<a class=\"elementor-post__thumbnail__link\" href=\"https:\/\/www.effe3ti.com\/de\/reggiatrici-automatiche-perche-sono-indispensabili-per-limballaggio\/\" tabindex=\"-1\" ><div class=\"elementor-post__thumbnail\"><img loading=\"lazy\" decoding=\"async\" width=\"300\" height=\"169\" src=\"https:\/\/www.effe3ti.com\/wp-content\/uploads\/2021\/11\/Linea-02-300x169.jpg\" class=\"attachment-medium size-medium wp-image-4922\" alt=\"automatische Umreifungsmaschinen\" srcset=\"https:\/\/www.effe3ti.com\/wp-content\/uploads\/2021\/11\/Linea-02-300x169.jpg 300w, https:\/\/www.effe3ti.com\/wp-content\/uploads\/2021\/11\/Linea-02-600x338.jpg 600w, https:\/\/www.effe3ti.com\/wp-content\/uploads\/2021\/11\/Linea-02-1024x576.jpg 1024w, https:\/\/www.effe3ti.com\/wp-content\/uploads\/2021\/11\/Linea-02-768x432.jpg 768w, https:\/\/www.effe3ti.com\/wp-content\/uploads\/2021\/11\/Linea-02.jpg 1200w\" sizes=\"(max-width: 300px) 100vw, 300px\" \/><\/div><\/a>\n\t\t\t\t<div class=\"elementor-post__badge\">Einblicke<\/div>\n\t\t\t\t<div class=\"elementor-post__text\">\n\t\t\t\t<h3 class=\"elementor-post__title\">\n\t\t\t<a href=\"https:\/\/www.effe3ti.com\/de\/reggiatrici-automatiche-perche-sono-indispensabili-per-limballaggio\/\" >\n\t\t\t\tAutomatische Umreifungsmaschinen: Warum sie f\u00fcr die Verpackung unverzichtbar sind\t\t\t<\/a>\n\t\t<\/h3>\n\t\t\t\t<div class=\"elementor-post__excerpt\">\n\t\t\t<p>Automatische Umreifungsmaschinen werden in den unterschiedlichsten Branchen zunehmend nachgefragt. Diese Maschinen, die in kleinen<\/p>\n\t\t<\/div>\n\t\t\n\t\t<a class=\"elementor-post__read-more\" href=\"https:\/\/www.effe3ti.com\/de\/reggiatrici-automatiche-perche-sono-indispensabili-per-limballaggio\/\" aria-label=\"Mehr \u00fcber Reggiatrici automatiche: perch\u00e9 sono indispensabili per l&#8217;imballaggio\" tabindex=\"-1\" >\n\t\t\tWeiterlesen\t\t<\/a>\n\n\t\t\t\t<\/div>\n\t\t\t\t<div class=\"elementor-post__meta-data\">\n\t\t\t\t\t<span class=\"elementor-post-date\">\n\t\t\t27. Juni 2025\t\t<\/span>\n\t\t\t\t<\/div>\n\t\t\t\t\t<\/div>\n\t\t<\/article>\n\t\t\t\t<article class=\"elementor-post elementor-grid-item post-23193 post type-post status-publish format-standard has-post-thumbnail hentry category-news-approfondimenti\" role=\"listitem\">\n\t\t\t<div class=\"elementor-post__card\">\n\t\t\t\t<a class=\"elementor-post__thumbnail__link\" href=\"https:\/\/www.effe3ti.com\/de\/avvolgitrice-automatica-o-semiautomatica-qual-e-meglio\/\" tabindex=\"-1\" ><div class=\"elementor-post__thumbnail\"><img loading=\"lazy\" decoding=\"async\" width=\"300\" height=\"200\" src=\"https:\/\/www.effe3ti.com\/wp-content\/uploads\/2022\/09\/rotax-s5300-automatic-line-300x200.jpg\" class=\"attachment-medium size-medium wp-image-9701\" alt=\"Rotax S5300 Automatische Verpackungsmaschine\" srcset=\"https:\/\/www.effe3ti.com\/wp-content\/uploads\/2022\/09\/rotax-s5300-automatic-line-300x200.jpg 300w, https:\/\/www.effe3ti.com\/wp-content\/uploads\/2022\/09\/rotax-s5300-automatic-line-600x400.jpg 600w, https:\/\/www.effe3ti.com\/wp-content\/uploads\/2022\/09\/rotax-s5300-automatic-line-1024x683.jpg 1024w, https:\/\/www.effe3ti.com\/wp-content\/uploads\/2022\/09\/rotax-s5300-automatic-line-768x512.jpg 768w, https:\/\/www.effe3ti.com\/wp-content\/uploads\/2022\/09\/rotax-s5300-automatic-line-1536x1024.jpg 1536w, https:\/\/www.effe3ti.com\/wp-content\/uploads\/2022\/09\/rotax-s5300-automatic-line-2048x1366.jpg 2048w\" sizes=\"(max-width: 300px) 100vw, 300px\" \/><\/div><\/a>\n\t\t\t\t<div class=\"elementor-post__badge\">Einblicke<\/div>\n\t\t\t\t<div class=\"elementor-post__text\">\n\t\t\t\t<h3 class=\"elementor-post__title\">\n\t\t\t<a href=\"https:\/\/www.effe3ti.com\/de\/avvolgitrice-automatica-o-semiautomatica-qual-e-meglio\/\" >\n\t\t\t\tAutomatische oder halbautomatische Verpackungsmaschine: Was ist besser?\t\t\t<\/a>\n\t\t<\/h3>\n\t\t\t\t<div class=\"elementor-post__excerpt\">\n\t\t\t<p>Eine Verpackungsmaschine kann einen gro\u00dfen Unterschied f\u00fcr Ihr Unternehmen bedeuten. Besonders in der Logistik und der industriellen Verpackung ist die Vermeidung<\/p>\n\t\t<\/div>\n\t\t\n\t\t<a class=\"elementor-post__read-more\" href=\"https:\/\/www.effe3ti.com\/de\/avvolgitrice-automatica-o-semiautomatica-qual-e-meglio\/\" aria-label=\"Mehr \u00fcber Avvolgitrice automatica o semiautomatica: qual \u00e8 meglio?\" tabindex=\"-1\" >\n\t\t\tWeiterlesen\t\t<\/a>\n\n\t\t\t\t<\/div>\n\t\t\t\t<div class=\"elementor-post__meta-data\">\n\t\t\t\t\t<span class=\"elementor-post-date\">\n\t\t\t27. Juni 2025\t\t<\/span>\n\t\t\t\t<\/div>\n\t\t\t\t\t<\/div>\n\t\t<\/article>\n\t\t\t\t<article class=\"elementor-post elementor-grid-item post-23191 post type-post status-publish format-standard has-post-thumbnail hentry category-news-approfondimenti\" role=\"listitem\">\n\t\t\t<div class=\"elementor-post__card\">\n\t\t\t\t<a class=\"elementor-post__thumbnail__link\" href=\"https:\/\/www.effe3ti.com\/de\/compattatore-per-carta-quale-scegliere-per-grandi-volumi-aziendali\/\" tabindex=\"-1\" ><div class=\"elementor-post__thumbnail\"><img loading=\"lazy\" decoding=\"async\" width=\"300\" height=\"200\" src=\"https:\/\/www.effe3ti.com\/wp-content\/uploads\/2023\/11\/Jumboloadbaler-4-300x200.jpg\" class=\"attachment-medium size-medium wp-image-23233\" alt=\"Pressen\" srcset=\"https:\/\/www.effe3ti.com\/wp-content\/uploads\/2023\/11\/Jumboloadbaler-4-300x200.jpg 300w, https:\/\/www.effe3ti.com\/wp-content\/uploads\/2023\/11\/Jumboloadbaler-4-1024x683.jpg 1024w, https:\/\/www.effe3ti.com\/wp-content\/uploads\/2023\/11\/Jumboloadbaler-4-768x512.jpg 768w, https:\/\/www.effe3ti.com\/wp-content\/uploads\/2023\/11\/Jumboloadbaler-4-1536x1025.jpg 1536w, https:\/\/www.effe3ti.com\/wp-content\/uploads\/2023\/11\/Jumboloadbaler-4-18x12.jpg 18w, https:\/\/www.effe3ti.com\/wp-content\/uploads\/2023\/11\/Jumboloadbaler-4-600x400.jpg 600w, https:\/\/www.effe3ti.com\/wp-content\/uploads\/2023\/11\/Jumboloadbaler-4.jpg 2000w\" sizes=\"(max-width: 300px) 100vw, 300px\" \/><\/div><\/a>\n\t\t\t\t<div class=\"elementor-post__badge\">Einblicke<\/div>\n\t\t\t\t<div class=\"elementor-post__text\">\n\t\t\t\t<h3 class=\"elementor-post__title\">\n\t\t\t<a href=\"https:\/\/www.effe3ti.com\/de\/compattatore-per-carta-quale-scegliere-per-grandi-volumi-aziendali\/\" >\n\t\t\t\tPapier- und Kartonverdichter: Welcher ist der richtige f\u00fcr gro\u00dfe Gesch\u00e4ftsmengen?\t\t\t<\/a>\n\t\t<\/h3>\n\t\t\t\t<div class=\"elementor-post__excerpt\">\n\t\t\t<p>Ein Papierverdichter ist die Antwort auf ein sehr spezifisches und zunehmend sp\u00fcrbares Bed\u00fcrfnis: die t\u00e4gliche Bew\u00e4ltigung gro\u00dfer Mengen Papierabfall.<\/p>\n\t\t<\/div>\n\t\t\n\t\t<a class=\"elementor-post__read-more\" href=\"https:\/\/www.effe3ti.com\/de\/compattatore-per-carta-quale-scegliere-per-grandi-volumi-aziendali\/\" aria-label=\"Mehr \u00fcber Compattatore per carta e cartone, quale scegliere per grandi volumi aziendali\" tabindex=\"-1\" >\n\t\t\tWeiterlesen\t\t<\/a>\n\n\t\t\t\t<\/div>\n\t\t\t\t<div class=\"elementor-post__meta-data\">\n\t\t\t\t\t<span class=\"elementor-post-date\">\n\t\t\t27. Juni 2025\t\t<\/span>\n\t\t\t\t<\/div>\n\t\t\t\t\t<\/div>\n\t\t<\/article>\n\t\t\t\t<article class=\"elementor-post elementor-grid-item post-23189 post type-post status-publish format-standard has-post-thumbnail hentry category-news-approfondimenti\" role=\"listitem\">\n\t\t\t<div class=\"elementor-post__card\">\n\t\t\t\t<a class=\"elementor-post__thumbnail__link\" href=\"https:\/\/www.effe3ti.com\/de\/reggiatrici-manuali-o-automatiche-quale-conviene\/\" tabindex=\"-1\" ><div class=\"elementor-post__thumbnail\"><img loading=\"lazy\" decoding=\"async\" width=\"300\" height=\"300\" src=\"https:\/\/www.effe3ti.com\/wp-content\/uploads\/2021\/04\/TP-702CQ-300x300.jpg\" class=\"attachment-medium size-medium wp-image-252\" alt=\"automatische Umreifungsmaschine\" srcset=\"https:\/\/www.effe3ti.com\/wp-content\/uploads\/2021\/04\/TP-702CQ-300x300.jpg 300w, https:\/\/www.effe3ti.com\/wp-content\/uploads\/2021\/04\/TP-702CQ-100x100.jpg 100w, https:\/\/www.effe3ti.com\/wp-content\/uploads\/2021\/04\/TP-702CQ-600x600.jpg 600w, https:\/\/www.effe3ti.com\/wp-content\/uploads\/2021\/04\/TP-702CQ-1024x1024.jpg 1024w, https:\/\/www.effe3ti.com\/wp-content\/uploads\/2021\/04\/TP-702CQ-150x150.jpg 150w, https:\/\/www.effe3ti.com\/wp-content\/uploads\/2021\/04\/TP-702CQ-768x768.jpg 768w, https:\/\/www.effe3ti.com\/wp-content\/uploads\/2021\/04\/TP-702CQ.jpg 1200w\" sizes=\"(max-width: 300px) 100vw, 300px\" \/><\/div><\/a>\n\t\t\t\t<div class=\"elementor-post__badge\">Einblicke<\/div>\n\t\t\t\t<div class=\"elementor-post__text\">\n\t\t\t\t<h3 class=\"elementor-post__title\">\n\t\t\t<a href=\"https:\/\/www.effe3ti.com\/de\/reggiatrici-manuali-o-automatiche-quale-conviene\/\" >\n\t\t\t\tManuelle oder automatische Umreifungsmaschinen: Welche ist besser?\t\t\t<\/a>\n\t\t<\/h3>\n\t\t\t\t<div class=\"elementor-post__excerpt\">\n\t\t\t<p>F\u00fcr Logistik- und Verpackungsunternehmen ist die Entscheidung zwischen manuellen und automatischen Umreifungsmaschinen unvermeidlich.<\/p>\n\t\t<\/div>\n\t\t\n\t\t<a class=\"elementor-post__read-more\" href=\"https:\/\/www.effe3ti.com\/de\/reggiatrici-manuali-o-automatiche-quale-conviene\/\" aria-label=\"Mehr \u00fcber Reggiatrici manuali o automatiche: quale conviene?\" tabindex=\"-1\" >\n\t\t\tWeiterlesen\t\t<\/a>\n\n\t\t\t\t<\/div>\n\t\t\t\t<div class=\"elementor-post__meta-data\">\n\t\t\t\t\t<span class=\"elementor-post-date\">\n\t\t\t27. Juni 2025\t\t<\/span>\n\t\t\t\t<\/div>\n\t\t\t\t\t<\/div>\n\t\t<\/article>\n\t\t\t\t<article class=\"elementor-post elementor-grid-item post-22578 post type-post status-publish format-standard has-post-thumbnail hentry category-news-approfondimenti\" role=\"listitem\">\n\t\t\t<div class=\"elementor-post__card\">\n\t\t\t\t<a class=\"elementor-post__thumbnail__link\" href=\"https:\/\/www.effe3ti.com\/de\/i-5-vantaggi-delle-presse-per-rifiuti-nel-settore-industriale\/\" tabindex=\"-1\" ><div class=\"elementor-post__thumbnail\"><img loading=\"lazy\" decoding=\"async\" width=\"300\" height=\"200\" src=\"https:\/\/www.effe3ti.com\/wp-content\/uploads\/2024\/10\/presse-per-rifiuti-300x200.jpeg\" class=\"attachment-medium size-medium wp-image-20949\" alt=\"Abfallpresse\" srcset=\"https:\/\/www.effe3ti.com\/wp-content\/uploads\/2024\/10\/presse-per-rifiuti-300x200.jpeg 300w, https:\/\/www.effe3ti.com\/wp-content\/uploads\/2024\/10\/presse-per-rifiuti-768x512.jpeg 768w, https:\/\/www.effe3ti.com\/wp-content\/uploads\/2024\/10\/presse-per-rifiuti-600x400.jpeg 600w, https:\/\/www.effe3ti.com\/wp-content\/uploads\/2024\/10\/presse-per-rifiuti.jpeg 1024w\" sizes=\"(max-width: 300px) 100vw, 300px\" \/><\/div><\/a>\n\t\t\t\t<div class=\"elementor-post__badge\">Einblicke<\/div>\n\t\t\t\t<div class=\"elementor-post__text\">\n\t\t\t\t<h3 class=\"elementor-post__title\">\n\t\t\t<a href=\"https:\/\/www.effe3ti.com\/de\/i-5-vantaggi-delle-presse-per-rifiuti-nel-settore-industriale\/\" >\n\t\t\t\tDie 5 Vorteile von Abfallpressen im Industriebereich\t\t\t<\/a>\n\t\t<\/h3>\n\t\t\t\t<div class=\"elementor-post__excerpt\">\n\t\t\t<p>Auf Abfallpressen kann man heute nicht mehr verzichten: Sie sind ein sehr wichtiges Element, wenn man die Effizienz der<\/p>\n\t\t<\/div>\n\t\t\n\t\t<a class=\"elementor-post__read-more\" href=\"https:\/\/www.effe3ti.com\/de\/i-5-vantaggi-delle-presse-per-rifiuti-nel-settore-industriale\/\" aria-label=\"Mehr \u00fcber I 5 vantaggi delle presse per rifiuti nel settore industriale\" tabindex=\"-1\" >\n\t\t\tWeiterlesen\t\t<\/a>\n\n\t\t\t\t<\/div>\n\t\t\t\t<div class=\"elementor-post__meta-data\">\n\t\t\t\t\t<span class=\"elementor-post-date\">\n\t\t\t2. April 2025\t\t<\/span>\n\t\t\t\t<\/div>\n\t\t\t\t\t<\/div>\n\t\t<\/article>\n\t\t\t\t<article class=\"elementor-post elementor-grid-item post-21344 post type-post status-publish format-standard has-post-thumbnail hentry category-news-approfondimenti\" role=\"listitem\">\n\t\t\t<div class=\"elementor-post__card\">\n\t\t\t\t<a class=\"elementor-post__thumbnail__link\" href=\"https:\/\/www.effe3ti.com\/de\/il-trasporto-sicuro-delle-vostre-merci\/\" tabindex=\"-1\" ><div class=\"elementor-post__thumbnail\"><img loading=\"lazy\" decoding=\"async\" width=\"300\" height=\"202\" src=\"https:\/\/www.effe3ti.com\/wp-content\/uploads\/2024\/12\/goods-transport-300x202.jpg\" class=\"attachment-medium size-medium wp-image-21345\" alt=\"Warentransport\" srcset=\"https:\/\/www.effe3ti.com\/wp-content\/uploads\/2024\/12\/goods-transport-300x202.jpg 300w, https:\/\/www.effe3ti.com\/wp-content\/uploads\/2024\/12\/goods-transport-1024x691.jpg 1024w, https:\/\/www.effe3ti.com\/wp-content\/uploads\/2024\/12\/goods-transport-768x518.jpg 768w, https:\/\/www.effe3ti.com\/wp-content\/uploads\/2024\/12\/goods-transport-1536x1036.jpg 1536w, https:\/\/www.effe3ti.com\/wp-content\/uploads\/2024\/12\/goods-transport-2048x1382.jpg 2048w, https:\/\/www.effe3ti.com\/wp-content\/uploads\/2024\/12\/goods-transport-600x405.jpg 600w\" sizes=\"(max-width: 300px) 100vw, 300px\" \/><\/div><\/a>\n\t\t\t\t<div class=\"elementor-post__badge\">Einblicke<\/div>\n\t\t\t\t<div class=\"elementor-post__text\">\n\t\t\t\t<h3 class=\"elementor-post__title\">\n\t\t\t<a href=\"https:\/\/www.effe3ti.com\/de\/il-trasporto-sicuro-delle-vostre-merci\/\" >\n\t\t\t\tSicherer Transport Ihrer G\u00fcter\t\t\t<\/a>\n\t\t<\/h3>\n\t\t\t\t<div class=\"elementor-post__excerpt\">\n\t\t\t<p>Effizienz und Sicherheit mit der Palettenwickelmaschine Palettenwickelmaschinen sind eine unverzichtbare L\u00f6sung, um die Sicherheit Ihrer Produkte zu gew\u00e4hrleisten.<\/p>\n\t\t<\/div>\n\t\t\n\t\t<a class=\"elementor-post__read-more\" href=\"https:\/\/www.effe3ti.com\/de\/il-trasporto-sicuro-delle-vostre-merci\/\" aria-label=\"Mehr \u00fcber Il trasporto sicuro delle vostre merci\" tabindex=\"-1\" >\n\t\t\tWeiterlesen\t\t<\/a>\n\n\t\t\t\t<\/div>\n\t\t\t\t<div class=\"elementor-post__meta-data\">\n\t\t\t\t\t<span class=\"elementor-post-date\">\n\t\t\t17. Dezember 2024\t\t<\/span>\n\t\t\t\t<\/div>\n\t\t\t\t\t<\/div>\n\t\t<\/article>\n\t\t\t\t<article class=\"elementor-post elementor-grid-item post-21152 post type-post status-publish format-standard has-post-thumbnail hentry category-news-approfondimenti\" role=\"listitem\">\n\t\t\t<div class=\"elementor-post__card\">\n\t\t\t\t<a class=\"elementor-post__thumbnail__link\" href=\"https:\/\/www.effe3ti.com\/de\/limportanza-della-formazione-effe3ti\/\" tabindex=\"-1\" ><div class=\"elementor-post__thumbnail\"><img loading=\"lazy\" decoding=\"async\" width=\"300\" height=\"169\" src=\"https:\/\/www.effe3ti.com\/wp-content\/uploads\/2024\/10\/cover-300x169.jpg\" class=\"attachment-medium size-medium wp-image-21153\" alt=\"kaufm\u00e4nnische Ausbildung\" srcset=\"https:\/\/www.effe3ti.com\/wp-content\/uploads\/2024\/10\/cover-300x169.jpg 300w, https:\/\/www.effe3ti.com\/wp-content\/uploads\/2024\/10\/cover-1024x576.jpg 1024w, https:\/\/www.effe3ti.com\/wp-content\/uploads\/2024\/10\/cover-768x432.jpg 768w, https:\/\/www.effe3ti.com\/wp-content\/uploads\/2024\/10\/cover-1536x864.jpg 1536w, https:\/\/www.effe3ti.com\/wp-content\/uploads\/2024\/10\/cover-600x338.jpg 600w, https:\/\/www.effe3ti.com\/wp-content\/uploads\/2024\/10\/cover.jpg 1701w\" sizes=\"(max-width: 300px) 100vw, 300px\" \/><\/div><\/a>\n\t\t\t\t<div class=\"elementor-post__badge\">Einblicke<\/div>\n\t\t\t\t<div class=\"elementor-post__text\">\n\t\t\t\t<h3 class=\"elementor-post__title\">\n\t\t\t<a href=\"https:\/\/www.effe3ti.com\/de\/limportanza-della-formazione-effe3ti\/\" >\n\t\t\t\tDie Bedeutung des EFFE3ti-Verkaufstrainings\t\t\t<\/a>\n\t\t<\/h3>\n\t\t\t\t<div class=\"elementor-post__excerpt\">\n\t\t\t<p>Warum ist es wichtig, ein Corporate Sales Training zu absolvieren? In der heutigen Unternehmenswelt, die durch harten Wettbewerb und eine vielf\u00e4ltige Landschaft gekennzeichnet ist<\/p>\n\t\t<\/div>\n\t\t\n\t\t<a class=\"elementor-post__read-more\" href=\"https:\/\/www.effe3ti.com\/de\/limportanza-della-formazione-effe3ti\/\" aria-label=\"Mehr \u00fcber L&#8217;importanza della formazione commerciale EFFE3ti\" tabindex=\"-1\" >\n\t\t\tWeiterlesen\t\t<\/a>\n\n\t\t\t\t<\/div>\n\t\t\t\t<div class=\"elementor-post__meta-data\">\n\t\t\t\t\t<span class=\"elementor-post-date\">\n\t\t\t25. Oktober 2024\t\t<\/span>\n\t\t\t\t<\/div>\n\t\t\t\t\t<\/div>\n\t\t<\/article>\n\t\t\t\t<article class=\"elementor-post elementor-grid-item post-20948 post type-post status-publish format-standard has-post-thumbnail hentry category-news-approfondimenti category-news-prodotto\" role=\"listitem\">\n\t\t\t<div class=\"elementor-post__card\">\n\t\t\t\t<a class=\"elementor-post__thumbnail__link\" href=\"https:\/\/www.effe3ti.com\/de\/le-presse-per-rifiuti\/\" tabindex=\"-1\" ><div class=\"elementor-post__thumbnail\"><img loading=\"lazy\" decoding=\"async\" width=\"300\" height=\"200\" src=\"https:\/\/www.effe3ti.com\/wp-content\/uploads\/2021\/04\/MK1100-1-300x200.jpg\" class=\"attachment-medium size-medium wp-image-23259\" alt=\"MK1100\" srcset=\"https:\/\/www.effe3ti.com\/wp-content\/uploads\/2021\/04\/MK1100-1-300x200.jpg 300w, https:\/\/www.effe3ti.com\/wp-content\/uploads\/2021\/04\/MK1100-1-1024x683.jpg 1024w, https:\/\/www.effe3ti.com\/wp-content\/uploads\/2021\/04\/MK1100-1-768x512.jpg 768w, https:\/\/www.effe3ti.com\/wp-content\/uploads\/2021\/04\/MK1100-1-1536x1025.jpg 1536w, https:\/\/www.effe3ti.com\/wp-content\/uploads\/2021\/04\/MK1100-1-18x12.jpg 18w, https:\/\/www.effe3ti.com\/wp-content\/uploads\/2021\/04\/MK1100-1-600x400.jpg 600w, https:\/\/www.effe3ti.com\/wp-content\/uploads\/2021\/04\/MK1100-1.jpg 2000w\" sizes=\"(max-width: 300px) 100vw, 300px\" \/><\/div><\/a>\n\t\t\t\t<div class=\"elementor-post__badge\">Einblicke<\/div>\n\t\t\t\t<div class=\"elementor-post__text\">\n\t\t\t\t<h3 class=\"elementor-post__title\">\n\t\t\t<a href=\"https:\/\/www.effe3ti.com\/de\/le-presse-per-rifiuti\/\" >\n\t\t\t\tPressen zum Recycling von Karton, Kunststoff und anderen Abf\u00e4llen\t\t\t<\/a>\n\t\t<\/h3>\n\t\t\t\t<div class=\"elementor-post__excerpt\">\n\t\t\t<p>Mit Recycling-Ballenpressen das Abfallmanagement im Unternehmen optimieren Verpackungsm\u00fcll wird oft als Belastung empfunden<\/p>\n\t\t<\/div>\n\t\t\n\t\t<a class=\"elementor-post__read-more\" href=\"https:\/\/www.effe3ti.com\/de\/le-presse-per-rifiuti\/\" aria-label=\"Mehr \u00fcber Ballenpressen zum Recycling von Karton, Kunststoff und anderen Abf\u00e4llen\" tabindex=\"-1\" >\n\t\t\tWeiterlesen\t\t<\/a>\n\n\t\t\t\t<\/div>\n\t\t\t\t<div class=\"elementor-post__meta-data\">\n\t\t\t\t\t<span class=\"elementor-post-date\">\n\t\t\t21. Oktober 2024\t\t<\/span>\n\t\t\t\t<\/div>\n\t\t\t\t\t<\/div>\n\t\t<\/article>\n\t\t\t\t<article class=\"elementor-post elementor-grid-item post-17316 post type-post status-publish format-standard has-post-thumbnail hentry category-news-approfondimenti\" role=\"listitem\">\n\t\t\t<div class=\"elementor-post__card\">\n\t\t\t\t<a class=\"elementor-post__thumbnail__link\" href=\"https:\/\/www.effe3ti.com\/de\/avvolgimento-pallet-innovazione-nella-protezione-del-carico\/\" tabindex=\"-1\" ><div class=\"elementor-post__thumbnail\"><img loading=\"lazy\" decoding=\"async\" width=\"200\" height=\"300\" src=\"https:\/\/www.effe3ti.com\/wp-content\/uploads\/2024\/09\/S2300P-MF2000-240215-web-200x300.jpg\" class=\"attachment-medium size-medium wp-image-17317\" alt=\"Verpackungsmaschine mit Ladungssicherungsbogenanleger\" srcset=\"https:\/\/www.effe3ti.com\/wp-content\/uploads\/2024\/09\/S2300P-MF2000-240215-web-200x300.jpg 200w, https:\/\/www.effe3ti.com\/wp-content\/uploads\/2024\/09\/S2300P-MF2000-240215-web-600x898.jpg 600w, https:\/\/www.effe3ti.com\/wp-content\/uploads\/2024\/09\/S2300P-MF2000-240215-web.jpg 668w\" sizes=\"(max-width: 200px) 100vw, 200px\" \/><\/div><\/a>\n\t\t\t\t<div class=\"elementor-post__badge\">Einblicke<\/div>\n\t\t\t\t<div class=\"elementor-post__text\">\n\t\t\t\t<h3 class=\"elementor-post__title\">\n\t\t\t<a href=\"https:\/\/www.effe3ti.com\/de\/avvolgimento-pallet-innovazione-nella-protezione-del-carico\/\" >\n\t\t\t\tPalettenverpackung. Innovation im Ladungsschutz\t\t\t<\/a>\n\t\t<\/h3>\n\t\t\t\t<div class=\"elementor-post__excerpt\">\n\t\t\t<p>Automatische Palettenwickelmaschinen mit Bogenzuf\u00fchrung Im Rahmen des modernen Logistik- und Versandmanagements sind Betriebseffizienz und<\/p>\n\t\t<\/div>\n\t\t\n\t\t<a class=\"elementor-post__read-more\" href=\"https:\/\/www.effe3ti.com\/de\/avvolgimento-pallet-innovazione-nella-protezione-del-carico\/\" aria-label=\"Mehr \u00fcber Avvolgimento pallet. Innovazione nella protezione del carico\" tabindex=\"-1\" >\n\t\t\tWeiterlesen\t\t<\/a>\n\n\t\t\t\t<\/div>\n\t\t\t\t<div class=\"elementor-post__meta-data\">\n\t\t\t\t\t<span class=\"elementor-post-date\">\n\t\t\t9. September 2024\t\t<\/span>\n\t\t\t\t<\/div>\n\t\t\t\t\t<\/div>\n\t\t<\/article>\n\t\t\t\t<article class=\"elementor-post elementor-grid-item post-11305 post type-post status-publish format-standard has-post-thumbnail hentry category-news-approfondimenti\" role=\"listitem\">\n\t\t\t<div class=\"elementor-post__card\">\n\t\t\t\t<a class=\"elementor-post__thumbnail__link\" href=\"https:\/\/www.effe3ti.com\/de\/styropress-per-compattare-imballi-in-polistirolo\/\" tabindex=\"-1\" ><div class=\"elementor-post__thumbnail\"><img loading=\"lazy\" decoding=\"async\" width=\"300\" height=\"300\" src=\"https:\/\/www.effe3ti.com\/wp-content\/uploads\/2021\/04\/Cutcompact-300x300.jpg\" class=\"attachment-medium size-medium wp-image-282\" alt=\"Polystyrolverdichtung\" srcset=\"https:\/\/www.effe3ti.com\/wp-content\/uploads\/2021\/04\/Cutcompact-300x300.jpg 300w, https:\/\/www.effe3ti.com\/wp-content\/uploads\/2021\/04\/Cutcompact-100x100.jpg 100w, https:\/\/www.effe3ti.com\/wp-content\/uploads\/2021\/04\/Cutcompact-600x600.jpg 600w, https:\/\/www.effe3ti.com\/wp-content\/uploads\/2021\/04\/Cutcompact-1024x1024.jpg 1024w, https:\/\/www.effe3ti.com\/wp-content\/uploads\/2021\/04\/Cutcompact-150x150.jpg 150w, https:\/\/www.effe3ti.com\/wp-content\/uploads\/2021\/04\/Cutcompact-768x768.jpg 768w, https:\/\/www.effe3ti.com\/wp-content\/uploads\/2021\/04\/Cutcompact.jpg 1200w\" sizes=\"(max-width: 300px) 100vw, 300px\" \/><\/div><\/a>\n\t\t\t\t<div class=\"elementor-post__badge\">Einblicke<\/div>\n\t\t\t\t<div class=\"elementor-post__text\">\n\t\t\t\t<h3 class=\"elementor-post__title\">\n\t\t\t<a href=\"https:\/\/www.effe3ti.com\/de\/styropress-per-compattare-imballi-in-polistirolo\/\" >\n\t\t\t\tStyropress zum Verdichten von Styroporverpackungen\t\t\t<\/a>\n\t\t<\/h3>\n\t\t\t\t<div class=\"elementor-post__excerpt\">\n\t\t\t<p>Styroporverdichter zerkleinern und verdichten EPS-Abf\u00e4lle (expandiertes Polystyrol) zu Bl\u00f6cken, die die Lagerung vereinfachen.<\/p>\n\t\t<\/div>\n\t\t\n\t\t<a class=\"elementor-post__read-more\" href=\"https:\/\/www.effe3ti.com\/de\/styropress-per-compattare-imballi-in-polistirolo\/\" aria-label=\"Mehr \u00fcber Styropress per compattare imballi in polistirolo\" tabindex=\"-1\" >\n\t\t\tWeiterlesen\t\t<\/a>\n\n\t\t\t\t<\/div>\n\t\t\t\t<div class=\"elementor-post__meta-data\">\n\t\t\t\t\t<span class=\"elementor-post-date\">\n\t\t\t30. Juni 2023\t\t<\/span>\n\t\t\t\t<\/div>\n\t\t\t\t\t<\/div>\n\t\t<\/article>\n\t\t\t\t<article class=\"elementor-post elementor-grid-item post-11186 post type-post status-publish format-standard has-post-thumbnail hentry category-news-approfondimenti\" role=\"listitem\">\n\t\t\t<div class=\"elementor-post__card\">\n\t\t\t\t<a class=\"elementor-post__thumbnail__link\" href=\"https:\/\/www.effe3ti.com\/de\/avvolgitrice-nuova\/\" tabindex=\"-1\" ><div class=\"elementor-post__thumbnail\"><img loading=\"lazy\" decoding=\"async\" width=\"300\" height=\"300\" src=\"https:\/\/www.effe3ti.com\/wp-content\/uploads\/2023\/04\/old-spinny.jpg-1-300x300.jpg\" class=\"attachment-medium size-medium wp-image-11187\" alt=\"Verpackungsmaschine\" srcset=\"https:\/\/www.effe3ti.com\/wp-content\/uploads\/2023\/04\/old-spinny.jpg-1-300x300.jpg 300w, https:\/\/www.effe3ti.com\/wp-content\/uploads\/2023\/04\/old-spinny.jpg-1-100x100.jpg 100w, https:\/\/www.effe3ti.com\/wp-content\/uploads\/2023\/04\/old-spinny.jpg-1-600x600.jpg 600w, https:\/\/www.effe3ti.com\/wp-content\/uploads\/2023\/04\/old-spinny.jpg-1-1024x1024.jpg 1024w, https:\/\/www.effe3ti.com\/wp-content\/uploads\/2023\/04\/old-spinny.jpg-1-150x150.jpg 150w, https:\/\/www.effe3ti.com\/wp-content\/uploads\/2023\/04\/old-spinny.jpg-1-768x768.jpg 768w, https:\/\/www.effe3ti.com\/wp-content\/uploads\/2023\/04\/old-spinny.jpg-1.jpg 1536w\" sizes=\"(max-width: 300px) 100vw, 300px\" \/><\/div><\/a>\n\t\t\t\t<div class=\"elementor-post__badge\">Einblicke<\/div>\n\t\t\t\t<div class=\"elementor-post__text\">\n\t\t\t\t<h3 class=\"elementor-post__title\">\n\t\t\t<a href=\"https:\/\/www.effe3ti.com\/de\/avvolgitrice-nuova\/\" >\n\t\t\t\tNeue Verpackungsmaschine. Wann ist es Zeit f\u00fcr eine Ver\u00e4nderung?\t\t\t<\/a>\n\t\t<\/h3>\n\t\t\t\t<div class=\"elementor-post__excerpt\">\n\t\t\t<p>Auch bei einer Verpackungsmaschine ist es manchmal \u201enormal\u201c, t\u00e4glich mit Auszeiten und Unterbrechungen zu k\u00e4mpfen. EFFE3ti produziert Verpackungsmaschinen<\/p>\n\t\t<\/div>\n\t\t\n\t\t<a class=\"elementor-post__read-more\" href=\"https:\/\/www.effe3ti.com\/de\/avvolgitrice-nuova\/\" aria-label=\"Mehr \u00fcber Macchina avvolgitrice nuova. Quando \u00e8 il momento di cambiare?\" tabindex=\"-1\" >\n\t\t\tWeiterlesen\t\t<\/a>\n\n\t\t\t\t<\/div>\n\t\t\t\t<div class=\"elementor-post__meta-data\">\n\t\t\t\t\t<span class=\"elementor-post-date\">\n\t\t\t13. April 2023\t\t<\/span>\n\t\t\t\t<\/div>\n\t\t\t\t\t<\/div>\n\t\t<\/article>\n\t\t\t\t<article class=\"elementor-post elementor-grid-item post-10419 post type-post status-publish format-standard has-post-thumbnail hentry category-news-approfondimenti\" role=\"listitem\">\n\t\t\t<div class=\"elementor-post__card\">\n\t\t\t\t<a class=\"elementor-post__thumbnail__link\" href=\"https:\/\/www.effe3ti.com\/de\/presse-per-rifiuti\/\" tabindex=\"-1\" ><div class=\"elementor-post__thumbnail\"><img loading=\"lazy\" decoding=\"async\" width=\"300\" height=\"169\" src=\"https:\/\/www.effe3ti.com\/wp-content\/uploads\/2021\/11\/RicicloScarti-300x169.jpg\" class=\"attachment-medium size-medium wp-image-4948\" alt=\"Abfallrecycling\" srcset=\"https:\/\/www.effe3ti.com\/wp-content\/uploads\/2021\/11\/RicicloScarti-300x169.jpg 300w, https:\/\/www.effe3ti.com\/wp-content\/uploads\/2021\/11\/RicicloScarti-600x338.jpg 600w, https:\/\/www.effe3ti.com\/wp-content\/uploads\/2021\/11\/RicicloScarti-1024x576.jpg 1024w, https:\/\/www.effe3ti.com\/wp-content\/uploads\/2021\/11\/RicicloScarti-768x432.jpg 768w, https:\/\/www.effe3ti.com\/wp-content\/uploads\/2021\/11\/RicicloScarti-1536x864.jpg 1536w, https:\/\/www.effe3ti.com\/wp-content\/uploads\/2021\/11\/RicicloScarti.jpg 1600w\" sizes=\"(max-width: 300px) 100vw, 300px\" \/><\/div><\/a>\n\t\t\t\t<div class=\"elementor-post__badge\">Einblicke<\/div>\n\t\t\t\t<div class=\"elementor-post__text\">\n\t\t\t\t<h3 class=\"elementor-post__title\">\n\t\t\t<a href=\"https:\/\/www.effe3ti.com\/de\/presse-per-rifiuti\/\" >\n\t\t\t\tDie Ballenpressen\t\t\t<\/a>\n\t\t<\/h3>\n\t\t\t\t<div class=\"elementor-post__excerpt\">\n\t\t\t<p>Abfallmanagement im Unternehmen optimieren Abfall und M\u00fcll im Allgemeinen werden in der Wirtschaft von Unternehmen oft als Belastung empfunden. A<\/p>\n\t\t<\/div>\n\t\t\n\t\t<a class=\"elementor-post__read-more\" href=\"https:\/\/www.effe3ti.com\/de\/presse-per-rifiuti\/\" aria-label=\"Mehr \u00fcber Le presse per imballaggi\" tabindex=\"-1\" >\n\t\t\tWeiterlesen\t\t<\/a>\n\n\t\t\t\t<\/div>\n\t\t\t\t<div class=\"elementor-post__meta-data\">\n\t\t\t\t\t<span class=\"elementor-post-date\">\n\t\t\t16. Januar 2023\t\t<\/span>\n\t\t\t\t<\/div>\n\t\t\t\t\t<\/div>\n\t\t<\/article>\n\t\t\t\t<article class=\"elementor-post elementor-grid-item post-10313 post type-post status-publish format-standard has-post-thumbnail hentry category-news-approfondimenti category-news-prodotto\" role=\"listitem\">\n\t\t\t<div class=\"elementor-post__card\">\n\t\t\t\t<a class=\"elementor-post__thumbnail__link\" href=\"https:\/\/www.effe3ti.com\/de\/stabilita-del-carico\/\" tabindex=\"-1\" ><div class=\"elementor-post__thumbnail\"><img loading=\"lazy\" decoding=\"async\" width=\"300\" height=\"200\" src=\"https:\/\/www.effe3ti.com\/wp-content\/uploads\/2022\/11\/Stability-Test-2-300x200.jpg\" class=\"attachment-medium size-medium wp-image-10325\" alt=\"Laststabilit\u00e4t\" srcset=\"https:\/\/www.effe3ti.com\/wp-content\/uploads\/2022\/11\/Stability-Test-2-300x200.jpg 300w, https:\/\/www.effe3ti.com\/wp-content\/uploads\/2022\/11\/Stability-Test-2-600x400.jpg 600w, https:\/\/www.effe3ti.com\/wp-content\/uploads\/2022\/11\/Stability-Test-2-1024x683.jpg 1024w, https:\/\/www.effe3ti.com\/wp-content\/uploads\/2022\/11\/Stability-Test-2-768x512.jpg 768w, https:\/\/www.effe3ti.com\/wp-content\/uploads\/2022\/11\/Stability-Test-2-1536x1024.jpg 1536w, https:\/\/www.effe3ti.com\/wp-content\/uploads\/2022\/11\/Stability-Test-2-2048x1366.jpg 2048w\" sizes=\"(max-width: 300px) 100vw, 300px\" \/><\/div><\/a>\n\t\t\t\t<div class=\"elementor-post__badge\">Einblicke<\/div>\n\t\t\t\t<div class=\"elementor-post__text\">\n\t\t\t\t<h3 class=\"elementor-post__title\">\n\t\t\t<a href=\"https:\/\/www.effe3ti.com\/de\/stabilita-del-carico\/\" >\n\t\t\t\tLaststabilit\u00e4t\t\t\t<\/a>\n\t\t<\/h3>\n\t\t\t\t<div class=\"elementor-post__excerpt\">\n\t\t\t<p>Der Ladungsverlust beim Transport von G\u00fctern ist ein nicht zu untersch\u00e4tzendes Problem. Es gibt die Norm EN 12195-1<\/p>\n\t\t<\/div>\n\t\t\n\t\t<a class=\"elementor-post__read-more\" href=\"https:\/\/www.effe3ti.com\/de\/stabilita-del-carico\/\" aria-label=\"Mehr zum Thema Laststabilit\u00e4t\" tabindex=\"-1\" >\n\t\t\tWeiterlesen\t\t<\/a>\n\n\t\t\t\t<\/div>\n\t\t\t\t<div class=\"elementor-post__meta-data\">\n\t\t\t\t\t<span class=\"elementor-post-date\">\n\t\t\t18. November 2022\t\t<\/span>\n\t\t\t\t<\/div>\n\t\t\t\t\t<\/div>\n\t\t<\/article>\n\t\t\t\t<article class=\"elementor-post elementor-grid-item post-9964 post type-post status-publish format-standard has-post-thumbnail hentry category-news-approfondimenti category-news-prodotto\" role=\"listitem\">\n\t\t\t<div class=\"elementor-post__card\">\n\t\t\t\t<a class=\"elementor-post__thumbnail__link\" href=\"https:\/\/www.effe3ti.com\/de\/avvolgere-pallet-con-spinny-s300-semplifica-la-vita\/\" tabindex=\"-1\" ><div class=\"elementor-post__thumbnail\"><img loading=\"lazy\" decoding=\"async\" width=\"234\" height=\"300\" src=\"https:\/\/www.effe3ti.com\/wp-content\/uploads\/2021\/04\/Spinny-S300w-234x300.jpg\" class=\"attachment-medium size-medium wp-image-1093\" alt=\"Spinny-Palettenwickler\" srcset=\"https:\/\/www.effe3ti.com\/wp-content\/uploads\/2021\/04\/Spinny-S300w-234x300.jpg 234w, https:\/\/www.effe3ti.com\/wp-content\/uploads\/2021\/04\/Spinny-S300w-600x770.jpg 600w, https:\/\/www.effe3ti.com\/wp-content\/uploads\/2021\/04\/Spinny-S300w-798x1024.jpg 798w, https:\/\/www.effe3ti.com\/wp-content\/uploads\/2021\/04\/Spinny-S300w-768x986.jpg 768w, https:\/\/www.effe3ti.com\/wp-content\/uploads\/2021\/04\/Spinny-S300w-1197x1536.jpg 1197w, https:\/\/www.effe3ti.com\/wp-content\/uploads\/2021\/04\/Spinny-S300w-1596x2048.jpg 1596w, https:\/\/www.effe3ti.com\/wp-content\/uploads\/2021\/04\/Spinny-S300w.jpg 1948w\" sizes=\"(max-width: 234px) 100vw, 234px\" \/><\/div><\/a>\n\t\t\t\t<div class=\"elementor-post__badge\">Einblicke<\/div>\n\t\t\t\t<div class=\"elementor-post__text\">\n\t\t\t\t<h3 class=\"elementor-post__title\">\n\t\t\t<a href=\"https:\/\/www.effe3ti.com\/de\/avvolgere-pallet-con-spinny-s300-semplifica-la-vita\/\" >\n\t\t\t\tDas Verpacken von Paletten mit dem Spinny S300 macht das Leben einfacher\t\t\t<\/a>\n\t\t<\/h3>\n\t\t\t\t<div class=\"elementor-post__excerpt\">\n\t\t\t<p>Paletten effizient und intelligent verpacken: Entdecken Sie den Spinny S300. Verpacken Sie Paletten sicher, effizient und mit maximaler Einsparung.<\/p>\n\t\t<\/div>\n\t\t\n\t\t<a class=\"elementor-post__read-more\" href=\"https:\/\/www.effe3ti.com\/de\/avvolgere-pallet-con-spinny-s300-semplifica-la-vita\/\" aria-label=\"Mehr dazu: Palettenwickeln mit Spinny S300 macht das Leben leichter\" tabindex=\"-1\" >\n\t\t\tWeiterlesen\t\t<\/a>\n\n\t\t\t\t<\/div>\n\t\t\t\t<div class=\"elementor-post__meta-data\">\n\t\t\t\t\t<span class=\"elementor-post-date\">\n\t\t\t17. Oktober 2022\t\t<\/span>\n\t\t\t\t<\/div>\n\t\t\t\t\t<\/div>\n\t\t<\/article>\n\t\t\t\t<article class=\"elementor-post elementor-grid-item post-8452 post type-post status-publish format-standard has-post-thumbnail hentry category-news-approfondimenti\" role=\"listitem\">\n\t\t\t<div class=\"elementor-post__card\">\n\t\t\t\t<a class=\"elementor-post__thumbnail__link\" href=\"https:\/\/www.effe3ti.com\/de\/effe3ti-e-lenergia-pulita\/\" tabindex=\"-1\" ><div class=\"elementor-post__thumbnail\"><img loading=\"lazy\" decoding=\"async\" width=\"300\" height=\"169\" src=\"https:\/\/www.effe3ti.com\/wp-content\/uploads\/2022\/03\/energia-pulita-effe3ti-1-300x169.jpg\" class=\"attachment-medium size-medium wp-image-8454\" alt=\"saubere Energie\" srcset=\"https:\/\/www.effe3ti.com\/wp-content\/uploads\/2022\/03\/energia-pulita-effe3ti-1-300x169.jpg 300w, https:\/\/www.effe3ti.com\/wp-content\/uploads\/2022\/03\/energia-pulita-effe3ti-1-600x338.jpg 600w, https:\/\/www.effe3ti.com\/wp-content\/uploads\/2022\/03\/energia-pulita-effe3ti-1-1024x576.jpg 1024w, https:\/\/www.effe3ti.com\/wp-content\/uploads\/2022\/03\/energia-pulita-effe3ti-1-768x432.jpg 768w, https:\/\/www.effe3ti.com\/wp-content\/uploads\/2022\/03\/energia-pulita-effe3ti-1-1536x864.jpg 1536w, https:\/\/www.effe3ti.com\/wp-content\/uploads\/2022\/03\/energia-pulita-effe3ti-1-2048x1152.jpg 2048w\" sizes=\"(max-width: 300px) 100vw, 300px\" \/><\/div><\/a>\n\t\t\t\t<div class=\"elementor-post__badge\">Einblicke<\/div>\n\t\t\t\t<div class=\"elementor-post__text\">\n\t\t\t\t<h3 class=\"elementor-post__title\">\n\t\t\t<a href=\"https:\/\/www.effe3ti.com\/de\/effe3ti-e-lenergia-pulita\/\" >\n\t\t\t\tEFFE3ti und saubere Energie\t\t\t<\/a>\n\t\t<\/h3>\n\t\t\t\t<div class=\"elementor-post__excerpt\">\n\t\t\t<p>Energiewende: Das Dach von EFFE3ti wird zur sauberen Energiequelle Ein Schritt in Richtung Nachhaltigkeit und Energie<\/p>\n\t\t<\/div>\n\t\t\n\t\t<a class=\"elementor-post__read-more\" href=\"https:\/\/www.effe3ti.com\/de\/effe3ti-e-lenergia-pulita\/\" aria-label=\"Mehr \u00fcber EFFE3ti e l&#8217;energia pulita\" tabindex=\"-1\" >\n\t\t\tWeiterlesen\t\t<\/a>\n\n\t\t\t\t<\/div>\n\t\t\t\t<div class=\"elementor-post__meta-data\">\n\t\t\t\t\t<span class=\"elementor-post-date\">\n\t\t\t9. M\u00e4rz 2022\t\t<\/span>\n\t\t\t\t<\/div>\n\t\t\t\t\t<\/div>\n\t\t<\/article>\n\t\t\t\t<article class=\"elementor-post elementor-grid-item post-7977 post type-post status-publish format-standard has-post-thumbnail hentry category-news-approfondimenti\" role=\"listitem\">\n\t\t\t<div class=\"elementor-post__card\">\n\t\t\t\t<a class=\"elementor-post__thumbnail__link\" href=\"https:\/\/www.effe3ti.com\/de\/quanto-e-utile-prestirare-il-film-estensibile\/\" tabindex=\"-1\" ><div class=\"elementor-post__thumbnail\"><img loading=\"lazy\" decoding=\"async\" width=\"300\" height=\"191\" src=\"https:\/\/www.effe3ti.com\/wp-content\/uploads\/2021\/04\/oscar-pre-stretch-300x191.jpg\" class=\"attachment-medium size-medium wp-image-6237\" alt=\"motorisierte Vorspannung\" srcset=\"https:\/\/www.effe3ti.com\/wp-content\/uploads\/2021\/04\/oscar-pre-stretch-300x191.jpg 300w, https:\/\/www.effe3ti.com\/wp-content\/uploads\/2021\/04\/oscar-pre-stretch-600x382.jpg 600w, https:\/\/www.effe3ti.com\/wp-content\/uploads\/2021\/04\/oscar-pre-stretch-1024x653.jpg 1024w, https:\/\/www.effe3ti.com\/wp-content\/uploads\/2021\/04\/oscar-pre-stretch-768x489.jpg 768w, https:\/\/www.effe3ti.com\/wp-content\/uploads\/2021\/04\/oscar-pre-stretch-1536x979.jpg 1536w, https:\/\/www.effe3ti.com\/wp-content\/uploads\/2021\/04\/oscar-pre-stretch-2048x1305.jpg 2048w\" sizes=\"(max-width: 300px) 100vw, 300px\" \/><\/div><\/a>\n\t\t\t\t<div class=\"elementor-post__badge\">Einblicke<\/div>\n\t\t\t\t<div class=\"elementor-post__text\">\n\t\t\t\t<h3 class=\"elementor-post__title\">\n\t\t\t<a href=\"https:\/\/www.effe3ti.com\/de\/quanto-e-utile-prestirare-il-film-estensibile\/\" >\n\t\t\t\tWie sinnvoll ist eine motorisierte Vordehnung bei Stretchfolie?\t\t\t<\/a>\n\t\t<\/h3>\n\t\t\t\t<div class=\"elementor-post__excerpt\">\n\t\t\t<p>Garantierte Einsparungen durch motorisiertes Vorstrecken Hatten Sie schon einmal Zweifel an der N\u00fctzlichkeit des motorisierten Vorstreckenger\u00e4ts? Wir bieten Ihnen ein kleines Quiz f\u00fcr<\/p>\n\t\t<\/div>\n\t\t\n\t\t<a class=\"elementor-post__read-more\" href=\"https:\/\/www.effe3ti.com\/de\/quanto-e-utile-prestirare-il-film-estensibile\/\" aria-label=\"Mehr \u00fcber Quanto \u00e8 utile il prestiro motorizzato per il film estensibile?\" tabindex=\"-1\" >\n\t\t\tWeiterlesen\t\t<\/a>\n\n\t\t\t\t<\/div>\n\t\t\t\t<div class=\"elementor-post__meta-data\">\n\t\t\t\t\t<span class=\"elementor-post-date\">\n\t\t\t9. Februar 2022\t\t<\/span>\n\t\t\t\t<\/div>\n\t\t\t\t\t<\/div>\n\t\t<\/article>\n\t\t\t\t<article class=\"elementor-post elementor-grid-item post-4815 post type-post status-publish format-standard has-post-thumbnail hentry category-news-approfondimenti\" role=\"listitem\">\n\t\t\t<div class=\"elementor-post__card\">\n\t\t\t\t<a class=\"elementor-post__thumbnail__link\" href=\"https:\/\/www.effe3ti.com\/de\/avvolgitrici-missione-manutenzione\/\" tabindex=\"-1\" ><div class=\"elementor-post__thumbnail\"><img loading=\"lazy\" decoding=\"async\" width=\"300\" height=\"169\" src=\"https:\/\/www.effe3ti.com\/wp-content\/uploads\/2021\/04\/SpinnyS350-video750-1-300x169.jpg\" class=\"attachment-medium size-medium wp-image-1398\" alt=\"Spinny S350 Touch-Palettenwickler\" srcset=\"https:\/\/www.effe3ti.com\/wp-content\/uploads\/2021\/04\/SpinnyS350-video750-1-300x169.jpg 300w, https:\/\/www.effe3ti.com\/wp-content\/uploads\/2021\/04\/SpinnyS350-video750-1-600x338.jpg 600w, https:\/\/www.effe3ti.com\/wp-content\/uploads\/2021\/04\/SpinnyS350-video750-1-1024x576.jpg 1024w, https:\/\/www.effe3ti.com\/wp-content\/uploads\/2021\/04\/SpinnyS350-video750-1-768x432.jpg 768w, https:\/\/www.effe3ti.com\/wp-content\/uploads\/2021\/04\/SpinnyS350-video750-1-1536x864.jpg 1536w, https:\/\/www.effe3ti.com\/wp-content\/uploads\/2021\/04\/SpinnyS350-video750-1.jpg 1802w\" sizes=\"(max-width: 300px) 100vw, 300px\" \/><\/div><\/a>\n\t\t\t\t<div class=\"elementor-post__badge\">Einblicke<\/div>\n\t\t\t\t<div class=\"elementor-post__text\">\n\t\t\t\t<h3 class=\"elementor-post__title\">\n\t\t\t<a href=\"https:\/\/www.effe3ti.com\/de\/avvolgitrici-missione-manutenzione\/\" >\n\t\t\t\tVerpackungsmaschinen: Wartungsmission\t\t\t<\/a>\n\t\t<\/h3>\n\t\t\t\t<div class=\"elementor-post__excerpt\">\n\t\t\t<p>Eine regelm\u00e4\u00dfige Wartung der Palettenwickler ist selbstverst\u00e4ndlich wichtig, auch wenn der Wartungsaufwand unserer Maschinen gering ist. Dies beinhaltet eine<\/p>\n\t\t<\/div>\n\t\t\n\t\t<a class=\"elementor-post__read-more\" href=\"https:\/\/www.effe3ti.com\/de\/avvolgitrici-missione-manutenzione\/\" aria-label=\"Mehr \u00fcber Avvolgitrici: Missione Manutenzione\" tabindex=\"-1\" >\n\t\t\tWeiterlesen\t\t<\/a>\n\n\t\t\t\t<\/div>\n\t\t\t\t<div class=\"elementor-post__meta-data\">\n\t\t\t\t\t<span class=\"elementor-post-date\">\n\t\t\t15. November 2021\t\t<\/span>\n\t\t\t\t<\/div>\n\t\t\t\t\t<\/div>\n\t\t<\/article>\n\t\t\t\t<article class=\"elementor-post elementor-grid-item post-1408 post type-post status-publish format-standard has-post-thumbnail hentry category-news-approfondimenti category-news-prodotto\" role=\"listitem\">\n\t\t\t<div class=\"elementor-post__card\">\n\t\t\t\t<a class=\"elementor-post__thumbnail__link\" href=\"https:\/\/www.effe3ti.com\/de\/sempre-piu-richiesta-in-nuova-zelanda\/\" tabindex=\"-1\" ><div class=\"elementor-post__thumbnail\"><img loading=\"lazy\" decoding=\"async\" width=\"300\" height=\"200\" src=\"https:\/\/www.effe3ti.com\/wp-content\/uploads\/2021\/04\/Sealed-Air_03-300x200.jpg\" class=\"attachment-medium size-medium wp-image-886\" alt=\"\" srcset=\"https:\/\/www.effe3ti.com\/wp-content\/uploads\/2021\/04\/Sealed-Air_03-300x200.jpg 300w, https:\/\/www.effe3ti.com\/wp-content\/uploads\/2021\/04\/Sealed-Air_03-600x400.jpg 600w, https:\/\/www.effe3ti.com\/wp-content\/uploads\/2021\/04\/Sealed-Air_03-1024x683.jpg 1024w, https:\/\/www.effe3ti.com\/wp-content\/uploads\/2021\/04\/Sealed-Air_03-768x512.jpg 768w, https:\/\/www.effe3ti.com\/wp-content\/uploads\/2021\/04\/Sealed-Air_03-1536x1024.jpg 1536w, https:\/\/www.effe3ti.com\/wp-content\/uploads\/2021\/04\/Sealed-Air_03-2048x1366.jpg 2048w\" sizes=\"(max-width: 300px) 100vw, 300px\" \/><\/div><\/a>\n\t\t\t\t<div class=\"elementor-post__badge\">Einblicke<\/div>\n\t\t\t\t<div class=\"elementor-post__text\">\n\t\t\t\t<h3 class=\"elementor-post__title\">\n\t\t\t<a href=\"https:\/\/www.effe3ti.com\/de\/sempre-piu-richiesta-in-nuova-zelanda\/\" >\n\t\t\t\tIn Neuseeland immer gefragter\t\t\t<\/a>\n\t\t<\/h3>\n\t\t\t\t<div class=\"elementor-post__excerpt\">\n\t\t\t<p>Die neuseel\u00e4ndische Lebensmittelindustrie verl\u00e4sst sich auf die Verpackungsl\u00f6sungen von Sealed Air, um Lebensmittel sicher aufzubewahren und<\/p>\n\t\t<\/div>\n\t\t\n\t\t<a class=\"elementor-post__read-more\" href=\"https:\/\/www.effe3ti.com\/de\/sempre-piu-richiesta-in-nuova-zelanda\/\" aria-label=\"Mehr zum Thema steigende Nachfrage in Neuseeland\" tabindex=\"-1\" >\n\t\t\tWeiterlesen\t\t<\/a>\n\n\t\t\t\t<\/div>\n\t\t\t\t<div class=\"elementor-post__meta-data\">\n\t\t\t\t\t<span class=\"elementor-post-date\">\n\t\t\t2. April 2021\t\t<\/span>\n\t\t\t\t<\/div>\n\t\t\t\t\t<\/div>\n\t\t<\/article>\n\t\t\t\t<article class=\"elementor-post elementor-grid-item post-1413 post type-post status-publish format-standard has-post-thumbnail hentry category-news-approfondimenti\" role=\"listitem\">\n\t\t\t<div class=\"elementor-post__card\">\n\t\t\t\t<a class=\"elementor-post__thumbnail__link\" href=\"https:\/\/www.effe3ti.com\/de\/food-beverage\/\" tabindex=\"-1\" ><div class=\"elementor-post__thumbnail\"><img loading=\"lazy\" decoding=\"async\" width=\"300\" height=\"260\" src=\"https:\/\/www.effe3ti.com\/wp-content\/uploads\/2021\/04\/effe3ti-foodbeverage-300x260.jpg\" class=\"attachment-medium size-medium wp-image-1414\" alt=\"Lebensmittel und Getr\u00e4nke\" srcset=\"https:\/\/www.effe3ti.com\/wp-content\/uploads\/2021\/04\/effe3ti-foodbeverage-300x260.jpg 300w, https:\/\/www.effe3ti.com\/wp-content\/uploads\/2021\/04\/effe3ti-foodbeverage-600x519.jpg 600w, https:\/\/www.effe3ti.com\/wp-content\/uploads\/2021\/04\/effe3ti-foodbeverage-1024x886.jpg 1024w, https:\/\/www.effe3ti.com\/wp-content\/uploads\/2021\/04\/effe3ti-foodbeverage-768x665.jpg 768w, https:\/\/www.effe3ti.com\/wp-content\/uploads\/2021\/04\/effe3ti-foodbeverage.jpg 1500w\" sizes=\"(max-width: 300px) 100vw, 300px\" \/><\/div><\/a>\n\t\t\t\t<div class=\"elementor-post__badge\">Einblicke<\/div>\n\t\t\t\t<div class=\"elementor-post__text\">\n\t\t\t\t<h3 class=\"elementor-post__title\">\n\t\t\t<a href=\"https:\/\/www.effe3ti.com\/de\/food-beverage\/\" >\n\t\t\t\tNahrungsmittel und Getr\u00e4nke\t\t\t<\/a>\n\t\t<\/h3>\n\t\t\t\t<div class=\"elementor-post__excerpt\">\n\t\t\t<p>Innovation und Automatisierung im Lebensmittel- und Getr\u00e4nkesektor Der Lebensmittel- und Getr\u00e4nkesektor stellt eine der S\u00e4ulen der italienischen Wirtschaft dar und ist international f\u00fcr seine Qualit\u00e4t anerkannt.<\/p>\n\t\t<\/div>\n\t\t\n\t\t<a class=\"elementor-post__read-more\" href=\"https:\/\/www.effe3ti.com\/de\/food-beverage\/\" aria-label=\"Mehr \u00fcber Food &#038; Beverage\" tabindex=\"-1\" >\n\t\t\tWeiterlesen\t\t<\/a>\n\n\t\t\t\t<\/div>\n\t\t\t\t<div class=\"elementor-post__meta-data\">\n\t\t\t\t\t<span class=\"elementor-post-date\">\n\t\t\t9. Februar 2021\t\t<\/span>\n\t\t\t\t<\/div>\n\t\t\t\t\t<\/div>\n\t\t<\/article>\n\t\t\t\t<article class=\"elementor-post elementor-grid-item post-1339 post type-post status-publish format-standard has-post-thumbnail hentry category-news-approfondimenti\" role=\"listitem\">\n\t\t\t<div class=\"elementor-post__card\">\n\t\t\t\t<a class=\"elementor-post__thumbnail__link\" href=\"https:\/\/www.effe3ti.com\/de\/coprire-i-costi-dellautomazione\/\" tabindex=\"-1\" ><div class=\"elementor-post__thumbnail\"><img loading=\"lazy\" decoding=\"async\" width=\"300\" height=\"200\" src=\"https:\/\/www.effe3ti.com\/wp-content\/uploads\/2021\/04\/RotaxS5300-line-300x200.jpg\" class=\"attachment-medium size-medium wp-image-1184\" alt=\"Automatisierung von Verpackungsanlagen\" srcset=\"https:\/\/www.effe3ti.com\/wp-content\/uploads\/2021\/04\/RotaxS5300-line-300x200.jpg 300w, https:\/\/www.effe3ti.com\/wp-content\/uploads\/2021\/04\/RotaxS5300-line-600x400.jpg 600w, https:\/\/www.effe3ti.com\/wp-content\/uploads\/2021\/04\/RotaxS5300-line-1024x683.jpg 1024w, https:\/\/www.effe3ti.com\/wp-content\/uploads\/2021\/04\/RotaxS5300-line-768x513.jpg 768w, https:\/\/www.effe3ti.com\/wp-content\/uploads\/2021\/04\/RotaxS5300-line.jpg 1500w\" sizes=\"(max-width: 300px) 100vw, 300px\" \/><\/div><\/a>\n\t\t\t\t<div class=\"elementor-post__badge\">Einblicke<\/div>\n\t\t\t\t<div class=\"elementor-post__text\">\n\t\t\t\t<h3 class=\"elementor-post__title\">\n\t\t\t<a href=\"https:\/\/www.effe3ti.com\/de\/coprire-i-costi-dellautomazione\/\" >\n\t\t\t\tDeckung der Automatisierungskosten\t\t\t<\/a>\n\t\t<\/h3>\n\t\t\t\t<div class=\"elementor-post__excerpt\">\n\t\t\t<p>Einige einfache \u00dcberlegungen k\u00f6nnen zeigen, dass es Zeit ist, auf Automatisierung umzusteigen. Sie denken vielleicht, dass das manuelle Verpacken die bequemste Methode ist.<\/p>\n\t\t<\/div>\n\t\t\n\t\t<a class=\"elementor-post__read-more\" href=\"https:\/\/www.effe3ti.com\/de\/coprire-i-costi-dellautomazione\/\" aria-label=\"Mehr \u00fcber Coprire i costi dell&#8217;automazione\" tabindex=\"-1\" >\n\t\t\tWeiterlesen\t\t<\/a>\n\n\t\t\t\t<\/div>\n\t\t\t\t<div class=\"elementor-post__meta-data\">\n\t\t\t\t\t<span class=\"elementor-post-date\">\n\t\t\t12. August 2020\t\t<\/span>\n\t\t\t\t<\/div>\n\t\t\t\t\t<\/div>\n\t\t<\/article>\n\t\t\t\t<article class=\"elementor-post elementor-grid-item post-786 post type-post status-publish format-standard has-post-thumbnail hentry category-news-approfondimenti category-news-prodotto\" role=\"listitem\">\n\t\t\t<div class=\"elementor-post__card\">\n\t\t\t\t<a class=\"elementor-post__thumbnail__link\" href=\"https:\/\/www.effe3ti.com\/de\/la-forza-dellacciaio\/\" tabindex=\"-1\" ><div class=\"elementor-post__thumbnail\"><img loading=\"lazy\" decoding=\"async\" width=\"200\" height=\"300\" src=\"https:\/\/www.effe3ti.com\/wp-content\/uploads\/2021\/04\/Rotax3300-Inox-200x300.jpg\" class=\"attachment-medium size-medium wp-image-1171\" alt=\"Stahlverpackungsmaschine Palettenwickler\" srcset=\"https:\/\/www.effe3ti.com\/wp-content\/uploads\/2021\/04\/Rotax3300-Inox-200x300.jpg 200w, https:\/\/www.effe3ti.com\/wp-content\/uploads\/2021\/04\/Rotax3300-Inox-600x899.jpg 600w, https:\/\/www.effe3ti.com\/wp-content\/uploads\/2021\/04\/Rotax3300-Inox-683x1024.jpg 683w, https:\/\/www.effe3ti.com\/wp-content\/uploads\/2021\/04\/Rotax3300-Inox-768x1151.jpg 768w, https:\/\/www.effe3ti.com\/wp-content\/uploads\/2021\/04\/Rotax3300-Inox.jpg 1001w\" sizes=\"(max-width: 200px) 100vw, 200px\" \/><\/div><\/a>\n\t\t\t\t<div class=\"elementor-post__badge\">Einblicke<\/div>\n\t\t\t\t<div class=\"elementor-post__text\">\n\t\t\t\t<h3 class=\"elementor-post__title\">\n\t\t\t<a href=\"https:\/\/www.effe3ti.com\/de\/la-forza-dellacciaio\/\" >\n\t\t\t\tDie St\u00e4rke von Stahl\t\t\t<\/a>\n\t\t<\/h3>\n\t\t\t\t<div class=\"elementor-post__excerpt\">\n\t\t\t<p>In einigen Industriezweigen erfolgt die Verarbeitung von Produkten sowie deren Endverpackung in feuchter Umgebung und\/oder in Gegenwart von<\/p>\n\t\t<\/div>\n\t\t\n\t\t<a class=\"elementor-post__read-more\" href=\"https:\/\/www.effe3ti.com\/de\/la-forza-dellacciaio\/\" aria-label=\"Mehr \u00fcber Die St\u00e4rke von Stahl\" tabindex=\"-1\" >\n\t\t\tWeiterlesen\t\t<\/a>\n\n\t\t\t\t<\/div>\n\t\t\t\t<div class=\"elementor-post__meta-data\">\n\t\t\t\t\t<span class=\"elementor-post-date\">\n\t\t\t7. April 2020\t\t<\/span>\n\t\t\t\t<\/div>\n\t\t\t\t\t<\/div>\n\t\t<\/article>\n\t\t\t\t<article class=\"elementor-post elementor-grid-item post-615 post type-post status-publish format-standard has-post-thumbnail hentry category-news-approfondimenti category-news-evidenza category-news-prodotto\" role=\"listitem\">\n\t\t\t<div class=\"elementor-post__card\">\n\t\t\t\t<a class=\"elementor-post__thumbnail__link\" href=\"https:\/\/www.effe3ti.com\/de\/come-scegliere-una-avvolgitrice\/\" tabindex=\"-1\" ><div class=\"elementor-post__thumbnail\"><img loading=\"lazy\" decoding=\"async\" width=\"300\" height=\"300\" src=\"https:\/\/www.effe3ti.com\/wp-content\/uploads\/2021\/04\/Spinny-S200-ExtPanel-1-300x300.jpg\" class=\"attachment-medium size-medium wp-image-52\" alt=\"W\u00e4hlen Sie einen Wickler\" srcset=\"https:\/\/www.effe3ti.com\/wp-content\/uploads\/2021\/04\/Spinny-S200-ExtPanel-1-300x300.jpg 300w, https:\/\/www.effe3ti.com\/wp-content\/uploads\/2021\/04\/Spinny-S200-ExtPanel-1-100x100.jpg 100w, https:\/\/www.effe3ti.com\/wp-content\/uploads\/2021\/04\/Spinny-S200-ExtPanel-1-600x600.jpg 600w, https:\/\/www.effe3ti.com\/wp-content\/uploads\/2021\/04\/Spinny-S200-ExtPanel-1-1024x1024.jpg 1024w, https:\/\/www.effe3ti.com\/wp-content\/uploads\/2021\/04\/Spinny-S200-ExtPanel-1-150x150.jpg 150w, https:\/\/www.effe3ti.com\/wp-content\/uploads\/2021\/04\/Spinny-S200-ExtPanel-1-768x768.jpg 768w, https:\/\/www.effe3ti.com\/wp-content\/uploads\/2021\/04\/Spinny-S200-ExtPanel-1.jpg 1200w\" sizes=\"(max-width: 300px) 100vw, 300px\" \/><\/div><\/a>\n\t\t\t\t<div class=\"elementor-post__badge\">Einblicke<\/div>\n\t\t\t\t<div class=\"elementor-post__text\">\n\t\t\t\t<h3 class=\"elementor-post__title\">\n\t\t\t<a href=\"https:\/\/www.effe3ti.com\/de\/come-scegliere-una-avvolgitrice\/\" >\n\t\t\t\tSo w\u00e4hlen Sie eine Verpackungsmaschine aus\t\t\t<\/a>\n\t\t<\/h3>\n\t\t\t\t<div class=\"elementor-post__excerpt\">\n\t\t\t<p>Eine einfache Anleitung zur Auswahl einer Verpackungsmaschine. Verpackung ist ein grundlegendes Bed\u00fcrfnis zum Schutz des Produkts bei Handhabung, Lagerung und Transport.<\/p>\n\t\t<\/div>\n\t\t\n\t\t<a class=\"elementor-post__read-more\" href=\"https:\/\/www.effe3ti.com\/de\/come-scegliere-una-avvolgitrice\/\" aria-label=\"Mehr zum Thema Auswahl einer Verpackungsmaschine\" tabindex=\"-1\" >\n\t\t\tWeiterlesen\t\t<\/a>\n\n\t\t\t\t<\/div>\n\t\t\t\t<div class=\"elementor-post__meta-data\">\n\t\t\t\t\t<span class=\"elementor-post-date\">\n\t\t\t4. April 2020\t\t<\/span>\n\t\t\t\t<\/div>\n\t\t\t\t\t<\/div>\n\t\t<\/article>\n\t\t\t\t<article class=\"elementor-post elementor-grid-item post-828 post type-post status-publish format-standard has-post-thumbnail hentry category-news-approfondimenti category-news-prodotto\" role=\"listitem\">\n\t\t\t<div class=\"elementor-post__card\">\n\t\t\t\t<a class=\"elementor-post__thumbnail__link\" href=\"https:\/\/www.effe3ti.com\/de\/lavvolgimento-manuale-non-e-economicamente-vantaggioso\/\" tabindex=\"-1\" ><div class=\"elementor-post__thumbnail\"><img loading=\"lazy\" decoding=\"async\" width=\"300\" height=\"200\" src=\"https:\/\/www.effe3ti.com\/wp-content\/uploads\/2021\/04\/avvolgimento-manuale-300x200.jpg\" class=\"attachment-medium size-medium wp-image-829\" alt=\"Handaufzug\" srcset=\"https:\/\/www.effe3ti.com\/wp-content\/uploads\/2021\/04\/avvolgimento-manuale-300x200.jpg 300w, https:\/\/www.effe3ti.com\/wp-content\/uploads\/2021\/04\/avvolgimento-manuale-600x400.jpg 600w, https:\/\/www.effe3ti.com\/wp-content\/uploads\/2021\/04\/avvolgimento-manuale-1024x683.jpg 1024w, https:\/\/www.effe3ti.com\/wp-content\/uploads\/2021\/04\/avvolgimento-manuale-768x512.jpg 768w, https:\/\/www.effe3ti.com\/wp-content\/uploads\/2021\/04\/avvolgimento-manuale.jpg 1500w\" sizes=\"(max-width: 300px) 100vw, 300px\" \/><\/div><\/a>\n\t\t\t\t<div class=\"elementor-post__badge\">Einblicke<\/div>\n\t\t\t\t<div class=\"elementor-post__text\">\n\t\t\t\t<h3 class=\"elementor-post__title\">\n\t\t\t<a href=\"https:\/\/www.effe3ti.com\/de\/lavvolgimento-manuale-non-e-economicamente-vantaggioso\/\" >\n\t\t\t\tHandaufzug ist nicht billig\t\t\t<\/a>\n\t\t<\/h3>\n\t\t\t\t<div class=\"elementor-post__excerpt\">\n\t\t\t<p>Der Besuch einer Messe ist die beste Gelegenheit, Kunden und Einzelh\u00e4ndler zu treffen, sich \u00fcber aktuelle Themen zu informieren und Neuigkeiten zu sehen. W\u00e4hrend der letzten<\/p>\n\t\t<\/div>\n\t\t\n\t\t<a class=\"elementor-post__read-more\" href=\"https:\/\/www.effe3ti.com\/de\/lavvolgimento-manuale-non-e-economicamente-vantaggioso\/\" aria-label=\"Mehr dazu: Handaufzug ist nicht billig\" tabindex=\"-1\" >\n\t\t\tWeiterlesen\t\t<\/a>\n\n\t\t\t\t<\/div>\n\t\t\t\t<div class=\"elementor-post__meta-data\">\n\t\t\t\t\t<span class=\"elementor-post-date\">\n\t\t\t1. April 2020\t\t<\/span>\n\t\t\t\t<\/div>\n\t\t\t\t\t<\/div>\n\t\t<\/article>\n\t\t\t\t<article class=\"elementor-post elementor-grid-item post-819 post type-post status-publish format-standard has-post-thumbnail hentry category-news-approfondimenti\" role=\"listitem\">\n\t\t\t<div class=\"elementor-post__card\">\n\t\t\t\t<a class=\"elementor-post__thumbnail__link\" href=\"https:\/\/www.effe3ti.com\/de\/evitare-la-rottura-del-film-estensibile\/\" tabindex=\"-1\" ><div class=\"elementor-post__thumbnail\"><img loading=\"lazy\" decoding=\"async\" width=\"300\" height=\"169\" src=\"https:\/\/www.effe3ti.com\/wp-content\/uploads\/2021\/04\/Film-estensibile-300x169.jpg\" class=\"attachment-medium size-medium wp-image-820\" alt=\"Stretchfolie\" srcset=\"https:\/\/www.effe3ti.com\/wp-content\/uploads\/2021\/04\/Film-estensibile-300x169.jpg 300w, https:\/\/www.effe3ti.com\/wp-content\/uploads\/2021\/04\/Film-estensibile-600x338.jpg 600w, https:\/\/www.effe3ti.com\/wp-content\/uploads\/2021\/04\/Film-estensibile-1024x576.jpg 1024w, https:\/\/www.effe3ti.com\/wp-content\/uploads\/2021\/04\/Film-estensibile-768x432.jpg 768w, https:\/\/www.effe3ti.com\/wp-content\/uploads\/2021\/04\/Film-estensibile-1536x864.jpg 1536w, https:\/\/www.effe3ti.com\/wp-content\/uploads\/2021\/04\/Film-estensibile.jpg 1600w\" sizes=\"(max-width: 300px) 100vw, 300px\" \/><\/div><\/a>\n\t\t\t\t<div class=\"elementor-post__badge\">Einblicke<\/div>\n\t\t\t\t<div class=\"elementor-post__text\">\n\t\t\t\t<h3 class=\"elementor-post__title\">\n\t\t\t<a href=\"https:\/\/www.effe3ti.com\/de\/evitare-la-rottura-del-film-estensibile\/\" >\n\t\t\t\tVermeidung des Bruchs der Stretchfolie\t\t\t<\/a>\n\t\t<\/h3>\n\t\t\t\t<div class=\"elementor-post__excerpt\">\n\t\t\t<p>Das regelm\u00e4\u00dfige Rei\u00dfen der Stretchfolie w\u00e4hrend des Verpackens ist f\u00fcr Unternehmen oft kostspielig und zweifellos frustrierend. Vor Erreichen der<\/p>\n\t\t<\/div>\n\t\t\n\t\t<a class=\"elementor-post__read-more\" href=\"https:\/\/www.effe3ti.com\/de\/evitare-la-rottura-del-film-estensibile\/\" aria-label=\"Mehr \u00fcber Evitare la rottura del film estensibile\" tabindex=\"-1\" >\n\t\t\tWeiterlesen\t\t<\/a>\n\n\t\t\t\t<\/div>\n\t\t\t\t<div class=\"elementor-post__meta-data\">\n\t\t\t\t\t<span class=\"elementor-post-date\">\n\t\t\t1. April 2020\t\t<\/span>\n\t\t\t\t<\/div>\n\t\t\t\t\t<\/div>\n\t\t<\/article>\n\t\t\t\t<article class=\"elementor-post elementor-grid-item post-844 post type-post status-publish format-standard has-post-thumbnail hentry category-news-approfondimenti\" role=\"listitem\">\n\t\t\t<div class=\"elementor-post__card\">\n\t\t\t\t<a class=\"elementor-post__thumbnail__link\" href=\"https:\/\/www.effe3ti.com\/de\/la-vostra-avvolgitrice-durera-a-lungo\/\" tabindex=\"-1\" ><div class=\"elementor-post__thumbnail\"><img loading=\"lazy\" decoding=\"async\" width=\"300\" height=\"201\" src=\"https:\/\/www.effe3ti.com\/wp-content\/uploads\/2021\/04\/Tools-300x201.jpg\" class=\"attachment-medium size-medium wp-image-845\" alt=\"Wartung der Wickelmaschine\" srcset=\"https:\/\/www.effe3ti.com\/wp-content\/uploads\/2021\/04\/Tools-300x201.jpg 300w, https:\/\/www.effe3ti.com\/wp-content\/uploads\/2021\/04\/Tools-600x402.jpg 600w, https:\/\/www.effe3ti.com\/wp-content\/uploads\/2021\/04\/Tools-1024x685.jpg 1024w, https:\/\/www.effe3ti.com\/wp-content\/uploads\/2021\/04\/Tools-768x514.jpg 768w, https:\/\/www.effe3ti.com\/wp-content\/uploads\/2021\/04\/Tools.jpg 1200w\" sizes=\"(max-width: 300px) 100vw, 300px\" \/><\/div><\/a>\n\t\t\t\t<div class=\"elementor-post__badge\">Einblicke<\/div>\n\t\t\t\t<div class=\"elementor-post__text\">\n\t\t\t\t<h3 class=\"elementor-post__title\">\n\t\t\t<a href=\"https:\/\/www.effe3ti.com\/de\/la-vostra-avvolgitrice-durera-a-lungo\/\" >\n\t\t\t\tWartung Ihrer Verpackungsmaschine\t\t\t<\/a>\n\t\t<\/h3>\n\t\t\t\t<div class=\"elementor-post__excerpt\">\n\t\t\t<p>Tipps zur Pflege und Wartung Ihrer Drehtisch-Wickelmaschine Hochwertige Komponenten und moderne Technik bieten<\/p>\n\t\t<\/div>\n\t\t\n\t\t<a class=\"elementor-post__read-more\" href=\"https:\/\/www.effe3ti.com\/de\/la-vostra-avvolgitrice-durera-a-lungo\/\" aria-label=\"Mehr \u00fcber Manutenzione della vostra avvolgitrice\" tabindex=\"-1\" >\n\t\t\tWeiterlesen\t\t<\/a>\n\n\t\t\t\t<\/div>\n\t\t\t\t<div class=\"elementor-post__meta-data\">\n\t\t\t\t\t<span class=\"elementor-post-date\">\n\t\t\t7. August 2019\t\t<\/span>\n\t\t\t\t<\/div>\n\t\t\t\t\t<\/div>\n\t\t<\/article>\n\t\t\t\t<article class=\"elementor-post elementor-grid-item post-630 post type-post status-publish format-standard has-post-thumbnail hentry category-news-approfondimenti\" role=\"listitem\">\n\t\t\t<div class=\"elementor-post__card\">\n\t\t\t\t<a class=\"elementor-post__thumbnail__link\" href=\"https:\/\/www.effe3ti.com\/de\/effe3ti-e-le-tecnologie-ambientali\/\" tabindex=\"-1\" ><div class=\"elementor-post__thumbnail\"><img loading=\"lazy\" decoding=\"async\" width=\"300\" height=\"169\" src=\"https:\/\/www.effe3ti.com\/wp-content\/uploads\/2021\/04\/TecnologieAmbientali-300x169.jpg\" class=\"attachment-medium size-medium wp-image-632\" alt=\"Umfeld\" srcset=\"https:\/\/www.effe3ti.com\/wp-content\/uploads\/2021\/04\/TecnologieAmbientali-300x169.jpg 300w, https:\/\/www.effe3ti.com\/wp-content\/uploads\/2021\/04\/TecnologieAmbientali-600x338.jpg 600w, https:\/\/www.effe3ti.com\/wp-content\/uploads\/2021\/04\/TecnologieAmbientali-1024x576.jpg 1024w, https:\/\/www.effe3ti.com\/wp-content\/uploads\/2021\/04\/TecnologieAmbientali-768x432.jpg 768w, https:\/\/www.effe3ti.com\/wp-content\/uploads\/2021\/04\/TecnologieAmbientali-1536x864.jpg 1536w, https:\/\/www.effe3ti.com\/wp-content\/uploads\/2021\/04\/TecnologieAmbientali.jpg 1600w\" sizes=\"(max-width: 300px) 100vw, 300px\" \/><\/div><\/a>\n\t\t\t\t<div class=\"elementor-post__badge\">Einblicke<\/div>\n\t\t\t\t<div class=\"elementor-post__text\">\n\t\t\t\t<h3 class=\"elementor-post__title\">\n\t\t\t<a href=\"https:\/\/www.effe3ti.com\/de\/effe3ti-e-le-tecnologie-ambientali\/\" >\n\t\t\t\tEFFE3ti und Technologien f\u00fcr die Umwelt\t\t\t<\/a>\n\t\t<\/h3>\n\t\t\t\t<div class=\"elementor-post__excerpt\">\n\t\t\t<p>Abfall, Wasserressourcen und Energie \u2013 Chancen f\u00fcr die italienische gr\u00fcne Wirtschaft In Italien ist ein Gro\u00dfteil der Infrastruktur f\u00fcr die<\/p>\n\t\t<\/div>\n\t\t\n\t\t<a class=\"elementor-post__read-more\" href=\"https:\/\/www.effe3ti.com\/de\/effe3ti-e-le-tecnologie-ambientali\/\" aria-label=\"Mehr \u00fcber EFFE3ti e le tecnologie per l&#8217;ambiente\" tabindex=\"-1\" >\n\t\t\tWeiterlesen\t\t<\/a>\n\n\t\t\t\t<\/div>\n\t\t\t\t<div class=\"elementor-post__meta-data\">\n\t\t\t\t\t<span class=\"elementor-post-date\">\n\t\t\t4. Juli 2019\t\t<\/span>\n\t\t\t\t<\/div>\n\t\t\t\t\t<\/div>\n\t\t<\/article>\n\t\t\t\t<article class=\"elementor-post elementor-grid-item post-810 post type-post status-publish format-standard has-post-thumbnail hentry category-news-approfondimenti\" role=\"listitem\">\n\t\t\t<div class=\"elementor-post__card\">\n\t\t\t\t<a class=\"elementor-post__thumbnail__link\" href=\"https:\/\/www.effe3ti.com\/de\/effe3ti-e-lefficienza-energetica\/\" tabindex=\"-1\" ><div class=\"elementor-post__thumbnail\"><img loading=\"lazy\" decoding=\"async\" width=\"300\" height=\"169\" src=\"https:\/\/www.effe3ti.com\/wp-content\/uploads\/2021\/04\/Riciclo-300x169.jpg\" class=\"attachment-medium size-medium wp-image-814\" alt=\"Materialrecycling\" srcset=\"https:\/\/www.effe3ti.com\/wp-content\/uploads\/2021\/04\/Riciclo-300x169.jpg 300w, https:\/\/www.effe3ti.com\/wp-content\/uploads\/2021\/04\/Riciclo-600x338.jpg 600w, https:\/\/www.effe3ti.com\/wp-content\/uploads\/2021\/04\/Riciclo-1024x576.jpg 1024w, https:\/\/www.effe3ti.com\/wp-content\/uploads\/2021\/04\/Riciclo-768x432.jpg 768w, https:\/\/www.effe3ti.com\/wp-content\/uploads\/2021\/04\/Riciclo-1536x864.jpg 1536w, https:\/\/www.effe3ti.com\/wp-content\/uploads\/2021\/04\/Riciclo.jpg 1600w\" sizes=\"(max-width: 300px) 100vw, 300px\" \/><\/div><\/a>\n\t\t\t\t<div class=\"elementor-post__badge\">Einblicke<\/div>\n\t\t\t\t<div class=\"elementor-post__text\">\n\t\t\t\t<h3 class=\"elementor-post__title\">\n\t\t\t<a href=\"https:\/\/www.effe3ti.com\/de\/effe3ti-e-lefficienza-energetica\/\" >\n\t\t\t\tEffe3ti Packaging Technologies und Energieeffizienz\t\t\t<\/a>\n\t\t<\/h3>\n\t\t\t\t<div class=\"elementor-post__excerpt\">\n\t\t\t<p>Die F\u00e4higkeit eines physikalischen Systems, ein bestimmtes Ergebnis mit weniger Energie zu erzielen als andere Systeme (sogenannte Systeme mit geringerem Energieverbrauch).<\/p>\n\t\t<\/div>\n\t\t\n\t\t<a class=\"elementor-post__read-more\" href=\"https:\/\/www.effe3ti.com\/de\/effe3ti-e-lefficienza-energetica\/\" aria-label=\"Mehr \u00fcber Effe3ti Packaging Technologies e l&#8217;efficienza energetica\" tabindex=\"-1\" >\n\t\t\tWeiterlesen\t\t<\/a>\n\n\t\t\t\t<\/div>\n\t\t\t\t<div class=\"elementor-post__meta-data\">\n\t\t\t\t\t<span class=\"elementor-post-date\">\n\t\t\t25. April 2018\t\t<\/span>\n\t\t\t\t<\/div>\n\t\t\t\t\t<\/div>\n\t\t<\/article>\n\t\t\t\t<\/div>\n\t\t\n\t\t\t\t\t\t<\/div>\n\t\t\t\t<\/div>\n\t\t\t\t\t<\/div>\n\t\t<\/div>\n\t\t\t\t\t<\/div>\n\t\t<\/section>\n\t\t\t\t<section class=\"elementor-section elementor-top-section elementor-element elementor-element-f9552fe elementor-section-boxed elementor-section-height-default elementor-section-height-default\" data-id=\"f9552fe\" data-element_type=\"section\" data-e-type=\"section\">\n\t\t\t\t\t\t<div class=\"elementor-container elementor-column-gap-default\">\n\t\t\t\t\t<div class=\"elementor-column elementor-col-100 elementor-top-column elementor-element elementor-element-1ebf7a9\" data-id=\"1ebf7a9\" data-element_type=\"column\" data-e-type=\"column\">\n\t\t\t<div class=\"elementor-widget-wrap elementor-element-populated\">\n\t\t\t\t\t\t<div class=\"elementor-element elementor-element-2f554c7 elementor-widget elementor-widget-spacer\" data-id=\"2f554c7\" data-element_type=\"widget\" data-e-type=\"widget\" data-widget_type=\"spacer.default\">\n\t\t\t\t<div class=\"elementor-widget-container\">\n\t\t\t\t\t\t\t<div class=\"elementor-spacer\">\n\t\t\t<div class=\"elementor-spacer-inner\"><\/div>\n\t\t<\/div>\n\t\t\t\t\t\t<\/div>\n\t\t\t\t<\/div>\n\t\t\t\t\t<\/div>\n\t\t<\/div>\n\t\t\t\t\t<\/div>\n\t\t<\/section>\n\t\t\t\t<\/div>","protected":false},"excerpt":{"rendered":"","protected":false},"author":1,"featured_media":334,"parent":0,"menu_order":0,"comment_status":"closed","ping_status":"closed","template":"","meta":{"footnotes":""},"class_list":["post-3979","page","type-page","status-publish","has-post-thumbnail","hentry"],"yoast_head":"<!-- This site is optimized with the Yoast SEO plugin v27.4 - https:\/\/yoast.com\/product\/yoast-seo-wordpress\/ -->\n<title>News - Approfondimenti - Effe3ti<\/title>\n<meta name=\"description\" content=\"EFFE3ti Packaging Technologies. Le novit\u00e0 sui nostri prodotti, installazioni, approfondimenti e consigli utili\" \/>\n<meta name=\"robots\" content=\"index, follow, max-snippet:-1, max-image-preview:large, max-video-preview:-1\" \/>\n<link rel=\"canonical\" href=\"https:\/\/www.effe3ti.com\/de\/neuigkeiten\/\" \/>\n<meta property=\"og:locale\" content=\"de_DE\" \/>\n<meta property=\"og:type\" content=\"article\" \/>\n<meta property=\"og:title\" content=\"News - Approfondimenti - Effe3ti\" \/>\n<meta property=\"og:description\" content=\"EFFE3ti Packaging Technologies. Le novit\u00e0 sui nostri prodotti, installazioni, approfondimenti e consigli utili\" \/>\n<meta property=\"og:url\" content=\"https:\/\/www.effe3ti.com\/de\/neuigkeiten\/\" \/>\n<meta property=\"og:site_name\" content=\"Effe3ti\" \/>\n<meta property=\"article:publisher\" content=\"https:\/\/www.facebook.com\/effe3ti.packaging\" \/>\n<meta property=\"article:modified_time\" content=\"2021-10-21T13:57:59+00:00\" \/>\n<meta property=\"og:image\" content=\"https:\/\/www.effe3ti.com\/wp-content\/uploads\/2021\/04\/Effe3ti_logo-solomani-color-512.png\" \/>\n\t<meta property=\"og:image:width\" content=\"512\" \/>\n\t<meta property=\"og:image:height\" content=\"443\" \/>\n\t<meta property=\"og:image:type\" content=\"image\/png\" \/>\n<meta name=\"twitter:card\" content=\"summary_large_image\" \/>\n<meta name=\"twitter:label1\" content=\"Gesch\u00e4tzte Lesezeit\" \/>\n\t<meta name=\"twitter:data1\" content=\"4\u00a0Minuten\" \/>\n<script type=\"application\/ld+json\" class=\"yoast-schema-graph\">{\"@context\":\"https:\\\/\\\/schema.org\",\"@graph\":[{\"@type\":\"WebPage\",\"@id\":\"https:\\\/\\\/www.effe3ti.com\\\/news-approfondimenti\\\/\",\"url\":\"https:\\\/\\\/www.effe3ti.com\\\/news-approfondimenti\\\/\",\"name\":\"News - Approfondimenti - Effe3ti\",\"isPartOf\":{\"@id\":\"https:\\\/\\\/www.effe3ti.com\\\/#website\"},\"primaryImageOfPage\":{\"@id\":\"https:\\\/\\\/www.effe3ti.com\\\/news-approfondimenti\\\/#primaryimage\"},\"image\":{\"@id\":\"https:\\\/\\\/www.effe3ti.com\\\/news-approfondimenti\\\/#primaryimage\"},\"thumbnailUrl\":\"https:\\\/\\\/www.effe3ti.com\\\/wp-content\\\/uploads\\\/2021\\\/04\\\/Effe3ti_logo-solomani-color-512.png\",\"datePublished\":\"2021-10-21T13:57:15+00:00\",\"dateModified\":\"2021-10-21T13:57:59+00:00\",\"description\":\"EFFE3ti Packaging Technologies. Le novit\u00e0 sui nostri prodotti, installazioni, approfondimenti e consigli utili\",\"breadcrumb\":{\"@id\":\"https:\\\/\\\/www.effe3ti.com\\\/news-approfondimenti\\\/#breadcrumb\"},\"inLanguage\":\"de\",\"potentialAction\":[{\"@type\":\"ReadAction\",\"target\":[\"https:\\\/\\\/www.effe3ti.com\\\/news-approfondimenti\\\/\"]}]},{\"@type\":\"ImageObject\",\"inLanguage\":\"de\",\"@id\":\"https:\\\/\\\/www.effe3ti.com\\\/news-approfondimenti\\\/#primaryimage\",\"url\":\"https:\\\/\\\/www.effe3ti.com\\\/wp-content\\\/uploads\\\/2021\\\/04\\\/Effe3ti_logo-solomani-color-512.png\",\"contentUrl\":\"https:\\\/\\\/www.effe3ti.com\\\/wp-content\\\/uploads\\\/2021\\\/04\\\/Effe3ti_logo-solomani-color-512.png\",\"width\":512,\"height\":443},{\"@type\":\"BreadcrumbList\",\"@id\":\"https:\\\/\\\/www.effe3ti.com\\\/news-approfondimenti\\\/#breadcrumb\",\"itemListElement\":[{\"@type\":\"ListItem\",\"position\":1,\"name\":\"Home\",\"item\":\"https:\\\/\\\/www.effe3ti.com\\\/\"},{\"@type\":\"ListItem\",\"position\":2,\"name\":\"News &#8211; Approfondimenti\"}]},{\"@type\":\"WebSite\",\"@id\":\"https:\\\/\\\/www.effe3ti.com\\\/#website\",\"url\":\"https:\\\/\\\/www.effe3ti.com\\\/\",\"name\":\"Effe3ti\",\"description\":\"Packaging Technologies\",\"publisher\":{\"@id\":\"https:\\\/\\\/www.effe3ti.com\\\/#organization\"},\"potentialAction\":[{\"@type\":\"SearchAction\",\"target\":{\"@type\":\"EntryPoint\",\"urlTemplate\":\"https:\\\/\\\/www.effe3ti.com\\\/?s={search_term_string}\"},\"query-input\":{\"@type\":\"PropertyValueSpecification\",\"valueRequired\":true,\"valueName\":\"search_term_string\"}}],\"inLanguage\":\"de\"},{\"@type\":\"Organization\",\"@id\":\"https:\\\/\\\/www.effe3ti.com\\\/#organization\",\"name\":\"Effe3ti\",\"alternateName\":\"f3t\",\"url\":\"https:\\\/\\\/www.effe3ti.com\\\/\",\"logo\":{\"@type\":\"ImageObject\",\"inLanguage\":\"de\",\"@id\":\"https:\\\/\\\/www.effe3ti.com\\\/#\\\/schema\\\/logo\\\/image\\\/\",\"url\":\"https:\\\/\\\/www.effe3ti.com\\\/wp-content\\\/uploads\\\/2021\\\/04\\\/Effe3ti_logo-350.gif\",\"contentUrl\":\"https:\\\/\\\/www.effe3ti.com\\\/wp-content\\\/uploads\\\/2021\\\/04\\\/Effe3ti_logo-350.gif\",\"width\":350,\"height\":128,\"caption\":\"Effe3ti\"},\"image\":{\"@id\":\"https:\\\/\\\/www.effe3ti.com\\\/#\\\/schema\\\/logo\\\/image\\\/\"},\"sameAs\":[\"https:\\\/\\\/www.facebook.com\\\/effe3ti.packaging\",\"https:\\\/\\\/www.instagram.com\\\/EFFE3TI\\\/\",\"https:\\\/\\\/www.linkedin.com\\\/company\\\/effe3ti-srl\",\"https:\\\/\\\/www.youtube.com\\\/effe3ti\"]}]}<\/script>\n<!-- \/ Yoast SEO plugin. -->","yoast_head_json":{"title":"Neuigkeiten - Einblicke - Effe3ti","description":"EFFE3ti-Verpackungstechnologien. Neuigkeiten zu unseren Produkten, Installationen, Einblicke und n\u00fctzliche Tipps","robots":{"index":"index","follow":"follow","max-snippet":"max-snippet:-1","max-image-preview":"max-image-preview:large","max-video-preview":"max-video-preview:-1"},"canonical":"https:\/\/www.effe3ti.com\/de\/neuigkeiten\/","og_locale":"de_DE","og_type":"article","og_title":"News - Approfondimenti - Effe3ti","og_description":"EFFE3ti Packaging Technologies. Le novit\u00e0 sui nostri prodotti, installazioni, approfondimenti e consigli utili","og_url":"https:\/\/www.effe3ti.com\/de\/neuigkeiten\/","og_site_name":"Effe3ti","article_publisher":"https:\/\/www.facebook.com\/effe3ti.packaging","article_modified_time":"2021-10-21T13:57:59+00:00","og_image":[{"width":512,"height":443,"url":"https:\/\/www.effe3ti.com\/wp-content\/uploads\/2021\/04\/Effe3ti_logo-solomani-color-512.png","type":"image\/png"}],"twitter_card":"summary_large_image","twitter_misc":{"Gesch\u00e4tzte Lesezeit":"4\u00a0Minuten"},"schema":{"@context":"https:\/\/schema.org","@graph":[{"@type":"WebPage","@id":"https:\/\/www.effe3ti.com\/news-approfondimenti\/","url":"https:\/\/www.effe3ti.com\/news-approfondimenti\/","name":"Neuigkeiten - Einblicke - Effe3ti","isPartOf":{"@id":"https:\/\/www.effe3ti.com\/#website"},"primaryImageOfPage":{"@id":"https:\/\/www.effe3ti.com\/news-approfondimenti\/#primaryimage"},"image":{"@id":"https:\/\/www.effe3ti.com\/news-approfondimenti\/#primaryimage"},"thumbnailUrl":"https:\/\/www.effe3ti.com\/wp-content\/uploads\/2021\/04\/Effe3ti_logo-solomani-color-512.png","datePublished":"2021-10-21T13:57:15+00:00","dateModified":"2021-10-21T13:57:59+00:00","description":"EFFE3ti-Verpackungstechnologien. Neuigkeiten zu unseren Produkten, Installationen, Einblicke und n\u00fctzliche Tipps","breadcrumb":{"@id":"https:\/\/www.effe3ti.com\/news-approfondimenti\/#breadcrumb"},"inLanguage":"de","potentialAction":[{"@type":"ReadAction","target":["https:\/\/www.effe3ti.com\/news-approfondimenti\/"]}]},{"@type":"ImageObject","inLanguage":"de","@id":"https:\/\/www.effe3ti.com\/news-approfondimenti\/#primaryimage","url":"https:\/\/www.effe3ti.com\/wp-content\/uploads\/2021\/04\/Effe3ti_logo-solomani-color-512.png","contentUrl":"https:\/\/www.effe3ti.com\/wp-content\/uploads\/2021\/04\/Effe3ti_logo-solomani-color-512.png","width":512,"height":443},{"@type":"BreadcrumbList","@id":"https:\/\/www.effe3ti.com\/news-approfondimenti\/#breadcrumb","itemListElement":[{"@type":"ListItem","position":1,"name":"Home","item":"https:\/\/www.effe3ti.com\/"},{"@type":"ListItem","position":2,"name":"News &#8211; Approfondimenti"}]},{"@type":"WebSite","@id":"https:\/\/www.effe3ti.com\/#website","url":"https:\/\/www.effe3ti.com\/","name":"Effe3ti","description":"Verpackungstechnologien","publisher":{"@id":"https:\/\/www.effe3ti.com\/#organization"},"potentialAction":[{"@type":"SearchAction","target":{"@type":"EntryPoint","urlTemplate":"https:\/\/www.effe3ti.com\/?s={search_term_string}"},"query-input":{"@type":"PropertyValueSpecification","valueRequired":true,"valueName":"search_term_string"}}],"inLanguage":"de"},{"@type":"Organization","@id":"https:\/\/www.effe3ti.com\/#organization","name":"Effe3ti","alternateName":"f3t","url":"https:\/\/www.effe3ti.com\/","logo":{"@type":"ImageObject","inLanguage":"de","@id":"https:\/\/www.effe3ti.com\/#\/schema\/logo\/image\/","url":"https:\/\/www.effe3ti.com\/wp-content\/uploads\/2021\/04\/Effe3ti_logo-350.gif","contentUrl":"https:\/\/www.effe3ti.com\/wp-content\/uploads\/2021\/04\/Effe3ti_logo-350.gif","width":350,"height":128,"caption":"Effe3ti"},"image":{"@id":"https:\/\/www.effe3ti.com\/#\/schema\/logo\/image\/"},"sameAs":["https:\/\/www.facebook.com\/effe3ti.packaging","https:\/\/www.instagram.com\/EFFE3TI\/","https:\/\/www.linkedin.com\/company\/effe3ti-srl","https:\/\/www.youtube.com\/effe3ti"]}]}},"_links":{"self":[{"href":"https:\/\/www.effe3ti.com\/de\/wp-json\/wp\/v2\/pages\/3979","targetHints":{"allow":["GET"]}}],"collection":[{"href":"https:\/\/www.effe3ti.com\/de\/wp-json\/wp\/v2\/pages"}],"about":[{"href":"https:\/\/www.effe3ti.com\/de\/wp-json\/wp\/v2\/types\/page"}],"author":[{"embeddable":true,"href":"https:\/\/www.effe3ti.com\/de\/wp-json\/wp\/v2\/users\/1"}],"replies":[{"embeddable":true,"href":"https:\/\/www.effe3ti.com\/de\/wp-json\/wp\/v2\/comments?post=3979"}],"version-history":[{"count":0,"href":"https:\/\/www.effe3ti.com\/de\/wp-json\/wp\/v2\/pages\/3979\/revisions"}],"wp:featuredmedia":[{"embeddable":true,"href":"https:\/\/www.effe3ti.com\/de\/wp-json\/wp\/v2\/media\/334"}],"wp:attachment":[{"href":"https:\/\/www.effe3ti.com\/de\/wp-json\/wp\/v2\/media?parent=3979"}],"curies":[{"name":"wp","href":"https:\/\/api.w.org\/{rel}","templated":true}]}}