{"id":3991,"date":"2021-10-21T13:59:26","date_gmt":"2021-10-21T13:59:26","guid":{"rendered":"https:\/\/epic-einstein.5-196-224-87.plesk.page\/?page_id=3991"},"modified":"2021-10-21T14:00:10","modified_gmt":"2021-10-21T14:00:10","slug":"produktneuigkeiten","status":"publish","type":"page","link":"https:\/\/www.effe3ti.com\/de\/news-prodotto\/","title":{"rendered":"News \u2013 Produkt"},"content":{"rendered":"<div data-elementor-type=\"wp-page\" data-elementor-id=\"3991\" class=\"elementor elementor-3991\" data-elementor-post-type=\"page\">\n\t\t\t\t\t\t<section class=\"elementor-section elementor-top-section elementor-element elementor-element-03d5dbb elementor-section-boxed elementor-section-height-default elementor-section-height-default\" data-id=\"03d5dbb\" data-element_type=\"section\" data-e-type=\"section\">\n\t\t\t\t\t\t<div class=\"elementor-container elementor-column-gap-default\">\n\t\t\t\t\t<div class=\"elementor-column elementor-col-100 elementor-top-column elementor-element elementor-element-8dcf13f\" data-id=\"8dcf13f\" data-element_type=\"column\" data-e-type=\"column\">\n\t\t\t<div class=\"elementor-widget-wrap elementor-element-populated\">\n\t\t\t\t\t\t<div class=\"elementor-element elementor-element-6e79d70 elementor-grid-3 elementor-grid-tablet-2 elementor-grid-mobile-1 elementor-posts--thumbnail-top elementor-card-shadow-yes elementor-posts__hover-gradient elementor-widget elementor-widget-posts\" data-id=\"6e79d70\" data-element_type=\"widget\" data-e-type=\"widget\" data-settings=\"{&quot;pagination_type&quot;:&quot;numbers&quot;,&quot;cards_columns&quot;:&quot;3&quot;,&quot;cards_columns_tablet&quot;:&quot;2&quot;,&quot;cards_columns_mobile&quot;:&quot;1&quot;,&quot;cards_row_gap&quot;:{&quot;unit&quot;:&quot;px&quot;,&quot;size&quot;:35,&quot;sizes&quot;:[]},&quot;cards_row_gap_tablet&quot;:{&quot;unit&quot;:&quot;px&quot;,&quot;size&quot;:&quot;&quot;,&quot;sizes&quot;:[]},&quot;cards_row_gap_mobile&quot;:{&quot;unit&quot;:&quot;px&quot;,&quot;size&quot;:&quot;&quot;,&quot;sizes&quot;:[]}}\" data-widget_type=\"posts.cards\">\n\t\t\t\t<div class=\"elementor-widget-container\">\n\t\t\t\t\t\t\t<div class=\"elementor-posts-container elementor-posts elementor-posts--skin-cards elementor-grid\" role=\"list\">\n\t\t\t\t<article class=\"elementor-post elementor-grid-item post-24839 post type-post status-publish format-standard has-post-thumbnail hentry category-news-prodotto\" role=\"listitem\">\n\t\t\t<div class=\"elementor-post__card\">\n\t\t\t\t<a class=\"elementor-post__thumbnail__link\" href=\"https:\/\/www.effe3ti.com\/de\/reggiatrici-da-scatola-limportanza-di-una-gamma-sempre-pronta-a-magazzino\/\" tabindex=\"-1\" ><div class=\"elementor-post__thumbnail\"><img fetchpriority=\"high\" decoding=\"async\" width=\"300\" height=\"201\" src=\"https:\/\/www.effe3ti.com\/wp-content\/uploads\/2026\/03\/reggiare-300x201.png\" class=\"attachment-medium size-medium wp-image-24843\" alt=\"\" srcset=\"https:\/\/www.effe3ti.com\/wp-content\/uploads\/2026\/03\/reggiare-300x201.png 300w, https:\/\/www.effe3ti.com\/wp-content\/uploads\/2026\/03\/reggiare-1024x687.png 1024w, https:\/\/www.effe3ti.com\/wp-content\/uploads\/2026\/03\/reggiare-768x516.png 768w, https:\/\/www.effe3ti.com\/wp-content\/uploads\/2026\/03\/reggiare-18x12.png 18w, https:\/\/www.effe3ti.com\/wp-content\/uploads\/2026\/03\/reggiare-600x403.png 600w, https:\/\/www.effe3ti.com\/wp-content\/uploads\/2026\/03\/reggiare.png 1080w\" sizes=\"(max-width: 300px) 100vw, 300px\" \/><\/div><\/a>\n\t\t\t\t<div class=\"elementor-post__badge\">Produkt<\/div>\n\t\t\t\t<div class=\"elementor-post__text\">\n\t\t\t\t<h3 class=\"elementor-post__title\">\n\t\t\t<a href=\"https:\/\/www.effe3ti.com\/de\/reggiatrici-da-scatola-limportanza-di-una-gamma-sempre-pronta-a-magazzino\/\" >\n\t\t\t\tWerkzeuge zum Umreifen von Kartons: Warum ein stets verf\u00fcgbares Sortiment so wichtig ist\t\t\t<\/a>\n\t\t<\/h3>\n\t\t\t\t<div class=\"elementor-post__excerpt\">\n\t\t\t<p>F\u00fcr alle, die in der Logistik und Produktion arbeiten, ist ein Betrieb ohne Umreifungsmaschinen unm\u00f6glich. Dar\u00fcber hinaus sind sie in vielen Bereichen unverzichtbar.<\/p>\n\t\t<\/div>\n\t\t\n\t\t<a class=\"elementor-post__read-more\" href=\"https:\/\/www.effe3ti.com\/de\/reggiatrici-da-scatola-limportanza-di-una-gamma-sempre-pronta-a-magazzino\/\" aria-label=\"Mehr \u00fcber Umreifungswerkzeuge: Warum ein stets griffbereites Sortiment so wichtig ist\" tabindex=\"-1\" >\n\t\t\tWeiterlesen\t\t<\/a>\n\n\t\t\t\t<\/div>\n\t\t\t\t<div class=\"elementor-post__meta-data\">\n\t\t\t\t\t<span class=\"elementor-post-date\">\n\t\t\t30. M\u00e4rz 2026\t\t<\/span>\n\t\t\t\t<\/div>\n\t\t\t\t\t<\/div>\n\t\t<\/article>\n\t\t\t\t<article class=\"elementor-post elementor-grid-item post-24448 post type-post status-publish format-standard has-post-thumbnail hentry category-news-prodotto\" role=\"listitem\">\n\t\t\t<div class=\"elementor-post__card\">\n\t\t\t\t<a class=\"elementor-post__thumbnail__link\" href=\"https:\/\/www.effe3ti.com\/de\/robot-avvolgitori-quanto-dura-la-garanzia\/\" tabindex=\"-1\" ><div class=\"elementor-post__thumbnail\"><img decoding=\"async\" width=\"300\" height=\"209\" src=\"https:\/\/www.effe3ti.com\/wp-content\/uploads\/2026\/03\/oscar-lithium-ls-300x209.jpg\" class=\"attachment-medium size-medium wp-image-24716\" alt=\"Oscar Lithium-Laserscanner\" srcset=\"https:\/\/www.effe3ti.com\/wp-content\/uploads\/2026\/03\/oscar-lithium-ls-300x209.jpg 300w, https:\/\/www.effe3ti.com\/wp-content\/uploads\/2026\/03\/oscar-lithium-ls-1024x713.jpg 1024w, https:\/\/www.effe3ti.com\/wp-content\/uploads\/2026\/03\/oscar-lithium-ls-768x535.jpg 768w, https:\/\/www.effe3ti.com\/wp-content\/uploads\/2026\/03\/oscar-lithium-ls-18x12.jpg 18w, https:\/\/www.effe3ti.com\/wp-content\/uploads\/2026\/03\/oscar-lithium-ls-600x418.jpg 600w, https:\/\/www.effe3ti.com\/wp-content\/uploads\/2026\/03\/oscar-lithium-ls.jpg 1500w\" sizes=\"(max-width: 300px) 100vw, 300px\" \/><\/div><\/a>\n\t\t\t\t<div class=\"elementor-post__badge\">Produkt<\/div>\n\t\t\t\t<div class=\"elementor-post__text\">\n\t\t\t\t<h3 class=\"elementor-post__title\">\n\t\t\t<a href=\"https:\/\/www.effe3ti.com\/de\/robot-avvolgitori-quanto-dura-la-garanzia\/\" >\n\t\t\t\tVerpackungsroboter: Wie lange ist die Garantiezeit?\t\t\t<\/a>\n\t\t<\/h3>\n\t\t\t\t<div class=\"elementor-post__excerpt\">\n\t\t\t<p>Verpackungsroboter sind Maschinen, die f\u00fcr den t\u00e4glichen Einsatz in Logistik- und Produktionsumgebungen konzipiert sind, wo Zuverl\u00e4ssigkeit und Betriebskontinuit\u00e4t nicht entscheidend sind.<\/p>\n\t\t<\/div>\n\t\t\n\t\t<a class=\"elementor-post__read-more\" href=\"https:\/\/www.effe3ti.com\/de\/robot-avvolgitori-quanto-dura-la-garanzia\/\" aria-label=\"Mehr zu Robot Wrappers: Wie lange ist die Garantie?\" tabindex=\"-1\" >\n\t\t\tWeiterlesen\t\t<\/a>\n\n\t\t\t\t<\/div>\n\t\t\t\t<div class=\"elementor-post__meta-data\">\n\t\t\t\t\t<span class=\"elementor-post-date\">\n\t\t\t17. M\u00e4rz 2026\t\t<\/span>\n\t\t\t\t<\/div>\n\t\t\t\t\t<\/div>\n\t\t<\/article>\n\t\t\t\t<article class=\"elementor-post elementor-grid-item post-23842 post type-post status-publish format-standard has-post-thumbnail hentry category-news-prodotto\" role=\"listitem\">\n\t\t\t<div class=\"elementor-post__card\">\n\t\t\t\t<a class=\"elementor-post__thumbnail__link\" href=\"https:\/\/www.effe3ti.com\/de\/reggiatrici-manuali-quando-sono-la-scelta-giusta\/\" tabindex=\"-1\" ><div class=\"elementor-post__thumbnail\"><img decoding=\"async\" width=\"300\" height=\"200\" src=\"https:\/\/www.effe3ti.com\/wp-content\/uploads\/2025\/06\/H-46B-300x200.jpg\" class=\"attachment-medium size-medium wp-image-23268\" alt=\"\" srcset=\"https:\/\/www.effe3ti.com\/wp-content\/uploads\/2025\/06\/H-46B-300x200.jpg 300w, https:\/\/www.effe3ti.com\/wp-content\/uploads\/2025\/06\/H-46B-1024x684.jpg 1024w, https:\/\/www.effe3ti.com\/wp-content\/uploads\/2025\/06\/H-46B-768x513.jpg 768w, https:\/\/www.effe3ti.com\/wp-content\/uploads\/2025\/06\/H-46B-1536x1025.jpg 1536w, https:\/\/www.effe3ti.com\/wp-content\/uploads\/2025\/06\/H-46B-18x12.jpg 18w, https:\/\/www.effe3ti.com\/wp-content\/uploads\/2025\/06\/H-46B-600x401.jpg 600w, https:\/\/www.effe3ti.com\/wp-content\/uploads\/2025\/06\/H-46B.jpg 2000w\" sizes=\"(max-width: 300px) 100vw, 300px\" \/><\/div><\/a>\n\t\t\t\t<div class=\"elementor-post__badge\">Produkt<\/div>\n\t\t\t\t<div class=\"elementor-post__text\">\n\t\t\t\t<h3 class=\"elementor-post__title\">\n\t\t\t<a href=\"https:\/\/www.effe3ti.com\/de\/reggiatrici-manuali-quando-sono-la-scelta-giusta\/\" >\n\t\t\t\tManuelle Umreifungsger\u00e4te: Wann sie die richtige Wahl sind\t\t\t<\/a>\n\t\t<\/h3>\n\t\t\t\t<div class=\"elementor-post__excerpt\">\n\t\t\t<p>Umreifungsmaschinen sind unverzichtbare Werkzeuge, um die Stabilit\u00e4t und Sicherheit von Ladungen w\u00e4hrend Lagerung und Transport zu gew\u00e4hrleisten. Obwohl<\/p>\n\t\t<\/div>\n\t\t\n\t\t<a class=\"elementor-post__read-more\" href=\"https:\/\/www.effe3ti.com\/de\/reggiatrici-manuali-quando-sono-la-scelta-giusta\/\" aria-label=\"Mehr \u00fcber manuelle Umreifungsger\u00e4te: Wann sie die richtige Wahl sind\" tabindex=\"-1\" >\n\t\t\tWeiterlesen\t\t<\/a>\n\n\t\t\t\t<\/div>\n\t\t\t\t<div class=\"elementor-post__meta-data\">\n\t\t\t\t\t<span class=\"elementor-post-date\">\n\t\t\t12. November 2025\t\t<\/span>\n\t\t\t\t<\/div>\n\t\t\t\t\t<\/div>\n\t\t<\/article>\n\t\t\t\t<article class=\"elementor-post elementor-grid-item post-23501 post type-post status-publish format-standard has-post-thumbnail hentry category-news-prodotto\" role=\"listitem\">\n\t\t\t<div class=\"elementor-post__card\">\n\t\t\t\t<a class=\"elementor-post__thumbnail__link\" href=\"https:\/\/www.effe3ti.com\/de\/avvolgitrice-automatica-quando-e-il-momento-di-fare-il-salto\/\" tabindex=\"-1\" ><div class=\"elementor-post__thumbnail\"><img loading=\"lazy\" decoding=\"async\" width=\"300\" height=\"200\" src=\"https:\/\/www.effe3ti.com\/wp-content\/uploads\/2022\/09\/rotax-s5300-automatic-line-300x200.jpg\" class=\"attachment-medium size-medium wp-image-9701\" alt=\"Rotax S5300 Automatische Verpackungsmaschine\" srcset=\"https:\/\/www.effe3ti.com\/wp-content\/uploads\/2022\/09\/rotax-s5300-automatic-line-300x200.jpg 300w, https:\/\/www.effe3ti.com\/wp-content\/uploads\/2022\/09\/rotax-s5300-automatic-line-600x400.jpg 600w, https:\/\/www.effe3ti.com\/wp-content\/uploads\/2022\/09\/rotax-s5300-automatic-line-1024x683.jpg 1024w, https:\/\/www.effe3ti.com\/wp-content\/uploads\/2022\/09\/rotax-s5300-automatic-line-768x512.jpg 768w, https:\/\/www.effe3ti.com\/wp-content\/uploads\/2022\/09\/rotax-s5300-automatic-line-1536x1024.jpg 1536w, https:\/\/www.effe3ti.com\/wp-content\/uploads\/2022\/09\/rotax-s5300-automatic-line-2048x1366.jpg 2048w\" sizes=\"(max-width: 300px) 100vw, 300px\" \/><\/div><\/a>\n\t\t\t\t<div class=\"elementor-post__badge\">Produkt<\/div>\n\t\t\t\t<div class=\"elementor-post__text\">\n\t\t\t\t<h3 class=\"elementor-post__title\">\n\t\t\t<a href=\"https:\/\/www.effe3ti.com\/de\/avvolgitrice-automatica-quando-e-il-momento-di-fare-il-salto\/\" >\n\t\t\t\tAutomatische Verpackungsmaschine: Wann ist der richtige Zeitpunkt f\u00fcr den Umstieg?\t\t\t<\/a>\n\t\t<\/h3>\n\t\t\t\t<div class=\"elementor-post__excerpt\">\n\t\t\t<p>Wenn es um Verpackungs- und Endbearbeitungsprozesse geht, ist die Verpackungsmaschine eine der strategisch wichtigsten Technologien, um Effizienz, Kontinuit\u00e4t und Sicherheit zu gew\u00e4hrleisten.<\/p>\n\t\t<\/div>\n\t\t\n\t\t<a class=\"elementor-post__read-more\" href=\"https:\/\/www.effe3ti.com\/de\/avvolgitrice-automatica-quando-e-il-momento-di-fare-il-salto\/\" aria-label=\"Mehr zum Thema automatische Verpackungsmaschinen: Wann ist der richtige Zeitpunkt f\u00fcr den Umstieg?\" tabindex=\"-1\" >\n\t\t\tWeiterlesen\t\t<\/a>\n\n\t\t\t\t<\/div>\n\t\t\t\t<div class=\"elementor-post__meta-data\">\n\t\t\t\t\t<span class=\"elementor-post-date\">\n\t\t\t22. August 2025\t\t<\/span>\n\t\t\t\t<\/div>\n\t\t\t\t\t<\/div>\n\t\t<\/article>\n\t\t\t\t<article class=\"elementor-post elementor-grid-item post-23499 post type-post status-publish format-standard has-post-thumbnail hentry category-news-prodotto\" role=\"listitem\">\n\t\t\t<div class=\"elementor-post__card\">\n\t\t\t\t<a class=\"elementor-post__thumbnail__link\" href=\"https:\/\/www.effe3ti.com\/de\/jumboloadbaler-autoloadbaler-e-baletainer-le-migliori-presse-per-rifiuti-per-logistiche-e-supermercati\/\" tabindex=\"-1\" ><div class=\"elementor-post__thumbnail\"><img loading=\"lazy\" decoding=\"async\" width=\"300\" height=\"201\" src=\"https:\/\/www.effe3ti.com\/wp-content\/uploads\/2024\/10\/Materiali-300x201.jpg\" class=\"attachment-medium size-medium wp-image-20954\" alt=\"Abfallpressen\" srcset=\"https:\/\/www.effe3ti.com\/wp-content\/uploads\/2024\/10\/Materiali-300x201.jpg 300w, https:\/\/www.effe3ti.com\/wp-content\/uploads\/2024\/10\/Materiali-1024x686.jpg 1024w, https:\/\/www.effe3ti.com\/wp-content\/uploads\/2024\/10\/Materiali-768x514.jpg 768w, https:\/\/www.effe3ti.com\/wp-content\/uploads\/2024\/10\/Materiali-1536x1029.jpg 1536w, https:\/\/www.effe3ti.com\/wp-content\/uploads\/2024\/10\/Materiali-2048x1371.jpg 2048w, https:\/\/www.effe3ti.com\/wp-content\/uploads\/2024\/10\/Materiali-600x402.jpg 600w\" sizes=\"(max-width: 300px) 100vw, 300px\" \/><\/div><\/a>\n\t\t\t\t<div class=\"elementor-post__badge\">Produkt<\/div>\n\t\t\t\t<div class=\"elementor-post__text\">\n\t\t\t\t<h3 class=\"elementor-post__title\">\n\t\t\t<a href=\"https:\/\/www.effe3ti.com\/de\/jumboloadbaler-autoloadbaler-e-baletainer-le-migliori-presse-per-rifiuti-per-logistiche-e-supermercati\/\" >\n\t\t\t\tJumboLoadBaler, AutoLoadBaler und BaleTainer: die besten Abfallballenpressen f\u00fcr Logistik und Superm\u00e4rkte\t\t\t<\/a>\n\t\t<\/h3>\n\t\t\t\t<div class=\"elementor-post__excerpt\">\n\t\t\t<p>Immer intelligentere und automatisierte Ballenpressen revolutionieren das Abfallmanagement in der Logistik und im gro\u00dffl\u00e4chigen Einzelhandel.<\/p>\n\t\t<\/div>\n\t\t\n\t\t<a class=\"elementor-post__read-more\" href=\"https:\/\/www.effe3ti.com\/de\/jumboloadbaler-autoloadbaler-e-baletainer-le-migliori-presse-per-rifiuti-per-logistiche-e-supermercati\/\" aria-label=\"Mehr \u00fcber JumboLoadBaler, AutoLoadBaler und BaleTainer: die besten Abfallballenpressen f\u00fcr Logistik und Superm\u00e4rkte.\" tabindex=\"-1\" >\n\t\t\tWeiterlesen\t\t<\/a>\n\n\t\t\t\t<\/div>\n\t\t\t\t<div class=\"elementor-post__meta-data\">\n\t\t\t\t\t<span class=\"elementor-post-date\">\n\t\t\t22. August 2025\t\t<\/span>\n\t\t\t\t<\/div>\n\t\t\t\t\t<\/div>\n\t\t<\/article>\n\t\t\t\t<article class=\"elementor-post elementor-grid-item post-23197 post type-post status-publish format-standard has-post-thumbnail hentry category-news-prodotto\" role=\"listitem\">\n\t\t\t<div class=\"elementor-post__card\">\n\t\t\t\t<a class=\"elementor-post__thumbnail__link\" href=\"https:\/\/www.effe3ti.com\/de\/presse-per-rifiuti-speciali-scopri-styropress-e-liquidrainer-per-trattare-polistirolo-e-bottiglie\/\" tabindex=\"-1\" ><div class=\"elementor-post__thumbnail\"><img loading=\"lazy\" decoding=\"async\" width=\"300\" height=\"200\" src=\"https:\/\/www.effe3ti.com\/wp-content\/uploads\/2021\/04\/LiquiDrainer-1-300x200.jpg\" class=\"attachment-medium size-medium wp-image-23237\" alt=\"\" srcset=\"https:\/\/www.effe3ti.com\/wp-content\/uploads\/2021\/04\/LiquiDrainer-1-300x200.jpg 300w, https:\/\/www.effe3ti.com\/wp-content\/uploads\/2021\/04\/LiquiDrainer-1-1024x683.jpg 1024w, https:\/\/www.effe3ti.com\/wp-content\/uploads\/2021\/04\/LiquiDrainer-1-768x512.jpg 768w, https:\/\/www.effe3ti.com\/wp-content\/uploads\/2021\/04\/LiquiDrainer-1-1536x1025.jpg 1536w, https:\/\/www.effe3ti.com\/wp-content\/uploads\/2021\/04\/LiquiDrainer-1-18x12.jpg 18w, https:\/\/www.effe3ti.com\/wp-content\/uploads\/2021\/04\/LiquiDrainer-1-600x400.jpg 600w, https:\/\/www.effe3ti.com\/wp-content\/uploads\/2021\/04\/LiquiDrainer-1.jpg 2000w\" sizes=\"(max-width: 300px) 100vw, 300px\" \/><\/div><\/a>\n\t\t\t\t<div class=\"elementor-post__badge\">Produkt<\/div>\n\t\t\t\t<div class=\"elementor-post__text\">\n\t\t\t\t<h3 class=\"elementor-post__title\">\n\t\t\t<a href=\"https:\/\/www.effe3ti.com\/de\/presse-per-rifiuti-speciali-scopri-styropress-e-liquidrainer-per-trattare-polistirolo-e-bottiglie\/\" >\n\t\t\t\tBallenpressen f\u00fcr Sonderm\u00fcll: Entdecken Sie Styropress und Liquidrainer zur Behandlung von Polystyrol und Flaschen\t\t\t<\/a>\n\t\t<\/h3>\n\t\t\t\t<div class=\"elementor-post__excerpt\">\n\t\t\t<p>Ballenpressen f\u00fcr Sonderabf\u00e4lle sind eine konkrete Antwort auf eines der am meisten untersch\u00e4tzten Probleme der modernen Industrie und Logistik:<\/p>\n\t\t<\/div>\n\t\t\n\t\t<a class=\"elementor-post__read-more\" href=\"https:\/\/www.effe3ti.com\/de\/presse-per-rifiuti-speciali-scopri-styropress-e-liquidrainer-per-trattare-polistirolo-e-bottiglie\/\" aria-label=\"Mehr zu Ballenpressen f\u00fcr Sonderabf\u00e4lle: Entdecken Sie Styropress und Liquidrainer zur Verarbeitung von Polystyrol und Flaschen.\" tabindex=\"-1\" >\n\t\t\tWeiterlesen\t\t<\/a>\n\n\t\t\t\t<\/div>\n\t\t\t\t<div class=\"elementor-post__meta-data\">\n\t\t\t\t\t<span class=\"elementor-post-date\">\n\t\t\t27. Juni 2025\t\t<\/span>\n\t\t\t\t<\/div>\n\t\t\t\t\t<\/div>\n\t\t<\/article>\n\t\t\t\t<article class=\"elementor-post elementor-grid-item post-23195 post type-post status-publish format-standard has-post-thumbnail hentry category-news-prodotto\" role=\"listitem\">\n\t\t\t<div class=\"elementor-post__card\">\n\t\t\t\t<a class=\"elementor-post__thumbnail__link\" href=\"https:\/\/www.effe3ti.com\/de\/accessori-per-reggiatrici-quali-ti-servono\/\" tabindex=\"-1\" ><div class=\"elementor-post__thumbnail\"><img loading=\"lazy\" decoding=\"async\" width=\"229\" height=\"300\" src=\"https:\/\/www.effe3ti.com\/wp-content\/uploads\/2025\/06\/H-84-229x300.jpg\" class=\"attachment-medium size-medium wp-image-23214\" alt=\"Spender des k\u00f6niglichen Palastes\" srcset=\"https:\/\/www.effe3ti.com\/wp-content\/uploads\/2025\/06\/H-84-229x300.jpg 229w, https:\/\/www.effe3ti.com\/wp-content\/uploads\/2025\/06\/H-84-782x1024.jpg 782w, https:\/\/www.effe3ti.com\/wp-content\/uploads\/2025\/06\/H-84-768x1006.jpg 768w, https:\/\/www.effe3ti.com\/wp-content\/uploads\/2025\/06\/H-84-9x12.jpg 9w, https:\/\/www.effe3ti.com\/wp-content\/uploads\/2025\/06\/H-84-600x786.jpg 600w, https:\/\/www.effe3ti.com\/wp-content\/uploads\/2025\/06\/H-84.jpg 1000w\" sizes=\"(max-width: 229px) 100vw, 229px\" \/><\/div><\/a>\n\t\t\t\t<div class=\"elementor-post__badge\">Produkt<\/div>\n\t\t\t\t<div class=\"elementor-post__text\">\n\t\t\t\t<h3 class=\"elementor-post__title\">\n\t\t\t<a href=\"https:\/\/www.effe3ti.com\/de\/accessori-per-reggiatrici-quali-ti-servono\/\" >\n\t\t\t\tUmreifungsmaschinen-Zubeh\u00f6r: Welches brauchen Sie?\t\t\t<\/a>\n\t\t<\/h3>\n\t\t\t\t<div class=\"elementor-post__excerpt\">\n\t\t\t<p>Wer in der Logistik, der Industrie und im Handel t\u00e4tig ist, wei\u00df, dass Umreifungsmaschinen f\u00fcr eine sichere, saubere und professionelle Verpackung unerl\u00e4sslich sind.<\/p>\n\t\t<\/div>\n\t\t\n\t\t<a class=\"elementor-post__read-more\" href=\"https:\/\/www.effe3ti.com\/de\/accessori-per-reggiatrici-quali-ti-servono\/\" aria-label=\"Mehr zum Thema Zubeh\u00f6r f\u00fcr Umreifungsmaschinen: Welches ben\u00f6tigen Sie?\" tabindex=\"-1\" >\n\t\t\tWeiterlesen\t\t<\/a>\n\n\t\t\t\t<\/div>\n\t\t\t\t<div class=\"elementor-post__meta-data\">\n\t\t\t\t\t<span class=\"elementor-post-date\">\n\t\t\t27. Juni 2025\t\t<\/span>\n\t\t\t\t<\/div>\n\t\t\t\t\t<\/div>\n\t\t<\/article>\n\t\t\t\t<article class=\"elementor-post elementor-grid-item post-23187 post type-post status-publish format-standard has-post-thumbnail hentry category-news-prodotto\" role=\"listitem\">\n\t\t\t<div class=\"elementor-post__card\">\n\t\t\t\t<a class=\"elementor-post__thumbnail__link\" href=\"https:\/\/www.effe3ti.com\/de\/autoloadbaler-la-pressa-per-imballaggi-ideale-per-supermercati-e-logistiche\/\" tabindex=\"-1\" ><div class=\"elementor-post__thumbnail\"><img loading=\"lazy\" decoding=\"async\" width=\"300\" height=\"192\" src=\"https:\/\/www.effe3ti.com\/wp-content\/uploads\/2021\/04\/Autoloadbaler-1-1-300x192.jpg\" class=\"attachment-medium size-medium wp-image-23222\" alt=\"Ballenpresse mit automatischem Lader\" srcset=\"https:\/\/www.effe3ti.com\/wp-content\/uploads\/2021\/04\/Autoloadbaler-1-1-300x192.jpg 300w, https:\/\/www.effe3ti.com\/wp-content\/uploads\/2021\/04\/Autoloadbaler-1-1-1024x657.jpg 1024w, https:\/\/www.effe3ti.com\/wp-content\/uploads\/2021\/04\/Autoloadbaler-1-1-768x493.jpg 768w, https:\/\/www.effe3ti.com\/wp-content\/uploads\/2021\/04\/Autoloadbaler-1-1-18x12.jpg 18w, https:\/\/www.effe3ti.com\/wp-content\/uploads\/2021\/04\/Autoloadbaler-1-1-600x385.jpg 600w, https:\/\/www.effe3ti.com\/wp-content\/uploads\/2021\/04\/Autoloadbaler-1-1.jpg 1500w\" sizes=\"(max-width: 300px) 100vw, 300px\" \/><\/div><\/a>\n\t\t\t\t<div class=\"elementor-post__badge\">Produkt<\/div>\n\t\t\t\t<div class=\"elementor-post__text\">\n\t\t\t\t<h3 class=\"elementor-post__title\">\n\t\t\t<a href=\"https:\/\/www.effe3ti.com\/de\/autoloadbaler-la-pressa-per-imballaggi-ideale-per-supermercati-e-logistiche\/\" >\n\t\t\t\tAutoLoadBaler: die ideale Ballenpresse f\u00fcr Superm\u00e4rkte und Logistik\t\t\t<\/a>\n\t\t<\/h3>\n\t\t\t\t<div class=\"elementor-post__excerpt\">\n\t\t\t<p>Die Ballenpresse muss zwei Anforderungen erf\u00fcllen: die Abfalllogistikkosten senken und die \u00f6kologische Nachhaltigkeit des Unternehmens verbessern.<\/p>\n\t\t<\/div>\n\t\t\n\t\t<a class=\"elementor-post__read-more\" href=\"https:\/\/www.effe3ti.com\/de\/autoloadbaler-la-pressa-per-imballaggi-ideale-per-supermercati-e-logistiche\/\" aria-label=\"Mehr \u00fcber AutoLoadBaler: die ideale Ballenpresse f\u00fcr Superm\u00e4rkte und Logistikunternehmen\" tabindex=\"-1\" >\n\t\t\tWeiterlesen\t\t<\/a>\n\n\t\t\t\t<\/div>\n\t\t\t\t<div class=\"elementor-post__meta-data\">\n\t\t\t\t\t<span class=\"elementor-post-date\">\n\t\t\t27. Juni 2025\t\t<\/span>\n\t\t\t\t<\/div>\n\t\t\t\t\t<\/div>\n\t\t<\/article>\n\t\t\t\t<article class=\"elementor-post elementor-grid-item post-21416 post type-post status-publish format-standard has-post-thumbnail hentry category-news-prodotto\" role=\"listitem\">\n\t\t\t<div class=\"elementor-post__card\">\n\t\t\t\t<a class=\"elementor-post__thumbnail__link\" href=\"https:\/\/www.effe3ti.com\/de\/compattare-rifiuti-in-bidoni-e-cassonetti\/\" tabindex=\"-1\" ><div class=\"elementor-post__thumbnail\"><img loading=\"lazy\" decoding=\"async\" width=\"300\" height=\"200\" src=\"https:\/\/www.effe3ti.com\/wp-content\/uploads\/2025\/01\/pressa-bidoni-300x200.jpg\" class=\"attachment-medium size-medium wp-image-21427\" alt=\"Presse f\u00fcr Abf\u00e4lle in Tonnen und Containern\" srcset=\"https:\/\/www.effe3ti.com\/wp-content\/uploads\/2025\/01\/pressa-bidoni-300x200.jpg 300w, https:\/\/www.effe3ti.com\/wp-content\/uploads\/2025\/01\/pressa-bidoni-1024x683.jpg 1024w, https:\/\/www.effe3ti.com\/wp-content\/uploads\/2025\/01\/pressa-bidoni-768x513.jpg 768w, https:\/\/www.effe3ti.com\/wp-content\/uploads\/2025\/01\/pressa-bidoni-600x400.jpg 600w, https:\/\/www.effe3ti.com\/wp-content\/uploads\/2025\/01\/pressa-bidoni.jpg 1500w\" sizes=\"(max-width: 300px) 100vw, 300px\" \/><\/div><\/a>\n\t\t\t\t<div class=\"elementor-post__badge\">Produkt<\/div>\n\t\t\t\t<div class=\"elementor-post__text\">\n\t\t\t\t<h3 class=\"elementor-post__title\">\n\t\t\t<a href=\"https:\/\/www.effe3ti.com\/de\/compattare-rifiuti-in-bidoni-e-cassonetti\/\" >\n\t\t\t\tAbfall in Tonnen und Containern verdichten\t\t\t<\/a>\n\t\t<\/h3>\n\t\t\t\t<div class=\"elementor-post__excerpt\">\n\t\t\t<p>Die Bedeutung der Verdichtung von Abf\u00e4llen in Tonnen und Containern Effizientes Abfallmanagement ist eine zunehmend wichtige Priorit\u00e4t<\/p>\n\t\t<\/div>\n\t\t\n\t\t<a class=\"elementor-post__read-more\" href=\"https:\/\/www.effe3ti.com\/de\/compattare-rifiuti-in-bidoni-e-cassonetti\/\" aria-label=\"Mehr zum Thema Abfallverdichtung in M\u00fclltonnen und Abfallcontainern\" tabindex=\"-1\" >\n\t\t\tWeiterlesen\t\t<\/a>\n\n\t\t\t\t<\/div>\n\t\t\t\t<div class=\"elementor-post__meta-data\">\n\t\t\t\t\t<span class=\"elementor-post-date\">\n\t\t\t15. Januar 2025\t\t<\/span>\n\t\t\t\t<\/div>\n\t\t\t\t\t<\/div>\n\t\t<\/article>\n\t\t\t\t<article class=\"elementor-post elementor-grid-item post-20948 post type-post status-publish format-standard has-post-thumbnail hentry category-news-approfondimenti category-news-prodotto\" role=\"listitem\">\n\t\t\t<div class=\"elementor-post__card\">\n\t\t\t\t<a class=\"elementor-post__thumbnail__link\" href=\"https:\/\/www.effe3ti.com\/de\/le-presse-per-rifiuti\/\" tabindex=\"-1\" ><div class=\"elementor-post__thumbnail\"><img loading=\"lazy\" decoding=\"async\" width=\"300\" height=\"200\" src=\"https:\/\/www.effe3ti.com\/wp-content\/uploads\/2021\/04\/MK1100-1-300x200.jpg\" class=\"attachment-medium size-medium wp-image-23259\" alt=\"MK1100\" srcset=\"https:\/\/www.effe3ti.com\/wp-content\/uploads\/2021\/04\/MK1100-1-300x200.jpg 300w, https:\/\/www.effe3ti.com\/wp-content\/uploads\/2021\/04\/MK1100-1-1024x683.jpg 1024w, https:\/\/www.effe3ti.com\/wp-content\/uploads\/2021\/04\/MK1100-1-768x512.jpg 768w, https:\/\/www.effe3ti.com\/wp-content\/uploads\/2021\/04\/MK1100-1-1536x1025.jpg 1536w, https:\/\/www.effe3ti.com\/wp-content\/uploads\/2021\/04\/MK1100-1-18x12.jpg 18w, https:\/\/www.effe3ti.com\/wp-content\/uploads\/2021\/04\/MK1100-1-600x400.jpg 600w, https:\/\/www.effe3ti.com\/wp-content\/uploads\/2021\/04\/MK1100-1.jpg 2000w\" sizes=\"(max-width: 300px) 100vw, 300px\" \/><\/div><\/a>\n\t\t\t\t<div class=\"elementor-post__badge\">Einblicke<\/div>\n\t\t\t\t<div class=\"elementor-post__text\">\n\t\t\t\t<h3 class=\"elementor-post__title\">\n\t\t\t<a href=\"https:\/\/www.effe3ti.com\/de\/le-presse-per-rifiuti\/\" >\n\t\t\t\tPressen zum Recycling von Karton, Kunststoff und anderen Abf\u00e4llen\t\t\t<\/a>\n\t\t<\/h3>\n\t\t\t\t<div class=\"elementor-post__excerpt\">\n\t\t\t<p>Mit Recycling-Ballenpressen das Abfallmanagement im Unternehmen optimieren Verpackungsm\u00fcll wird oft als Belastung empfunden<\/p>\n\t\t<\/div>\n\t\t\n\t\t<a class=\"elementor-post__read-more\" href=\"https:\/\/www.effe3ti.com\/de\/le-presse-per-rifiuti\/\" aria-label=\"Mehr \u00fcber Ballenpressen zum Recycling von Karton, Kunststoff und anderen Abf\u00e4llen\" tabindex=\"-1\" >\n\t\t\tWeiterlesen\t\t<\/a>\n\n\t\t\t\t<\/div>\n\t\t\t\t<div class=\"elementor-post__meta-data\">\n\t\t\t\t\t<span class=\"elementor-post-date\">\n\t\t\t21. Oktober 2024\t\t<\/span>\n\t\t\t\t<\/div>\n\t\t\t\t\t<\/div>\n\t\t<\/article>\n\t\t\t\t<article class=\"elementor-post elementor-grid-item post-14375 post type-post status-publish format-standard has-post-thumbnail hentry category-news-prodotto\" role=\"listitem\">\n\t\t\t<div class=\"elementor-post__card\">\n\t\t\t\t<a class=\"elementor-post__thumbnail__link\" href=\"https:\/\/www.effe3ti.com\/de\/il-nuovo-datalogger-2-per-lindustria-4-0\/\" tabindex=\"-1\" ><div class=\"elementor-post__thumbnail\"><img loading=\"lazy\" decoding=\"async\" width=\"300\" height=\"169\" src=\"https:\/\/www.effe3ti.com\/wp-content\/uploads\/2021\/04\/Touch-screen-spinny-auto-300x169.jpg\" class=\"attachment-medium size-medium wp-image-4058\" alt=\"Touchscreen-Effekte\" srcset=\"https:\/\/www.effe3ti.com\/wp-content\/uploads\/2021\/04\/Touch-screen-spinny-auto-300x169.jpg 300w, https:\/\/www.effe3ti.com\/wp-content\/uploads\/2021\/04\/Touch-screen-spinny-auto-600x338.jpg 600w, https:\/\/www.effe3ti.com\/wp-content\/uploads\/2021\/04\/Touch-screen-spinny-auto-1024x576.jpg 1024w, https:\/\/www.effe3ti.com\/wp-content\/uploads\/2021\/04\/Touch-screen-spinny-auto-768x432.jpg 768w, https:\/\/www.effe3ti.com\/wp-content\/uploads\/2021\/04\/Touch-screen-spinny-auto.jpg 1038w\" sizes=\"(max-width: 300px) 100vw, 300px\" \/><\/div><\/a>\n\t\t\t\t<div class=\"elementor-post__badge\">Produkt<\/div>\n\t\t\t\t<div class=\"elementor-post__text\">\n\t\t\t\t<h3 class=\"elementor-post__title\">\n\t\t\t<a href=\"https:\/\/www.effe3ti.com\/de\/il-nuovo-datalogger-2-per-lindustria-4-0\/\" >\n\t\t\t\tIndustrie 4.0 mit dem neuen Datalogger 2\t\t\t<\/a>\n\t\t<\/h3>\n\t\t\t\t<div class=\"elementor-post__excerpt\">\n\t\t\t<p>Datalogger 2 ist das EFFE3ti-System f\u00fcr Industrie 4.0, das f\u00fcr die Datenerfassung in Echtzeit auf einer Cloud-Plattform konzipiert und entwickelt wurde<\/p>\n\t\t<\/div>\n\t\t\n\t\t<a class=\"elementor-post__read-more\" href=\"https:\/\/www.effe3ti.com\/de\/il-nuovo-datalogger-2-per-lindustria-4-0\/\" aria-label=\"Mehr Industrie 4.0 mit dem neuen Datenlogger 2\" tabindex=\"-1\" >\n\t\t\tWeiterlesen\t\t<\/a>\n\n\t\t\t\t<\/div>\n\t\t\t\t<div class=\"elementor-post__meta-data\">\n\t\t\t\t\t<span class=\"elementor-post-date\">\n\t\t\t28. Mai 2024\t\t<\/span>\n\t\t\t\t<\/div>\n\t\t\t\t\t<\/div>\n\t\t<\/article>\n\t\t\t\t<article class=\"elementor-post elementor-grid-item post-14092 post type-post status-publish format-standard has-post-thumbnail hentry category-news-evidenza category-news-prodotto\" role=\"listitem\">\n\t\t\t<div class=\"elementor-post__card\">\n\t\t\t\t<a class=\"elementor-post__thumbnail__link\" href=\"https:\/\/www.effe3ti.com\/de\/nuovo-robot-con-batteria-al-litio\/\" tabindex=\"-1\" ><div class=\"elementor-post__thumbnail\"><img loading=\"lazy\" decoding=\"async\" width=\"261\" height=\"300\" src=\"https:\/\/www.effe3ti.com\/wp-content\/uploads\/2024\/06\/Oscar-Touch-V5-Lithium-e1718185156707-261x300.jpg\" class=\"attachment-medium size-medium wp-image-14627\" alt=\"Roboter mit Lithiumbatterie Oscar Touch Lithium\" srcset=\"https:\/\/www.effe3ti.com\/wp-content\/uploads\/2024\/06\/Oscar-Touch-V5-Lithium-e1718185156707-261x300.jpg 261w, https:\/\/www.effe3ti.com\/wp-content\/uploads\/2024\/06\/Oscar-Touch-V5-Lithium-e1718185156707-890x1024.jpg 890w, https:\/\/www.effe3ti.com\/wp-content\/uploads\/2024\/06\/Oscar-Touch-V5-Lithium-e1718185156707-768x883.jpg 768w, https:\/\/www.effe3ti.com\/wp-content\/uploads\/2024\/06\/Oscar-Touch-V5-Lithium-e1718185156707-600x690.jpg 600w, https:\/\/www.effe3ti.com\/wp-content\/uploads\/2024\/06\/Oscar-Touch-V5-Lithium-e1718185156707.jpg 1333w\" sizes=\"(max-width: 261px) 100vw, 261px\" \/><\/div><\/a>\n\t\t\t\t<div class=\"elementor-post__badge\">Empfohlen<\/div>\n\t\t\t\t<div class=\"elementor-post__text\">\n\t\t\t\t<h3 class=\"elementor-post__title\">\n\t\t\t<a href=\"https:\/\/www.effe3ti.com\/de\/nuovo-robot-con-batteria-al-litio\/\" >\n\t\t\t\tRoboter mit Lithiumbatterie\t\t\t<\/a>\n\t\t<\/h3>\n\t\t\t\t<div class=\"elementor-post__excerpt\">\n\t\t\t<p>Leistung steigern und Wartungsaufwand reduzieren Der neue Wickelroboter Oscar mit Lithiumbatterie ist ab heute erh\u00e4ltlich: mehr Flexibilit\u00e4t<\/p>\n\t\t<\/div>\n\t\t\n\t\t<a class=\"elementor-post__read-more\" href=\"https:\/\/www.effe3ti.com\/de\/nuovo-robot-con-batteria-al-litio\/\" aria-label=\"Mehr Roboter mit Lithiumbatterie\" tabindex=\"-1\" >\n\t\t\tWeiterlesen\t\t<\/a>\n\n\t\t\t\t<\/div>\n\t\t\t\t<div class=\"elementor-post__meta-data\">\n\t\t\t\t\t<span class=\"elementor-post-date\">\n\t\t\t25. M\u00e4rz 2024\t\t<\/span>\n\t\t\t\t<\/div>\n\t\t\t\t\t<\/div>\n\t\t<\/article>\n\t\t\t\t<article class=\"elementor-post elementor-grid-item post-11459 post type-post status-publish format-standard has-post-thumbnail hentry category-news-prodotto\" role=\"listitem\">\n\t\t\t<div class=\"elementor-post__card\">\n\t\t\t\t<a class=\"elementor-post__thumbnail__link\" href=\"https:\/\/www.effe3ti.com\/de\/avvolgitrice-spinny-s500-con-pressa-stabilizzatrice\/\" tabindex=\"-1\" ><div class=\"elementor-post__thumbnail\"><img loading=\"lazy\" decoding=\"async\" width=\"300\" height=\"225\" src=\"https:\/\/www.effe3ti.com\/wp-content\/uploads\/2023\/09\/spinny-s500-touch-press-300x225.jpeg\" class=\"attachment-medium size-medium wp-image-11460\" alt=\"Spinny S500 Palettenwickler\" srcset=\"https:\/\/www.effe3ti.com\/wp-content\/uploads\/2023\/09\/spinny-s500-touch-press-300x225.jpeg 300w, https:\/\/www.effe3ti.com\/wp-content\/uploads\/2023\/09\/spinny-s500-touch-press-600x450.jpeg 600w, https:\/\/www.effe3ti.com\/wp-content\/uploads\/2023\/09\/spinny-s500-touch-press-768x576.jpeg 768w, https:\/\/www.effe3ti.com\/wp-content\/uploads\/2023\/09\/spinny-s500-touch-press.jpeg 1024w\" sizes=\"(max-width: 300px) 100vw, 300px\" \/><\/div><\/a>\n\t\t\t\t<div class=\"elementor-post__badge\">Produkt<\/div>\n\t\t\t\t<div class=\"elementor-post__text\">\n\t\t\t\t<h3 class=\"elementor-post__title\">\n\t\t\t<a href=\"https:\/\/www.effe3ti.com\/de\/avvolgitrice-spinny-s500-con-pressa-stabilizzatrice\/\" >\n\t\t\t\tSpinny S500 Touch Verpackungsmaschine mit Presse\t\t\t<\/a>\n\t\t<\/h3>\n\t\t\t\t<div class=\"elementor-post__excerpt\">\n\t\t\t<p>Spinny S500 Touch, Drehtisch-Verpackungsmaschine mit Presse zur Stabilisierung der Palettenladung: mehr Sicherheit, Robustheit und Qualit\u00e4t f\u00fcr<\/p>\n\t\t<\/div>\n\t\t\n\t\t<a class=\"elementor-post__read-more\" href=\"https:\/\/www.effe3ti.com\/de\/avvolgitrice-spinny-s500-con-pressa-stabilizzatrice\/\" aria-label=\"Weitere Informationen zur Spinny S500 Touch Wickelmaschine mit Presse\" tabindex=\"-1\" >\n\t\t\tWeiterlesen\t\t<\/a>\n\n\t\t\t\t<\/div>\n\t\t\t\t<div class=\"elementor-post__meta-data\">\n\t\t\t\t\t<span class=\"elementor-post-date\">\n\t\t\t11. September 2023\t\t<\/span>\n\t\t\t\t<\/div>\n\t\t\t\t\t<\/div>\n\t\t<\/article>\n\t\t\t\t<article class=\"elementor-post elementor-grid-item post-11360 post type-post status-publish format-standard has-post-thumbnail hentry category-news-prodotto\" role=\"listitem\">\n\t\t\t<div class=\"elementor-post__card\">\n\t\t\t\t<a class=\"elementor-post__thumbnail__link\" href=\"https:\/\/www.effe3ti.com\/de\/avvolgitrice-con-pressa-stabilizzatrice\/\" tabindex=\"-1\" ><div class=\"elementor-post__thumbnail\"><img loading=\"lazy\" decoding=\"async\" width=\"300\" height=\"225\" src=\"https:\/\/www.effe3ti.com\/wp-content\/uploads\/2023\/07\/spinny-s300press-effe3ti-300x225.jpg\" class=\"attachment-medium size-medium wp-image-11361\" alt=\"Spinny S300 Presswickelmaschine\" srcset=\"https:\/\/www.effe3ti.com\/wp-content\/uploads\/2023\/07\/spinny-s300press-effe3ti-300x225.jpg 300w, https:\/\/www.effe3ti.com\/wp-content\/uploads\/2023\/07\/spinny-s300press-effe3ti-600x450.jpg 600w, https:\/\/www.effe3ti.com\/wp-content\/uploads\/2023\/07\/spinny-s300press-effe3ti-768x576.jpg 768w, https:\/\/www.effe3ti.com\/wp-content\/uploads\/2023\/07\/spinny-s300press-effe3ti.jpg 1024w\" sizes=\"(max-width: 300px) 100vw, 300px\" \/><\/div><\/a>\n\t\t\t\t<div class=\"elementor-post__badge\">Produkt<\/div>\n\t\t\t\t<div class=\"elementor-post__text\">\n\t\t\t\t<h3 class=\"elementor-post__title\">\n\t\t\t<a href=\"https:\/\/www.effe3ti.com\/de\/avvolgitrice-con-pressa-stabilizzatrice\/\" >\n\t\t\t\tWickelmaschine mit Stabilisierungspresse\t\t\t<\/a>\n\t\t<\/h3>\n\t\t\t\t<div class=\"elementor-post__excerpt\">\n\t\t\t<p>Drehtisch-Verpackungsmaschine mit Presse zur Stabilisierung der Ladung auf Paletten: Optimieren Sie Sicherheit und Effizienz bei der industriellen Verpackung Verpackungsmaschine<\/p>\n\t\t<\/div>\n\t\t\n\t\t<a class=\"elementor-post__read-more\" href=\"https:\/\/www.effe3ti.com\/de\/avvolgitrice-con-pressa-stabilizzatrice\/\" aria-label=\"Mehr \u00fcber Wickelmaschine mit Stabilisierungspresse\" tabindex=\"-1\" >\n\t\t\tWeiterlesen\t\t<\/a>\n\n\t\t\t\t<\/div>\n\t\t\t\t<div class=\"elementor-post__meta-data\">\n\t\t\t\t\t<span class=\"elementor-post-date\">\n\t\t\t11. Juli 2023\t\t<\/span>\n\t\t\t\t<\/div>\n\t\t\t\t\t<\/div>\n\t\t<\/article>\n\t\t\t\t<article class=\"elementor-post elementor-grid-item post-11247 post type-post status-publish format-standard has-post-thumbnail hentry category-news-prodotto\" role=\"listitem\">\n\t\t\t<div class=\"elementor-post__card\">\n\t\t\t\t<a class=\"elementor-post__thumbnail__link\" href=\"https:\/\/www.effe3ti.com\/de\/passione-effe3ti\/\" tabindex=\"-1\" ><div class=\"elementor-post__thumbnail\"><img loading=\"lazy\" decoding=\"async\" width=\"225\" height=\"300\" src=\"https:\/\/www.effe3ti.com\/wp-content\/uploads\/2023\/05\/effe3ti-bike1-225x300.jpeg\" class=\"attachment-medium size-medium wp-image-11249\" alt=\"\" srcset=\"https:\/\/www.effe3ti.com\/wp-content\/uploads\/2023\/05\/effe3ti-bike1-225x300.jpeg 225w, https:\/\/www.effe3ti.com\/wp-content\/uploads\/2023\/05\/effe3ti-bike1-600x800.jpeg 600w, https:\/\/www.effe3ti.com\/wp-content\/uploads\/2023\/05\/effe3ti-bike1.jpeg 768w\" sizes=\"(max-width: 225px) 100vw, 225px\" \/><\/div><\/a>\n\t\t\t\t<div class=\"elementor-post__badge\">Produkt<\/div>\n\t\t\t\t<div class=\"elementor-post__text\">\n\t\t\t\t<h3 class=\"elementor-post__title\">\n\t\t\t<a href=\"https:\/\/www.effe3ti.com\/de\/passione-effe3ti\/\" >\n\t\t\t\tLeidenschaft EFFE3ti\t\t\t<\/a>\n\t\t<\/h3>\n\t\t\t\t<div class=\"elementor-post__excerpt\">\n\t\t\t<p>EFFE3ti engagiert sich auch im Sport und sponsert das Radsportteam X-Team. Wir wissen sehr gut, was Leidenschaft ist: Wir<\/p>\n\t\t<\/div>\n\t\t\n\t\t<a class=\"elementor-post__read-more\" href=\"https:\/\/www.effe3ti.com\/de\/passione-effe3ti\/\" aria-label=\"Mehr \u00fcber Passione EFFE3ti\" tabindex=\"-1\" >\n\t\t\tWeiterlesen\t\t<\/a>\n\n\t\t\t\t<\/div>\n\t\t\t\t<div class=\"elementor-post__meta-data\">\n\t\t\t\t\t<span class=\"elementor-post-date\">\n\t\t\t29. Juni 2023\t\t<\/span>\n\t\t\t\t<\/div>\n\t\t\t\t\t<\/div>\n\t\t<\/article>\n\t\t\t\t<article class=\"elementor-post elementor-grid-item post-11125 post type-post status-publish format-standard has-post-thumbnail hentry category-news-evidenza category-news-prodotto\" role=\"listitem\">\n\t\t\t<div class=\"elementor-post__card\">\n\t\t\t\t<a class=\"elementor-post__thumbnail__link\" href=\"https:\/\/www.effe3ti.com\/de\/linea-galvanizzata-di-imballaggio\/\" tabindex=\"-1\" ><div class=\"elementor-post__thumbnail\"><img loading=\"lazy\" decoding=\"async\" width=\"300\" height=\"200\" src=\"https:\/\/www.effe3ti.com\/wp-content\/uploads\/2023\/03\/Spinny-S2300-galvanizzata-300x200.jpg\" class=\"attachment-medium size-medium wp-image-11133\" alt=\"Korrosionsgesch\u00fctzte Wickelmaschinen\" srcset=\"https:\/\/www.effe3ti.com\/wp-content\/uploads\/2023\/03\/Spinny-S2300-galvanizzata-300x200.jpg 300w, https:\/\/www.effe3ti.com\/wp-content\/uploads\/2023\/03\/Spinny-S2300-galvanizzata-600x400.jpg 600w, https:\/\/www.effe3ti.com\/wp-content\/uploads\/2023\/03\/Spinny-S2300-galvanizzata-1024x683.jpg 1024w, https:\/\/www.effe3ti.com\/wp-content\/uploads\/2023\/03\/Spinny-S2300-galvanizzata-768x512.jpg 768w, https:\/\/www.effe3ti.com\/wp-content\/uploads\/2023\/03\/Spinny-S2300-galvanizzata-1536x1024.jpg 1536w, https:\/\/www.effe3ti.com\/wp-content\/uploads\/2023\/03\/Spinny-S2300-galvanizzata-2048x1366.jpg 2048w\" sizes=\"(max-width: 300px) 100vw, 300px\" \/><\/div><\/a>\n\t\t\t\t<div class=\"elementor-post__badge\">Empfohlen<\/div>\n\t\t\t\t<div class=\"elementor-post__text\">\n\t\t\t\t<h3 class=\"elementor-post__title\">\n\t\t\t<a href=\"https:\/\/www.effe3ti.com\/de\/linea-galvanizzata-di-imballaggio\/\" >\n\t\t\t\tVerzinkte Verpackungslinie\t\t\t<\/a>\n\t\t<\/h3>\n\t\t\t\t<div class=\"elementor-post__excerpt\">\n\t\t\t<p>Maximale Widerstandsf\u00e4higkeit f\u00fcr kritische Umgebungen: die verzinkte L\u00f6sung Im Industriesektor sind viele Unternehmen in besonders schwierigen Umgebungen t\u00e4tig.<\/p>\n\t\t<\/div>\n\t\t\n\t\t<a class=\"elementor-post__read-more\" href=\"https:\/\/www.effe3ti.com\/de\/linea-galvanizzata-di-imballaggio\/\" aria-label=\"Mehr zur galvanisierten Verpackungslinie\" tabindex=\"-1\" >\n\t\t\tWeiterlesen\t\t<\/a>\n\n\t\t\t\t<\/div>\n\t\t\t\t<div class=\"elementor-post__meta-data\">\n\t\t\t\t\t<span class=\"elementor-post-date\">\n\t\t\t2. M\u00e4rz 2023\t\t<\/span>\n\t\t\t\t<\/div>\n\t\t\t\t\t<\/div>\n\t\t<\/article>\n\t\t\t\t<article class=\"elementor-post elementor-grid-item post-10313 post type-post status-publish format-standard has-post-thumbnail hentry category-news-approfondimenti category-news-prodotto\" role=\"listitem\">\n\t\t\t<div class=\"elementor-post__card\">\n\t\t\t\t<a class=\"elementor-post__thumbnail__link\" href=\"https:\/\/www.effe3ti.com\/de\/stabilita-del-carico\/\" tabindex=\"-1\" ><div class=\"elementor-post__thumbnail\"><img loading=\"lazy\" decoding=\"async\" width=\"300\" height=\"200\" src=\"https:\/\/www.effe3ti.com\/wp-content\/uploads\/2022\/11\/Stability-Test-2-300x200.jpg\" class=\"attachment-medium size-medium wp-image-10325\" alt=\"Laststabilit\u00e4t\" srcset=\"https:\/\/www.effe3ti.com\/wp-content\/uploads\/2022\/11\/Stability-Test-2-300x200.jpg 300w, https:\/\/www.effe3ti.com\/wp-content\/uploads\/2022\/11\/Stability-Test-2-600x400.jpg 600w, https:\/\/www.effe3ti.com\/wp-content\/uploads\/2022\/11\/Stability-Test-2-1024x683.jpg 1024w, https:\/\/www.effe3ti.com\/wp-content\/uploads\/2022\/11\/Stability-Test-2-768x512.jpg 768w, https:\/\/www.effe3ti.com\/wp-content\/uploads\/2022\/11\/Stability-Test-2-1536x1024.jpg 1536w, https:\/\/www.effe3ti.com\/wp-content\/uploads\/2022\/11\/Stability-Test-2-2048x1366.jpg 2048w\" sizes=\"(max-width: 300px) 100vw, 300px\" \/><\/div><\/a>\n\t\t\t\t<div class=\"elementor-post__badge\">Einblicke<\/div>\n\t\t\t\t<div class=\"elementor-post__text\">\n\t\t\t\t<h3 class=\"elementor-post__title\">\n\t\t\t<a href=\"https:\/\/www.effe3ti.com\/de\/stabilita-del-carico\/\" >\n\t\t\t\tLaststabilit\u00e4t\t\t\t<\/a>\n\t\t<\/h3>\n\t\t\t\t<div class=\"elementor-post__excerpt\">\n\t\t\t<p>Der Ladungsverlust beim Transport von G\u00fctern ist ein nicht zu untersch\u00e4tzendes Problem. Es gibt die Norm EN 12195-1<\/p>\n\t\t<\/div>\n\t\t\n\t\t<a class=\"elementor-post__read-more\" href=\"https:\/\/www.effe3ti.com\/de\/stabilita-del-carico\/\" aria-label=\"Mehr zum Thema Laststabilit\u00e4t\" tabindex=\"-1\" >\n\t\t\tWeiterlesen\t\t<\/a>\n\n\t\t\t\t<\/div>\n\t\t\t\t<div class=\"elementor-post__meta-data\">\n\t\t\t\t\t<span class=\"elementor-post-date\">\n\t\t\t18. November 2022\t\t<\/span>\n\t\t\t\t<\/div>\n\t\t\t\t\t<\/div>\n\t\t<\/article>\n\t\t\t\t<article class=\"elementor-post elementor-grid-item post-9964 post type-post status-publish format-standard has-post-thumbnail hentry category-news-approfondimenti category-news-prodotto\" role=\"listitem\">\n\t\t\t<div class=\"elementor-post__card\">\n\t\t\t\t<a class=\"elementor-post__thumbnail__link\" href=\"https:\/\/www.effe3ti.com\/de\/avvolgere-pallet-con-spinny-s300-semplifica-la-vita\/\" tabindex=\"-1\" ><div class=\"elementor-post__thumbnail\"><img loading=\"lazy\" decoding=\"async\" width=\"234\" height=\"300\" src=\"https:\/\/www.effe3ti.com\/wp-content\/uploads\/2021\/04\/Spinny-S300w-234x300.jpg\" class=\"attachment-medium size-medium wp-image-1093\" alt=\"Spinny-Palettenwickler\" srcset=\"https:\/\/www.effe3ti.com\/wp-content\/uploads\/2021\/04\/Spinny-S300w-234x300.jpg 234w, https:\/\/www.effe3ti.com\/wp-content\/uploads\/2021\/04\/Spinny-S300w-600x770.jpg 600w, https:\/\/www.effe3ti.com\/wp-content\/uploads\/2021\/04\/Spinny-S300w-798x1024.jpg 798w, https:\/\/www.effe3ti.com\/wp-content\/uploads\/2021\/04\/Spinny-S300w-768x986.jpg 768w, https:\/\/www.effe3ti.com\/wp-content\/uploads\/2021\/04\/Spinny-S300w-1197x1536.jpg 1197w, https:\/\/www.effe3ti.com\/wp-content\/uploads\/2021\/04\/Spinny-S300w-1596x2048.jpg 1596w, https:\/\/www.effe3ti.com\/wp-content\/uploads\/2021\/04\/Spinny-S300w.jpg 1948w\" sizes=\"(max-width: 234px) 100vw, 234px\" \/><\/div><\/a>\n\t\t\t\t<div class=\"elementor-post__badge\">Einblicke<\/div>\n\t\t\t\t<div class=\"elementor-post__text\">\n\t\t\t\t<h3 class=\"elementor-post__title\">\n\t\t\t<a href=\"https:\/\/www.effe3ti.com\/de\/avvolgere-pallet-con-spinny-s300-semplifica-la-vita\/\" >\n\t\t\t\tDas Verpacken von Paletten mit dem Spinny S300 macht das Leben einfacher\t\t\t<\/a>\n\t\t<\/h3>\n\t\t\t\t<div class=\"elementor-post__excerpt\">\n\t\t\t<p>Paletten effizient und intelligent verpacken: Entdecken Sie den Spinny S300. Verpacken Sie Paletten sicher, effizient und mit maximaler Einsparung.<\/p>\n\t\t<\/div>\n\t\t\n\t\t<a class=\"elementor-post__read-more\" href=\"https:\/\/www.effe3ti.com\/de\/avvolgere-pallet-con-spinny-s300-semplifica-la-vita\/\" aria-label=\"Mehr dazu: Palettenwickeln mit Spinny S300 macht das Leben leichter\" tabindex=\"-1\" >\n\t\t\tWeiterlesen\t\t<\/a>\n\n\t\t\t\t<\/div>\n\t\t\t\t<div class=\"elementor-post__meta-data\">\n\t\t\t\t\t<span class=\"elementor-post-date\">\n\t\t\t17. Oktober 2022\t\t<\/span>\n\t\t\t\t<\/div>\n\t\t\t\t\t<\/div>\n\t\t<\/article>\n\t\t\t\t<article class=\"elementor-post elementor-grid-item post-9694 post type-post status-publish format-standard has-post-thumbnail hentry category-news-evidenza category-news-prodotto\" role=\"listitem\">\n\t\t\t<div class=\"elementor-post__card\">\n\t\t\t\t<a class=\"elementor-post__thumbnail__link\" href=\"https:\/\/www.effe3ti.com\/de\/linea-automatica-rotax-s5300\/\" tabindex=\"-1\" ><div class=\"elementor-post__thumbnail\"><img loading=\"lazy\" decoding=\"async\" width=\"300\" height=\"200\" src=\"https:\/\/www.effe3ti.com\/wp-content\/uploads\/2022\/09\/rotax-s5300-automatic-line-300x200.jpg\" class=\"attachment-medium size-medium wp-image-9701\" alt=\"Rotax S5300 Automatische Verpackungsmaschine\" srcset=\"https:\/\/www.effe3ti.com\/wp-content\/uploads\/2022\/09\/rotax-s5300-automatic-line-300x200.jpg 300w, https:\/\/www.effe3ti.com\/wp-content\/uploads\/2022\/09\/rotax-s5300-automatic-line-600x400.jpg 600w, https:\/\/www.effe3ti.com\/wp-content\/uploads\/2022\/09\/rotax-s5300-automatic-line-1024x683.jpg 1024w, https:\/\/www.effe3ti.com\/wp-content\/uploads\/2022\/09\/rotax-s5300-automatic-line-768x512.jpg 768w, https:\/\/www.effe3ti.com\/wp-content\/uploads\/2022\/09\/rotax-s5300-automatic-line-1536x1024.jpg 1536w, https:\/\/www.effe3ti.com\/wp-content\/uploads\/2022\/09\/rotax-s5300-automatic-line-2048x1366.jpg 2048w\" sizes=\"(max-width: 300px) 100vw, 300px\" \/><\/div><\/a>\n\t\t\t\t<div class=\"elementor-post__badge\">Empfohlen<\/div>\n\t\t\t\t<div class=\"elementor-post__text\">\n\t\t\t\t<h3 class=\"elementor-post__title\">\n\t\t\t<a href=\"https:\/\/www.effe3ti.com\/de\/linea-automatica-rotax-s5300\/\" >\n\t\t\t\tRotax S5300 Automatik Linie\t\t\t<\/a>\n\t\t<\/h3>\n\t\t\t\t<div class=\"elementor-post__excerpt\">\n\t\t\t<p>Automatische Armwickelmaschine f\u00fcr perfektes Verpacken Italtin, in der Provinz Bergamo ans\u00e4ssig, ist ein f\u00fchrendes Unternehmen in der Herstellung von<\/p>\n\t\t<\/div>\n\t\t\n\t\t<a class=\"elementor-post__read-more\" href=\"https:\/\/www.effe3ti.com\/de\/linea-automatica-rotax-s5300\/\" aria-label=\"Siehe auch Rotax S5300 Automatischer Faden\" tabindex=\"-1\" >\n\t\t\tWeiterlesen\t\t<\/a>\n\n\t\t\t\t<\/div>\n\t\t\t\t<div class=\"elementor-post__meta-data\">\n\t\t\t\t\t<span class=\"elementor-post-date\">\n\t\t\t13. September 2022\t\t<\/span>\n\t\t\t\t<\/div>\n\t\t\t\t\t<\/div>\n\t\t<\/article>\n\t\t\t\t<article class=\"elementor-post elementor-grid-item post-9491 post type-post status-publish format-standard has-post-thumbnail hentry category-news-prodotto\" role=\"listitem\">\n\t\t\t<div class=\"elementor-post__card\">\n\t\t\t\t<a class=\"elementor-post__thumbnail__link\" href=\"https:\/\/www.effe3ti.com\/de\/quick-guide-packaging\/\" tabindex=\"-1\" ><div class=\"elementor-post__thumbnail\"><img loading=\"lazy\" decoding=\"async\" width=\"209\" height=\"300\" src=\"https:\/\/www.effe3ti.com\/wp-content\/uploads\/2022\/06\/quick-guide-209x300.jpg\" class=\"attachment-medium size-medium wp-image-9492\" alt=\"EFFE3ti Kurzanleitung Verpackung\" srcset=\"https:\/\/www.effe3ti.com\/wp-content\/uploads\/2022\/06\/quick-guide-209x300.jpg 209w, https:\/\/www.effe3ti.com\/wp-content\/uploads\/2022\/06\/quick-guide-600x861.jpg 600w, https:\/\/www.effe3ti.com\/wp-content\/uploads\/2022\/06\/quick-guide.jpg 697w\" sizes=\"(max-width: 209px) 100vw, 209px\" \/><\/div><\/a>\n\t\t\t\t<div class=\"elementor-post__badge\">Produkt<\/div>\n\t\t\t\t<div class=\"elementor-post__text\">\n\t\t\t\t<h3 class=\"elementor-post__title\">\n\t\t\t<a href=\"https:\/\/www.effe3ti.com\/de\/quick-guide-packaging\/\" >\n\t\t\t\tKurzanleitung Verpackung\t\t\t<\/a>\n\t\t<\/h3>\n\t\t\t\t<div class=\"elementor-post__excerpt\">\n\t\t\t<p>Werfen Sie mit dieser Kurzanleitung einen Blick auf unsere Produktpalette, die Sie online ansehen oder auf Ihren Computer herunterladen k\u00f6nnen. Entdecken Sie die<\/p>\n\t\t<\/div>\n\t\t\n\t\t<a class=\"elementor-post__read-more\" href=\"https:\/\/www.effe3ti.com\/de\/quick-guide-packaging\/\" aria-label=\"Weitere Informationen zur Verpackung finden Sie in der Kurzanleitung.\" tabindex=\"-1\" >\n\t\t\tWeiterlesen\t\t<\/a>\n\n\t\t\t\t<\/div>\n\t\t\t\t<div class=\"elementor-post__meta-data\">\n\t\t\t\t\t<span class=\"elementor-post-date\">\n\t\t\t29. Juni 2022\t\t<\/span>\n\t\t\t\t<\/div>\n\t\t\t\t\t<\/div>\n\t\t<\/article>\n\t\t\t\t<article class=\"elementor-post elementor-grid-item post-9270 post type-post status-publish format-standard has-post-thumbnail hentry category-news-evidenza category-news-prodotto\" role=\"listitem\">\n\t\t\t<div class=\"elementor-post__card\">\n\t\t\t\t<a class=\"elementor-post__thumbnail__link\" href=\"https:\/\/www.effe3ti.com\/de\/spinny-s350-1-milione-di-pallet\/\" tabindex=\"-1\" ><div class=\"elementor-post__thumbnail\"><img loading=\"lazy\" decoding=\"async\" width=\"225\" height=\"300\" src=\"https:\/\/www.effe3ti.com\/wp-content\/uploads\/2022\/06\/S350-1milione-1w-225x300.jpg\" class=\"attachment-medium size-medium wp-image-9272\" alt=\"Spinny Winder mit Drehtisch\" srcset=\"https:\/\/www.effe3ti.com\/wp-content\/uploads\/2022\/06\/S350-1milione-1w-225x300.jpg 225w, https:\/\/www.effe3ti.com\/wp-content\/uploads\/2022\/06\/S350-1milione-1w-600x800.jpg 600w, https:\/\/www.effe3ti.com\/wp-content\/uploads\/2022\/06\/S350-1milione-1w-768x1024.jpg 768w, https:\/\/www.effe3ti.com\/wp-content\/uploads\/2022\/06\/S350-1milione-1w.jpg 1108w\" sizes=\"(max-width: 225px) 100vw, 225px\" \/><\/div><\/a>\n\t\t\t\t<div class=\"elementor-post__badge\">Empfohlen<\/div>\n\t\t\t\t<div class=\"elementor-post__text\">\n\t\t\t\t<h3 class=\"elementor-post__title\">\n\t\t\t<a href=\"https:\/\/www.effe3ti.com\/de\/spinny-s350-1-milione-di-pallet\/\" >\n\t\t\t\tSpinny S350: 1 Million Paletten verpackt\t\t\t<\/a>\n\t\t<\/h3>\n\t\t\t\t<div class=\"elementor-post__excerpt\">\n\t\t\t<p>Einsparungen und Nachhaltigkeit mit dem Spinny S350 Wussten Sie, dass ein motorisiertes Vordehnungssystem der Stretchfolie, kombiniert mit einer fortschrittlichen elektronischen Steuerung,<\/p>\n\t\t<\/div>\n\t\t\n\t\t<a class=\"elementor-post__read-more\" href=\"https:\/\/www.effe3ti.com\/de\/spinny-s350-1-milione-di-pallet\/\" aria-label=\"Mehr Spinny S350: 1 Million verpackte Paletten\" tabindex=\"-1\" >\n\t\t\tWeiterlesen\t\t<\/a>\n\n\t\t\t\t<\/div>\n\t\t\t\t<div class=\"elementor-post__meta-data\">\n\t\t\t\t\t<span class=\"elementor-post-date\">\n\t\t\t9. Juni 2022\t\t<\/span>\n\t\t\t\t<\/div>\n\t\t\t\t\t<\/div>\n\t\t<\/article>\n\t\t\t\t<article class=\"elementor-post elementor-grid-item post-8147 post type-post status-publish format-standard has-post-thumbnail hentry category-news-prodotto\" role=\"listitem\">\n\t\t\t<div class=\"elementor-post__card\">\n\t\t\t\t<a class=\"elementor-post__thumbnail__link\" href=\"https:\/\/www.effe3ti.com\/de\/eclectic-spinny-nuovo-spot\/\" tabindex=\"-1\" ><div class=\"elementor-post__thumbnail\"><img loading=\"lazy\" decoding=\"async\" width=\"300\" height=\"169\" src=\"https:\/\/www.effe3ti.com\/wp-content\/uploads\/2022\/01\/effe3ti-products-care-1-300x169.jpg\" class=\"attachment-medium size-medium wp-image-6483\" alt=\"Verpacken von Produkten auf Paletten\" srcset=\"https:\/\/www.effe3ti.com\/wp-content\/uploads\/2022\/01\/effe3ti-products-care-1-300x169.jpg 300w, https:\/\/www.effe3ti.com\/wp-content\/uploads\/2022\/01\/effe3ti-products-care-1-600x338.jpg 600w, https:\/\/www.effe3ti.com\/wp-content\/uploads\/2022\/01\/effe3ti-products-care-1-1024x576.jpg 1024w, https:\/\/www.effe3ti.com\/wp-content\/uploads\/2022\/01\/effe3ti-products-care-1-768x432.jpg 768w, https:\/\/www.effe3ti.com\/wp-content\/uploads\/2022\/01\/effe3ti-products-care-1-1536x864.jpg 1536w, https:\/\/www.effe3ti.com\/wp-content\/uploads\/2022\/01\/effe3ti-products-care-1.jpg 1600w\" sizes=\"(max-width: 300px) 100vw, 300px\" \/><\/div><\/a>\n\t\t\t\t<div class=\"elementor-post__badge\">Produkt<\/div>\n\t\t\t\t<div class=\"elementor-post__text\">\n\t\t\t\t<h3 class=\"elementor-post__title\">\n\t\t\t<a href=\"https:\/\/www.effe3ti.com\/de\/eclectic-spinny-nuovo-spot\/\" >\n\t\t\t\tEklektische Spinny\t\t\t<\/a>\n\t\t<\/h3>\n\t\t\t\t<div class=\"elementor-post__excerpt\">\n\t\t\t<p>Eine Maschine, viele Anpassungen Spinny S140, Spinny S300, Spinny S350 sind in verschiedenen Versionen und mit vielen Anpassungen erh\u00e4ltlich, die<\/p>\n\t\t<\/div>\n\t\t\n\t\t<a class=\"elementor-post__read-more\" href=\"https:\/\/www.effe3ti.com\/de\/eclectic-spinny-nuovo-spot\/\" aria-label=\"Mehr \u00fcber Eclectic Spinny\" tabindex=\"-1\" >\n\t\t\tWeiterlesen\t\t<\/a>\n\n\t\t\t\t<\/div>\n\t\t\t\t<div class=\"elementor-post__meta-data\">\n\t\t\t\t\t<span class=\"elementor-post-date\">\n\t\t\t11. Februar 2022\t\t<\/span>\n\t\t\t\t<\/div>\n\t\t\t\t\t<\/div>\n\t\t<\/article>\n\t\t\t\t<article class=\"elementor-post elementor-grid-item post-4252 post type-post status-publish format-standard has-post-thumbnail hentry category-news-evidenza category-news-prodotto\" role=\"listitem\">\n\t\t\t<div class=\"elementor-post__card\">\n\t\t\t\t<a class=\"elementor-post__thumbnail__link\" href=\"https:\/\/www.effe3ti.com\/de\/spinny-s300-massima-stabilita-prodotti\/\" tabindex=\"-1\" ><div class=\"elementor-post__thumbnail\"><img loading=\"lazy\" decoding=\"async\" width=\"300\" height=\"169\" src=\"https:\/\/www.effe3ti.com\/wp-content\/uploads\/2021\/10\/SpinnyS300-corda-300x169.jpg\" class=\"attachment-medium size-medium wp-image-4254\" alt=\"Spinny-Palettenwickler\" srcset=\"https:\/\/www.effe3ti.com\/wp-content\/uploads\/2021\/10\/SpinnyS300-corda-300x169.jpg 300w, https:\/\/www.effe3ti.com\/wp-content\/uploads\/2021\/10\/SpinnyS300-corda-600x338.jpg 600w, https:\/\/www.effe3ti.com\/wp-content\/uploads\/2021\/10\/SpinnyS300-corda-1024x576.jpg 1024w, https:\/\/www.effe3ti.com\/wp-content\/uploads\/2021\/10\/SpinnyS300-corda-768x432.jpg 768w, https:\/\/www.effe3ti.com\/wp-content\/uploads\/2021\/10\/SpinnyS300-corda.jpg 1500w\" sizes=\"(max-width: 300px) 100vw, 300px\" \/><\/div><\/a>\n\t\t\t\t<div class=\"elementor-post__badge\">Empfohlen<\/div>\n\t\t\t\t<div class=\"elementor-post__text\">\n\t\t\t\t<h3 class=\"elementor-post__title\">\n\t\t\t<a href=\"https:\/\/www.effe3ti.com\/de\/spinny-s300-massima-stabilita-prodotti\/\" >\n\t\t\t\tMaximale Stabilit\u00e4t mit Spinny S300\t\t\t<\/a>\n\t\t<\/h3>\n\t\t\t\t<div class=\"elementor-post__excerpt\">\n\t\t\t<p>H\u00f6here Stabilit\u00e4t f\u00fcr palettierte Produkte Einige palettierte Produkte erfordern eine h\u00f6here Stabilit\u00e4t als andere, insbesondere wenn es um<\/p>\n\t\t<\/div>\n\t\t\n\t\t<a class=\"elementor-post__read-more\" href=\"https:\/\/www.effe3ti.com\/de\/spinny-s300-massima-stabilita-prodotti\/\" aria-label=\"Mehr maximale Stabilit\u00e4t mit dem Spinny S300\" tabindex=\"-1\" >\n\t\t\tWeiterlesen\t\t<\/a>\n\n\t\t\t\t<\/div>\n\t\t\t\t<div class=\"elementor-post__meta-data\">\n\t\t\t\t\t<span class=\"elementor-post-date\">\n\t\t\t29. Oktober 2021\t\t<\/span>\n\t\t\t\t<\/div>\n\t\t\t\t\t<\/div>\n\t\t<\/article>\n\t\t\t\t<article class=\"elementor-post elementor-grid-item post-3195 post type-post status-publish format-standard has-post-thumbnail hentry category-news-evidenza category-news-prodotto\" role=\"listitem\">\n\t\t\t<div class=\"elementor-post__card\">\n\t\t\t\t<a class=\"elementor-post__thumbnail__link\" href=\"https:\/\/www.effe3ti.com\/de\/hiplast-romania-e-spinny-datalogger-per-industria-4-0\/\" tabindex=\"-1\" ><div class=\"elementor-post__thumbnail\"><img loading=\"lazy\" decoding=\"async\" width=\"220\" height=\"300\" src=\"https:\/\/www.effe3ti.com\/wp-content\/uploads\/2021\/04\/Spinny-S350TP-220x300.jpg\" class=\"attachment-medium size-medium wp-image-1106\" alt=\"Spinny-Wickelmaschine, Hubwageneinstieg\" srcset=\"https:\/\/www.effe3ti.com\/wp-content\/uploads\/2021\/04\/Spinny-S350TP-220x300.jpg 220w, https:\/\/www.effe3ti.com\/wp-content\/uploads\/2021\/04\/Spinny-S350TP-600x820.jpg 600w, https:\/\/www.effe3ti.com\/wp-content\/uploads\/2021\/04\/Spinny-S350TP-750x1024.jpg 750w, https:\/\/www.effe3ti.com\/wp-content\/uploads\/2021\/04\/Spinny-S350TP-768x1049.jpg 768w, https:\/\/www.effe3ti.com\/wp-content\/uploads\/2021\/04\/Spinny-S350TP.jpg 1098w\" sizes=\"(max-width: 220px) 100vw, 220px\" \/><\/div><\/a>\n\t\t\t\t<div class=\"elementor-post__badge\">Empfohlen<\/div>\n\t\t\t\t<div class=\"elementor-post__text\">\n\t\t\t\t<h3 class=\"elementor-post__title\">\n\t\t\t<a href=\"https:\/\/www.effe3ti.com\/de\/hiplast-romania-e-spinny-datalogger-per-industria-4-0\/\" >\n\t\t\t\tHighPlast Romania und Spinny Datenlogger f\u00fcr Industrie 4.0\t\t\t<\/a>\n\t\t<\/h3>\n\t\t\t\t<div class=\"elementor-post__excerpt\">\n\t\t\t<p>Die Installation eines Spinny S350 Dataloggers, ausgestattet mit IoT f\u00fcr Industrie 4.0, bei HIGHPLAST in Rum\u00e4nien dank unseres Kontakts KangooPack,<\/p>\n\t\t<\/div>\n\t\t\n\t\t<a class=\"elementor-post__read-more\" href=\"https:\/\/www.effe3ti.com\/de\/hiplast-romania-e-spinny-datalogger-per-industria-4-0\/\" aria-label=\"Siehe auch HighPlast Romania und Spinny Datalogger f\u00fcr Industrie 4.0\" tabindex=\"-1\" >\n\t\t\tWeiterlesen\t\t<\/a>\n\n\t\t\t\t<\/div>\n\t\t\t\t<div class=\"elementor-post__meta-data\">\n\t\t\t\t\t<span class=\"elementor-post-date\">\n\t\t\t25. August 2021\t\t<\/span>\n\t\t\t\t<\/div>\n\t\t\t\t\t<\/div>\n\t\t<\/article>\n\t\t\t\t<article class=\"elementor-post elementor-grid-item post-1891 post type-post status-publish format-standard has-post-thumbnail hentry category-news-evidenza category-news-prodotto\" role=\"listitem\">\n\t\t\t<div class=\"elementor-post__card\">\n\t\t\t\t<a class=\"elementor-post__thumbnail__link\" href=\"https:\/\/www.effe3ti.com\/de\/scoprite-il-nuovo-oscar-touch\/\" tabindex=\"-1\" ><div class=\"elementor-post__thumbnail\"><img loading=\"lazy\" decoding=\"async\" width=\"300\" height=\"200\" src=\"https:\/\/www.effe3ti.com\/wp-content\/uploads\/2021\/04\/3-oscar-touch-w-300x200.jpg\" class=\"attachment-medium size-medium wp-image-768\" alt=\"Oscar-Roboter\" srcset=\"https:\/\/www.effe3ti.com\/wp-content\/uploads\/2021\/04\/3-oscar-touch-w-300x200.jpg 300w, https:\/\/www.effe3ti.com\/wp-content\/uploads\/2021\/04\/3-oscar-touch-w-600x400.jpg 600w, https:\/\/www.effe3ti.com\/wp-content\/uploads\/2021\/04\/3-oscar-touch-w-1024x682.jpg 1024w, https:\/\/www.effe3ti.com\/wp-content\/uploads\/2021\/04\/3-oscar-touch-w-768x512.jpg 768w, https:\/\/www.effe3ti.com\/wp-content\/uploads\/2021\/04\/3-oscar-touch-w-1536x1024.jpg 1536w, https:\/\/www.effe3ti.com\/wp-content\/uploads\/2021\/04\/3-oscar-touch-w.jpg 2000w\" sizes=\"(max-width: 300px) 100vw, 300px\" \/><\/div><\/a>\n\t\t\t\t<div class=\"elementor-post__badge\">Empfohlen<\/div>\n\t\t\t\t<div class=\"elementor-post__text\">\n\t\t\t\t<h3 class=\"elementor-post__title\">\n\t\t\t<a href=\"https:\/\/www.effe3ti.com\/de\/scoprite-il-nuovo-oscar-touch\/\" >\n\t\t\t\tEntdecken Sie den neuen Oscar Touch\t\t\t<\/a>\n\t\t<\/h3>\n\t\t\t\t<div class=\"elementor-post__excerpt\">\n\t\t\t<p>Der EFFE3ti Palettenwickelroboter: Innovation und Leistung Der EFFE3ti Palettenwickelroboter wurde mit neuen Funktionen erneuert, die ihn noch<\/p>\n\t\t<\/div>\n\t\t\n\t\t<a class=\"elementor-post__read-more\" href=\"https:\/\/www.effe3ti.com\/de\/scoprite-il-nuovo-oscar-touch\/\" aria-label=\"Mehr \u00fcber \u201eEntdecken Sie den neuen Oscar Touch\u201c\" tabindex=\"-1\" >\n\t\t\tWeiterlesen\t\t<\/a>\n\n\t\t\t\t<\/div>\n\t\t\t\t<div class=\"elementor-post__meta-data\">\n\t\t\t\t\t<span class=\"elementor-post-date\">\n\t\t\t29. April 2021\t\t<\/span>\n\t\t\t\t<\/div>\n\t\t\t\t\t<\/div>\n\t\t<\/article>\n\t\t\t\t<article class=\"elementor-post elementor-grid-item post-1408 post type-post status-publish format-standard has-post-thumbnail hentry category-news-approfondimenti category-news-prodotto\" role=\"listitem\">\n\t\t\t<div class=\"elementor-post__card\">\n\t\t\t\t<a class=\"elementor-post__thumbnail__link\" href=\"https:\/\/www.effe3ti.com\/de\/sempre-piu-richiesta-in-nuova-zelanda\/\" tabindex=\"-1\" ><div class=\"elementor-post__thumbnail\"><img loading=\"lazy\" decoding=\"async\" width=\"300\" height=\"200\" src=\"https:\/\/www.effe3ti.com\/wp-content\/uploads\/2021\/04\/Sealed-Air_03-300x200.jpg\" class=\"attachment-medium size-medium wp-image-886\" alt=\"\" srcset=\"https:\/\/www.effe3ti.com\/wp-content\/uploads\/2021\/04\/Sealed-Air_03-300x200.jpg 300w, https:\/\/www.effe3ti.com\/wp-content\/uploads\/2021\/04\/Sealed-Air_03-600x400.jpg 600w, https:\/\/www.effe3ti.com\/wp-content\/uploads\/2021\/04\/Sealed-Air_03-1024x683.jpg 1024w, https:\/\/www.effe3ti.com\/wp-content\/uploads\/2021\/04\/Sealed-Air_03-768x512.jpg 768w, https:\/\/www.effe3ti.com\/wp-content\/uploads\/2021\/04\/Sealed-Air_03-1536x1024.jpg 1536w, https:\/\/www.effe3ti.com\/wp-content\/uploads\/2021\/04\/Sealed-Air_03-2048x1366.jpg 2048w\" sizes=\"(max-width: 300px) 100vw, 300px\" \/><\/div><\/a>\n\t\t\t\t<div class=\"elementor-post__badge\">Einblicke<\/div>\n\t\t\t\t<div class=\"elementor-post__text\">\n\t\t\t\t<h3 class=\"elementor-post__title\">\n\t\t\t<a href=\"https:\/\/www.effe3ti.com\/de\/sempre-piu-richiesta-in-nuova-zelanda\/\" >\n\t\t\t\tIn Neuseeland immer gefragter\t\t\t<\/a>\n\t\t<\/h3>\n\t\t\t\t<div class=\"elementor-post__excerpt\">\n\t\t\t<p>Die neuseel\u00e4ndische Lebensmittelindustrie verl\u00e4sst sich auf die Verpackungsl\u00f6sungen von Sealed Air, um Lebensmittel sicher aufzubewahren und<\/p>\n\t\t<\/div>\n\t\t\n\t\t<a class=\"elementor-post__read-more\" href=\"https:\/\/www.effe3ti.com\/de\/sempre-piu-richiesta-in-nuova-zelanda\/\" aria-label=\"Mehr zum Thema steigende Nachfrage in Neuseeland\" tabindex=\"-1\" >\n\t\t\tWeiterlesen\t\t<\/a>\n\n\t\t\t\t<\/div>\n\t\t\t\t<div class=\"elementor-post__meta-data\">\n\t\t\t\t\t<span class=\"elementor-post-date\">\n\t\t\t2. April 2021\t\t<\/span>\n\t\t\t\t<\/div>\n\t\t\t\t\t<\/div>\n\t\t<\/article>\n\t\t\t\t<article class=\"elementor-post elementor-grid-item post-1403 post type-post status-publish format-standard has-post-thumbnail hentry category-news-prodotto\" role=\"listitem\">\n\t\t\t<div class=\"elementor-post__card\">\n\t\t\t\t<a class=\"elementor-post__thumbnail__link\" href=\"https:\/\/www.effe3ti.com\/de\/avvolgere-e-pesare-il-bancale\/\" tabindex=\"-1\" ><div class=\"elementor-post__thumbnail\"><img loading=\"lazy\" decoding=\"async\" width=\"300\" height=\"200\" src=\"https:\/\/www.effe3ti.com\/wp-content\/uploads\/2021\/04\/Rotax-S5300-2-1-300x200.jpg\" class=\"attachment-medium size-medium wp-image-1188\" alt=\"Armwickelmaschine\" srcset=\"https:\/\/www.effe3ti.com\/wp-content\/uploads\/2021\/04\/Rotax-S5300-2-1-300x200.jpg 300w, https:\/\/www.effe3ti.com\/wp-content\/uploads\/2021\/04\/Rotax-S5300-2-1-600x400.jpg 600w, https:\/\/www.effe3ti.com\/wp-content\/uploads\/2021\/04\/Rotax-S5300-2-1-1024x683.jpg 1024w, https:\/\/www.effe3ti.com\/wp-content\/uploads\/2021\/04\/Rotax-S5300-2-1-768x512.jpg 768w, https:\/\/www.effe3ti.com\/wp-content\/uploads\/2021\/04\/Rotax-S5300-2-1.jpg 1500w\" sizes=\"(max-width: 300px) 100vw, 300px\" \/><\/div><\/a>\n\t\t\t\t<div class=\"elementor-post__badge\">Produkt<\/div>\n\t\t\t\t<div class=\"elementor-post__text\">\n\t\t\t\t<h3 class=\"elementor-post__title\">\n\t\t\t<a href=\"https:\/\/www.effe3ti.com\/de\/avvolgere-e-pesare-il-bancale\/\" >\n\t\t\t\tPalette verpacken und wiegen\t\t\t<\/a>\n\t\t<\/h3>\n\t\t\t\t<div class=\"elementor-post__excerpt\">\n\t\t\t<p>Vorteile der Wiegeverpackung: Effizienz und Pr\u00e4zision in einer L\u00f6sung. In der Logistik- und Verpackungsbranche ist die Betriebseffizienz entscheidend. Eine Verpackungsmaschine<\/p>\n\t\t<\/div>\n\t\t\n\t\t<a class=\"elementor-post__read-more\" href=\"https:\/\/www.effe3ti.com\/de\/avvolgere-e-pesare-il-bancale\/\" aria-label=\"Mehr zum Einwickeln und Wiegen der Palette\" tabindex=\"-1\" >\n\t\t\tWeiterlesen\t\t<\/a>\n\n\t\t\t\t<\/div>\n\t\t\t\t<div class=\"elementor-post__meta-data\">\n\t\t\t\t\t<span class=\"elementor-post-date\">\n\t\t\t8. M\u00e4rz 2021\t\t<\/span>\n\t\t\t\t<\/div>\n\t\t\t\t\t<\/div>\n\t\t<\/article>\n\t\t\t\t<article class=\"elementor-post elementor-grid-item post-1374 post type-post status-publish format-standard has-post-thumbnail hentry category-news-evidenza category-news-prodotto\" role=\"listitem\">\n\t\t\t<div class=\"elementor-post__card\">\n\t\t\t\t<a class=\"elementor-post__thumbnail__link\" href=\"https:\/\/www.effe3ti.com\/de\/6x1-6-operazioni-1-operatore\/\" tabindex=\"-1\" ><div class=\"elementor-post__thumbnail\"><img loading=\"lazy\" decoding=\"async\" width=\"300\" height=\"169\" src=\"https:\/\/www.effe3ti.com\/wp-content\/uploads\/2021\/04\/Linea-Scatole-01ww-300x169.jpg\" class=\"attachment-medium size-medium wp-image-1375\" alt=\"Industrie 4.0-Boxlinie\" srcset=\"https:\/\/www.effe3ti.com\/wp-content\/uploads\/2021\/04\/Linea-Scatole-01ww-300x169.jpg 300w, https:\/\/www.effe3ti.com\/wp-content\/uploads\/2021\/04\/Linea-Scatole-01ww-600x337.jpg 600w, https:\/\/www.effe3ti.com\/wp-content\/uploads\/2021\/04\/Linea-Scatole-01ww-1024x576.jpg 1024w, https:\/\/www.effe3ti.com\/wp-content\/uploads\/2021\/04\/Linea-Scatole-01ww-768x432.jpg 768w, https:\/\/www.effe3ti.com\/wp-content\/uploads\/2021\/04\/Linea-Scatole-01ww-1536x864.jpg 1536w, https:\/\/www.effe3ti.com\/wp-content\/uploads\/2021\/04\/Linea-Scatole-01ww.jpg 1778w\" sizes=\"(max-width: 300px) 100vw, 300px\" \/><\/div><\/a>\n\t\t\t\t<div class=\"elementor-post__badge\">Empfohlen<\/div>\n\t\t\t\t<div class=\"elementor-post__text\">\n\t\t\t\t<h3 class=\"elementor-post__title\">\n\t\t\t<a href=\"https:\/\/www.effe3ti.com\/de\/6x1-6-operazioni-1-operatore\/\" >\n\t\t\t\tKartons zum Versenden? Linie 6\u00d71 \u2013 6 Operationen, 1 Bediener\t\t\t<\/a>\n\t\t<\/h3>\n\t\t\t\t<div class=\"elementor-post__excerpt\">\n\t\t\t<p>Mit der 6X1-Kartonlinie k\u00f6nnen Sie die Vorbereitung der Kartons vollst\u00e4ndig automatisch und mit Hilfe eines einzigen Bedieners verwalten.<\/p>\n\t\t<\/div>\n\t\t\n\t\t<a class=\"elementor-post__read-more\" href=\"https:\/\/www.effe3ti.com\/de\/6x1-6-operazioni-1-operatore\/\" aria-label=\"Mehr zu Versandkartons? 6\u00d71 Linie \u2013 6 Arbeitsg\u00e4nge, 1 Bediener\" tabindex=\"-1\" >\n\t\t\tWeiterlesen\t\t<\/a>\n\n\t\t\t\t<\/div>\n\t\t\t\t<div class=\"elementor-post__meta-data\">\n\t\t\t\t\t<span class=\"elementor-post-date\">\n\t\t\t2. M\u00e4rz 2021\t\t<\/span>\n\t\t\t\t<\/div>\n\t\t\t\t\t<\/div>\n\t\t<\/article>\n\t\t\t\t<article class=\"elementor-post elementor-grid-item post-1357 post type-post status-publish format-standard has-post-thumbnail hentry category-news-evidenza category-news-prodotto\" role=\"listitem\">\n\t\t\t<div class=\"elementor-post__card\">\n\t\t\t\t<a class=\"elementor-post__thumbnail__link\" href=\"https:\/\/www.effe3ti.com\/de\/spinny-s500-la-qualita-incontra-la-sicurezza\/\" tabindex=\"-1\" ><div class=\"elementor-post__thumbnail\"><img loading=\"lazy\" decoding=\"async\" width=\"300\" height=\"169\" src=\"https:\/\/www.effe3ti.com\/wp-content\/uploads\/2021\/04\/Spinny-S500-Quality-Safety-300x169.jpg\" class=\"attachment-medium size-medium wp-image-1358\" alt=\"Spinner-Wickler\" srcset=\"https:\/\/www.effe3ti.com\/wp-content\/uploads\/2021\/04\/Spinny-S500-Quality-Safety-300x169.jpg 300w, https:\/\/www.effe3ti.com\/wp-content\/uploads\/2021\/04\/Spinny-S500-Quality-Safety-600x338.jpg 600w, https:\/\/www.effe3ti.com\/wp-content\/uploads\/2021\/04\/Spinny-S500-Quality-Safety-1024x576.jpg 1024w, https:\/\/www.effe3ti.com\/wp-content\/uploads\/2021\/04\/Spinny-S500-Quality-Safety-768x432.jpg 768w, https:\/\/www.effe3ti.com\/wp-content\/uploads\/2021\/04\/Spinny-S500-Quality-Safety-1536x864.jpg 1536w, https:\/\/www.effe3ti.com\/wp-content\/uploads\/2021\/04\/Spinny-S500-Quality-Safety.jpg 2000w\" sizes=\"(max-width: 300px) 100vw, 300px\" \/><\/div><\/a>\n\t\t\t\t<div class=\"elementor-post__badge\">Empfohlen<\/div>\n\t\t\t\t<div class=\"elementor-post__text\">\n\t\t\t\t<h3 class=\"elementor-post__title\">\n\t\t\t<a href=\"https:\/\/www.effe3ti.com\/de\/spinny-s500-la-qualita-incontra-la-sicurezza\/\" >\n\t\t\t\tSpinny S500: Qualit\u00e4t trifft Sicherheit\t\t\t<\/a>\n\t\t<\/h3>\n\t\t\t\t<div class=\"elementor-post__excerpt\">\n\t\t\t<p>Spinny: die flexible und vielseitige Verpackungsmaschine Spinny ist eine Palettenverpackungsmaschine mit intelligentem Design, die darauf ausgelegt ist, betriebliche Flexibilit\u00e4t und maximale Sicherheit zu kombinieren. Sein<\/p>\n\t\t<\/div>\n\t\t\n\t\t<a class=\"elementor-post__read-more\" href=\"https:\/\/www.effe3ti.com\/de\/spinny-s500-la-qualita-incontra-la-sicurezza\/\" aria-label=\"Mehr zum Spinny S500: Qualit\u00e4t trifft auf Sicherheit\" tabindex=\"-1\" >\n\t\t\tWeiterlesen\t\t<\/a>\n\n\t\t\t\t<\/div>\n\t\t\t\t<div class=\"elementor-post__meta-data\">\n\t\t\t\t\t<span class=\"elementor-post-date\">\n\t\t\t1. M\u00e4rz 2021\t\t<\/span>\n\t\t\t\t<\/div>\n\t\t\t\t\t<\/div>\n\t\t<\/article>\n\t\t\t\t<article class=\"elementor-post elementor-grid-item post-1366 post type-post status-publish format-standard has-post-thumbnail hentry category-news-evidenza category-news-prodotto\" role=\"listitem\">\n\t\t\t<div class=\"elementor-post__card\">\n\t\t\t\t<a class=\"elementor-post__thumbnail__link\" href=\"https:\/\/www.effe3ti.com\/de\/spinny-s350tp-cut\/\" tabindex=\"-1\" ><div class=\"elementor-post__thumbnail\"><img loading=\"lazy\" decoding=\"async\" width=\"220\" height=\"300\" src=\"https:\/\/www.effe3ti.com\/wp-content\/uploads\/2021\/04\/Spinny-S350TP-220x300.jpg\" class=\"attachment-medium size-medium wp-image-1106\" alt=\"Spinny-Wickelmaschine, Hubwageneinstieg\" srcset=\"https:\/\/www.effe3ti.com\/wp-content\/uploads\/2021\/04\/Spinny-S350TP-220x300.jpg 220w, https:\/\/www.effe3ti.com\/wp-content\/uploads\/2021\/04\/Spinny-S350TP-600x820.jpg 600w, https:\/\/www.effe3ti.com\/wp-content\/uploads\/2021\/04\/Spinny-S350TP-750x1024.jpg 750w, https:\/\/www.effe3ti.com\/wp-content\/uploads\/2021\/04\/Spinny-S350TP-768x1049.jpg 768w, https:\/\/www.effe3ti.com\/wp-content\/uploads\/2021\/04\/Spinny-S350TP.jpg 1098w\" sizes=\"(max-width: 220px) 100vw, 220px\" \/><\/div><\/a>\n\t\t\t\t<div class=\"elementor-post__badge\">Empfohlen<\/div>\n\t\t\t\t<div class=\"elementor-post__text\">\n\t\t\t\t<h3 class=\"elementor-post__title\">\n\t\t\t<a href=\"https:\/\/www.effe3ti.com\/de\/spinny-s350tp-cut\/\" >\n\t\t\t\tSpinny S350TP-Cut f\u00fcr Palettenwagen\t\t\t<\/a>\n\t\t<\/h3>\n\t\t\t\t<div class=\"elementor-post__excerpt\">\n\t\t\t<p>Eklektischer SPINNY In dieser Geschichte: Spinny S350 mit Palettenhubwagen-Eingabetisch, Verpackungssystem mit Rill- und Schneidevorrichtung<\/p>\n\t\t<\/div>\n\t\t\n\t\t<a class=\"elementor-post__read-more\" href=\"https:\/\/www.effe3ti.com\/de\/spinny-s350tp-cut\/\" aria-label=\"Mehr Spinny S350TP-Cut f\u00fcr Hubwagen\" tabindex=\"-1\" >\n\t\t\tWeiterlesen\t\t<\/a>\n\n\t\t\t\t<\/div>\n\t\t\t\t<div class=\"elementor-post__meta-data\">\n\t\t\t\t\t<span class=\"elementor-post-date\">\n\t\t\t28. Februar 2021\t\t<\/span>\n\t\t\t\t<\/div>\n\t\t\t\t\t<\/div>\n\t\t<\/article>\n\t\t\t\t<article class=\"elementor-post elementor-grid-item post-1397 post type-post status-publish format-standard has-post-thumbnail hentry category-news-prodotto\" role=\"listitem\">\n\t\t\t<div class=\"elementor-post__card\">\n\t\t\t\t<a class=\"elementor-post__thumbnail__link\" href=\"https:\/\/www.effe3ti.com\/de\/spinny-s350-con-portabobina-750mm\/\" tabindex=\"-1\" ><div class=\"elementor-post__thumbnail\"><img loading=\"lazy\" decoding=\"async\" width=\"300\" height=\"169\" src=\"https:\/\/www.effe3ti.com\/wp-content\/uploads\/2021\/04\/SpinnyS350-video750-1-300x169.jpg\" class=\"attachment-medium size-medium wp-image-1398\" alt=\"Spinny S350 Touch-Palettenwickler\" srcset=\"https:\/\/www.effe3ti.com\/wp-content\/uploads\/2021\/04\/SpinnyS350-video750-1-300x169.jpg 300w, https:\/\/www.effe3ti.com\/wp-content\/uploads\/2021\/04\/SpinnyS350-video750-1-600x338.jpg 600w, https:\/\/www.effe3ti.com\/wp-content\/uploads\/2021\/04\/SpinnyS350-video750-1-1024x576.jpg 1024w, https:\/\/www.effe3ti.com\/wp-content\/uploads\/2021\/04\/SpinnyS350-video750-1-768x432.jpg 768w, https:\/\/www.effe3ti.com\/wp-content\/uploads\/2021\/04\/SpinnyS350-video750-1-1536x864.jpg 1536w, https:\/\/www.effe3ti.com\/wp-content\/uploads\/2021\/04\/SpinnyS350-video750-1.jpg 1802w\" sizes=\"(max-width: 300px) 100vw, 300px\" \/><\/div><\/a>\n\t\t\t\t<div class=\"elementor-post__badge\">Produkt<\/div>\n\t\t\t\t<div class=\"elementor-post__text\">\n\t\t\t\t<h3 class=\"elementor-post__title\">\n\t\t\t<a href=\"https:\/\/www.effe3ti.com\/de\/spinny-s350-con-portabobina-750mm\/\" >\n\t\t\t\tSpinny S350 Palettenwickler mit 750-mm-Rollenhalter\t\t\t<\/a>\n\t\t<\/h3>\n\t\t\t\t<div class=\"elementor-post__excerpt\">\n\t\t\t<p>Spinny ist eine Palettenwickelmaschine mit vielseitiger Pers\u00f6nlichkeit. Seine Benutzerfreundlichkeit und Zuverl\u00e4ssigkeit machen es zu einer perfekten Verpackungsmaschine f\u00fcr<\/p>\n\t\t<\/div>\n\t\t\n\t\t<a class=\"elementor-post__read-more\" href=\"https:\/\/www.effe3ti.com\/de\/spinny-s350-con-portabobina-750mm\/\" aria-label=\"More Spinny S350 Palettenwickler mit 750-mm-Rollenhalter\" tabindex=\"-1\" >\n\t\t\tWeiterlesen\t\t<\/a>\n\n\t\t\t\t<\/div>\n\t\t\t\t<div class=\"elementor-post__meta-data\">\n\t\t\t\t\t<span class=\"elementor-post-date\">\n\t\t\t25. Februar 2021\t\t<\/span>\n\t\t\t\t<\/div>\n\t\t\t\t\t<\/div>\n\t\t<\/article>\n\t\t\t\t<article class=\"elementor-post elementor-grid-item post-1388 post type-post status-publish format-standard has-post-thumbnail hentry category-news-prodotto\" role=\"listitem\">\n\t\t\t<div class=\"elementor-post__card\">\n\t\t\t\t<a class=\"elementor-post__thumbnail__link\" href=\"https:\/\/www.effe3ti.com\/de\/spinny-s350-step\/\" tabindex=\"-1\" ><div class=\"elementor-post__thumbnail\"><img loading=\"lazy\" decoding=\"async\" width=\"300\" height=\"169\" src=\"https:\/\/www.effe3ti.com\/wp-content\/uploads\/2021\/04\/Spinny-video-300x169.jpg\" class=\"attachment-medium size-medium wp-image-1031\" alt=\"Palettenverpackung\" srcset=\"https:\/\/www.effe3ti.com\/wp-content\/uploads\/2021\/04\/Spinny-video-300x169.jpg 300w, https:\/\/www.effe3ti.com\/wp-content\/uploads\/2021\/04\/Spinny-video-600x338.jpg 600w, https:\/\/www.effe3ti.com\/wp-content\/uploads\/2021\/04\/Spinny-video-1024x576.jpg 1024w, https:\/\/www.effe3ti.com\/wp-content\/uploads\/2021\/04\/Spinny-video-768x432.jpg 768w, https:\/\/www.effe3ti.com\/wp-content\/uploads\/2021\/04\/Spinny-video-1536x864.jpg 1536w, https:\/\/www.effe3ti.com\/wp-content\/uploads\/2021\/04\/Spinny-video.jpg 1788w\" sizes=\"(max-width: 300px) 100vw, 300px\" \/><\/div><\/a>\n\t\t\t\t<div class=\"elementor-post__badge\">Produkt<\/div>\n\t\t\t\t<div class=\"elementor-post__text\">\n\t\t\t\t<h3 class=\"elementor-post__title\">\n\t\t\t<a href=\"https:\/\/www.effe3ti.com\/de\/spinny-s350-step\/\" >\n\t\t\t\tSpinny S350-Schritt\t\t\t<\/a>\n\t\t<\/h3>\n\t\t\t\t<div class=\"elementor-post__excerpt\">\n\t\t\t<p>Vielseitiger SPINNY. In dieser Geschichte: Spinny S350 mit externem Bedienfeld und STEP-Wickelprogramm. Schauen Sie sich das Video an!<\/p>\n\t\t<\/div>\n\t\t\n\t\t<a class=\"elementor-post__read-more\" href=\"https:\/\/www.effe3ti.com\/de\/spinny-s350-step\/\" aria-label=\"Mehr zum Spinny S350-Step\" tabindex=\"-1\" >\n\t\t\tWeiterlesen\t\t<\/a>\n\n\t\t\t\t<\/div>\n\t\t\t\t<div class=\"elementor-post__meta-data\">\n\t\t\t\t\t<span class=\"elementor-post-date\">\n\t\t\t10. Februar 2021\t\t<\/span>\n\t\t\t\t<\/div>\n\t\t\t\t\t<\/div>\n\t\t<\/article>\n\t\t\t\t<article class=\"elementor-post elementor-grid-item post-878 post type-post status-publish format-standard has-post-thumbnail hentry category-news-prodotto\" role=\"listitem\">\n\t\t\t<div class=\"elementor-post__card\">\n\t\t\t\t<a class=\"elementor-post__thumbnail__link\" href=\"https:\/\/www.effe3ti.com\/de\/eclettica-spinny\/\" tabindex=\"-1\" ><div class=\"elementor-post__thumbnail\"><img loading=\"lazy\" decoding=\"async\" width=\"300\" height=\"300\" src=\"https:\/\/www.effe3ti.com\/wp-content\/uploads\/2021\/04\/eclectic-spinny-300x300.jpg\" class=\"attachment-medium size-medium wp-image-883\" alt=\"\" srcset=\"https:\/\/www.effe3ti.com\/wp-content\/uploads\/2021\/04\/eclectic-spinny-300x300.jpg 300w, https:\/\/www.effe3ti.com\/wp-content\/uploads\/2021\/04\/eclectic-spinny-100x100.jpg 100w, https:\/\/www.effe3ti.com\/wp-content\/uploads\/2021\/04\/eclectic-spinny-600x600.jpg 600w, https:\/\/www.effe3ti.com\/wp-content\/uploads\/2021\/04\/eclectic-spinny-150x150.jpg 150w, https:\/\/www.effe3ti.com\/wp-content\/uploads\/2021\/04\/eclectic-spinny-768x768.jpg 768w, https:\/\/www.effe3ti.com\/wp-content\/uploads\/2021\/04\/eclectic-spinny.jpg 800w\" sizes=\"(max-width: 300px) 100vw, 300px\" \/><\/div><\/a>\n\t\t\t\t<div class=\"elementor-post__badge\">Produkt<\/div>\n\t\t\t\t<div class=\"elementor-post__text\">\n\t\t\t\t<h3 class=\"elementor-post__title\">\n\t\t\t<a href=\"https:\/\/www.effe3ti.com\/de\/eclettica-spinny\/\" >\n\t\t\t\tEklektische Spinny\t\t\t<\/a>\n\t\t<\/h3>\n\t\t\t\t<div class=\"elementor-post__excerpt\">\n\t\t\t<p>Spinny ist eine Palettenwickelmaschine mit vielseitiger Pers\u00f6nlichkeit. Seine Benutzerfreundlichkeit und Zuverl\u00e4ssigkeit machen es zu einer perfekten Verpackungsmaschine f\u00fcr<\/p>\n\t\t<\/div>\n\t\t\n\t\t<a class=\"elementor-post__read-more\" href=\"https:\/\/www.effe3ti.com\/de\/eclettica-spinny\/\" aria-label=\"Mehr \u00fcber Eclettica Spinny\" tabindex=\"-1\" >\n\t\t\tWeiterlesen\t\t<\/a>\n\n\t\t\t\t<\/div>\n\t\t\t\t<div class=\"elementor-post__meta-data\">\n\t\t\t\t\t<span class=\"elementor-post-date\">\n\t\t\t18. Januar 2021\t\t<\/span>\n\t\t\t\t<\/div>\n\t\t\t\t\t<\/div>\n\t\t<\/article>\n\t\t\t\t<article class=\"elementor-post elementor-grid-item post-862 post type-post status-publish format-standard has-post-thumbnail hentry category-news-prodotto\" role=\"listitem\">\n\t\t\t<div class=\"elementor-post__card\">\n\t\t\t\t<a class=\"elementor-post__thumbnail__link\" href=\"https:\/\/www.effe3ti.com\/de\/diamo-un-taglio-al-film-estensibile\/\" tabindex=\"-1\" ><div class=\"elementor-post__thumbnail\"><img loading=\"lazy\" decoding=\"async\" width=\"300\" height=\"169\" src=\"https:\/\/www.effe3ti.com\/wp-content\/uploads\/2021\/04\/spinny-auto-film-cut-300x169.jpg\" class=\"attachment-medium size-medium wp-image-863\" alt=\"Stretchfolienschneiden\" srcset=\"https:\/\/www.effe3ti.com\/wp-content\/uploads\/2021\/04\/spinny-auto-film-cut-300x169.jpg 300w, https:\/\/www.effe3ti.com\/wp-content\/uploads\/2021\/04\/spinny-auto-film-cut-600x338.jpg 600w, https:\/\/www.effe3ti.com\/wp-content\/uploads\/2021\/04\/spinny-auto-film-cut-1024x576.jpg 1024w, https:\/\/www.effe3ti.com\/wp-content\/uploads\/2021\/04\/spinny-auto-film-cut-768x432.jpg 768w, https:\/\/www.effe3ti.com\/wp-content\/uploads\/2021\/04\/spinny-auto-film-cut-1536x864.jpg 1536w, https:\/\/www.effe3ti.com\/wp-content\/uploads\/2021\/04\/spinny-auto-film-cut.jpg 1600w\" sizes=\"(max-width: 300px) 100vw, 300px\" \/><\/div><\/a>\n\t\t\t\t<div class=\"elementor-post__badge\">Produkt<\/div>\n\t\t\t\t<div class=\"elementor-post__text\">\n\t\t\t\t<h3 class=\"elementor-post__title\">\n\t\t\t<a href=\"https:\/\/www.effe3ti.com\/de\/diamo-un-taglio-al-film-estensibile\/\" >\n\t\t\t\tSchneiden wir die Stretchfolie aus\t\t\t<\/a>\n\t\t<\/h3>\n\t\t\t\t<div class=\"elementor-post__excerpt\">\n\t\t\t<p>Verbesserung der Maschinen und Erh\u00f6hung der Sicherheit Ein sehr sorgf\u00e4ltiges Auge auf die Verbesserung der Arbeitsbedingungen ist eines der Merkmale<\/p>\n\t\t<\/div>\n\t\t\n\t\t<a class=\"elementor-post__read-more\" href=\"https:\/\/www.effe3ti.com\/de\/diamo-un-taglio-al-film-estensibile\/\" aria-label=\"Mehr zu \u201eLasst uns die Stretchfolie entfernen\u201c\" tabindex=\"-1\" >\n\t\t\tWeiterlesen\t\t<\/a>\n\n\t\t\t\t<\/div>\n\t\t\t\t<div class=\"elementor-post__meta-data\">\n\t\t\t\t\t<span class=\"elementor-post-date\">\n\t\t\t7. Januar 2021\t\t<\/span>\n\t\t\t\t<\/div>\n\t\t\t\t\t<\/div>\n\t\t<\/article>\n\t\t\t\t<article class=\"elementor-post elementor-grid-item post-786 post type-post status-publish format-standard has-post-thumbnail hentry category-news-approfondimenti category-news-prodotto\" role=\"listitem\">\n\t\t\t<div class=\"elementor-post__card\">\n\t\t\t\t<a class=\"elementor-post__thumbnail__link\" href=\"https:\/\/www.effe3ti.com\/de\/la-forza-dellacciaio\/\" tabindex=\"-1\" ><div class=\"elementor-post__thumbnail\"><img loading=\"lazy\" decoding=\"async\" width=\"200\" height=\"300\" src=\"https:\/\/www.effe3ti.com\/wp-content\/uploads\/2021\/04\/Rotax3300-Inox-200x300.jpg\" class=\"attachment-medium size-medium wp-image-1171\" alt=\"Stahlverpackungsmaschine Palettenwickler\" srcset=\"https:\/\/www.effe3ti.com\/wp-content\/uploads\/2021\/04\/Rotax3300-Inox-200x300.jpg 200w, https:\/\/www.effe3ti.com\/wp-content\/uploads\/2021\/04\/Rotax3300-Inox-600x899.jpg 600w, https:\/\/www.effe3ti.com\/wp-content\/uploads\/2021\/04\/Rotax3300-Inox-683x1024.jpg 683w, https:\/\/www.effe3ti.com\/wp-content\/uploads\/2021\/04\/Rotax3300-Inox-768x1151.jpg 768w, https:\/\/www.effe3ti.com\/wp-content\/uploads\/2021\/04\/Rotax3300-Inox.jpg 1001w\" sizes=\"(max-width: 200px) 100vw, 200px\" \/><\/div><\/a>\n\t\t\t\t<div class=\"elementor-post__badge\">Einblicke<\/div>\n\t\t\t\t<div class=\"elementor-post__text\">\n\t\t\t\t<h3 class=\"elementor-post__title\">\n\t\t\t<a href=\"https:\/\/www.effe3ti.com\/de\/la-forza-dellacciaio\/\" >\n\t\t\t\tDie St\u00e4rke von Stahl\t\t\t<\/a>\n\t\t<\/h3>\n\t\t\t\t<div class=\"elementor-post__excerpt\">\n\t\t\t<p>In einigen Industriezweigen erfolgt die Verarbeitung von Produkten sowie deren Endverpackung in feuchter Umgebung und\/oder in Gegenwart von<\/p>\n\t\t<\/div>\n\t\t\n\t\t<a class=\"elementor-post__read-more\" href=\"https:\/\/www.effe3ti.com\/de\/la-forza-dellacciaio\/\" aria-label=\"Mehr \u00fcber Die St\u00e4rke von Stahl\" tabindex=\"-1\" >\n\t\t\tWeiterlesen\t\t<\/a>\n\n\t\t\t\t<\/div>\n\t\t\t\t<div class=\"elementor-post__meta-data\">\n\t\t\t\t\t<span class=\"elementor-post-date\">\n\t\t\t7. April 2020\t\t<\/span>\n\t\t\t\t<\/div>\n\t\t\t\t\t<\/div>\n\t\t<\/article>\n\t\t\t\t<article class=\"elementor-post elementor-grid-item post-615 post type-post status-publish format-standard has-post-thumbnail hentry category-news-approfondimenti category-news-evidenza category-news-prodotto\" role=\"listitem\">\n\t\t\t<div class=\"elementor-post__card\">\n\t\t\t\t<a class=\"elementor-post__thumbnail__link\" href=\"https:\/\/www.effe3ti.com\/de\/come-scegliere-una-avvolgitrice\/\" tabindex=\"-1\" ><div class=\"elementor-post__thumbnail\"><img loading=\"lazy\" decoding=\"async\" width=\"300\" height=\"300\" src=\"https:\/\/www.effe3ti.com\/wp-content\/uploads\/2021\/04\/Spinny-S200-ExtPanel-1-300x300.jpg\" class=\"attachment-medium size-medium wp-image-52\" alt=\"W\u00e4hlen Sie einen Wickler\" srcset=\"https:\/\/www.effe3ti.com\/wp-content\/uploads\/2021\/04\/Spinny-S200-ExtPanel-1-300x300.jpg 300w, https:\/\/www.effe3ti.com\/wp-content\/uploads\/2021\/04\/Spinny-S200-ExtPanel-1-100x100.jpg 100w, https:\/\/www.effe3ti.com\/wp-content\/uploads\/2021\/04\/Spinny-S200-ExtPanel-1-600x600.jpg 600w, https:\/\/www.effe3ti.com\/wp-content\/uploads\/2021\/04\/Spinny-S200-ExtPanel-1-1024x1024.jpg 1024w, https:\/\/www.effe3ti.com\/wp-content\/uploads\/2021\/04\/Spinny-S200-ExtPanel-1-150x150.jpg 150w, https:\/\/www.effe3ti.com\/wp-content\/uploads\/2021\/04\/Spinny-S200-ExtPanel-1-768x768.jpg 768w, https:\/\/www.effe3ti.com\/wp-content\/uploads\/2021\/04\/Spinny-S200-ExtPanel-1.jpg 1200w\" sizes=\"(max-width: 300px) 100vw, 300px\" \/><\/div><\/a>\n\t\t\t\t<div class=\"elementor-post__badge\">Einblicke<\/div>\n\t\t\t\t<div class=\"elementor-post__text\">\n\t\t\t\t<h3 class=\"elementor-post__title\">\n\t\t\t<a href=\"https:\/\/www.effe3ti.com\/de\/come-scegliere-una-avvolgitrice\/\" >\n\t\t\t\tSo w\u00e4hlen Sie eine Verpackungsmaschine aus\t\t\t<\/a>\n\t\t<\/h3>\n\t\t\t\t<div class=\"elementor-post__excerpt\">\n\t\t\t<p>Eine einfache Anleitung zur Auswahl einer Verpackungsmaschine. Verpackung ist ein grundlegendes Bed\u00fcrfnis zum Schutz des Produkts bei Handhabung, Lagerung und Transport.<\/p>\n\t\t<\/div>\n\t\t\n\t\t<a class=\"elementor-post__read-more\" href=\"https:\/\/www.effe3ti.com\/de\/come-scegliere-una-avvolgitrice\/\" aria-label=\"Mehr zum Thema Auswahl einer Verpackungsmaschine\" tabindex=\"-1\" >\n\t\t\tWeiterlesen\t\t<\/a>\n\n\t\t\t\t<\/div>\n\t\t\t\t<div class=\"elementor-post__meta-data\">\n\t\t\t\t\t<span class=\"elementor-post-date\">\n\t\t\t4. April 2020\t\t<\/span>\n\t\t\t\t<\/div>\n\t\t\t\t\t<\/div>\n\t\t<\/article>\n\t\t\t\t<article class=\"elementor-post elementor-grid-item post-828 post type-post status-publish format-standard has-post-thumbnail hentry category-news-approfondimenti category-news-prodotto\" role=\"listitem\">\n\t\t\t<div class=\"elementor-post__card\">\n\t\t\t\t<a class=\"elementor-post__thumbnail__link\" href=\"https:\/\/www.effe3ti.com\/de\/lavvolgimento-manuale-non-e-economicamente-vantaggioso\/\" tabindex=\"-1\" ><div class=\"elementor-post__thumbnail\"><img loading=\"lazy\" decoding=\"async\" width=\"300\" height=\"200\" src=\"https:\/\/www.effe3ti.com\/wp-content\/uploads\/2021\/04\/avvolgimento-manuale-300x200.jpg\" class=\"attachment-medium size-medium wp-image-829\" alt=\"Handaufzug\" srcset=\"https:\/\/www.effe3ti.com\/wp-content\/uploads\/2021\/04\/avvolgimento-manuale-300x200.jpg 300w, https:\/\/www.effe3ti.com\/wp-content\/uploads\/2021\/04\/avvolgimento-manuale-600x400.jpg 600w, https:\/\/www.effe3ti.com\/wp-content\/uploads\/2021\/04\/avvolgimento-manuale-1024x683.jpg 1024w, https:\/\/www.effe3ti.com\/wp-content\/uploads\/2021\/04\/avvolgimento-manuale-768x512.jpg 768w, https:\/\/www.effe3ti.com\/wp-content\/uploads\/2021\/04\/avvolgimento-manuale.jpg 1500w\" sizes=\"(max-width: 300px) 100vw, 300px\" \/><\/div><\/a>\n\t\t\t\t<div class=\"elementor-post__badge\">Einblicke<\/div>\n\t\t\t\t<div class=\"elementor-post__text\">\n\t\t\t\t<h3 class=\"elementor-post__title\">\n\t\t\t<a href=\"https:\/\/www.effe3ti.com\/de\/lavvolgimento-manuale-non-e-economicamente-vantaggioso\/\" >\n\t\t\t\tHandaufzug ist nicht billig\t\t\t<\/a>\n\t\t<\/h3>\n\t\t\t\t<div class=\"elementor-post__excerpt\">\n\t\t\t<p>Der Besuch einer Messe ist die beste Gelegenheit, Kunden und Einzelh\u00e4ndler zu treffen, sich \u00fcber aktuelle Themen zu informieren und Neuigkeiten zu sehen. W\u00e4hrend der letzten<\/p>\n\t\t<\/div>\n\t\t\n\t\t<a class=\"elementor-post__read-more\" href=\"https:\/\/www.effe3ti.com\/de\/lavvolgimento-manuale-non-e-economicamente-vantaggioso\/\" aria-label=\"Mehr dazu: Handaufzug ist nicht billig\" tabindex=\"-1\" >\n\t\t\tWeiterlesen\t\t<\/a>\n\n\t\t\t\t<\/div>\n\t\t\t\t<div class=\"elementor-post__meta-data\">\n\t\t\t\t\t<span class=\"elementor-post-date\">\n\t\t\t1. April 2020\t\t<\/span>\n\t\t\t\t<\/div>\n\t\t\t\t\t<\/div>\n\t\t<\/article>\n\t\t\t\t<article class=\"elementor-post elementor-grid-item post-855 post type-post status-publish format-standard has-post-thumbnail hentry category-news-prodotto\" role=\"listitem\">\n\t\t\t<div class=\"elementor-post__card\">\n\t\t\t\t<a class=\"elementor-post__thumbnail__link\" href=\"https:\/\/www.effe3ti.com\/de\/limportanza-dei-parametri\/\" tabindex=\"-1\" ><div class=\"elementor-post__thumbnail\"><img loading=\"lazy\" decoding=\"async\" width=\"140\" height=\"300\" src=\"https:\/\/www.effe3ti.com\/wp-content\/uploads\/2021\/04\/Oscar-Touch-V5-pannello-140x300.jpg\" class=\"attachment-medium size-medium wp-image-771\" alt=\"Verpackungsroboter\" srcset=\"https:\/\/www.effe3ti.com\/wp-content\/uploads\/2021\/04\/Oscar-Touch-V5-pannello-140x300.jpg 140w, https:\/\/www.effe3ti.com\/wp-content\/uploads\/2021\/04\/Oscar-Touch-V5-pannello.jpg 468w\" sizes=\"(max-width: 140px) 100vw, 140px\" \/><\/div><\/a>\n\t\t\t\t<div class=\"elementor-post__badge\">Produkt<\/div>\n\t\t\t\t<div class=\"elementor-post__text\">\n\t\t\t\t<h3 class=\"elementor-post__title\">\n\t\t\t<a href=\"https:\/\/www.effe3ti.com\/de\/limportanza-dei-parametri\/\" >\n\t\t\t\tDie Bedeutung von Parametern bei Verpackungen\t\t\t<\/a>\n\t\t<\/h3>\n\t\t\t\t<div class=\"elementor-post__excerpt\">\n\t\t\t<p>Wenn ein Kunde eine Verpackungsmaschine kauft, egal ob automatisch oder halbautomatisch, gibt es einige Dinge, die er sehr wichtig wissen sollte.<\/p>\n\t\t<\/div>\n\t\t\n\t\t<a class=\"elementor-post__read-more\" href=\"https:\/\/www.effe3ti.com\/de\/limportanza-dei-parametri\/\" aria-label=\"Mehr dazu: Die Bedeutung von Parametern bei der Verpackung\" tabindex=\"-1\" >\n\t\t\tWeiterlesen\t\t<\/a>\n\n\t\t\t\t<\/div>\n\t\t\t\t<div class=\"elementor-post__meta-data\">\n\t\t\t\t\t<span class=\"elementor-post-date\">\n\t\t\t7. Februar 2020\t\t<\/span>\n\t\t\t\t<\/div>\n\t\t\t\t\t<\/div>\n\t\t<\/article>\n\t\t\t\t<article class=\"elementor-post elementor-grid-item post-885 post type-post status-publish format-standard has-post-thumbnail hentry category-news-prodotto\" role=\"listitem\">\n\t\t\t<div class=\"elementor-post__card\">\n\t\t\t\t<a class=\"elementor-post__thumbnail__link\" href=\"https:\/\/www.effe3ti.com\/de\/sempre-piu-spinny-in-nuova-zelanda\/\" tabindex=\"-1\" ><div class=\"elementor-post__thumbnail\"><img loading=\"lazy\" decoding=\"async\" width=\"300\" height=\"200\" src=\"https:\/\/www.effe3ti.com\/wp-content\/uploads\/2021\/04\/Sealed-Air_03-300x200.jpg\" class=\"attachment-medium size-medium wp-image-886\" alt=\"\" srcset=\"https:\/\/www.effe3ti.com\/wp-content\/uploads\/2021\/04\/Sealed-Air_03-300x200.jpg 300w, https:\/\/www.effe3ti.com\/wp-content\/uploads\/2021\/04\/Sealed-Air_03-600x400.jpg 600w, https:\/\/www.effe3ti.com\/wp-content\/uploads\/2021\/04\/Sealed-Air_03-1024x683.jpg 1024w, https:\/\/www.effe3ti.com\/wp-content\/uploads\/2021\/04\/Sealed-Air_03-768x512.jpg 768w, https:\/\/www.effe3ti.com\/wp-content\/uploads\/2021\/04\/Sealed-Air_03-1536x1024.jpg 1536w, https:\/\/www.effe3ti.com\/wp-content\/uploads\/2021\/04\/Sealed-Air_03-2048x1366.jpg 2048w\" sizes=\"(max-width: 300px) 100vw, 300px\" \/><\/div><\/a>\n\t\t\t\t<div class=\"elementor-post__badge\">Produkt<\/div>\n\t\t\t\t<div class=\"elementor-post__text\">\n\t\t\t\t<h3 class=\"elementor-post__title\">\n\t\t\t<a href=\"https:\/\/www.effe3ti.com\/de\/sempre-piu-spinny-in-nuova-zelanda\/\" >\n\t\t\t\tImmer mehr Spinny in Neuseeland\t\t\t<\/a>\n\t\t<\/h3>\n\t\t\t\t<div class=\"elementor-post__excerpt\">\n\t\t\t<p>Die neuseel\u00e4ndische Lebensmittelindustrie verl\u00e4sst sich auf die Verpackungsl\u00f6sungen von Sealed Air, um Lebensmittel sicher aufzubewahren und<\/p>\n\t\t<\/div>\n\t\t\n\t\t<a class=\"elementor-post__read-more\" href=\"https:\/\/www.effe3ti.com\/de\/sempre-piu-spinny-in-nuova-zelanda\/\" aria-label=\"Mehr \u00fcber More and More Spinny in Neuseeland\" tabindex=\"-1\" >\n\t\t\tWeiterlesen\t\t<\/a>\n\n\t\t\t\t<\/div>\n\t\t\t\t<div class=\"elementor-post__meta-data\">\n\t\t\t\t\t<span class=\"elementor-post-date\">\n\t\t\t24. Juli 2019\t\t<\/span>\n\t\t\t\t<\/div>\n\t\t\t\t\t<\/div>\n\t\t<\/article>\n\t\t\t\t<article class=\"elementor-post elementor-grid-item post-1332 post type-post status-publish format-standard has-post-thumbnail hentry category-news-prodotto\" role=\"listitem\">\n\t\t\t<div class=\"elementor-post__card\">\n\t\t\t\t<a class=\"elementor-post__thumbnail__link\" href=\"https:\/\/www.effe3ti.com\/de\/tavola-rotante-e-bilancia-senza-aumentare-spessore\/\" tabindex=\"-1\" ><div class=\"elementor-post__thumbnail\"><img loading=\"lazy\" decoding=\"async\" width=\"300\" height=\"200\" src=\"https:\/\/www.effe3ti.com\/wp-content\/uploads\/2021\/04\/pesa-integrata-300x200.jpg\" class=\"attachment-medium size-medium wp-image-1333\" alt=\"\" srcset=\"https:\/\/www.effe3ti.com\/wp-content\/uploads\/2021\/04\/pesa-integrata-300x200.jpg 300w, https:\/\/www.effe3ti.com\/wp-content\/uploads\/2021\/04\/pesa-integrata-600x400.jpg 600w, https:\/\/www.effe3ti.com\/wp-content\/uploads\/2021\/04\/pesa-integrata-1024x683.jpg 1024w, https:\/\/www.effe3ti.com\/wp-content\/uploads\/2021\/04\/pesa-integrata-768x512.jpg 768w, https:\/\/www.effe3ti.com\/wp-content\/uploads\/2021\/04\/pesa-integrata.jpg 1500w\" sizes=\"(max-width: 300px) 100vw, 300px\" \/><\/div><\/a>\n\t\t\t\t<div class=\"elementor-post__badge\">Produkt<\/div>\n\t\t\t\t<div class=\"elementor-post__text\">\n\t\t\t\t<h3 class=\"elementor-post__title\">\n\t\t\t<a href=\"https:\/\/www.effe3ti.com\/de\/tavola-rotante-e-bilancia-senza-aumentare-spessore\/\" >\n\t\t\t\tDrehbarer Tisch und Waage ohne Dickenzunahme\t\t\t<\/a>\n\t\t<\/h3>\n\t\t\t\t<div class=\"elementor-post__excerpt\">\n\t\t\t<p>Mit der neuen halbautomatischen Verpackungsmaschine verleihen wir Ihren Produkten Gewicht. Der Unterschied ist nicht sichtbar \u2026 aber er ist da. Der st\u00e4ndig steigende Bedarf<\/p>\n\t\t<\/div>\n\t\t\n\t\t<a class=\"elementor-post__read-more\" href=\"https:\/\/www.effe3ti.com\/de\/tavola-rotante-e-bilancia-senza-aumentare-spessore\/\" aria-label=\"Mehr zum Thema Drehtisch und Skala ohne Dickenvergr\u00f6\u00dferung\" tabindex=\"-1\" >\n\t\t\tWeiterlesen\t\t<\/a>\n\n\t\t\t\t<\/div>\n\t\t\t\t<div class=\"elementor-post__meta-data\">\n\t\t\t\t\t<span class=\"elementor-post-date\">\n\t\t\t12. April 2019\t\t<\/span>\n\t\t\t\t<\/div>\n\t\t\t\t\t<\/div>\n\t\t<\/article>\n\t\t\t\t<article class=\"elementor-post elementor-grid-item post-802 post type-post status-publish format-standard has-post-thumbnail hentry category-news-prodotto\" role=\"listitem\">\n\t\t\t<div class=\"elementor-post__card\">\n\t\t\t\t<a class=\"elementor-post__thumbnail__link\" href=\"https:\/\/www.effe3ti.com\/de\/spinny-s140-in-birreria\/\" tabindex=\"-1\" ><div class=\"elementor-post__thumbnail\"><img loading=\"lazy\" decoding=\"async\" width=\"300\" height=\"200\" src=\"https:\/\/www.effe3ti.com\/wp-content\/uploads\/2021\/04\/InsideLook_Tuatara_06-1024x683-1-300x200.jpg\" class=\"attachment-medium size-medium wp-image-803\" alt=\"Spinny S140\" srcset=\"https:\/\/www.effe3ti.com\/wp-content\/uploads\/2021\/04\/InsideLook_Tuatara_06-1024x683-1-300x200.jpg 300w, https:\/\/www.effe3ti.com\/wp-content\/uploads\/2021\/04\/InsideLook_Tuatara_06-1024x683-1-600x400.jpg 600w, https:\/\/www.effe3ti.com\/wp-content\/uploads\/2021\/04\/InsideLook_Tuatara_06-1024x683-1-768x512.jpg 768w, https:\/\/www.effe3ti.com\/wp-content\/uploads\/2021\/04\/InsideLook_Tuatara_06-1024x683-1.jpg 1024w\" sizes=\"(max-width: 300px) 100vw, 300px\" \/><\/div><\/a>\n\t\t\t\t<div class=\"elementor-post__badge\">Produkt<\/div>\n\t\t\t\t<div class=\"elementor-post__text\">\n\t\t\t\t<h3 class=\"elementor-post__title\">\n\t\t\t<a href=\"https:\/\/www.effe3ti.com\/de\/spinny-s140-in-birreria\/\" >\n\t\t\t\tSpinny S140 in der Brauerei\t\t\t<\/a>\n\t\t<\/h3>\n\t\t\t\t<div class=\"elementor-post__excerpt\">\n\t\t\t<p>An einem typischen Tag f\u00fcllt die Tuatara Brewery (NZ) 7.000 Liter ihres preisgekr\u00f6nten Biers in Flaschen ab, etikettiert und verpackt. Eliminieren Sie manuelle Arbeit<\/p>\n\t\t<\/div>\n\t\t\n\t\t<a class=\"elementor-post__read-more\" href=\"https:\/\/www.effe3ti.com\/de\/spinny-s140-in-birreria\/\" aria-label=\"Mehr Spinny S140 in der Brauerei\" tabindex=\"-1\" >\n\t\t\tWeiterlesen\t\t<\/a>\n\n\t\t\t\t<\/div>\n\t\t\t\t<div class=\"elementor-post__meta-data\">\n\t\t\t\t\t<span class=\"elementor-post-date\">\n\t\t\t7. April 2019\t\t<\/span>\n\t\t\t\t<\/div>\n\t\t\t\t\t<\/div>\n\t\t<\/article>\n\t\t\t\t<article class=\"elementor-post elementor-grid-item post-558 post type-post status-publish format-standard has-post-thumbnail hentry category-news-prodotto\" role=\"listitem\">\n\t\t\t<div class=\"elementor-post__card\">\n\t\t\t\t<a class=\"elementor-post__thumbnail__link\" href=\"https:\/\/www.effe3ti.com\/de\/risparmiate-fino-al-400\/\" tabindex=\"-1\" ><div class=\"elementor-post__thumbnail\"><img loading=\"lazy\" decoding=\"async\" width=\"169\" height=\"300\" src=\"https:\/\/www.effe3ti.com\/wp-content\/uploads\/2021\/04\/Pbobina3300-169x300.jpg\" class=\"attachment-medium size-medium wp-image-2051\" alt=\"motorisierte Folien-Vorstretch-Wickelmaschine\" srcset=\"https:\/\/www.effe3ti.com\/wp-content\/uploads\/2021\/04\/Pbobina3300-169x300.jpg 169w, https:\/\/www.effe3ti.com\/wp-content\/uploads\/2021\/04\/Pbobina3300-600x1066.jpg 600w, https:\/\/www.effe3ti.com\/wp-content\/uploads\/2021\/04\/Pbobina3300-576x1024.jpg 576w, https:\/\/www.effe3ti.com\/wp-content\/uploads\/2021\/04\/Pbobina3300-768x1365.jpg 768w, https:\/\/www.effe3ti.com\/wp-content\/uploads\/2021\/04\/Pbobina3300.jpg 844w\" sizes=\"(max-width: 169px) 100vw, 169px\" \/><\/div><\/a>\n\t\t\t\t<div class=\"elementor-post__badge\">Produkt<\/div>\n\t\t\t\t<div class=\"elementor-post__text\">\n\t\t\t\t<h3 class=\"elementor-post__title\">\n\t\t\t<a href=\"https:\/\/www.effe3ti.com\/de\/risparmiate-fino-al-400\/\" >\n\t\t\t\tSparen Sie bis zu 400%\t\t\t<\/a>\n\t\t<\/h3>\n\t\t\t\t<div class=\"elementor-post__excerpt\">\n\t\t\t<p>Was f\u00fcr ein tolles Gef\u00fchl, bei der Arbeit einen Schritt voranzukommen und festzustellen, dass man Geld spart und gleichzeitig seine Leistung steigert! A<\/p>\n\t\t<\/div>\n\t\t\n\t\t<a class=\"elementor-post__read-more\" href=\"https:\/\/www.effe3ti.com\/de\/risparmiate-fino-al-400\/\" aria-label=\"Sparen Sie bis zu 400%\" tabindex=\"-1\" >\n\t\t\tWeiterlesen\t\t<\/a>\n\n\t\t\t\t<\/div>\n\t\t\t\t<div class=\"elementor-post__meta-data\">\n\t\t\t\t\t<span class=\"elementor-post-date\">\n\t\t\t4. April 2019\t\t<\/span>\n\t\t\t\t<\/div>\n\t\t\t\t\t<\/div>\n\t\t<\/article>\n\t\t\t\t<article class=\"elementor-post elementor-grid-item post-580 post type-post status-publish format-standard has-post-thumbnail hentry category-news-prodotto\" role=\"listitem\">\n\t\t\t<div class=\"elementor-post__card\">\n\t\t\t\t<a class=\"elementor-post__thumbnail__link\" href=\"https:\/\/www.effe3ti.com\/de\/meno-passi-meno-fatica\/\" tabindex=\"-1\" ><div class=\"elementor-post__thumbnail\"><img loading=\"lazy\" decoding=\"async\" width=\"300\" height=\"300\" src=\"https:\/\/www.effe3ti.com\/wp-content\/uploads\/2021\/04\/Autoloadbaler-1-300x300.jpg\" class=\"attachment-medium size-medium wp-image-261\" alt=\"Ballenpresse mit automatischem Lader\" srcset=\"https:\/\/www.effe3ti.com\/wp-content\/uploads\/2021\/04\/Autoloadbaler-1-300x300.jpg 300w, https:\/\/www.effe3ti.com\/wp-content\/uploads\/2021\/04\/Autoloadbaler-1-100x100.jpg 100w, https:\/\/www.effe3ti.com\/wp-content\/uploads\/2021\/04\/Autoloadbaler-1-600x600.jpg 600w, https:\/\/www.effe3ti.com\/wp-content\/uploads\/2021\/04\/Autoloadbaler-1-1024x1024.jpg 1024w, https:\/\/www.effe3ti.com\/wp-content\/uploads\/2021\/04\/Autoloadbaler-1-150x150.jpg 150w, https:\/\/www.effe3ti.com\/wp-content\/uploads\/2021\/04\/Autoloadbaler-1-768x768.jpg 768w, https:\/\/www.effe3ti.com\/wp-content\/uploads\/2021\/04\/Autoloadbaler-1.jpg 1200w\" sizes=\"(max-width: 300px) 100vw, 300px\" \/><\/div><\/a>\n\t\t\t\t<div class=\"elementor-post__badge\">Produkt<\/div>\n\t\t\t\t<div class=\"elementor-post__text\">\n\t\t\t\t<h3 class=\"elementor-post__title\">\n\t\t\t<a href=\"https:\/\/www.effe3ti.com\/de\/meno-passi-meno-fatica\/\" >\n\t\t\t\tWeniger Schritte = weniger Aufwand\t\t\t<\/a>\n\t\t<\/h3>\n\t\t\t\t<div class=\"elementor-post__excerpt\">\n\t\t\t<p>Die Schritte eines Arbeitstages in einem gro\u00dfen Supermarkt oder Lager sind unz\u00e4hlig. Versuchen Sie, dar\u00fcber nachzudenken<\/p>\n\t\t<\/div>\n\t\t\n\t\t<a class=\"elementor-post__read-more\" href=\"https:\/\/www.effe3ti.com\/de\/meno-passi-meno-fatica\/\" aria-label=\"Mehr dazu: Weniger Schritte = weniger Aufwand\" tabindex=\"-1\" >\n\t\t\tWeiterlesen\t\t<\/a>\n\n\t\t\t\t<\/div>\n\t\t\t\t<div class=\"elementor-post__meta-data\">\n\t\t\t\t\t<span class=\"elementor-post-date\">\n\t\t\t4. Januar 2019\t\t<\/span>\n\t\t\t\t<\/div>\n\t\t\t\t\t<\/div>\n\t\t<\/article>\n\t\t\t\t<article class=\"elementor-post elementor-grid-item post-836 post type-post status-publish format-standard has-post-thumbnail hentry category-news-prodotto\" role=\"listitem\">\n\t\t\t<div class=\"elementor-post__card\">\n\t\t\t\t<a class=\"elementor-post__thumbnail__link\" href=\"https:\/\/www.effe3ti.com\/de\/trasporti-refrigerati\/\" tabindex=\"-1\" ><div class=\"elementor-post__thumbnail\"><img loading=\"lazy\" decoding=\"async\" width=\"300\" height=\"200\" src=\"https:\/\/www.effe3ti.com\/wp-content\/uploads\/2021\/04\/refrigerated-carriers-3-300x200.jpg\" class=\"attachment-medium size-medium wp-image-837\" alt=\"\" srcset=\"https:\/\/www.effe3ti.com\/wp-content\/uploads\/2021\/04\/refrigerated-carriers-3-300x200.jpg 300w, https:\/\/www.effe3ti.com\/wp-content\/uploads\/2021\/04\/refrigerated-carriers-3-600x400.jpg 600w, https:\/\/www.effe3ti.com\/wp-content\/uploads\/2021\/04\/refrigerated-carriers-3-1024x683.jpg 1024w, https:\/\/www.effe3ti.com\/wp-content\/uploads\/2021\/04\/refrigerated-carriers-3-768x512.jpg 768w, https:\/\/www.effe3ti.com\/wp-content\/uploads\/2021\/04\/refrigerated-carriers-3.jpg 1500w\" sizes=\"(max-width: 300px) 100vw, 300px\" \/><\/div><\/a>\n\t\t\t\t<div class=\"elementor-post__badge\">Produkt<\/div>\n\t\t\t\t<div class=\"elementor-post__text\">\n\t\t\t\t<h3 class=\"elementor-post__title\">\n\t\t\t<a href=\"https:\/\/www.effe3ti.com\/de\/trasporti-refrigerati\/\" >\n\t\t\t\tK\u00fchltransport\t\t\t<\/a>\n\t\t<\/h3>\n\t\t\t\t<div class=\"elementor-post__excerpt\">\n\t\t\t<p>Der Umgang mit Fast-Food-Produkten erfordert Schnelligkeit und Sicherheit. Der Kunde ist verantwortlich f\u00fcr die Lagerung,<\/p>\n\t\t<\/div>\n\t\t\n\t\t<a class=\"elementor-post__read-more\" href=\"https:\/\/www.effe3ti.com\/de\/trasporti-refrigerati\/\" aria-label=\"Mehr \u00fcber K\u00fchltransport\" tabindex=\"-1\" >\n\t\t\tWeiterlesen\t\t<\/a>\n\n\t\t\t\t<\/div>\n\t\t\t\t<div class=\"elementor-post__meta-data\">\n\t\t\t\t\t<span class=\"elementor-post-date\">\n\t\t\t7. Oktober 2018\t\t<\/span>\n\t\t\t\t<\/div>\n\t\t\t\t\t<\/div>\n\t\t<\/article>\n\t\t\t\t<article class=\"elementor-post elementor-grid-item post-568 post type-post status-publish format-standard has-post-thumbnail hentry category-news-prodotto\" role=\"listitem\">\n\t\t\t<div class=\"elementor-post__card\">\n\t\t\t\t<a class=\"elementor-post__thumbnail__link\" href=\"https:\/\/www.effe3ti.com\/de\/un-forno-tutto-nuovo\/\" tabindex=\"-1\" ><div class=\"elementor-post__thumbnail\"><img loading=\"lazy\" decoding=\"async\" width=\"200\" height=\"200\" src=\"https:\/\/www.effe3ti.com\/wp-content\/uploads\/2021\/04\/Termoretrazione-1.jpg\" class=\"attachment-medium size-medium wp-image-106\" alt=\"W\u00e4rmeschrumpfung\" srcset=\"https:\/\/www.effe3ti.com\/wp-content\/uploads\/2021\/04\/Termoretrazione-1.jpg 200w, https:\/\/www.effe3ti.com\/wp-content\/uploads\/2021\/04\/Termoretrazione-1-100x100.jpg 100w, https:\/\/www.effe3ti.com\/wp-content\/uploads\/2021\/04\/Termoretrazione-1-150x150.jpg 150w\" sizes=\"(max-width: 200px) 100vw, 200px\" \/><\/div><\/a>\n\t\t\t\t<div class=\"elementor-post__badge\">Produkt<\/div>\n\t\t\t\t<div class=\"elementor-post__text\">\n\t\t\t\t<h3 class=\"elementor-post__title\">\n\t\t\t<a href=\"https:\/\/www.effe3ti.com\/de\/un-forno-tutto-nuovo\/\" >\n\t\t\t\tSchrumpfverpackung\t\t\t<\/a>\n\t\t<\/h3>\n\t\t\t\t<div class=\"elementor-post__excerpt\">\n\t\t\t<p>Innovation und Leistung des neuen Ofens Wir haben unseren Schrumpfofen komplett neu gestaltet, um noch h\u00f6here Leistung und gr\u00f6\u00dfere<\/p>\n\t\t<\/div>\n\t\t\n\t\t<a class=\"elementor-post__read-more\" href=\"https:\/\/www.effe3ti.com\/de\/un-forno-tutto-nuovo\/\" aria-label=\"Weitere Informationen zu Schrumpfverpackungen\" tabindex=\"-1\" >\n\t\t\tWeiterlesen\t\t<\/a>\n\n\t\t\t\t<\/div>\n\t\t\t\t<div class=\"elementor-post__meta-data\">\n\t\t\t\t\t<span class=\"elementor-post-date\">\n\t\t\t4. April 2018\t\t<\/span>\n\t\t\t\t<\/div>\n\t\t\t\t\t<\/div>\n\t\t<\/article>\n\t\t\t\t<\/div>\n\t\t\n\t\t\t\t\t\t<\/div>\n\t\t\t\t<\/div>\n\t\t\t\t\t<\/div>\n\t\t<\/div>\n\t\t\t\t\t<\/div>\n\t\t<\/section>\n\t\t\t\t<section class=\"elementor-section elementor-top-section elementor-element elementor-element-f9552fe elementor-section-boxed elementor-section-height-default elementor-section-height-default\" data-id=\"f9552fe\" data-element_type=\"section\" data-e-type=\"section\">\n\t\t\t\t\t\t<div class=\"elementor-container elementor-column-gap-default\">\n\t\t\t\t\t<div class=\"elementor-column elementor-col-100 elementor-top-column elementor-element elementor-element-1ebf7a9\" data-id=\"1ebf7a9\" data-element_type=\"column\" data-e-type=\"column\">\n\t\t\t<div class=\"elementor-widget-wrap elementor-element-populated\">\n\t\t\t\t\t\t<div class=\"elementor-element elementor-element-2f554c7 elementor-widget elementor-widget-spacer\" data-id=\"2f554c7\" data-element_type=\"widget\" data-e-type=\"widget\" data-widget_type=\"spacer.default\">\n\t\t\t\t<div class=\"elementor-widget-container\">\n\t\t\t\t\t\t\t<div class=\"elementor-spacer\">\n\t\t\t<div class=\"elementor-spacer-inner\"><\/div>\n\t\t<\/div>\n\t\t\t\t\t\t<\/div>\n\t\t\t\t<\/div>\n\t\t\t\t\t<\/div>\n\t\t<\/div>\n\t\t\t\t\t<\/div>\n\t\t<\/section>\n\t\t\t\t<\/div>","protected":false},"excerpt":{"rendered":"","protected":false},"author":1,"featured_media":334,"parent":0,"menu_order":0,"comment_status":"closed","ping_status":"closed","template":"","meta":{"footnotes":""},"class_list":["post-3991","page","type-page","status-publish","has-post-thumbnail","hentry"],"yoast_head":"<!-- This site is optimized with the Yoast SEO plugin v27.4 - https:\/\/yoast.com\/product\/yoast-seo-wordpress\/ -->\n<title>News - Prodotto - Effe3ti<\/title>\n<meta name=\"description\" content=\"EFFE3ti Packaging Technologies. Le novit\u00e0 sui nostri prodotti, installazioni, approfondimenti e consigli utili\" \/>\n<meta name=\"robots\" content=\"index, follow, max-snippet:-1, max-image-preview:large, max-video-preview:-1\" \/>\n<link rel=\"canonical\" href=\"https:\/\/www.effe3ti.com\/de\/produktneuigkeiten\/\" \/>\n<meta property=\"og:locale\" content=\"de_DE\" \/>\n<meta property=\"og:type\" content=\"article\" \/>\n<meta property=\"og:title\" content=\"News - Prodotto - Effe3ti\" \/>\n<meta property=\"og:description\" content=\"EFFE3ti Packaging Technologies. Le novit\u00e0 sui nostri prodotti, installazioni, approfondimenti e consigli utili\" \/>\n<meta property=\"og:url\" content=\"https:\/\/www.effe3ti.com\/de\/produktneuigkeiten\/\" \/>\n<meta property=\"og:site_name\" content=\"Effe3ti\" \/>\n<meta property=\"article:publisher\" content=\"https:\/\/www.facebook.com\/effe3ti.packaging\" \/>\n<meta property=\"article:modified_time\" content=\"2021-10-21T14:00:10+00:00\" \/>\n<meta property=\"og:image\" content=\"https:\/\/www.effe3ti.com\/wp-content\/uploads\/2021\/04\/Effe3ti_logo-solomani-color-512.png\" \/>\n\t<meta property=\"og:image:width\" content=\"512\" \/>\n\t<meta property=\"og:image:height\" content=\"443\" \/>\n\t<meta property=\"og:image:type\" content=\"image\/png\" \/>\n<meta name=\"twitter:card\" content=\"summary_large_image\" \/>\n<meta name=\"twitter:label1\" content=\"Gesch\u00e4tzte Lesezeit\" \/>\n\t<meta name=\"twitter:data1\" content=\"8\u00a0Minuten\" \/>\n<script type=\"application\/ld+json\" class=\"yoast-schema-graph\">{\"@context\":\"https:\\\/\\\/schema.org\",\"@graph\":[{\"@type\":\"WebPage\",\"@id\":\"https:\\\/\\\/www.effe3ti.com\\\/news-prodotto\\\/\",\"url\":\"https:\\\/\\\/www.effe3ti.com\\\/news-prodotto\\\/\",\"name\":\"News - Prodotto - Effe3ti\",\"isPartOf\":{\"@id\":\"https:\\\/\\\/www.effe3ti.com\\\/#website\"},\"primaryImageOfPage\":{\"@id\":\"https:\\\/\\\/www.effe3ti.com\\\/news-prodotto\\\/#primaryimage\"},\"image\":{\"@id\":\"https:\\\/\\\/www.effe3ti.com\\\/news-prodotto\\\/#primaryimage\"},\"thumbnailUrl\":\"https:\\\/\\\/www.effe3ti.com\\\/wp-content\\\/uploads\\\/2021\\\/04\\\/Effe3ti_logo-solomani-color-512.png\",\"datePublished\":\"2021-10-21T13:59:26+00:00\",\"dateModified\":\"2021-10-21T14:00:10+00:00\",\"description\":\"EFFE3ti Packaging Technologies. Le novit\u00e0 sui nostri prodotti, installazioni, approfondimenti e consigli utili\",\"breadcrumb\":{\"@id\":\"https:\\\/\\\/www.effe3ti.com\\\/news-prodotto\\\/#breadcrumb\"},\"inLanguage\":\"de\",\"potentialAction\":[{\"@type\":\"ReadAction\",\"target\":[\"https:\\\/\\\/www.effe3ti.com\\\/news-prodotto\\\/\"]}]},{\"@type\":\"ImageObject\",\"inLanguage\":\"de\",\"@id\":\"https:\\\/\\\/www.effe3ti.com\\\/news-prodotto\\\/#primaryimage\",\"url\":\"https:\\\/\\\/www.effe3ti.com\\\/wp-content\\\/uploads\\\/2021\\\/04\\\/Effe3ti_logo-solomani-color-512.png\",\"contentUrl\":\"https:\\\/\\\/www.effe3ti.com\\\/wp-content\\\/uploads\\\/2021\\\/04\\\/Effe3ti_logo-solomani-color-512.png\",\"width\":512,\"height\":443},{\"@type\":\"BreadcrumbList\",\"@id\":\"https:\\\/\\\/www.effe3ti.com\\\/news-prodotto\\\/#breadcrumb\",\"itemListElement\":[{\"@type\":\"ListItem\",\"position\":1,\"name\":\"Home\",\"item\":\"https:\\\/\\\/www.effe3ti.com\\\/\"},{\"@type\":\"ListItem\",\"position\":2,\"name\":\"News &#8211; Prodotto\"}]},{\"@type\":\"WebSite\",\"@id\":\"https:\\\/\\\/www.effe3ti.com\\\/#website\",\"url\":\"https:\\\/\\\/www.effe3ti.com\\\/\",\"name\":\"Effe3ti\",\"description\":\"Packaging Technologies\",\"publisher\":{\"@id\":\"https:\\\/\\\/www.effe3ti.com\\\/#organization\"},\"potentialAction\":[{\"@type\":\"SearchAction\",\"target\":{\"@type\":\"EntryPoint\",\"urlTemplate\":\"https:\\\/\\\/www.effe3ti.com\\\/?s={search_term_string}\"},\"query-input\":{\"@type\":\"PropertyValueSpecification\",\"valueRequired\":true,\"valueName\":\"search_term_string\"}}],\"inLanguage\":\"de\"},{\"@type\":\"Organization\",\"@id\":\"https:\\\/\\\/www.effe3ti.com\\\/#organization\",\"name\":\"Effe3ti\",\"alternateName\":\"f3t\",\"url\":\"https:\\\/\\\/www.effe3ti.com\\\/\",\"logo\":{\"@type\":\"ImageObject\",\"inLanguage\":\"de\",\"@id\":\"https:\\\/\\\/www.effe3ti.com\\\/#\\\/schema\\\/logo\\\/image\\\/\",\"url\":\"https:\\\/\\\/www.effe3ti.com\\\/wp-content\\\/uploads\\\/2021\\\/04\\\/Effe3ti_logo-350.gif\",\"contentUrl\":\"https:\\\/\\\/www.effe3ti.com\\\/wp-content\\\/uploads\\\/2021\\\/04\\\/Effe3ti_logo-350.gif\",\"width\":350,\"height\":128,\"caption\":\"Effe3ti\"},\"image\":{\"@id\":\"https:\\\/\\\/www.effe3ti.com\\\/#\\\/schema\\\/logo\\\/image\\\/\"},\"sameAs\":[\"https:\\\/\\\/www.facebook.com\\\/effe3ti.packaging\",\"https:\\\/\\\/www.instagram.com\\\/EFFE3TI\\\/\",\"https:\\\/\\\/www.linkedin.com\\\/company\\\/effe3ti-srl\",\"https:\\\/\\\/www.youtube.com\\\/effe3ti\"]}]}<\/script>\n<!-- \/ Yoast SEO plugin. -->","yoast_head_json":{"title":"Neuigkeiten - Produkt - Effe3ti","description":"EFFE3ti-Verpackungstechnologien. Neuigkeiten zu unseren Produkten, Installationen, Einblicke und n\u00fctzliche Tipps","robots":{"index":"index","follow":"follow","max-snippet":"max-snippet:-1","max-image-preview":"max-image-preview:large","max-video-preview":"max-video-preview:-1"},"canonical":"https:\/\/www.effe3ti.com\/de\/produktneuigkeiten\/","og_locale":"de_DE","og_type":"article","og_title":"News - Prodotto - Effe3ti","og_description":"EFFE3ti Packaging Technologies. Le novit\u00e0 sui nostri prodotti, installazioni, approfondimenti e consigli utili","og_url":"https:\/\/www.effe3ti.com\/de\/produktneuigkeiten\/","og_site_name":"Effe3ti","article_publisher":"https:\/\/www.facebook.com\/effe3ti.packaging","article_modified_time":"2021-10-21T14:00:10+00:00","og_image":[{"width":512,"height":443,"url":"https:\/\/www.effe3ti.com\/wp-content\/uploads\/2021\/04\/Effe3ti_logo-solomani-color-512.png","type":"image\/png"}],"twitter_card":"summary_large_image","twitter_misc":{"Gesch\u00e4tzte Lesezeit":"8\u00a0Minuten"},"schema":{"@context":"https:\/\/schema.org","@graph":[{"@type":"WebPage","@id":"https:\/\/www.effe3ti.com\/news-prodotto\/","url":"https:\/\/www.effe3ti.com\/news-prodotto\/","name":"Neuigkeiten - Produkt - Effe3ti","isPartOf":{"@id":"https:\/\/www.effe3ti.com\/#website"},"primaryImageOfPage":{"@id":"https:\/\/www.effe3ti.com\/news-prodotto\/#primaryimage"},"image":{"@id":"https:\/\/www.effe3ti.com\/news-prodotto\/#primaryimage"},"thumbnailUrl":"https:\/\/www.effe3ti.com\/wp-content\/uploads\/2021\/04\/Effe3ti_logo-solomani-color-512.png","datePublished":"2021-10-21T13:59:26+00:00","dateModified":"2021-10-21T14:00:10+00:00","description":"EFFE3ti-Verpackungstechnologien. Neuigkeiten zu unseren Produkten, Installationen, Einblicke und n\u00fctzliche Tipps","breadcrumb":{"@id":"https:\/\/www.effe3ti.com\/news-prodotto\/#breadcrumb"},"inLanguage":"de","potentialAction":[{"@type":"ReadAction","target":["https:\/\/www.effe3ti.com\/news-prodotto\/"]}]},{"@type":"ImageObject","inLanguage":"de","@id":"https:\/\/www.effe3ti.com\/news-prodotto\/#primaryimage","url":"https:\/\/www.effe3ti.com\/wp-content\/uploads\/2021\/04\/Effe3ti_logo-solomani-color-512.png","contentUrl":"https:\/\/www.effe3ti.com\/wp-content\/uploads\/2021\/04\/Effe3ti_logo-solomani-color-512.png","width":512,"height":443},{"@type":"BreadcrumbList","@id":"https:\/\/www.effe3ti.com\/news-prodotto\/#breadcrumb","itemListElement":[{"@type":"ListItem","position":1,"name":"Home","item":"https:\/\/www.effe3ti.com\/"},{"@type":"ListItem","position":2,"name":"News &#8211; Prodotto"}]},{"@type":"WebSite","@id":"https:\/\/www.effe3ti.com\/#website","url":"https:\/\/www.effe3ti.com\/","name":"Effe3ti","description":"Verpackungstechnologien","publisher":{"@id":"https:\/\/www.effe3ti.com\/#organization"},"potentialAction":[{"@type":"SearchAction","target":{"@type":"EntryPoint","urlTemplate":"https:\/\/www.effe3ti.com\/?s={search_term_string}"},"query-input":{"@type":"PropertyValueSpecification","valueRequired":true,"valueName":"search_term_string"}}],"inLanguage":"de"},{"@type":"Organization","@id":"https:\/\/www.effe3ti.com\/#organization","name":"Effe3ti","alternateName":"f3t","url":"https:\/\/www.effe3ti.com\/","logo":{"@type":"ImageObject","inLanguage":"de","@id":"https:\/\/www.effe3ti.com\/#\/schema\/logo\/image\/","url":"https:\/\/www.effe3ti.com\/wp-content\/uploads\/2021\/04\/Effe3ti_logo-350.gif","contentUrl":"https:\/\/www.effe3ti.com\/wp-content\/uploads\/2021\/04\/Effe3ti_logo-350.gif","width":350,"height":128,"caption":"Effe3ti"},"image":{"@id":"https:\/\/www.effe3ti.com\/#\/schema\/logo\/image\/"},"sameAs":["https:\/\/www.facebook.com\/effe3ti.packaging","https:\/\/www.instagram.com\/EFFE3TI\/","https:\/\/www.linkedin.com\/company\/effe3ti-srl","https:\/\/www.youtube.com\/effe3ti"]}]}},"_links":{"self":[{"href":"https:\/\/www.effe3ti.com\/de\/wp-json\/wp\/v2\/pages\/3991","targetHints":{"allow":["GET"]}}],"collection":[{"href":"https:\/\/www.effe3ti.com\/de\/wp-json\/wp\/v2\/pages"}],"about":[{"href":"https:\/\/www.effe3ti.com\/de\/wp-json\/wp\/v2\/types\/page"}],"author":[{"embeddable":true,"href":"https:\/\/www.effe3ti.com\/de\/wp-json\/wp\/v2\/users\/1"}],"replies":[{"embeddable":true,"href":"https:\/\/www.effe3ti.com\/de\/wp-json\/wp\/v2\/comments?post=3991"}],"version-history":[{"count":0,"href":"https:\/\/www.effe3ti.com\/de\/wp-json\/wp\/v2\/pages\/3991\/revisions"}],"wp:featuredmedia":[{"embeddable":true,"href":"https:\/\/www.effe3ti.com\/de\/wp-json\/wp\/v2\/media\/334"}],"wp:attachment":[{"href":"https:\/\/www.effe3ti.com\/de\/wp-json\/wp\/v2\/media?parent=3991"}],"curies":[{"name":"wp","href":"https:\/\/api.w.org\/{rel}","templated":true}]}}