{"id":222,"date":"2021-04-01T20:32:33","date_gmt":"2021-04-01T20:32:33","guid":{"rendered":"https:\/\/vps-de1b14d9.vps.ovh.net\/effe3ti\/?post_type=product&#038;p=222"},"modified":"2026-04-07T15:18:14","modified_gmt":"2026-04-07T15:18:14","slug":"prensa-de-camara-vertical-bp28-de-28t","status":"publish","type":"product","link":"https:\/\/www.effe3ti.com\/es\/prodotto\/bp28-pressa-a-camera-verticale-28t\/","title":{"rendered":"BP28 \u2013 Prensa de c\u00e1mara vertical de 28 t"},"content":{"rendered":"<div data-elementor-type=\"product-post\" data-elementor-id=\"222\" class=\"elementor elementor-222\" data-elementor-post-type=\"product\">\n\t\t\t\t\t\t<section class=\"elementor-section elementor-top-section elementor-element elementor-element-6d4bd28 animated-slow elementor-section-boxed elementor-section-height-default elementor-section-height-default elementor-invisible\" data-id=\"6d4bd28\" data-element_type=\"section\" data-e-type=\"section\" data-settings=\"{&quot;animation&quot;:&quot;fadeInUp&quot;}\">\n\t\t\t\t\t\t<div class=\"elementor-container elementor-column-gap-default\">\n\t\t\t\t\t<div class=\"elementor-column elementor-col-50 elementor-top-column elementor-element elementor-element-3b51f6c\" data-id=\"3b51f6c\" data-element_type=\"column\" data-e-type=\"column\">\n\t\t\t<div class=\"elementor-widget-wrap elementor-element-populated\">\n\t\t\t\t\t\t<div class=\"elementor-element elementor-element-d1fbaaa elementor-widget elementor-widget-text-editor\" data-id=\"d1fbaaa\" data-element_type=\"widget\" data-e-type=\"widget\" data-widget_type=\"text-editor.default\">\n\t\t\t\t<div class=\"elementor-widget-container\">\n\t\t\t\t\t\t\t\t\t<p>Pacas de hasta 320 kg. La empacadora de c\u00e1mara vertical BP 28 comprime papel y pel\u00edculas de pl\u00e1stico en pacas de alta densidad. La placa de prensado con sistema TopPlus garantiza una larga vida \u00fatil de la prensa BP 28.<\/p><p>Un exclusivo sistema de sellado dentro de la c\u00e1mara de prensado evita la reexpansi\u00f3n del material prensado.<\/p><p>BalePress 28 est\u00e1 disponible con fleje o atado con alambre y con puerta manual o autom\u00e1tica.<\/p>\t\t\t\t\t\t\t\t<\/div>\n\t\t\t\t<\/div>\n\t\t\t\t\t<\/div>\n\t\t<\/div>\n\t\t\t\t<div class=\"elementor-column elementor-col-50 elementor-top-column elementor-element elementor-element-0df43eb\" data-id=\"0df43eb\" data-element_type=\"column\" data-e-type=\"column\">\n\t\t\t<div class=\"elementor-widget-wrap elementor-element-populated\">\n\t\t\t\t\t\t<div class=\"elementor-element elementor-element-8baffdc elementor-widget elementor-widget-image\" data-id=\"8baffdc\" data-element_type=\"widget\" data-e-type=\"widget\" data-widget_type=\"image.default\">\n\t\t\t\t<div class=\"elementor-widget-container\">\n\t\t\t\t\t\t\t\t\t\t\t\t\t\t\t<img fetchpriority=\"high\" decoding=\"async\" width=\"800\" height=\"534\" src=\"https:\/\/www.effe3ti.com\/wp-content\/uploads\/2021\/04\/BalePress-18-3-1024x683-1.jpeg\" class=\"attachment-large size-large wp-image-4645\" alt=\"prensa vertical\" srcset=\"https:\/\/www.effe3ti.com\/wp-content\/uploads\/2021\/04\/BalePress-18-3-1024x683-1.jpeg 1024w, https:\/\/www.effe3ti.com\/wp-content\/uploads\/2021\/04\/BalePress-18-3-1024x683-1-600x400.jpeg 600w, https:\/\/www.effe3ti.com\/wp-content\/uploads\/2021\/04\/BalePress-18-3-1024x683-1-300x200.jpeg 300w, https:\/\/www.effe3ti.com\/wp-content\/uploads\/2021\/04\/BalePress-18-3-1024x683-1-768x512.jpeg 768w\" sizes=\"(max-width: 800px) 100vw, 800px\" \/>\t\t\t\t\t\t\t\t\t\t\t\t\t\t\t<\/div>\n\t\t\t\t<\/div>\n\t\t\t\t\t<\/div>\n\t\t<\/div>\n\t\t\t\t\t<\/div>\n\t\t<\/section>\n\t\t\t\t<section class=\"elementor-section elementor-top-section elementor-element elementor-element-d943e61 elementor-section-boxed elementor-section-height-default elementor-section-height-default\" data-id=\"d943e61\" data-element_type=\"section\" data-e-type=\"section\">\n\t\t\t\t\t\t<div class=\"elementor-container elementor-column-gap-default\">\n\t\t\t\t\t<div class=\"elementor-column elementor-col-100 elementor-top-column elementor-element elementor-element-dbd4a2c\" data-id=\"dbd4a2c\" data-element_type=\"column\" data-e-type=\"column\">\n\t\t\t<div class=\"elementor-widget-wrap elementor-element-populated\">\n\t\t\t\t\t\t<div class=\"elementor-element elementor-element-09289d8 elementor-widget elementor-widget-text-editor\" data-id=\"09289d8\" data-element_type=\"widget\" data-e-type=\"widget\" data-widget_type=\"text-editor.default\">\n\t\t\t\t<div class=\"elementor-widget-container\">\n\t\t\t\t\t\t\t\t\t<p>CARACTER\u00cdSTICAS PRINCIPALES<\/p><ul><li>Alimentaci\u00f3n: 400 V \u2013 50 Hz<\/li><li>Potencia: 4 kW<\/li><li>Fuerza de presi\u00f3n: 280 kN<\/li><li>Carrera: 890 mm<\/li><li>Peso: 1550 kg<\/li><li>Boca de carga: 1190\u00d7555 mm<\/li><li>Tiempo de ciclo: 48 seg.<\/li><li>Peso de la paca: 320 kg<\/li><li>Dimensiones de la paca: 1200 x 800 x 800 mm<\/li><li>Puerta corrediza<\/li><li>Expulsi\u00f3n mec\u00e1nica de la paca<\/li><li>Encuadernaci\u00f3n con correa o alambre<\/li><\/ul><p>MATERIALES<\/p><ul><li>Papel y cart\u00f3n<\/li><li>Pel\u00edcula<\/li><li>Botellas de PET<\/li><li>Latas<\/li><\/ul>\t\t\t\t\t\t\t\t<\/div>\n\t\t\t\t<\/div>\n\t\t\t\t\t<\/div>\n\t\t<\/div>\n\t\t\t\t\t<\/div>\n\t\t<\/section>\n\t\t\t\t<section class=\"elementor-section elementor-top-section elementor-element elementor-element-bee48e2 animated-slow elementor-section-boxed elementor-section-height-default elementor-section-height-default elementor-invisible\" data-id=\"bee48e2\" data-element_type=\"section\" data-e-type=\"section\" data-settings=\"{&quot;animation&quot;:&quot;fadeInDown&quot;}\">\n\t\t\t\t\t\t<div class=\"elementor-container elementor-column-gap-default\">\n\t\t\t\t\t<div class=\"elementor-column elementor-col-33 elementor-top-column elementor-element elementor-element-ab53d4f\" data-id=\"ab53d4f\" data-element_type=\"column\" data-e-type=\"column\">\n\t\t\t<div class=\"elementor-widget-wrap elementor-element-populated\">\n\t\t\t\t\t\t<div class=\"elementor-element elementor-element-00c9664 elementor-widget elementor-widget-text-editor\" data-id=\"00c9664\" data-element_type=\"widget\" data-e-type=\"widget\" data-widget_type=\"text-editor.default\">\n\t\t\t\t<div class=\"elementor-widget-container\">\n\t\t\t\t\t\t\t\t\t<p>F\u00e1cil instalaci\u00f3n<\/p>\t\t\t\t\t\t\t\t<\/div>\n\t\t\t\t<\/div>\n\t\t\t\t\t<\/div>\n\t\t<\/div>\n\t\t\t\t<div class=\"elementor-column elementor-col-33 elementor-top-column elementor-element elementor-element-d872363\" data-id=\"d872363\" data-element_type=\"column\" data-e-type=\"column\">\n\t\t\t<div class=\"elementor-widget-wrap elementor-element-populated\">\n\t\t\t\t\t\t<div class=\"elementor-element elementor-element-019f23c elementor-widget elementor-widget-text-editor\" data-id=\"019f23c\" data-element_type=\"widget\" data-e-type=\"widget\" data-widget_type=\"text-editor.default\">\n\t\t\t\t<div class=\"elementor-widget-container\">\n\t\t\t\t\t\t\t\t\t<p>Huella reducida<\/p>\t\t\t\t\t\t\t\t<\/div>\n\t\t\t\t<\/div>\n\t\t\t\t\t<\/div>\n\t\t<\/div>\n\t\t\t\t<div class=\"elementor-column elementor-col-33 elementor-top-column elementor-element elementor-element-3285ee7\" data-id=\"3285ee7\" data-element_type=\"column\" data-e-type=\"column\">\n\t\t\t<div class=\"elementor-widget-wrap elementor-element-populated\">\n\t\t\t\t\t\t<div class=\"elementor-element elementor-element-f2d2e0d elementor-widget elementor-widget-text-editor\" data-id=\"f2d2e0d\" data-element_type=\"widget\" data-e-type=\"widget\" data-widget_type=\"text-editor.default\">\n\t\t\t\t<div class=\"elementor-widget-container\">\n\t\t\t\t\t\t\t\t\t<p>Facilidad de uso<\/p>\t\t\t\t\t\t\t\t<\/div>\n\t\t\t\t<\/div>\n\t\t\t\t\t<\/div>\n\t\t<\/div>\n\t\t\t\t\t<\/div>\n\t\t<\/section>\n\t\t\t\t<section class=\"elementor-section elementor-top-section elementor-element elementor-element-2d8a92d animated-slow elementor-section-boxed elementor-section-height-default elementor-section-height-default elementor-invisible\" data-id=\"2d8a92d\" data-element_type=\"section\" data-e-type=\"section\" data-settings=\"{&quot;animation&quot;:&quot;fadeInDown&quot;}\">\n\t\t\t\t\t\t<div class=\"elementor-container elementor-column-gap-default\">\n\t\t\t\t\t<div class=\"elementor-column elementor-col-50 elementor-top-column elementor-element elementor-element-bf403f6\" data-id=\"bf403f6\" data-element_type=\"column\" data-e-type=\"column\">\n\t\t\t<div class=\"elementor-widget-wrap elementor-element-populated\">\n\t\t\t\t\t\t<div class=\"elementor-element elementor-element-27ffcce elementor-widget elementor-widget-text-editor\" data-id=\"27ffcce\" data-element_type=\"widget\" data-e-type=\"widget\" data-widget_type=\"text-editor.default\">\n\t\t\t\t<div class=\"elementor-widget-container\">\n\t\t\t\t\t\t\t\t\t<p>Estabilidad y larga vida \u00fatil.<\/p>\t\t\t\t\t\t\t\t<\/div>\n\t\t\t\t<\/div>\n\t\t\t\t\t<\/div>\n\t\t<\/div>\n\t\t\t\t<div class=\"elementor-column elementor-col-50 elementor-top-column elementor-element elementor-element-39caad3\" data-id=\"39caad3\" data-element_type=\"column\" data-e-type=\"column\">\n\t\t\t<div class=\"elementor-widget-wrap elementor-element-populated\">\n\t\t\t\t\t\t<div class=\"elementor-element elementor-element-f62f4c4 elementor-widget elementor-widget-text-editor\" data-id=\"f62f4c4\" data-element_type=\"widget\" data-e-type=\"widget\" data-widget_type=\"text-editor.default\">\n\t\t\t\t<div class=\"elementor-widget-container\">\n\t\t\t\t\t\t\t\t\t<p>Ahorro en costes de almacenamiento y transporte<\/p>\t\t\t\t\t\t\t\t<\/div>\n\t\t\t\t<\/div>\n\t\t\t\t\t<\/div>\n\t\t<\/div>\n\t\t\t\t\t<\/div>\n\t\t<\/section>\n\t\t\t\t<section class=\"elementor-section elementor-top-section elementor-element elementor-element-047c719 elementor-section-boxed elementor-section-height-default elementor-section-height-default\" data-id=\"047c719\" data-element_type=\"section\" data-e-type=\"section\">\n\t\t\t\t\t\t<div class=\"elementor-container elementor-column-gap-default\">\n\t\t\t\t\t<div class=\"elementor-column elementor-col-100 elementor-top-column elementor-element elementor-element-3ff3abc\" data-id=\"3ff3abc\" data-element_type=\"column\" data-e-type=\"column\">\n\t\t\t<div class=\"elementor-widget-wrap elementor-element-populated\">\n\t\t\t\t\t\t<div class=\"elementor-element elementor-element-e73c9bb elementor-widget elementor-widget-button\" data-id=\"e73c9bb\" data-element_type=\"widget\" data-e-type=\"widget\" data-widget_type=\"button.default\">\n\t\t\t\t<div class=\"elementor-widget-container\">\n\t\t\t\t\t\t\t\t\t<div class=\"elementor-button-wrapper\">\n\t\t\t\t\t<a class=\"elementor-button elementor-button-link elementor-size-lg\" href=\"https:\/\/drive.google.com\/file\/d\/1-YRJ4f0D97LxlI3z5_TRAxXf5xF5UDp1\/view?usp=share_link\" target=\"_blank\">\n\t\t\t\t\t\t<span class=\"elementor-button-content-wrapper\">\n\t\t\t\t\t\t\t\t\t<span class=\"elementor-button-text\">DESCARGAR EL FOLLETO<\/span>\n\t\t\t\t\t<\/span>\n\t\t\t\t\t<\/a>\n\t\t\t\t<\/div>\n\t\t\t\t\t\t\t\t<\/div>\n\t\t\t\t<\/div>\n\t\t\t\t\t<\/div>\n\t\t<\/div>\n\t\t\t\t\t<\/div>\n\t\t<\/section>\n\t\t\t\t<section class=\"elementor-section elementor-top-section elementor-element elementor-element-6218a6d elementor-section-full_width elementor-section-height-default elementor-section-height-default\" data-id=\"6218a6d\" data-element_type=\"section\" data-e-type=\"section\">\n\t\t\t\t\t\t<div class=\"elementor-container elementor-column-gap-no\">\n\t\t\t\t\t<div class=\"elementor-column elementor-col-100 elementor-top-column elementor-element elementor-element-1344d11\" data-id=\"1344d11\" data-element_type=\"column\" data-e-type=\"column\">\n\t\t\t<div class=\"elementor-widget-wrap elementor-element-populated\">\n\t\t\t\t\t\t<div class=\"elementor-element elementor-element-4a82747 elementor-cta--skin-cover elementor-animated-content elementor-bg-transform elementor-bg-transform-zoom-in elementor-widget elementor-widget-call-to-action\" data-id=\"4a82747\" data-element_type=\"widget\" data-e-type=\"widget\" data-widget_type=\"call-to-action.default\">\n\t\t\t\t<div class=\"elementor-widget-container\">\n\t\t\t\t\t\t\t<div class=\"elementor-cta\">\n\t\t\t\t\t<div class=\"elementor-cta__bg-wrapper\">\n\t\t\t\t<div class=\"elementor-cta__bg elementor-bg\" style=\"background-image: url(https:\/\/www.effe3ti.com\/wp-content\/uploads\/2024\/10\/informazioni-1024x576.jpg);\" role=\"img\" aria-label=\"Soluciones de embalaje effe3ti\"><\/div>\n\t\t\t\t<div class=\"elementor-cta__bg-overlay\"><\/div>\n\t\t\t<\/div>\n\t\t\t\t\t\t\t<div class=\"elementor-cta__content\">\n\t\t\t\t\n\t\t\t\t\t\t\t\t\t<h2 class=\"elementor-cta__title elementor-cta__content-item elementor-content-item elementor-animated-item--grow\">\n\t\t\t\t\t\tSOLICITE UNA COTIZACI\u00d3N\t\t\t\t\t<\/h2>\n\t\t\t\t\n\t\t\t\t\n\t\t\t\t\t\t\t\t\t<div class=\"elementor-cta__button-wrapper elementor-cta__content-item elementor-content-item elementor-animated-item--grow\">\n\t\t\t\t\t<a class=\"elementor-cta__button elementor-button elementor-size-\" href=\"https:\/\/www.effe3ti.com\/es\/contactos\/\">\n\t\t\t\t\t\tCONT\u00c1CTENOS\t\t\t\t\t<\/a>\n\t\t\t\t\t<\/div>\n\t\t\t\t\t\t\t<\/div>\n\t\t\t\t\t\t<\/div>\n\t\t\t\t\t\t<\/div>\n\t\t\t\t<\/div>\n\t\t\t\t\t<\/div>\n\t\t<\/div>\n\t\t\t\t\t<\/div>\n\t\t<\/section>\n\t\t\t\t<section class=\"elementor-section elementor-top-section elementor-element elementor-element-1c9b8b1 elementor-section-boxed elementor-section-height-default elementor-section-height-default\" data-id=\"1c9b8b1\" data-element_type=\"section\" data-e-type=\"section\">\n\t\t\t\t\t\t<div class=\"elementor-container elementor-column-gap-default\">\n\t\t\t\t\t<div class=\"elementor-column elementor-col-100 elementor-top-column elementor-element elementor-element-8e61bcf\" data-id=\"8e61bcf\" data-element_type=\"column\" data-e-type=\"column\">\n\t\t\t<div class=\"elementor-widget-wrap elementor-element-populated\">\n\t\t\t\t\t\t<div class=\"elementor-element elementor-element-d6229c8 elementor-widget elementor-widget-heading\" data-id=\"d6229c8\" data-element_type=\"widget\" data-e-type=\"widget\" data-widget_type=\"heading.default\">\n\t\t\t\t<div class=\"elementor-widget-container\">\n\t\t\t\t\t<h2 class=\"elementor-heading-title elementor-size-default\">PRODUCTOS RELACIONADOS<\/h2>\t\t\t\t<\/div>\n\t\t\t\t<\/div>\n\t\t\t\t<div class=\"elementor-element elementor-element-3f72ac2 elementor-grid-3 elementor-grid-tablet-2 elementor-grid-mobile-1 elementor-posts--thumbnail-top elementor-card-shadow-yes elementor-posts__hover-gradient elementor-widget elementor-widget-posts\" data-id=\"3f72ac2\" data-element_type=\"widget\" data-e-type=\"widget\" data-settings=\"{&quot;cards_columns&quot;:&quot;3&quot;,&quot;cards_columns_tablet&quot;:&quot;2&quot;,&quot;cards_columns_mobile&quot;:&quot;1&quot;,&quot;cards_row_gap&quot;:{&quot;unit&quot;:&quot;px&quot;,&quot;size&quot;:35,&quot;sizes&quot;:[]},&quot;cards_row_gap_tablet&quot;:{&quot;unit&quot;:&quot;px&quot;,&quot;size&quot;:&quot;&quot;,&quot;sizes&quot;:[]},&quot;cards_row_gap_mobile&quot;:{&quot;unit&quot;:&quot;px&quot;,&quot;size&quot;:&quot;&quot;,&quot;sizes&quot;:[]}}\" data-widget_type=\"posts.cards\">\n\t\t\t\t<div class=\"elementor-widget-container\">\n\t\t\t\t\t\t\t<div class=\"elementor-posts-container elementor-posts elementor-posts--skin-cards elementor-grid\" role=\"list\">\n\t\t\t\t<article class=\"elementor-post elementor-grid-item post-216 product type-product status-publish has-post-thumbnail product_cat-compattatori-it product_tag-compattatore product_tag-ecologia product_tag-pressa product_tag-riciclo product_tag-rifiuti first instock shipping-taxable product-type-simple\" role=\"listitem\">\n\t\t\t<div class=\"elementor-post__card\">\n\t\t\t\t<a class=\"elementor-post__thumbnail__link\" href=\"https:\/\/www.effe3ti.com\/es\/prodotto\/autoloadbaler-pressa-automatica\/\" tabindex=\"-1\" ><div class=\"elementor-post__thumbnail\"><img decoding=\"async\" width=\"300\" height=\"192\" src=\"https:\/\/www.effe3ti.com\/wp-content\/uploads\/2021\/04\/Autoloadbaler-1-1-300x192.jpg\" class=\"attachment-medium size-medium wp-image-23222\" alt=\"Cargador autom\u00e1tico\" srcset=\"https:\/\/www.effe3ti.com\/wp-content\/uploads\/2021\/04\/Autoloadbaler-1-1-300x192.jpg 300w, https:\/\/www.effe3ti.com\/wp-content\/uploads\/2021\/04\/Autoloadbaler-1-1-1024x657.jpg 1024w, https:\/\/www.effe3ti.com\/wp-content\/uploads\/2021\/04\/Autoloadbaler-1-1-768x493.jpg 768w, https:\/\/www.effe3ti.com\/wp-content\/uploads\/2021\/04\/Autoloadbaler-1-1-18x12.jpg 18w, https:\/\/www.effe3ti.com\/wp-content\/uploads\/2021\/04\/Autoloadbaler-1-1-600x385.jpg 600w, https:\/\/www.effe3ti.com\/wp-content\/uploads\/2021\/04\/Autoloadbaler-1-1.jpg 1500w\" sizes=\"(max-width: 300px) 100vw, 300px\" \/><\/div><\/a>\n\t\t\t\t<div class=\"elementor-post__text\">\n\t\t\t\t<h3 class=\"elementor-post__title\">\n\t\t\t<a href=\"https:\/\/www.effe3ti.com\/es\/prodotto\/autoloadbaler-pressa-automatica\/\" >\n\t\t\t\tAutoLoadBaler \u2013 Empacadora autom\u00e1tica\t\t\t<\/a>\n\t\t<\/h3>\n\t\t\n\t\t<a class=\"elementor-post__read-more\" href=\"https:\/\/www.effe3ti.com\/es\/prodotto\/autoloadbaler-pressa-automatica\/\" aria-label=\"M\u00e1s informaci\u00f3n sobre AutoLoadBaler \u2013 Empacadora autom\u00e1tica\" tabindex=\"-1\" >\n\t\t\tDescubres &quot;\t\t<\/a>\n\n\t\t\t\t<\/div>\n\t\t\t\t\t<\/div>\n\t\t<\/article>\n\t\t\t\t<article class=\"elementor-post elementor-grid-item post-223 product type-product status-publish has-post-thumbnail product_cat-compattatori-it product_tag-compattatore product_tag-ecologia product_tag-pressa product_tag-riciclo product_tag-rifiuti  instock shipping-taxable product-type-simple\" role=\"listitem\">\n\t\t\t<div class=\"elementor-post__card\">\n\t\t\t\t<a class=\"elementor-post__thumbnail__link\" href=\"https:\/\/www.effe3ti.com\/es\/prodotto\/bp53-pressa-a-camera-verticale-53t\/\" tabindex=\"-1\" ><div class=\"elementor-post__thumbnail\"><img decoding=\"async\" width=\"300\" height=\"300\" src=\"https:\/\/www.effe3ti.com\/wp-content\/uploads\/2021\/04\/BP53-300x300.jpg\" class=\"attachment-medium size-medium wp-image-275\" alt=\"prensa de residuos\" srcset=\"https:\/\/www.effe3ti.com\/wp-content\/uploads\/2021\/04\/BP53-300x300.jpg 300w, https:\/\/www.effe3ti.com\/wp-content\/uploads\/2021\/04\/BP53-100x100.jpg 100w, https:\/\/www.effe3ti.com\/wp-content\/uploads\/2021\/04\/BP53-600x600.jpg 600w, https:\/\/www.effe3ti.com\/wp-content\/uploads\/2021\/04\/BP53-1024x1024.jpg 1024w, https:\/\/www.effe3ti.com\/wp-content\/uploads\/2021\/04\/BP53-150x150.jpg 150w, https:\/\/www.effe3ti.com\/wp-content\/uploads\/2021\/04\/BP53-768x768.jpg 768w, https:\/\/www.effe3ti.com\/wp-content\/uploads\/2021\/04\/BP53.jpg 1200w\" sizes=\"(max-width: 300px) 100vw, 300px\" \/><\/div><\/a>\n\t\t\t\t<div class=\"elementor-post__text\">\n\t\t\t\t<h3 class=\"elementor-post__title\">\n\t\t\t<a href=\"https:\/\/www.effe3ti.com\/es\/prodotto\/bp53-pressa-a-camera-verticale-53t\/\" >\n\t\t\t\tBP53 \u2013 Prensa de c\u00e1mara vertical de 53 t\t\t\t<\/a>\n\t\t<\/h3>\n\t\t\n\t\t<a class=\"elementor-post__read-more\" href=\"https:\/\/www.effe3ti.com\/es\/prodotto\/bp53-pressa-a-camera-verticale-53t\/\" aria-label=\"M\u00e1s informaci\u00f3n sobre la prensa de c\u00e1mara vertical BP53 de 53 t\" tabindex=\"-1\" >\n\t\t\tDescubres &quot;\t\t<\/a>\n\n\t\t\t\t<\/div>\n\t\t\t\t\t<\/div>\n\t\t<\/article>\n\t\t\t\t<article class=\"elementor-post elementor-grid-item post-244 product type-product status-publish has-post-thumbnail product_cat-compattatori-it product_tag-compattatore product_tag-ecologia product_tag-pressa product_tag-riciclo product_tag-rifiuti  instock shipping-taxable product-type-simple\" role=\"listitem\">\n\t\t\t<div class=\"elementor-post__card\">\n\t\t\t\t<a class=\"elementor-post__thumbnail__link\" href=\"https:\/\/www.effe3ti.com\/es\/prodotto\/styropress-bricchettatrice-per-polistirolo\/\" tabindex=\"-1\" ><div class=\"elementor-post__thumbnail\"><img loading=\"lazy\" decoding=\"async\" width=\"300\" height=\"300\" src=\"https:\/\/www.effe3ti.com\/wp-content\/uploads\/2021\/04\/Cutcompact-300x300.jpg\" class=\"attachment-medium size-medium wp-image-282\" alt=\"compactaci\u00f3n de poliestireno\" srcset=\"https:\/\/www.effe3ti.com\/wp-content\/uploads\/2021\/04\/Cutcompact-300x300.jpg 300w, https:\/\/www.effe3ti.com\/wp-content\/uploads\/2021\/04\/Cutcompact-100x100.jpg 100w, https:\/\/www.effe3ti.com\/wp-content\/uploads\/2021\/04\/Cutcompact-600x600.jpg 600w, https:\/\/www.effe3ti.com\/wp-content\/uploads\/2021\/04\/Cutcompact-1024x1024.jpg 1024w, https:\/\/www.effe3ti.com\/wp-content\/uploads\/2021\/04\/Cutcompact-150x150.jpg 150w, https:\/\/www.effe3ti.com\/wp-content\/uploads\/2021\/04\/Cutcompact-768x768.jpg 768w, https:\/\/www.effe3ti.com\/wp-content\/uploads\/2021\/04\/Cutcompact.jpg 1200w\" sizes=\"(max-width: 300px) 100vw, 300px\" \/><\/div><\/a>\n\t\t\t\t<div class=\"elementor-post__text\">\n\t\t\t\t<h3 class=\"elementor-post__title\">\n\t\t\t<a href=\"https:\/\/www.effe3ti.com\/es\/prodotto\/styropress-bricchettatrice-per-polistirolo\/\" >\n\t\t\t\tStyropress \u2013 Prensa briquetadora para poliestireno\t\t\t<\/a>\n\t\t<\/h3>\n\t\t\n\t\t<a class=\"elementor-post__read-more\" href=\"https:\/\/www.effe3ti.com\/es\/prodotto\/styropress-bricchettatrice-per-polistirolo\/\" aria-label=\"M\u00e1s informaci\u00f3n sobre Styropress \u2013 Briquetadora de poliestireno\" tabindex=\"-1\" >\n\t\t\tDescubres &quot;\t\t<\/a>\n\n\t\t\t\t<\/div>\n\t\t\t\t\t<\/div>\n\t\t<\/article>\n\t\t\t\t<\/div>\n\t\t\n\t\t\t\t\t\t<\/div>\n\t\t\t\t<\/div>\n\t\t\t\t\t<\/div>\n\t\t<\/div>\n\t\t\t\t\t<\/div>\n\t\t<\/section>\n\t\t\t\t<\/div>","protected":false},"excerpt":{"rendered":"<p>Pacas de hasta 320 kg. La empacadora de c\u00e1mara vertical BP 28 comprime papel y film pl\u00e1stico en pacas de alta densidad. La placa de prensado con sistema TopPlus garantiza...<\/p>","protected":false},"featured_media":274,"comment_status":"closed","ping_status":"closed","template":"","meta":[],"product_brand":[],"product_cat":[25],"product_tag":[456,454,446,450,452],"class_list":{"0":"post-222","1":"product","2":"type-product","3":"status-publish","4":"has-post-thumbnail","6":"product_cat-compattatori-it","7":"product_tag-compattatore","8":"product_tag-ecologia","9":"product_tag-pressa","10":"product_tag-riciclo","11":"product_tag-rifiuti","13":"last","14":"instock","15":"shipping-taxable","16":"product-type-simple"},"yoast_head":"<!-- This site is optimized with the Yoast SEO plugin v27.5 - https:\/\/yoast.com\/product\/yoast-seo-wordpress\/ -->\n<title>BP28 - Pressa a camera verticale 28t - Effe3ti<\/title>\n<meta name=\"description\" content=\"La pressa a camera verticale\u00a0BP 28\u00a0comprime carta e film plastico in balle ad alta densit\u00e0 con una forza pressante di 280kN\" \/>\n<meta name=\"robots\" content=\"index, follow, max-snippet:-1, max-image-preview:large, max-video-preview:-1\" \/>\n<link rel=\"canonical\" href=\"https:\/\/www.effe3ti.com\/es\/producto\/prensa-de-camara-vertical-bp28-de-28t\/\" \/>\n<meta property=\"og:locale\" content=\"es_ES\" \/>\n<meta property=\"og:type\" content=\"article\" \/>\n<meta property=\"og:title\" content=\"BP28 - Pressa a camera verticale 28t - Effe3ti\" \/>\n<meta property=\"og:description\" content=\"La pressa a camera verticale\u00a0BP 28\u00a0comprime carta e film plastico in balle ad alta densit\u00e0 con una forza pressante di 280kN\" \/>\n<meta property=\"og:url\" content=\"https:\/\/www.effe3ti.com\/es\/producto\/prensa-de-camara-vertical-bp28-de-28t\/\" \/>\n<meta property=\"og:site_name\" content=\"Effe3ti\" \/>\n<meta property=\"article:publisher\" content=\"https:\/\/www.facebook.com\/effe3ti.packaging\" \/>\n<meta property=\"article:modified_time\" content=\"2026-04-07T15:18:14+00:00\" \/>\n<meta property=\"og:image\" content=\"https:\/\/www.effe3ti.com\/wp-content\/uploads\/2021\/04\/BP28.jpg\" \/>\n\t<meta property=\"og:image:width\" content=\"1200\" \/>\n\t<meta property=\"og:image:height\" content=\"1200\" \/>\n\t<meta property=\"og:image:type\" content=\"image\/jpeg\" \/>\n<meta name=\"twitter:card\" content=\"summary_large_image\" \/>\n<script type=\"application\/ld+json\" class=\"yoast-schema-graph\">{\"@context\":\"https:\\\/\\\/schema.org\",\"@graph\":[{\"@type\":\"WebPage\",\"@id\":\"https:\\\/\\\/www.effe3ti.com\\\/prodotto\\\/bp28-pressa-a-camera-verticale-28t\\\/\",\"url\":\"https:\\\/\\\/www.effe3ti.com\\\/prodotto\\\/bp28-pressa-a-camera-verticale-28t\\\/\",\"name\":\"BP28 - Pressa a camera verticale 28t - Effe3ti\",\"isPartOf\":{\"@id\":\"https:\\\/\\\/www.effe3ti.com\\\/#website\"},\"primaryImageOfPage\":{\"@id\":\"https:\\\/\\\/www.effe3ti.com\\\/prodotto\\\/bp28-pressa-a-camera-verticale-28t\\\/#primaryimage\"},\"image\":{\"@id\":\"https:\\\/\\\/www.effe3ti.com\\\/prodotto\\\/bp28-pressa-a-camera-verticale-28t\\\/#primaryimage\"},\"thumbnailUrl\":\"https:\\\/\\\/www.effe3ti.com\\\/wp-content\\\/uploads\\\/2021\\\/04\\\/BP28.jpg\",\"datePublished\":\"2021-04-01T20:32:33+00:00\",\"dateModified\":\"2026-04-07T15:18:14+00:00\",\"description\":\"La pressa a camera verticale\u00a0BP 28\u00a0comprime carta e film plastico in balle ad alta densit\u00e0 con una forza pressante di 280kN\",\"breadcrumb\":{\"@id\":\"https:\\\/\\\/www.effe3ti.com\\\/prodotto\\\/bp28-pressa-a-camera-verticale-28t\\\/#breadcrumb\"},\"inLanguage\":\"es\",\"potentialAction\":[{\"@type\":\"ReadAction\",\"target\":[\"https:\\\/\\\/www.effe3ti.com\\\/prodotto\\\/bp28-pressa-a-camera-verticale-28t\\\/\"]}]},{\"@type\":\"ImageObject\",\"inLanguage\":\"es\",\"@id\":\"https:\\\/\\\/www.effe3ti.com\\\/prodotto\\\/bp28-pressa-a-camera-verticale-28t\\\/#primaryimage\",\"url\":\"https:\\\/\\\/www.effe3ti.com\\\/wp-content\\\/uploads\\\/2021\\\/04\\\/BP28.jpg\",\"contentUrl\":\"https:\\\/\\\/www.effe3ti.com\\\/wp-content\\\/uploads\\\/2021\\\/04\\\/BP28.jpg\",\"width\":1200,\"height\":1200,\"caption\":\"pressa rifiuti\"},{\"@type\":\"BreadcrumbList\",\"@id\":\"https:\\\/\\\/www.effe3ti.com\\\/prodotto\\\/bp28-pressa-a-camera-verticale-28t\\\/#breadcrumb\",\"itemListElement\":[{\"@type\":\"ListItem\",\"position\":1,\"name\":\"Home\",\"item\":\"https:\\\/\\\/www.effe3ti.com\\\/\"},{\"@type\":\"ListItem\",\"position\":2,\"name\":\"Products\",\"item\":\"https:\\\/\\\/www.effe3ti.com\\\/en\\\/shop\\\/\"},{\"@type\":\"ListItem\",\"position\":3,\"name\":\"BP28 &#8211; Pressa a camera verticale 28t\"}]},{\"@type\":\"WebSite\",\"@id\":\"https:\\\/\\\/www.effe3ti.com\\\/#website\",\"url\":\"https:\\\/\\\/www.effe3ti.com\\\/\",\"name\":\"Effe3ti\",\"description\":\"Packaging Technologies\",\"publisher\":{\"@id\":\"https:\\\/\\\/www.effe3ti.com\\\/#organization\"},\"potentialAction\":[{\"@type\":\"SearchAction\",\"target\":{\"@type\":\"EntryPoint\",\"urlTemplate\":\"https:\\\/\\\/www.effe3ti.com\\\/?s={search_term_string}\"},\"query-input\":{\"@type\":\"PropertyValueSpecification\",\"valueRequired\":true,\"valueName\":\"search_term_string\"}}],\"inLanguage\":\"es\"},{\"@type\":\"Organization\",\"@id\":\"https:\\\/\\\/www.effe3ti.com\\\/#organization\",\"name\":\"Effe3ti\",\"alternateName\":\"f3t\",\"url\":\"https:\\\/\\\/www.effe3ti.com\\\/\",\"logo\":{\"@type\":\"ImageObject\",\"inLanguage\":\"es\",\"@id\":\"https:\\\/\\\/www.effe3ti.com\\\/#\\\/schema\\\/logo\\\/image\\\/\",\"url\":\"https:\\\/\\\/www.effe3ti.com\\\/wp-content\\\/uploads\\\/2021\\\/04\\\/Effe3ti_logo-350.gif\",\"contentUrl\":\"https:\\\/\\\/www.effe3ti.com\\\/wp-content\\\/uploads\\\/2021\\\/04\\\/Effe3ti_logo-350.gif\",\"width\":350,\"height\":128,\"caption\":\"Effe3ti\"},\"image\":{\"@id\":\"https:\\\/\\\/www.effe3ti.com\\\/#\\\/schema\\\/logo\\\/image\\\/\"},\"sameAs\":[\"https:\\\/\\\/www.facebook.com\\\/effe3ti.packaging\",\"https:\\\/\\\/www.instagram.com\\\/EFFE3TI\\\/\",\"https:\\\/\\\/www.linkedin.com\\\/company\\\/effe3ti-srl\",\"https:\\\/\\\/www.youtube.com\\\/effe3ti\"]}]}<\/script>\n<!-- \/ Yoast SEO plugin. -->","yoast_head_json":{"title":"BP28 - Prensa de c\u00e1mara vertical 28t - Effe3ti","description":"La empacadora de c\u00e1mara vertical BP 28 comprime papel y pel\u00edculas de pl\u00e1stico en pacas de alta densidad con una fuerza de prensado de 280 kN.","robots":{"index":"index","follow":"follow","max-snippet":"max-snippet:-1","max-image-preview":"max-image-preview:large","max-video-preview":"max-video-preview:-1"},"canonical":"https:\/\/www.effe3ti.com\/es\/producto\/prensa-de-camara-vertical-bp28-de-28t\/","og_locale":"es_ES","og_type":"article","og_title":"BP28 - Pressa a camera verticale 28t - Effe3ti","og_description":"La pressa a camera verticale\u00a0BP 28\u00a0comprime carta e film plastico in balle ad alta densit\u00e0 con una forza pressante di 280kN","og_url":"https:\/\/www.effe3ti.com\/es\/producto\/prensa-de-camara-vertical-bp28-de-28t\/","og_site_name":"Effe3ti","article_publisher":"https:\/\/www.facebook.com\/effe3ti.packaging","article_modified_time":"2026-04-07T15:18:14+00:00","og_image":[{"width":1200,"height":1200,"url":"https:\/\/www.effe3ti.com\/wp-content\/uploads\/2021\/04\/BP28.jpg","type":"image\/jpeg"}],"twitter_card":"summary_large_image","schema":{"@context":"https:\/\/schema.org","@graph":[{"@type":"WebPage","@id":"https:\/\/www.effe3ti.com\/prodotto\/bp28-pressa-a-camera-verticale-28t\/","url":"https:\/\/www.effe3ti.com\/prodotto\/bp28-pressa-a-camera-verticale-28t\/","name":"BP28 - Prensa de c\u00e1mara vertical 28t - Effe3ti","isPartOf":{"@id":"https:\/\/www.effe3ti.com\/#website"},"primaryImageOfPage":{"@id":"https:\/\/www.effe3ti.com\/prodotto\/bp28-pressa-a-camera-verticale-28t\/#primaryimage"},"image":{"@id":"https:\/\/www.effe3ti.com\/prodotto\/bp28-pressa-a-camera-verticale-28t\/#primaryimage"},"thumbnailUrl":"https:\/\/www.effe3ti.com\/wp-content\/uploads\/2021\/04\/BP28.jpg","datePublished":"2021-04-01T20:32:33+00:00","dateModified":"2026-04-07T15:18:14+00:00","description":"La empacadora de c\u00e1mara vertical BP 28 comprime papel y pel\u00edculas de pl\u00e1stico en pacas de alta densidad con una fuerza de prensado de 280 kN.","breadcrumb":{"@id":"https:\/\/www.effe3ti.com\/prodotto\/bp28-pressa-a-camera-verticale-28t\/#breadcrumb"},"inLanguage":"es","potentialAction":[{"@type":"ReadAction","target":["https:\/\/www.effe3ti.com\/prodotto\/bp28-pressa-a-camera-verticale-28t\/"]}]},{"@type":"ImageObject","inLanguage":"es","@id":"https:\/\/www.effe3ti.com\/prodotto\/bp28-pressa-a-camera-verticale-28t\/#primaryimage","url":"https:\/\/www.effe3ti.com\/wp-content\/uploads\/2021\/04\/BP28.jpg","contentUrl":"https:\/\/www.effe3ti.com\/wp-content\/uploads\/2021\/04\/BP28.jpg","width":1200,"height":1200,"caption":"pressa rifiuti"},{"@type":"BreadcrumbList","@id":"https:\/\/www.effe3ti.com\/prodotto\/bp28-pressa-a-camera-verticale-28t\/#breadcrumb","itemListElement":[{"@type":"ListItem","position":1,"name":"Home","item":"https:\/\/www.effe3ti.com\/"},{"@type":"ListItem","position":2,"name":"Products","item":"https:\/\/www.effe3ti.com\/en\/shop\/"},{"@type":"ListItem","position":3,"name":"BP28 &#8211; Pressa a camera verticale 28t"}]},{"@type":"WebSite","@id":"https:\/\/www.effe3ti.com\/#website","url":"https:\/\/www.effe3ti.com\/","name":"Efectos","description":"Tecnolog\u00edas de embalaje","publisher":{"@id":"https:\/\/www.effe3ti.com\/#organization"},"potentialAction":[{"@type":"SearchAction","target":{"@type":"EntryPoint","urlTemplate":"https:\/\/www.effe3ti.com\/?s={search_term_string}"},"query-input":{"@type":"PropertyValueSpecification","valueRequired":true,"valueName":"search_term_string"}}],"inLanguage":"es"},{"@type":"Organization","@id":"https:\/\/www.effe3ti.com\/#organization","name":"Efectos","alternateName":"f3t","url":"https:\/\/www.effe3ti.com\/","logo":{"@type":"ImageObject","inLanguage":"es","@id":"https:\/\/www.effe3ti.com\/#\/schema\/logo\/image\/","url":"https:\/\/www.effe3ti.com\/wp-content\/uploads\/2021\/04\/Effe3ti_logo-350.gif","contentUrl":"https:\/\/www.effe3ti.com\/wp-content\/uploads\/2021\/04\/Effe3ti_logo-350.gif","width":350,"height":128,"caption":"Effe3ti"},"image":{"@id":"https:\/\/www.effe3ti.com\/#\/schema\/logo\/image\/"},"sameAs":["https:\/\/www.facebook.com\/effe3ti.packaging","https:\/\/www.instagram.com\/EFFE3TI\/","https:\/\/www.linkedin.com\/company\/effe3ti-srl","https:\/\/www.youtube.com\/effe3ti"]}]}},"_links":{"self":[{"href":"https:\/\/www.effe3ti.com\/es\/wp-json\/wp\/v2\/product\/222","targetHints":{"allow":["GET"]}}],"collection":[{"href":"https:\/\/www.effe3ti.com\/es\/wp-json\/wp\/v2\/product"}],"about":[{"href":"https:\/\/www.effe3ti.com\/es\/wp-json\/wp\/v2\/types\/product"}],"replies":[{"embeddable":true,"href":"https:\/\/www.effe3ti.com\/es\/wp-json\/wp\/v2\/comments?post=222"}],"version-history":[{"count":5,"href":"https:\/\/www.effe3ti.com\/es\/wp-json\/wp\/v2\/product\/222\/revisions"}],"predecessor-version":[{"id":25016,"href":"https:\/\/www.effe3ti.com\/es\/wp-json\/wp\/v2\/product\/222\/revisions\/25016"}],"wp:featuredmedia":[{"embeddable":true,"href":"https:\/\/www.effe3ti.com\/es\/wp-json\/wp\/v2\/media\/274"}],"wp:attachment":[{"href":"https:\/\/www.effe3ti.com\/es\/wp-json\/wp\/v2\/media?parent=222"}],"wp:term":[{"taxonomy":"product_brand","embeddable":true,"href":"https:\/\/www.effe3ti.com\/es\/wp-json\/wp\/v2\/product_brand?post=222"},{"taxonomy":"product_cat","embeddable":true,"href":"https:\/\/www.effe3ti.com\/es\/wp-json\/wp\/v2\/product_cat?post=222"},{"taxonomy":"product_tag","embeddable":true,"href":"https:\/\/www.effe3ti.com\/es\/wp-json\/wp\/v2\/product_tag?post=222"}],"curies":[{"name":"wp","href":"https:\/\/api.w.org\/{rel}","templated":true}]}}