{"id":3979,"date":"2021-10-21T13:57:15","date_gmt":"2021-10-21T13:57:15","guid":{"rendered":"https:\/\/epic-einstein.5-196-224-87.plesk.page\/?page_id=3979"},"modified":"2021-10-21T13:57:59","modified_gmt":"2021-10-21T13:57:59","slug":"informations-sur-lactualite","status":"publish","type":"page","link":"https:\/\/www.effe3ti.com\/fr\/news-approfondimenti\/","title":{"rendered":"Actualit\u00e9s \u2013 Perspectives"},"content":{"rendered":"<div data-elementor-type=\"wp-page\" data-elementor-id=\"3979\" class=\"elementor elementor-3979\" data-elementor-post-type=\"page\">\n\t\t\t\t\t\t<section class=\"elementor-section elementor-top-section elementor-element elementor-element-03d5dbb elementor-section-boxed elementor-section-height-default elementor-section-height-default\" data-id=\"03d5dbb\" data-element_type=\"section\" data-e-type=\"section\">\n\t\t\t\t\t\t<div class=\"elementor-container elementor-column-gap-default\">\n\t\t\t\t\t<div class=\"elementor-column elementor-col-100 elementor-top-column elementor-element elementor-element-8dcf13f\" data-id=\"8dcf13f\" data-element_type=\"column\" data-e-type=\"column\">\n\t\t\t<div class=\"elementor-widget-wrap elementor-element-populated\">\n\t\t\t\t\t\t<div class=\"elementor-element elementor-element-6e79d70 elementor-grid-3 elementor-grid-tablet-2 elementor-grid-mobile-1 elementor-posts--thumbnail-top elementor-card-shadow-yes elementor-posts__hover-gradient elementor-widget elementor-widget-posts\" data-id=\"6e79d70\" data-element_type=\"widget\" data-e-type=\"widget\" data-settings=\"{&quot;pagination_type&quot;:&quot;numbers&quot;,&quot;cards_columns&quot;:&quot;3&quot;,&quot;cards_columns_tablet&quot;:&quot;2&quot;,&quot;cards_columns_mobile&quot;:&quot;1&quot;,&quot;cards_row_gap&quot;:{&quot;unit&quot;:&quot;px&quot;,&quot;size&quot;:35,&quot;sizes&quot;:[]},&quot;cards_row_gap_tablet&quot;:{&quot;unit&quot;:&quot;px&quot;,&quot;size&quot;:&quot;&quot;,&quot;sizes&quot;:[]},&quot;cards_row_gap_mobile&quot;:{&quot;unit&quot;:&quot;px&quot;,&quot;size&quot;:&quot;&quot;,&quot;sizes&quot;:[]}}\" data-widget_type=\"posts.cards\">\n\t\t\t\t<div class=\"elementor-widget-container\">\n\t\t\t\t\t\t\t<div class=\"elementor-posts-container elementor-posts elementor-posts--skin-cards elementor-grid\" role=\"list\">\n\t\t\t\t<article class=\"elementor-post elementor-grid-item post-24442 post type-post status-publish format-standard has-post-thumbnail hentry category-news-approfondimenti\" role=\"listitem\">\n\t\t\t<div class=\"elementor-post__card\">\n\t\t\t\t<a class=\"elementor-post__thumbnail__link\" href=\"https:\/\/www.effe3ti.com\/fr\/reggiatrici-automatiche-come-integrarle-nei-processi-produttivi-industriali\/\" tabindex=\"-1\" ><div class=\"elementor-post__thumbnail\"><img fetchpriority=\"high\" decoding=\"async\" width=\"300\" height=\"200\" src=\"https:\/\/www.effe3ti.com\/wp-content\/uploads\/2022\/06\/Impianto-box-pallet-3w-300x200.jpg\" class=\"attachment-medium size-medium wp-image-9334\" alt=\"Syst\u00e8me de palettes et de bo\u00eetes 4.0\" srcset=\"https:\/\/www.effe3ti.com\/wp-content\/uploads\/2022\/06\/Impianto-box-pallet-3w-300x200.jpg 300w, https:\/\/www.effe3ti.com\/wp-content\/uploads\/2022\/06\/Impianto-box-pallet-3w-600x400.jpg 600w, https:\/\/www.effe3ti.com\/wp-content\/uploads\/2022\/06\/Impianto-box-pallet-3w-1024x683.jpg 1024w, https:\/\/www.effe3ti.com\/wp-content\/uploads\/2022\/06\/Impianto-box-pallet-3w-768x512.jpg 768w, https:\/\/www.effe3ti.com\/wp-content\/uploads\/2022\/06\/Impianto-box-pallet-3w-1536x1024.jpg 1536w, https:\/\/www.effe3ti.com\/wp-content\/uploads\/2022\/06\/Impianto-box-pallet-3w-2048x1365.jpg 2048w\" sizes=\"(max-width: 300px) 100vw, 300px\" \/><\/div><\/a>\n\t\t\t\t<div class=\"elementor-post__badge\">Connaissances<\/div>\n\t\t\t\t<div class=\"elementor-post__text\">\n\t\t\t\t<h3 class=\"elementor-post__title\">\n\t\t\t<a href=\"https:\/\/www.effe3ti.com\/fr\/reggiatrici-automatiche-come-integrarle-nei-processi-produttivi-industriali\/\" >\n\t\t\t\tMachines de cerclage automatiques\u00a0: comment les int\u00e9grer dans les processus de production industrielle\t\t\t<\/a>\n\t\t<\/h3>\n\t\t\t\t<div class=\"elementor-post__excerpt\">\n\t\t\t<p>Le reggiatrici automatiche non devono essere considerate un semplice dettaglio del fine linea. Anzi, oggi sono uno dei punti in cui<\/p>\n\t\t<\/div>\n\t\t\n\t\t<a class=\"elementor-post__read-more\" href=\"https:\/\/www.effe3ti.com\/fr\/reggiatrici-automatiche-come-integrarle-nei-processi-produttivi-industriali\/\" aria-label=\"En savoir plus sur Reggiatrici automatiche: come integrarle nei processi produttivi industriali\" tabindex=\"-1\" >\n\t\t\tLire tout\t\t<\/a>\n\n\t\t\t\t<\/div>\n\t\t\t\t<div class=\"elementor-post__meta-data\">\n\t\t\t\t\t<span class=\"elementor-post-date\">\n\t\t\t15 avril 2026\t\t<\/span>\n\t\t\t\t<\/div>\n\t\t\t\t\t<\/div>\n\t\t<\/article>\n\t\t\t\t<article class=\"elementor-post elementor-grid-item post-24837 post type-post status-publish format-standard has-post-thumbnail hentry category-news-approfondimenti\" role=\"listitem\">\n\t\t\t<div class=\"elementor-post__card\">\n\t\t\t\t<a class=\"elementor-post__thumbnail__link\" href=\"https:\/\/www.effe3ti.com\/fr\/compattatore-cartone-ecco-perche-ti-serve-davvero-in-azienda\/\" tabindex=\"-1\" ><div class=\"elementor-post__thumbnail\"><img decoding=\"async\" width=\"300\" height=\"200\" src=\"https:\/\/www.effe3ti.com\/wp-content\/uploads\/2026\/03\/arrangement-dirty-dumped-objects-300x200.jpg\" class=\"attachment-medium size-medium wp-image-24710\" alt=\"\" srcset=\"https:\/\/www.effe3ti.com\/wp-content\/uploads\/2026\/03\/arrangement-dirty-dumped-objects-300x200.jpg 300w, https:\/\/www.effe3ti.com\/wp-content\/uploads\/2026\/03\/arrangement-dirty-dumped-objects-1024x683.jpg 1024w, https:\/\/www.effe3ti.com\/wp-content\/uploads\/2026\/03\/arrangement-dirty-dumped-objects-768x512.jpg 768w, https:\/\/www.effe3ti.com\/wp-content\/uploads\/2026\/03\/arrangement-dirty-dumped-objects-1536x1024.jpg 1536w, https:\/\/www.effe3ti.com\/wp-content\/uploads\/2026\/03\/arrangement-dirty-dumped-objects-2048x1365.jpg 2048w, https:\/\/www.effe3ti.com\/wp-content\/uploads\/2026\/03\/arrangement-dirty-dumped-objects-18x12.jpg 18w, https:\/\/www.effe3ti.com\/wp-content\/uploads\/2026\/03\/arrangement-dirty-dumped-objects-600x400.jpg 600w\" sizes=\"(max-width: 300px) 100vw, 300px\" \/><\/div><\/a>\n\t\t\t\t<div class=\"elementor-post__badge\">Connaissances<\/div>\n\t\t\t\t<div class=\"elementor-post__text\">\n\t\t\t\t<h3 class=\"elementor-post__title\">\n\t\t\t<a href=\"https:\/\/www.effe3ti.com\/fr\/compattatore-cartone-ecco-perche-ti-serve-davvero-in-azienda\/\" >\n\t\t\t\tCompacteur de carton : voici pourquoi vous en avez vraiment besoin dans votre entreprise.\t\t\t<\/a>\n\t\t<\/h3>\n\t\t\t\t<div class=\"elementor-post__excerpt\">\n\t\t\t<p>La presse \u00e0 carton est l&#039;une des machines qui modifient le plus rapidement l&#039;organisation d&#039;un entrep\u00f4t ou d&#039;un rayon.<\/p>\n\t\t<\/div>\n\t\t\n\t\t<a class=\"elementor-post__read-more\" href=\"https:\/\/www.effe3ti.com\/fr\/compattatore-cartone-ecco-perche-ti-serve-davvero-in-azienda\/\" aria-label=\"D\u00e9couvrez le compacteur de carton\u00a0: voici pourquoi il est indispensable \u00e0 votre entreprise.\" tabindex=\"-1\" >\n\t\t\tLire tout\t\t<\/a>\n\n\t\t\t\t<\/div>\n\t\t\t\t<div class=\"elementor-post__meta-data\">\n\t\t\t\t\t<span class=\"elementor-post-date\">\n\t\t\t30 mars 2026\t\t<\/span>\n\t\t\t\t<\/div>\n\t\t\t\t\t<\/div>\n\t\t<\/article>\n\t\t\t\t<article class=\"elementor-post elementor-grid-item post-24444 post type-post status-publish format-standard has-post-thumbnail hentry category-news-approfondimenti\" role=\"listitem\">\n\t\t\t<div class=\"elementor-post__card\">\n\t\t\t\t<a class=\"elementor-post__thumbnail__link\" href=\"https:\/\/www.effe3ti.com\/fr\/presse-per-rifiuti-di-piccole-dimensioni-quando-convengono\/\" tabindex=\"-1\" ><div class=\"elementor-post__thumbnail\"><img decoding=\"async\" width=\"300\" height=\"300\" src=\"https:\/\/www.effe3ti.com\/wp-content\/uploads\/2021\/04\/BP4-300x300.jpg\" class=\"attachment-medium size-medium wp-image-272\" alt=\"presse \u00e0 d\u00e9chets\" srcset=\"https:\/\/www.effe3ti.com\/wp-content\/uploads\/2021\/04\/BP4-300x300.jpg 300w, https:\/\/www.effe3ti.com\/wp-content\/uploads\/2021\/04\/BP4-100x100.jpg 100w, https:\/\/www.effe3ti.com\/wp-content\/uploads\/2021\/04\/BP4-600x600.jpg 600w, https:\/\/www.effe3ti.com\/wp-content\/uploads\/2021\/04\/BP4-1024x1024.jpg 1024w, https:\/\/www.effe3ti.com\/wp-content\/uploads\/2021\/04\/BP4-150x150.jpg 150w, https:\/\/www.effe3ti.com\/wp-content\/uploads\/2021\/04\/BP4-768x768.jpg 768w, https:\/\/www.effe3ti.com\/wp-content\/uploads\/2021\/04\/BP4.jpg 1200w\" sizes=\"(max-width: 300px) 100vw, 300px\" \/><\/div><\/a>\n\t\t\t\t<div class=\"elementor-post__badge\">Connaissances<\/div>\n\t\t\t\t<div class=\"elementor-post__text\">\n\t\t\t\t<h3 class=\"elementor-post__title\">\n\t\t\t<a href=\"https:\/\/www.effe3ti.com\/fr\/presse-per-rifiuti-di-piccole-dimensioni-quando-convengono\/\" >\n\t\t\t\tPresses \u00e0 balles pour petits d\u00e9chets\u00a0: quand sont-elles rentables\u00a0?\t\t\t<\/a>\n\t\t<\/h3>\n\t\t\t\t<div class=\"elementor-post__excerpt\">\n\t\t\t<p>Les petites presses \u00e0 balles pour d\u00e9chets constituent une solution de plus en plus populaire pour les entreprises, les ateliers, les magasins et les entreprises de fabrication.<\/p>\n\t\t<\/div>\n\t\t\n\t\t<a class=\"elementor-post__read-more\" href=\"https:\/\/www.effe3ti.com\/fr\/presse-per-rifiuti-di-piccole-dimensioni-quando-convengono\/\" aria-label=\"Apprenez-en davantage sur les presses \u00e0 balles pour petits d\u00e9chets\u00a0: quand sont-elles rentables\u00a0?\" tabindex=\"-1\" >\n\t\t\tLire tout\t\t<\/a>\n\n\t\t\t\t<\/div>\n\t\t\t\t<div class=\"elementor-post__meta-data\">\n\t\t\t\t\t<span class=\"elementor-post-date\">\n\t\t\t23 mars 2026\t\t<\/span>\n\t\t\t\t<\/div>\n\t\t\t\t\t<\/div>\n\t\t<\/article>\n\t\t\t\t<article class=\"elementor-post elementor-grid-item post-24446 post type-post status-publish format-standard has-post-thumbnail hentry category-news-approfondimenti\" role=\"listitem\">\n\t\t\t<div class=\"elementor-post__card\">\n\t\t\t\t<a class=\"elementor-post__thumbnail__link\" href=\"https:\/\/www.effe3ti.com\/fr\/avvolgitrici-pallet-semiautomatiche-a-tavola-rotante-e-a-braccio-rotante-cosa-cambia\/\" tabindex=\"-1\" ><div class=\"elementor-post__thumbnail\"><img loading=\"lazy\" decoding=\"async\" width=\"300\" height=\"169\" src=\"https:\/\/www.effe3ti.com\/wp-content\/uploads\/2021\/04\/Avvolgere-300x169.jpg\" class=\"attachment-medium size-medium wp-image-2401\" alt=\"film \u00e9tirable pour emballage\" srcset=\"https:\/\/www.effe3ti.com\/wp-content\/uploads\/2021\/04\/Avvolgere-300x169.jpg 300w, https:\/\/www.effe3ti.com\/wp-content\/uploads\/2021\/04\/Avvolgere-600x338.jpg 600w, https:\/\/www.effe3ti.com\/wp-content\/uploads\/2021\/04\/Avvolgere-1024x576.jpg 1024w, https:\/\/www.effe3ti.com\/wp-content\/uploads\/2021\/04\/Avvolgere-768x432.jpg 768w, https:\/\/www.effe3ti.com\/wp-content\/uploads\/2021\/04\/Avvolgere-1536x864.jpg 1536w, https:\/\/www.effe3ti.com\/wp-content\/uploads\/2021\/04\/Avvolgere-2048x1152.jpg 2048w\" sizes=\"(max-width: 300px) 100vw, 300px\" \/><\/div><\/a>\n\t\t\t\t<div class=\"elementor-post__badge\">Connaissances<\/div>\n\t\t\t\t<div class=\"elementor-post__text\">\n\t\t\t\t<h3 class=\"elementor-post__title\">\n\t\t\t<a href=\"https:\/\/www.effe3ti.com\/fr\/avvolgitrici-pallet-semiautomatiche-a-tavola-rotante-e-a-braccio-rotante-cosa-cambia\/\" >\n\t\t\t\tFilmeuses de palettes semi-automatiques avec table rotative et bras rotatif\u00a0: quels changements\u00a0?\t\t\t<\/a>\n\t\t<\/h3>\n\t\t\t\t<div class=\"elementor-post__excerpt\">\n\t\t\t<p>Les filmeuses de palettes sont souvent le dernier maillon de la cha\u00eene de production, mais aussi l&#039;un des plus d\u00e9licats. C&#039;est \u00e0 ce niveau qu&#039;intervient une charge.<\/p>\n\t\t<\/div>\n\t\t\n\t\t<a class=\"elementor-post__read-more\" href=\"https:\/\/www.effe3ti.com\/fr\/avvolgitrici-pallet-semiautomatiche-a-tavola-rotante-e-a-braccio-rotante-cosa-cambia\/\" aria-label=\"D\u00e9couvrez les nouveaut\u00e9s concernant les banderoleuses semi-automatiques \u00e0 plateau tournant et bras rotatif.\" tabindex=\"-1\" >\n\t\t\tLire tout\t\t<\/a>\n\n\t\t\t\t<\/div>\n\t\t\t\t<div class=\"elementor-post__meta-data\">\n\t\t\t\t\t<span class=\"elementor-post-date\">\n\t\t\t21 mars 2026\t\t<\/span>\n\t\t\t\t<\/div>\n\t\t\t\t\t<\/div>\n\t\t<\/article>\n\t\t\t\t<article class=\"elementor-post elementor-grid-item post-24440 post type-post status-publish format-standard has-post-thumbnail hentry category-news-approfondimenti\" role=\"listitem\">\n\t\t\t<div class=\"elementor-post__card\">\n\t\t\t\t<a class=\"elementor-post__thumbnail__link\" href=\"https:\/\/www.effe3ti.com\/fr\/presse-cartone-le-strategie-per-ridurre-limpatto-ambientale-aziendale\/\" tabindex=\"-1\" ><div class=\"elementor-post__thumbnail\"><img decoding=\"async\" width=\"300\" height=\"200\" src=\"https:\/\/www.effe3ti.com\/wp-content\/uploads\/2026\/03\/arrangement-dirty-dumped-objects-300x200.jpg\" class=\"attachment-medium size-medium wp-image-24710\" alt=\"\" srcset=\"https:\/\/www.effe3ti.com\/wp-content\/uploads\/2026\/03\/arrangement-dirty-dumped-objects-300x200.jpg 300w, https:\/\/www.effe3ti.com\/wp-content\/uploads\/2026\/03\/arrangement-dirty-dumped-objects-1024x683.jpg 1024w, https:\/\/www.effe3ti.com\/wp-content\/uploads\/2026\/03\/arrangement-dirty-dumped-objects-768x512.jpg 768w, https:\/\/www.effe3ti.com\/wp-content\/uploads\/2026\/03\/arrangement-dirty-dumped-objects-1536x1024.jpg 1536w, https:\/\/www.effe3ti.com\/wp-content\/uploads\/2026\/03\/arrangement-dirty-dumped-objects-2048x1365.jpg 2048w, https:\/\/www.effe3ti.com\/wp-content\/uploads\/2026\/03\/arrangement-dirty-dumped-objects-18x12.jpg 18w, https:\/\/www.effe3ti.com\/wp-content\/uploads\/2026\/03\/arrangement-dirty-dumped-objects-600x400.jpg 600w\" sizes=\"(max-width: 300px) 100vw, 300px\" \/><\/div><\/a>\n\t\t\t\t<div class=\"elementor-post__badge\">Connaissances<\/div>\n\t\t\t\t<div class=\"elementor-post__text\">\n\t\t\t\t<h3 class=\"elementor-post__title\">\n\t\t\t<a href=\"https:\/\/www.effe3ti.com\/fr\/presse-cartone-le-strategie-per-ridurre-limpatto-ambientale-aziendale\/\" >\n\t\t\t\tPresses \u00e0 carton : strat\u00e9gies pour r\u00e9duire l&#039;impact environnemental de votre entreprise\t\t\t<\/a>\n\t\t<\/h3>\n\t\t\t\t<div class=\"elementor-post__excerpt\">\n\t\t\t<p>Les presses \u00e0 carton sont un levier tr\u00e8s efficace, mais souvent sous-estim\u00e9, pour les entreprises qui souhaitent r\u00e9duire leurs d\u00e9chets.<\/p>\n\t\t<\/div>\n\t\t\n\t\t<a class=\"elementor-post__read-more\" href=\"https:\/\/www.effe3ti.com\/fr\/presse-cartone-le-strategie-per-ridurre-limpatto-ambientale-aziendale\/\" aria-label=\"Apprenez-en davantage sur les presses \u00e0 carton\u00a0: strat\u00e9gies pour r\u00e9duire l\u2019impact environnemental de votre entreprise\" tabindex=\"-1\" >\n\t\t\tLire tout\t\t<\/a>\n\n\t\t\t\t<\/div>\n\t\t\t\t<div class=\"elementor-post__meta-data\">\n\t\t\t\t\t<span class=\"elementor-post-date\">\n\t\t\t17 mars 2026\t\t<\/span>\n\t\t\t\t<\/div>\n\t\t\t\t\t<\/div>\n\t\t<\/article>\n\t\t\t\t<article class=\"elementor-post elementor-grid-item post-24450 post type-post status-publish format-standard has-post-thumbnail hentry category-news-approfondimenti\" role=\"listitem\">\n\t\t\t<div class=\"elementor-post__card\">\n\t\t\t\t<a class=\"elementor-post__thumbnail__link\" href=\"https:\/\/www.effe3ti.com\/fr\/impianti-di-imballaggio-riduci-i-costi-con-una-linea-di-packaging-efficiente\/\" tabindex=\"-1\" ><div class=\"elementor-post__thumbnail\"><img fetchpriority=\"high\" decoding=\"async\" width=\"300\" height=\"200\" src=\"https:\/\/www.effe3ti.com\/wp-content\/uploads\/2022\/06\/Impianto-box-pallet-3w-300x200.jpg\" class=\"attachment-medium size-medium wp-image-9334\" alt=\"Syst\u00e8me de palettes et de bo\u00eetes 4.0\" srcset=\"https:\/\/www.effe3ti.com\/wp-content\/uploads\/2022\/06\/Impianto-box-pallet-3w-300x200.jpg 300w, https:\/\/www.effe3ti.com\/wp-content\/uploads\/2022\/06\/Impianto-box-pallet-3w-600x400.jpg 600w, https:\/\/www.effe3ti.com\/wp-content\/uploads\/2022\/06\/Impianto-box-pallet-3w-1024x683.jpg 1024w, https:\/\/www.effe3ti.com\/wp-content\/uploads\/2022\/06\/Impianto-box-pallet-3w-768x512.jpg 768w, https:\/\/www.effe3ti.com\/wp-content\/uploads\/2022\/06\/Impianto-box-pallet-3w-1536x1024.jpg 1536w, https:\/\/www.effe3ti.com\/wp-content\/uploads\/2022\/06\/Impianto-box-pallet-3w-2048x1365.jpg 2048w\" sizes=\"(max-width: 300px) 100vw, 300px\" \/><\/div><\/a>\n\t\t\t\t<div class=\"elementor-post__badge\">Connaissances<\/div>\n\t\t\t\t<div class=\"elementor-post__text\">\n\t\t\t\t<h3 class=\"elementor-post__title\">\n\t\t\t<a href=\"https:\/\/www.effe3ti.com\/fr\/impianti-di-imballaggio-riduci-i-costi-con-una-linea-di-packaging-efficiente\/\" >\n\t\t\t\tSyst\u00e8mes d&#039;emballage\u00a0: r\u00e9duisez les co\u00fbts gr\u00e2ce \u00e0 une ligne d&#039;emballage efficace\t\t\t<\/a>\n\t\t<\/h3>\n\t\t\t\t<div class=\"elementor-post__excerpt\">\n\t\t\t<p>Les usines d&#039;emballage sont souvent consid\u00e9r\u00e9es comme une simple \u00e9tape finale de production. Mais c&#039;est une erreur. En r\u00e9alit\u00e9, elles repr\u00e9sentent<\/p>\n\t\t<\/div>\n\t\t\n\t\t<a class=\"elementor-post__read-more\" href=\"https:\/\/www.effe3ti.com\/fr\/impianti-di-imballaggio-riduci-i-costi-con-una-linea-di-packaging-efficiente\/\" aria-label=\"D\u00e9couvrez les syst\u00e8mes d&#039;emballage\u00a0: R\u00e9duisez vos co\u00fbts gr\u00e2ce \u00e0 une ligne d&#039;emballage performante.\" tabindex=\"-1\" >\n\t\t\tLire tout\t\t<\/a>\n\n\t\t\t\t<\/div>\n\t\t\t\t<div class=\"elementor-post__meta-data\">\n\t\t\t\t\t<span class=\"elementor-post-date\">\n\t\t\t12 mars 2026\t\t<\/span>\n\t\t\t\t<\/div>\n\t\t\t\t\t<\/div>\n\t\t<\/article>\n\t\t\t\t<article class=\"elementor-post elementor-grid-item post-24438 post type-post status-publish format-standard has-post-thumbnail hentry category-news-approfondimenti\" role=\"listitem\">\n\t\t\t<div class=\"elementor-post__card\">\n\t\t\t\t<a class=\"elementor-post__thumbnail__link\" href=\"https:\/\/www.effe3ti.com\/fr\/presse-e-compattatori-cartone-verticali-vantaggi-e-applicazioni\/\" tabindex=\"-1\" ><div class=\"elementor-post__thumbnail\"><img loading=\"lazy\" decoding=\"async\" width=\"300\" height=\"192\" src=\"https:\/\/www.effe3ti.com\/wp-content\/uploads\/2025\/11\/Strautmann_Maschinen_BalePress03_20230405_2965_Tuer_Mensch_V01-1-scaled-1-300x192.jpg\" class=\"attachment-medium size-medium wp-image-23857\" alt=\"presses \u00e0 carton\" srcset=\"https:\/\/www.effe3ti.com\/wp-content\/uploads\/2025\/11\/Strautmann_Maschinen_BalePress03_20230405_2965_Tuer_Mensch_V01-1-scaled-1-300x192.jpg 300w, https:\/\/www.effe3ti.com\/wp-content\/uploads\/2025\/11\/Strautmann_Maschinen_BalePress03_20230405_2965_Tuer_Mensch_V01-1-scaled-1-1024x657.jpg 1024w, https:\/\/www.effe3ti.com\/wp-content\/uploads\/2025\/11\/Strautmann_Maschinen_BalePress03_20230405_2965_Tuer_Mensch_V01-1-scaled-1-768x493.jpg 768w, https:\/\/www.effe3ti.com\/wp-content\/uploads\/2025\/11\/Strautmann_Maschinen_BalePress03_20230405_2965_Tuer_Mensch_V01-1-scaled-1-1536x985.jpg 1536w, https:\/\/www.effe3ti.com\/wp-content\/uploads\/2025\/11\/Strautmann_Maschinen_BalePress03_20230405_2965_Tuer_Mensch_V01-1-scaled-1-2048x1314.jpg 2048w, https:\/\/www.effe3ti.com\/wp-content\/uploads\/2025\/11\/Strautmann_Maschinen_BalePress03_20230405_2965_Tuer_Mensch_V01-1-scaled-1-18x12.jpg 18w, https:\/\/www.effe3ti.com\/wp-content\/uploads\/2025\/11\/Strautmann_Maschinen_BalePress03_20230405_2965_Tuer_Mensch_V01-1-scaled-1-600x385.jpg 600w\" sizes=\"(max-width: 300px) 100vw, 300px\" \/><\/div><\/a>\n\t\t\t\t<div class=\"elementor-post__badge\">Connaissances<\/div>\n\t\t\t\t<div class=\"elementor-post__text\">\n\t\t\t\t<h3 class=\"elementor-post__title\">\n\t\t\t<a href=\"https:\/\/www.effe3ti.com\/fr\/presse-e-compattatori-cartone-verticali-vantaggi-e-applicazioni\/\" >\n\t\t\t\tPresses \u00e0 balles et compacteurs de carton verticaux\u00a0: avantages et applications\t\t\t<\/a>\n\t\t<\/h3>\n\t\t\t\t<div class=\"elementor-post__excerpt\">\n\t\t\t<p>Les presses \u00e0 balles verticales et les compacteurs pour carton deviennent des \u00e9quipements de plus en plus strat\u00e9giques dans les entrep\u00f4ts, les services logistiques et de production.<\/p>\n\t\t<\/div>\n\t\t\n\t\t<a class=\"elementor-post__read-more\" href=\"https:\/\/www.effe3ti.com\/fr\/presse-e-compattatori-cartone-verticali-vantaggi-e-applicazioni\/\" aria-label=\"D\u00e9couvrez les presses \u00e0 balles et compacteurs verticaux pour carton\u00a0: avantages et applications\" tabindex=\"-1\" >\n\t\t\tLire tout\t\t<\/a>\n\n\t\t\t\t<\/div>\n\t\t\t\t<div class=\"elementor-post__meta-data\">\n\t\t\t\t\t<span class=\"elementor-post-date\">\n\t\t\t12 mars 2026\t\t<\/span>\n\t\t\t\t<\/div>\n\t\t\t\t\t<\/div>\n\t\t<\/article>\n\t\t\t\t<article class=\"elementor-post elementor-grid-item post-24434 post type-post status-publish format-standard has-post-thumbnail hentry category-news-approfondimenti\" role=\"listitem\">\n\t\t\t<div class=\"elementor-post__card\">\n\t\t\t\t<a class=\"elementor-post__thumbnail__link\" href=\"https:\/\/www.effe3ti.com\/fr\/presse-rifiuti-per-comunita-e-ospedali-rivoluziona-la-gestione-di-cassonetti-e-bidoni\/\" tabindex=\"-1\" ><div class=\"elementor-post__thumbnail\"><img loading=\"lazy\" decoding=\"async\" width=\"300\" height=\"200\" src=\"https:\/\/www.effe3ti.com\/wp-content\/uploads\/2025\/01\/pressa-bidoni-300x200.jpg\" class=\"attachment-medium size-medium wp-image-21427\" alt=\"Presse \u00e0 d\u00e9chets pour poubelles et conteneurs \u00e0 d\u00e9chets\" srcset=\"https:\/\/www.effe3ti.com\/wp-content\/uploads\/2025\/01\/pressa-bidoni-300x200.jpg 300w, https:\/\/www.effe3ti.com\/wp-content\/uploads\/2025\/01\/pressa-bidoni-1024x683.jpg 1024w, https:\/\/www.effe3ti.com\/wp-content\/uploads\/2025\/01\/pressa-bidoni-768x513.jpg 768w, https:\/\/www.effe3ti.com\/wp-content\/uploads\/2025\/01\/pressa-bidoni-600x400.jpg 600w, https:\/\/www.effe3ti.com\/wp-content\/uploads\/2025\/01\/pressa-bidoni.jpg 1500w\" sizes=\"(max-width: 300px) 100vw, 300px\" \/><\/div><\/a>\n\t\t\t\t<div class=\"elementor-post__badge\">Connaissances<\/div>\n\t\t\t\t<div class=\"elementor-post__text\">\n\t\t\t\t<h3 class=\"elementor-post__title\">\n\t\t\t<a href=\"https:\/\/www.effe3ti.com\/fr\/presse-rifiuti-per-comunita-e-ospedali-rivoluziona-la-gestione-di-cassonetti-e-bidoni\/\" >\n\t\t\t\tPresses \u00e0 balles pour les collectivit\u00e9s et les h\u00f4pitaux\u00a0: r\u00e9volutionner la gestion des conteneurs \u00e0 d\u00e9chets\t\t\t<\/a>\n\t\t<\/h3>\n\t\t\t\t<div class=\"elementor-post__excerpt\">\n\t\t\t<p>Les presses \u00e0 balles pour d\u00e9chets transforment la fa\u00e7on dont les h\u00f4pitaux, les collectivit\u00e9s et tous les \u00e9tablissements publics g\u00e8rent leurs d\u00e9chets.<\/p>\n\t\t<\/div>\n\t\t\n\t\t<a class=\"elementor-post__read-more\" href=\"https:\/\/www.effe3ti.com\/fr\/presse-rifiuti-per-comunita-e-ospedali-rivoluziona-la-gestione-di-cassonetti-e-bidoni\/\" aria-label=\"D\u00e9couvrez les presses \u00e0 d\u00e9chets pour les collectivit\u00e9s et les h\u00f4pitaux\u00a0: r\u00e9volutionnez la gestion des conteneurs \u00e0 d\u00e9chets.\" tabindex=\"-1\" >\n\t\t\tLire tout\t\t<\/a>\n\n\t\t\t\t<\/div>\n\t\t\t\t<div class=\"elementor-post__meta-data\">\n\t\t\t\t\t<span class=\"elementor-post-date\">\n\t\t\t12 mars 2026\t\t<\/span>\n\t\t\t\t<\/div>\n\t\t\t\t\t<\/div>\n\t\t<\/article>\n\t\t\t\t<article class=\"elementor-post elementor-grid-item post-24436 post type-post status-publish format-standard has-post-thumbnail hentry category-news-approfondimenti\" role=\"listitem\">\n\t\t\t<div class=\"elementor-post__card\">\n\t\t\t\t<a class=\"elementor-post__thumbnail__link\" href=\"https:\/\/www.effe3ti.com\/fr\/avvolgitrici-pallet-non-lasciarti-tentare-dallusato\/\" tabindex=\"-1\" ><div class=\"elementor-post__thumbnail\"><img loading=\"lazy\" decoding=\"async\" width=\"300\" height=\"300\" src=\"https:\/\/www.effe3ti.com\/wp-content\/uploads\/2023\/04\/old-spinny.jpg-1-300x300.jpg\" class=\"attachment-medium size-medium wp-image-11187\" alt=\"machine d&#039;emballage\" srcset=\"https:\/\/www.effe3ti.com\/wp-content\/uploads\/2023\/04\/old-spinny.jpg-1-300x300.jpg 300w, https:\/\/www.effe3ti.com\/wp-content\/uploads\/2023\/04\/old-spinny.jpg-1-100x100.jpg 100w, https:\/\/www.effe3ti.com\/wp-content\/uploads\/2023\/04\/old-spinny.jpg-1-600x600.jpg 600w, https:\/\/www.effe3ti.com\/wp-content\/uploads\/2023\/04\/old-spinny.jpg-1-1024x1024.jpg 1024w, https:\/\/www.effe3ti.com\/wp-content\/uploads\/2023\/04\/old-spinny.jpg-1-150x150.jpg 150w, https:\/\/www.effe3ti.com\/wp-content\/uploads\/2023\/04\/old-spinny.jpg-1-768x768.jpg 768w, https:\/\/www.effe3ti.com\/wp-content\/uploads\/2023\/04\/old-spinny.jpg-1.jpg 1536w\" sizes=\"(max-width: 300px) 100vw, 300px\" \/><\/div><\/a>\n\t\t\t\t<div class=\"elementor-post__badge\">Connaissances<\/div>\n\t\t\t\t<div class=\"elementor-post__text\">\n\t\t\t\t<h3 class=\"elementor-post__title\">\n\t\t\t<a href=\"https:\/\/www.effe3ti.com\/fr\/avvolgitrici-pallet-non-lasciarti-tentare-dallusato\/\" >\n\t\t\t\tEmballage de palettes : Ne vous laissez pas tenter par des articles usag\u00e9s\t\t\t<\/a>\n\t\t<\/h3>\n\t\t\t\t<div class=\"elementor-post__excerpt\">\n\t\t\t<p>Les banderoleuses de palettes sont des machines essentielles \u00e0 la s\u00e9curit\u00e9 et \u00e0 l&#039;efficacit\u00e9 de l&#039;emballage industriel. Pourtant, de nombreuses entreprises, dans le but de limiter les risques, s&#039;efforcent de contenir les d\u00e9chets.<\/p>\n\t\t<\/div>\n\t\t\n\t\t<a class=\"elementor-post__read-more\" href=\"https:\/\/www.effe3ti.com\/fr\/avvolgitrici-pallet-non-lasciarti-tentare-dallusato\/\" aria-label=\"Apprenez-en davantage sur les films d&#039;emballage de palettes\u00a0: ne vous laissez pas tenter par les articles d&#039;occasion.\" tabindex=\"-1\" >\n\t\t\tLire tout\t\t<\/a>\n\n\t\t\t\t<\/div>\n\t\t\t\t<div class=\"elementor-post__meta-data\">\n\t\t\t\t\t<span class=\"elementor-post-date\">\n\t\t\t10 mars 2026\t\t<\/span>\n\t\t\t\t<\/div>\n\t\t\t\t\t<\/div>\n\t\t<\/article>\n\t\t\t\t<article class=\"elementor-post elementor-grid-item post-23848 post type-post status-publish format-standard has-post-thumbnail hentry category-news-approfondimenti\" role=\"listitem\">\n\t\t\t<div class=\"elementor-post__card\">\n\t\t\t\t<a class=\"elementor-post__thumbnail__link\" href=\"https:\/\/www.effe3ti.com\/fr\/pressa-per-imballaggi-cosa-puo-gestire-e-quando-conviene\/\" tabindex=\"-1\" ><div class=\"elementor-post__thumbnail\"><img loading=\"lazy\" decoding=\"async\" width=\"300\" height=\"192\" src=\"https:\/\/www.effe3ti.com\/wp-content\/uploads\/2025\/11\/Strautmann_Maschinen_BalePress53_20230405_3133-scaled-1-300x192.jpg\" class=\"attachment-medium size-medium wp-image-23858\" alt=\"presse d&#039;emballage\" srcset=\"https:\/\/www.effe3ti.com\/wp-content\/uploads\/2025\/11\/Strautmann_Maschinen_BalePress53_20230405_3133-scaled-1-300x192.jpg 300w, https:\/\/www.effe3ti.com\/wp-content\/uploads\/2025\/11\/Strautmann_Maschinen_BalePress53_20230405_3133-scaled-1-1024x656.jpg 1024w, https:\/\/www.effe3ti.com\/wp-content\/uploads\/2025\/11\/Strautmann_Maschinen_BalePress53_20230405_3133-scaled-1-768x492.jpg 768w, https:\/\/www.effe3ti.com\/wp-content\/uploads\/2025\/11\/Strautmann_Maschinen_BalePress53_20230405_3133-scaled-1-1536x985.jpg 1536w, https:\/\/www.effe3ti.com\/wp-content\/uploads\/2025\/11\/Strautmann_Maschinen_BalePress53_20230405_3133-scaled-1-2048x1313.jpg 2048w, https:\/\/www.effe3ti.com\/wp-content\/uploads\/2025\/11\/Strautmann_Maschinen_BalePress53_20230405_3133-scaled-1-18x12.jpg 18w, https:\/\/www.effe3ti.com\/wp-content\/uploads\/2025\/11\/Strautmann_Maschinen_BalePress53_20230405_3133-scaled-1-600x385.jpg 600w\" sizes=\"(max-width: 300px) 100vw, 300px\" \/><\/div><\/a>\n\t\t\t\t<div class=\"elementor-post__badge\">Connaissances<\/div>\n\t\t\t\t<div class=\"elementor-post__text\">\n\t\t\t\t<h3 class=\"elementor-post__title\">\n\t\t\t<a href=\"https:\/\/www.effe3ti.com\/fr\/pressa-per-imballaggi-cosa-puo-gestire-e-quando-conviene\/\" >\n\t\t\t\tPresse \u00e0 balles : ce qu&#039;elle peut traiter et quand elle est rentable\t\t\t<\/a>\n\t\t<\/h3>\n\t\t\t\t<div class=\"elementor-post__excerpt\">\n\t\t\t<p>La presse \u00e0 balles est d\u00e9sormais une machine essentielle pour toutes les entreprises qui souhaitent optimiser la gestion de leurs d\u00e9chets et<\/p>\n\t\t<\/div>\n\t\t\n\t\t<a class=\"elementor-post__read-more\" href=\"https:\/\/www.effe3ti.com\/fr\/pressa-per-imballaggi-cosa-puo-gestire-e-quando-conviene\/\" aria-label=\"Apprenez-en davantage sur les presses \u00e0 balles\u00a0: leurs capacit\u00e9s et leurs performances optimales.\" tabindex=\"-1\" >\n\t\t\tLire tout\t\t<\/a>\n\n\t\t\t\t<\/div>\n\t\t\t\t<div class=\"elementor-post__meta-data\">\n\t\t\t\t\t<span class=\"elementor-post-date\">\n\t\t\t12 novembre 2025\t\t<\/span>\n\t\t\t\t<\/div>\n\t\t\t\t\t<\/div>\n\t\t<\/article>\n\t\t\t\t<article class=\"elementor-post elementor-grid-item post-23846 post type-post status-publish format-standard has-post-thumbnail hentry category-news-approfondimenti\" role=\"listitem\">\n\t\t\t<div class=\"elementor-post__card\">\n\t\t\t\t<a class=\"elementor-post__thumbnail__link\" href=\"https:\/\/www.effe3ti.com\/fr\/presse-cartone-guida-allacquisto-per-piccole-e-grandi-imprese\/\" tabindex=\"-1\" ><div class=\"elementor-post__thumbnail\"><img loading=\"lazy\" decoding=\"async\" width=\"300\" height=\"192\" src=\"https:\/\/www.effe3ti.com\/wp-content\/uploads\/2023\/11\/Jumboloadbaler-3-300x192.jpg\" class=\"attachment-medium size-medium wp-image-23231\" alt=\"Presse \u00e0 balles g\u00e9antes\" srcset=\"https:\/\/www.effe3ti.com\/wp-content\/uploads\/2023\/11\/Jumboloadbaler-3-300x192.jpg 300w, https:\/\/www.effe3ti.com\/wp-content\/uploads\/2023\/11\/Jumboloadbaler-3-1024x656.jpg 1024w, https:\/\/www.effe3ti.com\/wp-content\/uploads\/2023\/11\/Jumboloadbaler-3-768x492.jpg 768w, https:\/\/www.effe3ti.com\/wp-content\/uploads\/2023\/11\/Jumboloadbaler-3-1536x985.jpg 1536w, https:\/\/www.effe3ti.com\/wp-content\/uploads\/2023\/11\/Jumboloadbaler-3-18x12.jpg 18w, https:\/\/www.effe3ti.com\/wp-content\/uploads\/2023\/11\/Jumboloadbaler-3-600x385.jpg 600w, https:\/\/www.effe3ti.com\/wp-content\/uploads\/2023\/11\/Jumboloadbaler-3.jpg 2000w\" sizes=\"(max-width: 300px) 100vw, 300px\" \/><\/div><\/a>\n\t\t\t\t<div class=\"elementor-post__badge\">Connaissances<\/div>\n\t\t\t\t<div class=\"elementor-post__text\">\n\t\t\t\t<h3 class=\"elementor-post__title\">\n\t\t\t<a href=\"https:\/\/www.effe3ti.com\/fr\/presse-cartone-guida-allacquisto-per-piccole-e-grandi-imprese\/\" >\n\t\t\t\tPresses \u00e0 carton : guide d&#039;achat pour les petites et grandes entreprises\t\t\t<\/a>\n\t\t<\/h3>\n\t\t\t\t<div class=\"elementor-post__excerpt\">\n\t\t\t<p>Les presses \u00e0 carton sont indispensables pour une gestion efficace des d\u00e9chets d&#039;emballage. Des petites entreprises<\/p>\n\t\t<\/div>\n\t\t\n\t\t<a class=\"elementor-post__read-more\" href=\"https:\/\/www.effe3ti.com\/fr\/presse-cartone-guida-allacquisto-per-piccole-e-grandi-imprese\/\" aria-label=\"Apprenez-en davantage sur les presses \u00e0 carton\u00a0: Guide d\u2019achat pour les petites et grandes entreprises\" tabindex=\"-1\" >\n\t\t\tLire tout\t\t<\/a>\n\n\t\t\t\t<\/div>\n\t\t\t\t<div class=\"elementor-post__meta-data\">\n\t\t\t\t\t<span class=\"elementor-post-date\">\n\t\t\t12 novembre 2025\t\t<\/span>\n\t\t\t\t<\/div>\n\t\t\t\t\t<\/div>\n\t\t<\/article>\n\t\t\t\t<article class=\"elementor-post elementor-grid-item post-23844 post type-post status-publish format-standard has-post-thumbnail hentry category-news-approfondimenti\" role=\"listitem\">\n\t\t\t<div class=\"elementor-post__card\">\n\t\t\t\t<a class=\"elementor-post__thumbnail__link\" href=\"https:\/\/www.effe3ti.com\/fr\/le-avvolgitrici-pallet-per-una-movimentazione-sicura-delle-merci\/\" tabindex=\"-1\" ><div class=\"elementor-post__thumbnail\"><img loading=\"lazy\" decoding=\"async\" width=\"300\" height=\"169\" src=\"https:\/\/www.effe3ti.com\/wp-content\/uploads\/2025\/11\/EFFE3ti-transport-300x169.jpg\" class=\"attachment-medium size-medium wp-image-23854\" alt=\"manutention des marchandises\" srcset=\"https:\/\/www.effe3ti.com\/wp-content\/uploads\/2025\/11\/EFFE3ti-transport-300x169.jpg 300w, https:\/\/www.effe3ti.com\/wp-content\/uploads\/2025\/11\/EFFE3ti-transport-768x432.jpg 768w, https:\/\/www.effe3ti.com\/wp-content\/uploads\/2025\/11\/EFFE3ti-transport-18x10.jpg 18w, https:\/\/www.effe3ti.com\/wp-content\/uploads\/2025\/11\/EFFE3ti-transport-600x338.jpg 600w, https:\/\/www.effe3ti.com\/wp-content\/uploads\/2025\/11\/EFFE3ti-transport.jpg 1024w\" sizes=\"(max-width: 300px) 100vw, 300px\" \/><\/div><\/a>\n\t\t\t\t<div class=\"elementor-post__badge\">Connaissances<\/div>\n\t\t\t\t<div class=\"elementor-post__text\">\n\t\t\t\t<h3 class=\"elementor-post__title\">\n\t\t\t<a href=\"https:\/\/www.effe3ti.com\/fr\/le-avvolgitrici-pallet-per-una-movimentazione-sicura-delle-merci\/\" >\n\t\t\t\tFilmeuses de palettes pour la manutention s\u00e9curis\u00e9e des marchandises\t\t\t<\/a>\n\t\t<\/h3>\n\t\t\t\t<div class=\"elementor-post__excerpt\">\n\t\t\t<p>Les filmeuses de palettes sont essentielles pour garantir l&#039;int\u00e9grit\u00e9 et la stabilit\u00e9 des chargements \u00e0 chaque \u00e9tape de la cha\u00eene d&#039;approvisionnement. Que ce soit dans<\/p>\n\t\t<\/div>\n\t\t\n\t\t<a class=\"elementor-post__read-more\" href=\"https:\/\/www.effe3ti.com\/fr\/le-avvolgitrici-pallet-per-una-movimentazione-sicura-delle-merci\/\" aria-label=\"D\u00e9couvrez-en plus sur les filmeuses de palettes pour une manutention s\u00e9curis\u00e9e des marchandises\" tabindex=\"-1\" >\n\t\t\tLire tout\t\t<\/a>\n\n\t\t\t\t<\/div>\n\t\t\t\t<div class=\"elementor-post__meta-data\">\n\t\t\t\t\t<span class=\"elementor-post-date\">\n\t\t\t12 novembre 2025\t\t<\/span>\n\t\t\t\t<\/div>\n\t\t\t\t\t<\/div>\n\t\t<\/article>\n\t\t\t\t<article class=\"elementor-post elementor-grid-item post-23272 post type-post status-publish format-standard has-post-thumbnail hentry category-news-approfondimenti\" role=\"listitem\">\n\t\t\t<div class=\"elementor-post__card\">\n\t\t\t\t<a class=\"elementor-post__thumbnail__link\" href=\"https:\/\/www.effe3ti.com\/fr\/industria-4-0-scegli-gli-impianti-automatici-per-operazioni-piu-veloci\/\" tabindex=\"-1\" ><div class=\"elementor-post__thumbnail\"><img loading=\"lazy\" decoding=\"async\" width=\"300\" height=\"169\" src=\"https:\/\/www.effe3ti.com\/wp-content\/uploads\/2024\/10\/effe3ti-datalogger-2-mobile-300x169.jpg\" class=\"attachment-medium size-medium wp-image-19378\" alt=\"Industrie 4.0\" srcset=\"https:\/\/www.effe3ti.com\/wp-content\/uploads\/2024\/10\/effe3ti-datalogger-2-mobile-300x169.jpg 300w, https:\/\/www.effe3ti.com\/wp-content\/uploads\/2024\/10\/effe3ti-datalogger-2-mobile-1024x576.jpg 1024w, https:\/\/www.effe3ti.com\/wp-content\/uploads\/2024\/10\/effe3ti-datalogger-2-mobile-768x432.jpg 768w, https:\/\/www.effe3ti.com\/wp-content\/uploads\/2024\/10\/effe3ti-datalogger-2-mobile-1536x864.jpg 1536w, https:\/\/www.effe3ti.com\/wp-content\/uploads\/2024\/10\/effe3ti-datalogger-2-mobile-600x338.jpg 600w, https:\/\/www.effe3ti.com\/wp-content\/uploads\/2024\/10\/effe3ti-datalogger-2-mobile.jpg 2000w\" sizes=\"(max-width: 300px) 100vw, 300px\" \/><\/div><\/a>\n\t\t\t\t<div class=\"elementor-post__badge\">Connaissances<\/div>\n\t\t\t\t<div class=\"elementor-post__text\">\n\t\t\t\t<h3 class=\"elementor-post__title\">\n\t\t\t<a href=\"https:\/\/www.effe3ti.com\/fr\/industria-4-0-scegli-gli-impianti-automatici-per-operazioni-piu-veloci\/\" >\n\t\t\t\tIndustrie 4.0 : Choisissez des syst\u00e8mes automatiques pour des op\u00e9rations plus rapides\t\t\t<\/a>\n\t\t<\/h3>\n\t\t\t\t<div class=\"elementor-post__excerpt\">\n\t\t\t<p>L&#039;industrie 4.0 ne peut plus attendre : l&#039;automatisation, l&#039;efficacit\u00e9 et l&#039;optimisation des lignes de production sont d\u00e9sormais essentielles si les entreprises veulent<\/p>\n\t\t<\/div>\n\t\t\n\t\t<a class=\"elementor-post__read-more\" href=\"https:\/\/www.effe3ti.com\/fr\/industria-4-0-scegli-gli-impianti-automatici-per-operazioni-piu-veloci\/\" aria-label=\"D\u00e9couvrez l&#039;Industrie 4.0\u00a0: optez pour des syst\u00e8mes automatis\u00e9s pour des op\u00e9rations plus rapides\" tabindex=\"-1\" >\n\t\t\tLire tout\t\t<\/a>\n\n\t\t\t\t<\/div>\n\t\t\t\t<div class=\"elementor-post__meta-data\">\n\t\t\t\t\t<span class=\"elementor-post-date\">\n\t\t\t28 juin 2025\t\t<\/span>\n\t\t\t\t<\/div>\n\t\t\t\t\t<\/div>\n\t\t<\/article>\n\t\t\t\t<article class=\"elementor-post elementor-grid-item post-23199 post type-post status-publish format-standard has-post-thumbnail hentry category-news-approfondimenti\" role=\"listitem\">\n\t\t\t<div class=\"elementor-post__card\">\n\t\t\t\t<a class=\"elementor-post__thumbnail__link\" href=\"https:\/\/www.effe3ti.com\/fr\/con-le-avvolgitrici-non-perdi-merce-e-quindi-soldi\/\" tabindex=\"-1\" ><div class=\"elementor-post__thumbnail\"><img loading=\"lazy\" decoding=\"async\" width=\"300\" height=\"188\" src=\"https:\/\/www.effe3ti.com\/wp-content\/uploads\/2021\/04\/RotaxS3350-scatole-LR-300x188.jpg\" class=\"attachment-medium size-medium wp-image-315\" alt=\"banderoleuse de palettes\" srcset=\"https:\/\/www.effe3ti.com\/wp-content\/uploads\/2021\/04\/RotaxS3350-scatole-LR-300x188.jpg 300w, https:\/\/www.effe3ti.com\/wp-content\/uploads\/2021\/04\/RotaxS3350-scatole-LR-600x375.jpg 600w, https:\/\/www.effe3ti.com\/wp-content\/uploads\/2021\/04\/RotaxS3350-scatole-LR-1024x640.jpg 1024w, https:\/\/www.effe3ti.com\/wp-content\/uploads\/2021\/04\/RotaxS3350-scatole-LR-768x480.jpg 768w, https:\/\/www.effe3ti.com\/wp-content\/uploads\/2021\/04\/RotaxS3350-scatole-LR-1536x960.jpg 1536w, https:\/\/www.effe3ti.com\/wp-content\/uploads\/2021\/04\/RotaxS3350-scatole-LR.jpg 1600w\" sizes=\"(max-width: 300px) 100vw, 300px\" \/><\/div><\/a>\n\t\t\t\t<div class=\"elementor-post__badge\">Connaissances<\/div>\n\t\t\t\t<div class=\"elementor-post__text\">\n\t\t\t\t<h3 class=\"elementor-post__title\">\n\t\t\t<a href=\"https:\/\/www.effe3ti.com\/fr\/con-le-avvolgitrici-non-perdi-merce-e-quindi-soldi\/\" >\n\t\t\t\tAvec les machines d&#039;emballage, vous ne perdez pas de marchandises (et donc d&#039;argent)\t\t\t<\/a>\n\t\t<\/h3>\n\t\t\t\t<div class=\"elementor-post__excerpt\">\n\t\t\t<p>Les banderoleuses de palettes font bien plus que simplement emballer des charges : elles sont des outils essentiels pour prot\u00e9ger les marchandises, pr\u00e9venir les dommages et<\/p>\n\t\t<\/div>\n\t\t\n\t\t<a class=\"elementor-post__read-more\" href=\"https:\/\/www.effe3ti.com\/fr\/con-le-avvolgitrici-non-perdi-merce-e-quindi-soldi\/\" aria-label=\"D\u00e9couvrez comment, gr\u00e2ce aux machines d&#039;emballage, vous ne perdez pas de marchandises (et donc pas d&#039;argent).\" tabindex=\"-1\" >\n\t\t\tLire tout\t\t<\/a>\n\n\t\t\t\t<\/div>\n\t\t\t\t<div class=\"elementor-post__meta-data\">\n\t\t\t\t\t<span class=\"elementor-post-date\">\n\t\t\t27 juin 2025\t\t<\/span>\n\t\t\t\t<\/div>\n\t\t\t\t\t<\/div>\n\t\t<\/article>\n\t\t\t\t<article class=\"elementor-post elementor-grid-item post-23185 post type-post status-publish format-standard has-post-thumbnail hentry category-news-approfondimenti\" role=\"listitem\">\n\t\t\t<div class=\"elementor-post__card\">\n\t\t\t\t<a class=\"elementor-post__thumbnail__link\" href=\"https:\/\/www.effe3ti.com\/fr\/reggiatrici-automatiche-perche-sono-indispensabili-per-limballaggio\/\" tabindex=\"-1\" ><div class=\"elementor-post__thumbnail\"><img loading=\"lazy\" decoding=\"async\" width=\"300\" height=\"169\" src=\"https:\/\/www.effe3ti.com\/wp-content\/uploads\/2021\/11\/Linea-02-300x169.jpg\" class=\"attachment-medium size-medium wp-image-4922\" alt=\"cercleuses automatiques\" srcset=\"https:\/\/www.effe3ti.com\/wp-content\/uploads\/2021\/11\/Linea-02-300x169.jpg 300w, https:\/\/www.effe3ti.com\/wp-content\/uploads\/2021\/11\/Linea-02-600x338.jpg 600w, https:\/\/www.effe3ti.com\/wp-content\/uploads\/2021\/11\/Linea-02-1024x576.jpg 1024w, https:\/\/www.effe3ti.com\/wp-content\/uploads\/2021\/11\/Linea-02-768x432.jpg 768w, https:\/\/www.effe3ti.com\/wp-content\/uploads\/2021\/11\/Linea-02.jpg 1200w\" sizes=\"(max-width: 300px) 100vw, 300px\" \/><\/div><\/a>\n\t\t\t\t<div class=\"elementor-post__badge\">Connaissances<\/div>\n\t\t\t\t<div class=\"elementor-post__text\">\n\t\t\t\t<h3 class=\"elementor-post__title\">\n\t\t\t<a href=\"https:\/\/www.effe3ti.com\/fr\/reggiatrici-automatiche-perche-sono-indispensabili-per-limballaggio\/\" >\n\t\t\t\tCercleuses automatiques : pourquoi elles sont indispensables pour l&#039;emballage\t\t\t<\/a>\n\t\t<\/h3>\n\t\t\t\t<div class=\"elementor-post__excerpt\">\n\t\t\t<p>Les cercleuses automatiques sont de plus en plus demand\u00e9es dans des secteurs tr\u00e8s vari\u00e9s. Disponibles en petites dimensions, ces machines<\/p>\n\t\t<\/div>\n\t\t\n\t\t<a class=\"elementor-post__read-more\" href=\"https:\/\/www.effe3ti.com\/fr\/reggiatrici-automatiche-perche-sono-indispensabili-per-limballaggio\/\" aria-label=\"D\u00e9couvrez-en plus sur les cercleuses automatiques\u00a0: pourquoi elles sont essentielles pour l\u2019emballage\" tabindex=\"-1\" >\n\t\t\tLire tout\t\t<\/a>\n\n\t\t\t\t<\/div>\n\t\t\t\t<div class=\"elementor-post__meta-data\">\n\t\t\t\t\t<span class=\"elementor-post-date\">\n\t\t\t27 juin 2025\t\t<\/span>\n\t\t\t\t<\/div>\n\t\t\t\t\t<\/div>\n\t\t<\/article>\n\t\t\t\t<article class=\"elementor-post elementor-grid-item post-23193 post type-post status-publish format-standard has-post-thumbnail hentry category-news-approfondimenti\" role=\"listitem\">\n\t\t\t<div class=\"elementor-post__card\">\n\t\t\t\t<a class=\"elementor-post__thumbnail__link\" href=\"https:\/\/www.effe3ti.com\/fr\/avvolgitrice-automatica-o-semiautomatica-qual-e-meglio\/\" tabindex=\"-1\" ><div class=\"elementor-post__thumbnail\"><img loading=\"lazy\" decoding=\"async\" width=\"300\" height=\"200\" src=\"https:\/\/www.effe3ti.com\/wp-content\/uploads\/2022\/09\/rotax-s5300-automatic-line-300x200.jpg\" class=\"attachment-medium size-medium wp-image-9701\" alt=\"Machine d&#039;emballage automatique Rotax S5300\" srcset=\"https:\/\/www.effe3ti.com\/wp-content\/uploads\/2022\/09\/rotax-s5300-automatic-line-300x200.jpg 300w, https:\/\/www.effe3ti.com\/wp-content\/uploads\/2022\/09\/rotax-s5300-automatic-line-600x400.jpg 600w, https:\/\/www.effe3ti.com\/wp-content\/uploads\/2022\/09\/rotax-s5300-automatic-line-1024x683.jpg 1024w, https:\/\/www.effe3ti.com\/wp-content\/uploads\/2022\/09\/rotax-s5300-automatic-line-768x512.jpg 768w, https:\/\/www.effe3ti.com\/wp-content\/uploads\/2022\/09\/rotax-s5300-automatic-line-1536x1024.jpg 1536w, https:\/\/www.effe3ti.com\/wp-content\/uploads\/2022\/09\/rotax-s5300-automatic-line-2048x1366.jpg 2048w\" sizes=\"(max-width: 300px) 100vw, 300px\" \/><\/div><\/a>\n\t\t\t\t<div class=\"elementor-post__badge\">Connaissances<\/div>\n\t\t\t\t<div class=\"elementor-post__text\">\n\t\t\t\t<h3 class=\"elementor-post__title\">\n\t\t\t<a href=\"https:\/\/www.effe3ti.com\/fr\/avvolgitrice-automatica-o-semiautomatica-qual-e-meglio\/\" >\n\t\t\t\tMachine d&#039;emballage automatique ou semi-automatique : laquelle est la meilleure ?\t\t\t<\/a>\n\t\t<\/h3>\n\t\t\t\t<div class=\"elementor-post__excerpt\">\n\t\t\t<p>Une machine d&#039;emballage peut faire toute la diff\u00e9rence pour votre entreprise. En particulier dans les secteurs de la logistique et de l&#039;emballage industriel, elle permet d&#039;\u00e9viter les<\/p>\n\t\t<\/div>\n\t\t\n\t\t<a class=\"elementor-post__read-more\" href=\"https:\/\/www.effe3ti.com\/fr\/avvolgitrice-automatica-o-semiautomatica-qual-e-meglio\/\" aria-label=\"D\u00e9couvrez-en plus sur les machines d&#039;emballage automatiques ou semi-automatiques\u00a0: laquelle est la meilleure\u00a0?\" tabindex=\"-1\" >\n\t\t\tLire tout\t\t<\/a>\n\n\t\t\t\t<\/div>\n\t\t\t\t<div class=\"elementor-post__meta-data\">\n\t\t\t\t\t<span class=\"elementor-post-date\">\n\t\t\t27 juin 2025\t\t<\/span>\n\t\t\t\t<\/div>\n\t\t\t\t\t<\/div>\n\t\t<\/article>\n\t\t\t\t<article class=\"elementor-post elementor-grid-item post-23191 post type-post status-publish format-standard has-post-thumbnail hentry category-news-approfondimenti\" role=\"listitem\">\n\t\t\t<div class=\"elementor-post__card\">\n\t\t\t\t<a class=\"elementor-post__thumbnail__link\" href=\"https:\/\/www.effe3ti.com\/fr\/compattatore-per-carta-quale-scegliere-per-grandi-volumi-aziendali\/\" tabindex=\"-1\" ><div class=\"elementor-post__thumbnail\"><img loading=\"lazy\" decoding=\"async\" width=\"300\" height=\"200\" src=\"https:\/\/www.effe3ti.com\/wp-content\/uploads\/2023\/11\/Jumboloadbaler-4-300x200.jpg\" class=\"attachment-medium size-medium wp-image-23233\" alt=\"presses\" srcset=\"https:\/\/www.effe3ti.com\/wp-content\/uploads\/2023\/11\/Jumboloadbaler-4-300x200.jpg 300w, https:\/\/www.effe3ti.com\/wp-content\/uploads\/2023\/11\/Jumboloadbaler-4-1024x683.jpg 1024w, https:\/\/www.effe3ti.com\/wp-content\/uploads\/2023\/11\/Jumboloadbaler-4-768x512.jpg 768w, https:\/\/www.effe3ti.com\/wp-content\/uploads\/2023\/11\/Jumboloadbaler-4-1536x1025.jpg 1536w, https:\/\/www.effe3ti.com\/wp-content\/uploads\/2023\/11\/Jumboloadbaler-4-18x12.jpg 18w, https:\/\/www.effe3ti.com\/wp-content\/uploads\/2023\/11\/Jumboloadbaler-4-600x400.jpg 600w, https:\/\/www.effe3ti.com\/wp-content\/uploads\/2023\/11\/Jumboloadbaler-4.jpg 2000w\" sizes=\"(max-width: 300px) 100vw, 300px\" \/><\/div><\/a>\n\t\t\t\t<div class=\"elementor-post__badge\">Connaissances<\/div>\n\t\t\t\t<div class=\"elementor-post__text\">\n\t\t\t\t<h3 class=\"elementor-post__title\">\n\t\t\t<a href=\"https:\/\/www.effe3ti.com\/fr\/compattatore-per-carta-quale-scegliere-per-grandi-volumi-aziendali\/\" >\n\t\t\t\tCompacteur de papier et de carton\u00a0: lequel choisir pour les gros volumes d\u2019activit\u00e9\u00a0?\t\t\t<\/a>\n\t\t<\/h3>\n\t\t\t\t<div class=\"elementor-post__excerpt\">\n\t\t\t<p>Un compacteur de papier r\u00e9pond \u00e0 un besoin tr\u00e8s concret et de plus en plus pressant : g\u00e9rer chaque jour de grandes quantit\u00e9s de d\u00e9chets papier,<\/p>\n\t\t<\/div>\n\t\t\n\t\t<a class=\"elementor-post__read-more\" href=\"https:\/\/www.effe3ti.com\/fr\/compattatore-per-carta-quale-scegliere-per-grandi-volumi-aziendali\/\" aria-label=\"D\u00e9couvrez les compacteurs de papier et de carton\u00a0: lequel choisir pour les gros volumes d\u2019activit\u00e9\u00a0?\" tabindex=\"-1\" >\n\t\t\tLire tout\t\t<\/a>\n\n\t\t\t\t<\/div>\n\t\t\t\t<div class=\"elementor-post__meta-data\">\n\t\t\t\t\t<span class=\"elementor-post-date\">\n\t\t\t27 juin 2025\t\t<\/span>\n\t\t\t\t<\/div>\n\t\t\t\t\t<\/div>\n\t\t<\/article>\n\t\t\t\t<article class=\"elementor-post elementor-grid-item post-23189 post type-post status-publish format-standard has-post-thumbnail hentry category-news-approfondimenti\" role=\"listitem\">\n\t\t\t<div class=\"elementor-post__card\">\n\t\t\t\t<a class=\"elementor-post__thumbnail__link\" href=\"https:\/\/www.effe3ti.com\/fr\/reggiatrici-manuali-o-automatiche-quale-conviene\/\" tabindex=\"-1\" ><div class=\"elementor-post__thumbnail\"><img loading=\"lazy\" decoding=\"async\" width=\"300\" height=\"300\" src=\"https:\/\/www.effe3ti.com\/wp-content\/uploads\/2021\/04\/TP-702CQ-300x300.jpg\" class=\"attachment-medium size-medium wp-image-252\" alt=\"cercleuse automatique\" srcset=\"https:\/\/www.effe3ti.com\/wp-content\/uploads\/2021\/04\/TP-702CQ-300x300.jpg 300w, https:\/\/www.effe3ti.com\/wp-content\/uploads\/2021\/04\/TP-702CQ-100x100.jpg 100w, https:\/\/www.effe3ti.com\/wp-content\/uploads\/2021\/04\/TP-702CQ-600x600.jpg 600w, https:\/\/www.effe3ti.com\/wp-content\/uploads\/2021\/04\/TP-702CQ-1024x1024.jpg 1024w, https:\/\/www.effe3ti.com\/wp-content\/uploads\/2021\/04\/TP-702CQ-150x150.jpg 150w, https:\/\/www.effe3ti.com\/wp-content\/uploads\/2021\/04\/TP-702CQ-768x768.jpg 768w, https:\/\/www.effe3ti.com\/wp-content\/uploads\/2021\/04\/TP-702CQ.jpg 1200w\" sizes=\"(max-width: 300px) 100vw, 300px\" \/><\/div><\/a>\n\t\t\t\t<div class=\"elementor-post__badge\">Connaissances<\/div>\n\t\t\t\t<div class=\"elementor-post__text\">\n\t\t\t\t<h3 class=\"elementor-post__title\">\n\t\t\t<a href=\"https:\/\/www.effe3ti.com\/fr\/reggiatrici-manuali-o-automatiche-quale-conviene\/\" >\n\t\t\t\tCercleuses manuelles ou automatiques : laquelle est la meilleure ?\t\t\t<\/a>\n\t\t<\/h3>\n\t\t\t\t<div class=\"elementor-post__excerpt\">\n\t\t\t<p>Pour les entreprises de logistique et d\u2019emballage, devoir choisir entre des machines de cerclage manuelles et automatiques est in\u00e9vitable.<\/p>\n\t\t<\/div>\n\t\t\n\t\t<a class=\"elementor-post__read-more\" href=\"https:\/\/www.effe3ti.com\/fr\/reggiatrici-manuali-o-automatiche-quale-conviene\/\" aria-label=\"D\u00e9couvrez-en plus sur les cercleuses manuelles ou automatiques\u00a0: laquelle est la meilleure\u00a0?\" tabindex=\"-1\" >\n\t\t\tLire tout\t\t<\/a>\n\n\t\t\t\t<\/div>\n\t\t\t\t<div class=\"elementor-post__meta-data\">\n\t\t\t\t\t<span class=\"elementor-post-date\">\n\t\t\t27 juin 2025\t\t<\/span>\n\t\t\t\t<\/div>\n\t\t\t\t\t<\/div>\n\t\t<\/article>\n\t\t\t\t<article class=\"elementor-post elementor-grid-item post-22578 post type-post status-publish format-standard has-post-thumbnail hentry category-news-approfondimenti\" role=\"listitem\">\n\t\t\t<div class=\"elementor-post__card\">\n\t\t\t\t<a class=\"elementor-post__thumbnail__link\" href=\"https:\/\/www.effe3ti.com\/fr\/i-5-vantaggi-delle-presse-per-rifiuti-nel-settore-industriale\/\" tabindex=\"-1\" ><div class=\"elementor-post__thumbnail\"><img loading=\"lazy\" decoding=\"async\" width=\"300\" height=\"200\" src=\"https:\/\/www.effe3ti.com\/wp-content\/uploads\/2024\/10\/presse-per-rifiuti-300x200.jpeg\" class=\"attachment-medium size-medium wp-image-20949\" alt=\"presse \u00e0 d\u00e9chets\" srcset=\"https:\/\/www.effe3ti.com\/wp-content\/uploads\/2024\/10\/presse-per-rifiuti-300x200.jpeg 300w, https:\/\/www.effe3ti.com\/wp-content\/uploads\/2024\/10\/presse-per-rifiuti-768x512.jpeg 768w, https:\/\/www.effe3ti.com\/wp-content\/uploads\/2024\/10\/presse-per-rifiuti-600x400.jpeg 600w, https:\/\/www.effe3ti.com\/wp-content\/uploads\/2024\/10\/presse-per-rifiuti.jpeg 1024w\" sizes=\"(max-width: 300px) 100vw, 300px\" \/><\/div><\/a>\n\t\t\t\t<div class=\"elementor-post__badge\">Connaissances<\/div>\n\t\t\t\t<div class=\"elementor-post__text\">\n\t\t\t\t<h3 class=\"elementor-post__title\">\n\t\t\t<a href=\"https:\/\/www.effe3ti.com\/fr\/i-5-vantaggi-delle-presse-per-rifiuti-nel-settore-industriale\/\" >\n\t\t\t\tLes 5 avantages des presses \u00e0 d\u00e9chets dans le secteur industriel\t\t\t<\/a>\n\t\t<\/h3>\n\t\t\t\t<div class=\"elementor-post__excerpt\">\n\t\t\t<p>Se passer des presses \u00e0 d\u00e9chets est d\u00e9sormais impossible : elles constituent un \u00e9l\u00e9ment tr\u00e8s important si l&#039;on veut am\u00e9liorer l&#039;efficacit\u00e9 de la<\/p>\n\t\t<\/div>\n\t\t\n\t\t<a class=\"elementor-post__read-more\" href=\"https:\/\/www.effe3ti.com\/fr\/i-5-vantaggi-delle-presse-per-rifiuti-nel-settore-industriale\/\" aria-label=\"En savoir plus sur Les 5 avantages des presses \u00e0 d\u00e9chets dans le secteur industriel\" tabindex=\"-1\" >\n\t\t\tLire tout\t\t<\/a>\n\n\t\t\t\t<\/div>\n\t\t\t\t<div class=\"elementor-post__meta-data\">\n\t\t\t\t\t<span class=\"elementor-post-date\">\n\t\t\t2 avril 2025\t\t<\/span>\n\t\t\t\t<\/div>\n\t\t\t\t\t<\/div>\n\t\t<\/article>\n\t\t\t\t<article class=\"elementor-post elementor-grid-item post-21344 post type-post status-publish format-standard has-post-thumbnail hentry category-news-approfondimenti\" role=\"listitem\">\n\t\t\t<div class=\"elementor-post__card\">\n\t\t\t\t<a class=\"elementor-post__thumbnail__link\" href=\"https:\/\/www.effe3ti.com\/fr\/il-trasporto-sicuro-delle-vostre-merci\/\" tabindex=\"-1\" ><div class=\"elementor-post__thumbnail\"><img loading=\"lazy\" decoding=\"async\" width=\"300\" height=\"202\" src=\"https:\/\/www.effe3ti.com\/wp-content\/uploads\/2024\/12\/goods-transport-300x202.jpg\" class=\"attachment-medium size-medium wp-image-21345\" alt=\"transport de marchandises\" srcset=\"https:\/\/www.effe3ti.com\/wp-content\/uploads\/2024\/12\/goods-transport-300x202.jpg 300w, https:\/\/www.effe3ti.com\/wp-content\/uploads\/2024\/12\/goods-transport-1024x691.jpg 1024w, https:\/\/www.effe3ti.com\/wp-content\/uploads\/2024\/12\/goods-transport-768x518.jpg 768w, https:\/\/www.effe3ti.com\/wp-content\/uploads\/2024\/12\/goods-transport-1536x1036.jpg 1536w, https:\/\/www.effe3ti.com\/wp-content\/uploads\/2024\/12\/goods-transport-2048x1382.jpg 2048w, https:\/\/www.effe3ti.com\/wp-content\/uploads\/2024\/12\/goods-transport-600x405.jpg 600w\" sizes=\"(max-width: 300px) 100vw, 300px\" \/><\/div><\/a>\n\t\t\t\t<div class=\"elementor-post__badge\">Connaissances<\/div>\n\t\t\t\t<div class=\"elementor-post__text\">\n\t\t\t\t<h3 class=\"elementor-post__title\">\n\t\t\t<a href=\"https:\/\/www.effe3ti.com\/fr\/il-trasporto-sicuro-delle-vostre-merci\/\" >\n\t\t\t\tTransport s\u00e9curis\u00e9 de vos marchandises\t\t\t<\/a>\n\t\t<\/h3>\n\t\t\t\t<div class=\"elementor-post__excerpt\">\n\t\t\t<p>Efficacit\u00e9 et s\u00e9curit\u00e9 avec la banderoleuse de palettes Les banderoleuses de palettes sont une solution indispensable pour assurer la s\u00e9curit\u00e9 de vos produits.<\/p>\n\t\t<\/div>\n\t\t\n\t\t<a class=\"elementor-post__read-more\" href=\"https:\/\/www.effe3ti.com\/fr\/il-trasporto-sicuro-delle-vostre-merci\/\" aria-label=\"En savoir plus sur le transport s\u00e9curis\u00e9 de vos marchandises\" tabindex=\"-1\" >\n\t\t\tLire tout\t\t<\/a>\n\n\t\t\t\t<\/div>\n\t\t\t\t<div class=\"elementor-post__meta-data\">\n\t\t\t\t\t<span class=\"elementor-post-date\">\n\t\t\t17 d\u00e9cembre 2024\t\t<\/span>\n\t\t\t\t<\/div>\n\t\t\t\t\t<\/div>\n\t\t<\/article>\n\t\t\t\t<article class=\"elementor-post elementor-grid-item post-21152 post type-post status-publish format-standard has-post-thumbnail hentry category-news-approfondimenti\" role=\"listitem\">\n\t\t\t<div class=\"elementor-post__card\">\n\t\t\t\t<a class=\"elementor-post__thumbnail__link\" href=\"https:\/\/www.effe3ti.com\/fr\/limportanza-della-formazione-effe3ti\/\" tabindex=\"-1\" ><div class=\"elementor-post__thumbnail\"><img loading=\"lazy\" decoding=\"async\" width=\"300\" height=\"169\" src=\"https:\/\/www.effe3ti.com\/wp-content\/uploads\/2024\/10\/cover-300x169.jpg\" class=\"attachment-medium size-medium wp-image-21153\" alt=\"formation commerciale\" srcset=\"https:\/\/www.effe3ti.com\/wp-content\/uploads\/2024\/10\/cover-300x169.jpg 300w, https:\/\/www.effe3ti.com\/wp-content\/uploads\/2024\/10\/cover-1024x576.jpg 1024w, https:\/\/www.effe3ti.com\/wp-content\/uploads\/2024\/10\/cover-768x432.jpg 768w, https:\/\/www.effe3ti.com\/wp-content\/uploads\/2024\/10\/cover-1536x864.jpg 1536w, https:\/\/www.effe3ti.com\/wp-content\/uploads\/2024\/10\/cover-600x338.jpg 600w, https:\/\/www.effe3ti.com\/wp-content\/uploads\/2024\/10\/cover.jpg 1701w\" sizes=\"(max-width: 300px) 100vw, 300px\" \/><\/div><\/a>\n\t\t\t\t<div class=\"elementor-post__badge\">Connaissances<\/div>\n\t\t\t\t<div class=\"elementor-post__text\">\n\t\t\t\t<h3 class=\"elementor-post__title\">\n\t\t\t<a href=\"https:\/\/www.effe3ti.com\/fr\/limportanza-della-formazione-effe3ti\/\" >\n\t\t\t\tL&#039;importance de la formation commerciale EFFE3ti\t\t\t<\/a>\n\t\t<\/h3>\n\t\t\t\t<div class=\"elementor-post__excerpt\">\n\t\t\t<p>Pourquoi est-il important de suivre une formation en vente en entreprise Dans le monde des affaires d&#039;aujourd&#039;hui, caract\u00e9ris\u00e9 par une concurrence f\u00e9roce et un paysage diversifi\u00e9<\/p>\n\t\t<\/div>\n\t\t\n\t\t<a class=\"elementor-post__read-more\" href=\"https:\/\/www.effe3ti.com\/fr\/limportanza-della-formazione-effe3ti\/\" aria-label=\"En savoir plus sur l&#039;importance de la formation commerciale EFFE3ti\" tabindex=\"-1\" >\n\t\t\tLire tout\t\t<\/a>\n\n\t\t\t\t<\/div>\n\t\t\t\t<div class=\"elementor-post__meta-data\">\n\t\t\t\t\t<span class=\"elementor-post-date\">\n\t\t\t25 octobre 2024\t\t<\/span>\n\t\t\t\t<\/div>\n\t\t\t\t\t<\/div>\n\t\t<\/article>\n\t\t\t\t<article class=\"elementor-post elementor-grid-item post-20948 post type-post status-publish format-standard has-post-thumbnail hentry category-news-approfondimenti category-news-prodotto\" role=\"listitem\">\n\t\t\t<div class=\"elementor-post__card\">\n\t\t\t\t<a class=\"elementor-post__thumbnail__link\" href=\"https:\/\/www.effe3ti.com\/fr\/le-presse-per-rifiuti\/\" tabindex=\"-1\" ><div class=\"elementor-post__thumbnail\"><img loading=\"lazy\" decoding=\"async\" width=\"300\" height=\"200\" src=\"https:\/\/www.effe3ti.com\/wp-content\/uploads\/2021\/04\/MK1100-1-300x200.jpg\" class=\"attachment-medium size-medium wp-image-23259\" alt=\"MK1100\" srcset=\"https:\/\/www.effe3ti.com\/wp-content\/uploads\/2021\/04\/MK1100-1-300x200.jpg 300w, https:\/\/www.effe3ti.com\/wp-content\/uploads\/2021\/04\/MK1100-1-1024x683.jpg 1024w, https:\/\/www.effe3ti.com\/wp-content\/uploads\/2021\/04\/MK1100-1-768x512.jpg 768w, https:\/\/www.effe3ti.com\/wp-content\/uploads\/2021\/04\/MK1100-1-1536x1025.jpg 1536w, https:\/\/www.effe3ti.com\/wp-content\/uploads\/2021\/04\/MK1100-1-18x12.jpg 18w, https:\/\/www.effe3ti.com\/wp-content\/uploads\/2021\/04\/MK1100-1-600x400.jpg 600w, https:\/\/www.effe3ti.com\/wp-content\/uploads\/2021\/04\/MK1100-1.jpg 2000w\" sizes=\"(max-width: 300px) 100vw, 300px\" \/><\/div><\/a>\n\t\t\t\t<div class=\"elementor-post__badge\">Connaissances<\/div>\n\t\t\t\t<div class=\"elementor-post__text\">\n\t\t\t\t<h3 class=\"elementor-post__title\">\n\t\t\t<a href=\"https:\/\/www.effe3ti.com\/fr\/le-presse-per-rifiuti\/\" >\n\t\t\t\tPresses pour le recyclage du carton, du plastique et d&#039;autres d\u00e9chets\t\t\t<\/a>\n\t\t<\/h3>\n\t\t\t\t<div class=\"elementor-post__excerpt\">\n\t\t\t<p>Optimiser la gestion des d\u00e9chets dans l&#039;entreprise avec des presses \u00e0 balles de recyclage Les d\u00e9chets d&#039;emballage sont souvent consid\u00e9r\u00e9s comme un fardeau<\/p>\n\t\t<\/div>\n\t\t\n\t\t<a class=\"elementor-post__read-more\" href=\"https:\/\/www.effe3ti.com\/fr\/le-presse-per-rifiuti\/\" aria-label=\"En savoir plus sur les presses \u00e0 balles pour le recyclage du carton, du plastique et d&#039;autres d\u00e9chets\" tabindex=\"-1\" >\n\t\t\tLire tout\t\t<\/a>\n\n\t\t\t\t<\/div>\n\t\t\t\t<div class=\"elementor-post__meta-data\">\n\t\t\t\t\t<span class=\"elementor-post-date\">\n\t\t\t21 octobre 2024\t\t<\/span>\n\t\t\t\t<\/div>\n\t\t\t\t\t<\/div>\n\t\t<\/article>\n\t\t\t\t<article class=\"elementor-post elementor-grid-item post-17316 post type-post status-publish format-standard has-post-thumbnail hentry category-news-approfondimenti\" role=\"listitem\">\n\t\t\t<div class=\"elementor-post__card\">\n\t\t\t\t<a class=\"elementor-post__thumbnail__link\" href=\"https:\/\/www.effe3ti.com\/fr\/avvolgimento-pallet-innovazione-nella-protezione-del-carico\/\" tabindex=\"-1\" ><div class=\"elementor-post__thumbnail\"><img loading=\"lazy\" decoding=\"async\" width=\"200\" height=\"300\" src=\"https:\/\/www.effe3ti.com\/wp-content\/uploads\/2024\/09\/S2300P-MF2000-240215-web-200x300.jpg\" class=\"attachment-medium size-medium wp-image-17317\" alt=\"Machine d&#039;emballage avec chargeur de feuilles de protection de charge\" srcset=\"https:\/\/www.effe3ti.com\/wp-content\/uploads\/2024\/09\/S2300P-MF2000-240215-web-200x300.jpg 200w, https:\/\/www.effe3ti.com\/wp-content\/uploads\/2024\/09\/S2300P-MF2000-240215-web-600x898.jpg 600w, https:\/\/www.effe3ti.com\/wp-content\/uploads\/2024\/09\/S2300P-MF2000-240215-web.jpg 668w\" sizes=\"(max-width: 200px) 100vw, 200px\" \/><\/div><\/a>\n\t\t\t\t<div class=\"elementor-post__badge\">Connaissances<\/div>\n\t\t\t\t<div class=\"elementor-post__text\">\n\t\t\t\t<h3 class=\"elementor-post__title\">\n\t\t\t<a href=\"https:\/\/www.effe3ti.com\/fr\/avvolgimento-pallet-innovazione-nella-protezione-del-carico\/\" >\n\t\t\t\tEmballage de palettes. Innovation dans la protection du chargement\t\t\t<\/a>\n\t\t<\/h3>\n\t\t\t\t<div class=\"elementor-post__excerpt\">\n\t\t\t<p>Machines automatiques d&#039;emballage de palettes avec dispositif d&#039;alimentation en feuilles Dans le contexte de la logistique moderne et de la gestion des exp\u00e9ditions, l&#039;efficacit\u00e9 op\u00e9rationnelle et<\/p>\n\t\t<\/div>\n\t\t\n\t\t<a class=\"elementor-post__read-more\" href=\"https:\/\/www.effe3ti.com\/fr\/avvolgimento-pallet-innovazione-nella-protezione-del-carico\/\" aria-label=\"D\u00e9couvrez-en plus sur le filmage de palettes\u00a0: une innovation en mati\u00e8re de protection des charges\" tabindex=\"-1\" >\n\t\t\tLire tout\t\t<\/a>\n\n\t\t\t\t<\/div>\n\t\t\t\t<div class=\"elementor-post__meta-data\">\n\t\t\t\t\t<span class=\"elementor-post-date\">\n\t\t\t9 septembre 2024\t\t<\/span>\n\t\t\t\t<\/div>\n\t\t\t\t\t<\/div>\n\t\t<\/article>\n\t\t\t\t<article class=\"elementor-post elementor-grid-item post-11305 post type-post status-publish format-standard has-post-thumbnail hentry category-news-approfondimenti\" role=\"listitem\">\n\t\t\t<div class=\"elementor-post__card\">\n\t\t\t\t<a class=\"elementor-post__thumbnail__link\" href=\"https:\/\/www.effe3ti.com\/fr\/styropress-per-compattare-imballi-in-polistirolo\/\" tabindex=\"-1\" ><div class=\"elementor-post__thumbnail\"><img loading=\"lazy\" decoding=\"async\" width=\"300\" height=\"300\" src=\"https:\/\/www.effe3ti.com\/wp-content\/uploads\/2021\/04\/Cutcompact-300x300.jpg\" class=\"attachment-medium size-medium wp-image-282\" alt=\"compactage du polystyr\u00e8ne\" srcset=\"https:\/\/www.effe3ti.com\/wp-content\/uploads\/2021\/04\/Cutcompact-300x300.jpg 300w, https:\/\/www.effe3ti.com\/wp-content\/uploads\/2021\/04\/Cutcompact-100x100.jpg 100w, https:\/\/www.effe3ti.com\/wp-content\/uploads\/2021\/04\/Cutcompact-600x600.jpg 600w, https:\/\/www.effe3ti.com\/wp-content\/uploads\/2021\/04\/Cutcompact-1024x1024.jpg 1024w, https:\/\/www.effe3ti.com\/wp-content\/uploads\/2021\/04\/Cutcompact-150x150.jpg 150w, https:\/\/www.effe3ti.com\/wp-content\/uploads\/2021\/04\/Cutcompact-768x768.jpg 768w, https:\/\/www.effe3ti.com\/wp-content\/uploads\/2021\/04\/Cutcompact.jpg 1200w\" sizes=\"(max-width: 300px) 100vw, 300px\" \/><\/div><\/a>\n\t\t\t\t<div class=\"elementor-post__badge\">Connaissances<\/div>\n\t\t\t\t<div class=\"elementor-post__text\">\n\t\t\t\t<h3 class=\"elementor-post__title\">\n\t\t\t<a href=\"https:\/\/www.effe3ti.com\/fr\/styropress-per-compattare-imballi-in-polistirolo\/\" >\n\t\t\t\tPresse \u00e0 polystyr\u00e8ne pour compacter les emballages en polystyr\u00e8ne\t\t\t<\/a>\n\t\t<\/h3>\n\t\t\t\t<div class=\"elementor-post__excerpt\">\n\t\t\t<p>Les compacteurs de polystyr\u00e8ne broient et compactent les d\u00e9chets de PSE (polystyr\u00e8ne expans\u00e9) en blocs qui simplifient le stockage,<\/p>\n\t\t<\/div>\n\t\t\n\t\t<a class=\"elementor-post__read-more\" href=\"https:\/\/www.effe3ti.com\/fr\/styropress-per-compattare-imballi-in-polistirolo\/\" aria-label=\"D\u00e9couvrez-en plus sur Styropress, une solution de compactage des emballages en polystyr\u00e8ne.\" tabindex=\"-1\" >\n\t\t\tLire tout\t\t<\/a>\n\n\t\t\t\t<\/div>\n\t\t\t\t<div class=\"elementor-post__meta-data\">\n\t\t\t\t\t<span class=\"elementor-post-date\">\n\t\t\t30 juin 2023\t\t<\/span>\n\t\t\t\t<\/div>\n\t\t\t\t\t<\/div>\n\t\t<\/article>\n\t\t\t\t<article class=\"elementor-post elementor-grid-item post-11186 post type-post status-publish format-standard has-post-thumbnail hentry category-news-approfondimenti\" role=\"listitem\">\n\t\t\t<div class=\"elementor-post__card\">\n\t\t\t\t<a class=\"elementor-post__thumbnail__link\" href=\"https:\/\/www.effe3ti.com\/fr\/avvolgitrice-nuova\/\" tabindex=\"-1\" ><div class=\"elementor-post__thumbnail\"><img loading=\"lazy\" decoding=\"async\" width=\"300\" height=\"300\" src=\"https:\/\/www.effe3ti.com\/wp-content\/uploads\/2023\/04\/old-spinny.jpg-1-300x300.jpg\" class=\"attachment-medium size-medium wp-image-11187\" alt=\"machine d&#039;emballage\" srcset=\"https:\/\/www.effe3ti.com\/wp-content\/uploads\/2023\/04\/old-spinny.jpg-1-300x300.jpg 300w, https:\/\/www.effe3ti.com\/wp-content\/uploads\/2023\/04\/old-spinny.jpg-1-100x100.jpg 100w, https:\/\/www.effe3ti.com\/wp-content\/uploads\/2023\/04\/old-spinny.jpg-1-600x600.jpg 600w, https:\/\/www.effe3ti.com\/wp-content\/uploads\/2023\/04\/old-spinny.jpg-1-1024x1024.jpg 1024w, https:\/\/www.effe3ti.com\/wp-content\/uploads\/2023\/04\/old-spinny.jpg-1-150x150.jpg 150w, https:\/\/www.effe3ti.com\/wp-content\/uploads\/2023\/04\/old-spinny.jpg-1-768x768.jpg 768w, https:\/\/www.effe3ti.com\/wp-content\/uploads\/2023\/04\/old-spinny.jpg-1.jpg 1536w\" sizes=\"(max-width: 300px) 100vw, 300px\" \/><\/div><\/a>\n\t\t\t\t<div class=\"elementor-post__badge\">Connaissances<\/div>\n\t\t\t\t<div class=\"elementor-post__text\">\n\t\t\t\t<h3 class=\"elementor-post__title\">\n\t\t\t<a href=\"https:\/\/www.effe3ti.com\/fr\/avvolgitrice-nuova\/\" >\n\t\t\t\tNouvelle machine d&#039;emballage. Quand est-il temps de changer ?\t\t\t<\/a>\n\t\t<\/h3>\n\t\t\t\t<div class=\"elementor-post__excerpt\">\n\t\t\t<p>M\u00eame avec une machine d&#039;emballage, il devient parfois \u00ab normal \u00bb de devoir composer avec des temps morts et des interruptions quotidiennes. EFFE3ti fabrique des machines d&#039;emballage.<\/p>\n\t\t<\/div>\n\t\t\n\t\t<a class=\"elementor-post__read-more\" href=\"https:\/\/www.effe3ti.com\/fr\/avvolgitrice-nuova\/\" aria-label=\"D\u00e9couvrez nos nouvelles machines d&#039;emballage. Quand faut-il les remplacer\u00a0?\" tabindex=\"-1\" >\n\t\t\tLire tout\t\t<\/a>\n\n\t\t\t\t<\/div>\n\t\t\t\t<div class=\"elementor-post__meta-data\">\n\t\t\t\t\t<span class=\"elementor-post-date\">\n\t\t\t13 avril 2023\t\t<\/span>\n\t\t\t\t<\/div>\n\t\t\t\t\t<\/div>\n\t\t<\/article>\n\t\t\t\t<article class=\"elementor-post elementor-grid-item post-10419 post type-post status-publish format-standard has-post-thumbnail hentry category-news-approfondimenti\" role=\"listitem\">\n\t\t\t<div class=\"elementor-post__card\">\n\t\t\t\t<a class=\"elementor-post__thumbnail__link\" href=\"https:\/\/www.effe3ti.com\/fr\/presse-per-rifiuti\/\" tabindex=\"-1\" ><div class=\"elementor-post__thumbnail\"><img loading=\"lazy\" decoding=\"async\" width=\"300\" height=\"169\" src=\"https:\/\/www.effe3ti.com\/wp-content\/uploads\/2021\/11\/RicicloScarti-300x169.jpg\" class=\"attachment-medium size-medium wp-image-4948\" alt=\"recyclage des d\u00e9chets\" srcset=\"https:\/\/www.effe3ti.com\/wp-content\/uploads\/2021\/11\/RicicloScarti-300x169.jpg 300w, https:\/\/www.effe3ti.com\/wp-content\/uploads\/2021\/11\/RicicloScarti-600x338.jpg 600w, https:\/\/www.effe3ti.com\/wp-content\/uploads\/2021\/11\/RicicloScarti-1024x576.jpg 1024w, https:\/\/www.effe3ti.com\/wp-content\/uploads\/2021\/11\/RicicloScarti-768x432.jpg 768w, https:\/\/www.effe3ti.com\/wp-content\/uploads\/2021\/11\/RicicloScarti-1536x864.jpg 1536w, https:\/\/www.effe3ti.com\/wp-content\/uploads\/2021\/11\/RicicloScarti.jpg 1600w\" sizes=\"(max-width: 300px) 100vw, 300px\" \/><\/div><\/a>\n\t\t\t\t<div class=\"elementor-post__badge\">Connaissances<\/div>\n\t\t\t\t<div class=\"elementor-post__text\">\n\t\t\t\t<h3 class=\"elementor-post__title\">\n\t\t\t<a href=\"https:\/\/www.effe3ti.com\/fr\/presse-per-rifiuti\/\" >\n\t\t\t\tLes presses \u00e0 balles\t\t\t<\/a>\n\t\t<\/h3>\n\t\t\t\t<div class=\"elementor-post__excerpt\">\n\t\t\t<p>Optimiser la gestion des d\u00e9chets dans l&#039;entreprise Les d\u00e9chets et les ordures en g\u00e9n\u00e9ral sont souvent consid\u00e9r\u00e9s comme un fardeau dans l&#039;\u00e9conomie des entreprises.<\/p>\n\t\t<\/div>\n\t\t\n\t\t<a class=\"elementor-post__read-more\" href=\"https:\/\/www.effe3ti.com\/fr\/presse-per-rifiuti\/\" aria-label=\"En savoir plus sur les presses d&#039;emballage\" tabindex=\"-1\" >\n\t\t\tLire tout\t\t<\/a>\n\n\t\t\t\t<\/div>\n\t\t\t\t<div class=\"elementor-post__meta-data\">\n\t\t\t\t\t<span class=\"elementor-post-date\">\n\t\t\t16 janvier 2023\t\t<\/span>\n\t\t\t\t<\/div>\n\t\t\t\t\t<\/div>\n\t\t<\/article>\n\t\t\t\t<article class=\"elementor-post elementor-grid-item post-10313 post type-post status-publish format-standard has-post-thumbnail hentry category-news-approfondimenti category-news-prodotto\" role=\"listitem\">\n\t\t\t<div class=\"elementor-post__card\">\n\t\t\t\t<a class=\"elementor-post__thumbnail__link\" href=\"https:\/\/www.effe3ti.com\/fr\/stabilita-del-carico\/\" tabindex=\"-1\" ><div class=\"elementor-post__thumbnail\"><img loading=\"lazy\" decoding=\"async\" width=\"300\" height=\"200\" src=\"https:\/\/www.effe3ti.com\/wp-content\/uploads\/2022\/11\/Stability-Test-2-300x200.jpg\" class=\"attachment-medium size-medium wp-image-10325\" alt=\"stabilit\u00e9 de la charge\" srcset=\"https:\/\/www.effe3ti.com\/wp-content\/uploads\/2022\/11\/Stability-Test-2-300x200.jpg 300w, https:\/\/www.effe3ti.com\/wp-content\/uploads\/2022\/11\/Stability-Test-2-600x400.jpg 600w, https:\/\/www.effe3ti.com\/wp-content\/uploads\/2022\/11\/Stability-Test-2-1024x683.jpg 1024w, https:\/\/www.effe3ti.com\/wp-content\/uploads\/2022\/11\/Stability-Test-2-768x512.jpg 768w, https:\/\/www.effe3ti.com\/wp-content\/uploads\/2022\/11\/Stability-Test-2-1536x1024.jpg 1536w, https:\/\/www.effe3ti.com\/wp-content\/uploads\/2022\/11\/Stability-Test-2-2048x1366.jpg 2048w\" sizes=\"(max-width: 300px) 100vw, 300px\" \/><\/div><\/a>\n\t\t\t\t<div class=\"elementor-post__badge\">Connaissances<\/div>\n\t\t\t\t<div class=\"elementor-post__text\">\n\t\t\t\t<h3 class=\"elementor-post__title\">\n\t\t\t<a href=\"https:\/\/www.effe3ti.com\/fr\/stabilita-del-carico\/\" >\n\t\t\t\tStabilit\u00e9 de charge\t\t\t<\/a>\n\t\t<\/h3>\n\t\t\t\t<div class=\"elementor-post__excerpt\">\n\t\t\t<p>La perte de charge lors du transport de marchandises est un probl\u00e8me \u00e0 ne pas sous-estimer. Il existe la norme EN 12195-1<\/p>\n\t\t<\/div>\n\t\t\n\t\t<a class=\"elementor-post__read-more\" href=\"https:\/\/www.effe3ti.com\/fr\/stabilita-del-carico\/\" aria-label=\"En savoir plus sur la stabilit\u00e9 de la charge\" tabindex=\"-1\" >\n\t\t\tLire tout\t\t<\/a>\n\n\t\t\t\t<\/div>\n\t\t\t\t<div class=\"elementor-post__meta-data\">\n\t\t\t\t\t<span class=\"elementor-post-date\">\n\t\t\t18 novembre 2022\t\t<\/span>\n\t\t\t\t<\/div>\n\t\t\t\t\t<\/div>\n\t\t<\/article>\n\t\t\t\t<article class=\"elementor-post elementor-grid-item post-9964 post type-post status-publish format-standard has-post-thumbnail hentry category-news-approfondimenti category-news-prodotto\" role=\"listitem\">\n\t\t\t<div class=\"elementor-post__card\">\n\t\t\t\t<a class=\"elementor-post__thumbnail__link\" href=\"https:\/\/www.effe3ti.com\/fr\/avvolgere-pallet-con-spinny-s300-semplifica-la-vita\/\" tabindex=\"-1\" ><div class=\"elementor-post__thumbnail\"><img loading=\"lazy\" decoding=\"async\" width=\"234\" height=\"300\" src=\"https:\/\/www.effe3ti.com\/wp-content\/uploads\/2021\/04\/Spinny-S300w-234x300.jpg\" class=\"attachment-medium size-medium wp-image-1093\" alt=\"enrubanneuse de palettes rotatives\" srcset=\"https:\/\/www.effe3ti.com\/wp-content\/uploads\/2021\/04\/Spinny-S300w-234x300.jpg 234w, https:\/\/www.effe3ti.com\/wp-content\/uploads\/2021\/04\/Spinny-S300w-600x770.jpg 600w, https:\/\/www.effe3ti.com\/wp-content\/uploads\/2021\/04\/Spinny-S300w-798x1024.jpg 798w, https:\/\/www.effe3ti.com\/wp-content\/uploads\/2021\/04\/Spinny-S300w-768x986.jpg 768w, https:\/\/www.effe3ti.com\/wp-content\/uploads\/2021\/04\/Spinny-S300w-1197x1536.jpg 1197w, https:\/\/www.effe3ti.com\/wp-content\/uploads\/2021\/04\/Spinny-S300w-1596x2048.jpg 1596w, https:\/\/www.effe3ti.com\/wp-content\/uploads\/2021\/04\/Spinny-S300w.jpg 1948w\" sizes=\"(max-width: 234px) 100vw, 234px\" \/><\/div><\/a>\n\t\t\t\t<div class=\"elementor-post__badge\">Connaissances<\/div>\n\t\t\t\t<div class=\"elementor-post__text\">\n\t\t\t\t<h3 class=\"elementor-post__title\">\n\t\t\t<a href=\"https:\/\/www.effe3ti.com\/fr\/avvolgere-pallet-con-spinny-s300-semplifica-la-vita\/\" >\n\t\t\t\tL&#039;emballage des palettes avec Spinny S300 simplifie la vie\t\t\t<\/a>\n\t\t<\/h3>\n\t\t\t\t<div class=\"elementor-post__excerpt\">\n\t\t\t<p>Enveloppez vos palettes efficacement et intelligemment : d\u00e9couvrez le Spinny S300 Enveloppez vos palettes en toute s\u00e9curit\u00e9, efficacement et avec un maximum d&#039;\u00e9conomies<\/p>\n\t\t<\/div>\n\t\t\n\t\t<a class=\"elementor-post__read-more\" href=\"https:\/\/www.effe3ti.com\/fr\/avvolgere-pallet-con-spinny-s300-semplifica-la-vita\/\" aria-label=\"En savoir plus sur l&#039;emballage de palettes avec Spinny S300 simplifie la vie\" tabindex=\"-1\" >\n\t\t\tLire tout\t\t<\/a>\n\n\t\t\t\t<\/div>\n\t\t\t\t<div class=\"elementor-post__meta-data\">\n\t\t\t\t\t<span class=\"elementor-post-date\">\n\t\t\t17 octobre 2022\t\t<\/span>\n\t\t\t\t<\/div>\n\t\t\t\t\t<\/div>\n\t\t<\/article>\n\t\t\t\t<article class=\"elementor-post elementor-grid-item post-8452 post type-post status-publish format-standard has-post-thumbnail hentry category-news-approfondimenti\" role=\"listitem\">\n\t\t\t<div class=\"elementor-post__card\">\n\t\t\t\t<a class=\"elementor-post__thumbnail__link\" href=\"https:\/\/www.effe3ti.com\/fr\/effe3ti-e-lenergia-pulita\/\" tabindex=\"-1\" ><div class=\"elementor-post__thumbnail\"><img loading=\"lazy\" decoding=\"async\" width=\"300\" height=\"169\" src=\"https:\/\/www.effe3ti.com\/wp-content\/uploads\/2022\/03\/energia-pulita-effe3ti-1-300x169.jpg\" class=\"attachment-medium size-medium wp-image-8454\" alt=\"\u00e9nergie propre\" srcset=\"https:\/\/www.effe3ti.com\/wp-content\/uploads\/2022\/03\/energia-pulita-effe3ti-1-300x169.jpg 300w, https:\/\/www.effe3ti.com\/wp-content\/uploads\/2022\/03\/energia-pulita-effe3ti-1-600x338.jpg 600w, https:\/\/www.effe3ti.com\/wp-content\/uploads\/2022\/03\/energia-pulita-effe3ti-1-1024x576.jpg 1024w, https:\/\/www.effe3ti.com\/wp-content\/uploads\/2022\/03\/energia-pulita-effe3ti-1-768x432.jpg 768w, https:\/\/www.effe3ti.com\/wp-content\/uploads\/2022\/03\/energia-pulita-effe3ti-1-1536x864.jpg 1536w, https:\/\/www.effe3ti.com\/wp-content\/uploads\/2022\/03\/energia-pulita-effe3ti-1-2048x1152.jpg 2048w\" sizes=\"(max-width: 300px) 100vw, 300px\" \/><\/div><\/a>\n\t\t\t\t<div class=\"elementor-post__badge\">Connaissances<\/div>\n\t\t\t\t<div class=\"elementor-post__text\">\n\t\t\t\t<h3 class=\"elementor-post__title\">\n\t\t\t<a href=\"https:\/\/www.effe3ti.com\/fr\/effe3ti-e-lenergia-pulita\/\" >\n\t\t\t\tEFFE3ti et l&#039;\u00e9nergie propre\t\t\t<\/a>\n\t\t<\/h3>\n\t\t\t\t<div class=\"elementor-post__excerpt\">\n\t\t\t<p>Transition \u00e9nerg\u00e9tique : le toit d&#039;EFFE3ti se transforme en source d&#039;\u00e9nergie propre Un pas vers la durabilit\u00e9 et l&#039;\u00e9nergie<\/p>\n\t\t<\/div>\n\t\t\n\t\t<a class=\"elementor-post__read-more\" href=\"https:\/\/www.effe3ti.com\/fr\/effe3ti-e-lenergia-pulita\/\" aria-label=\"Apprenez-en davantage sur EFFE3ti et l&#039;\u00e9nergie propre\" tabindex=\"-1\" >\n\t\t\tLire tout\t\t<\/a>\n\n\t\t\t\t<\/div>\n\t\t\t\t<div class=\"elementor-post__meta-data\">\n\t\t\t\t\t<span class=\"elementor-post-date\">\n\t\t\t9 mars 2022\t\t<\/span>\n\t\t\t\t<\/div>\n\t\t\t\t\t<\/div>\n\t\t<\/article>\n\t\t\t\t<article class=\"elementor-post elementor-grid-item post-7977 post type-post status-publish format-standard has-post-thumbnail hentry category-news-approfondimenti\" role=\"listitem\">\n\t\t\t<div class=\"elementor-post__card\">\n\t\t\t\t<a class=\"elementor-post__thumbnail__link\" href=\"https:\/\/www.effe3ti.com\/fr\/quanto-e-utile-prestirare-il-film-estensibile\/\" tabindex=\"-1\" ><div class=\"elementor-post__thumbnail\"><img loading=\"lazy\" decoding=\"async\" width=\"300\" height=\"191\" src=\"https:\/\/www.effe3ti.com\/wp-content\/uploads\/2021\/04\/oscar-pre-stretch-300x191.jpg\" class=\"attachment-medium size-medium wp-image-6237\" alt=\"pr\u00e9-\u00e9tirage motoris\u00e9\" srcset=\"https:\/\/www.effe3ti.com\/wp-content\/uploads\/2021\/04\/oscar-pre-stretch-300x191.jpg 300w, https:\/\/www.effe3ti.com\/wp-content\/uploads\/2021\/04\/oscar-pre-stretch-600x382.jpg 600w, https:\/\/www.effe3ti.com\/wp-content\/uploads\/2021\/04\/oscar-pre-stretch-1024x653.jpg 1024w, https:\/\/www.effe3ti.com\/wp-content\/uploads\/2021\/04\/oscar-pre-stretch-768x489.jpg 768w, https:\/\/www.effe3ti.com\/wp-content\/uploads\/2021\/04\/oscar-pre-stretch-1536x979.jpg 1536w, https:\/\/www.effe3ti.com\/wp-content\/uploads\/2021\/04\/oscar-pre-stretch-2048x1305.jpg 2048w\" sizes=\"(max-width: 300px) 100vw, 300px\" \/><\/div><\/a>\n\t\t\t\t<div class=\"elementor-post__badge\">Connaissances<\/div>\n\t\t\t\t<div class=\"elementor-post__text\">\n\t\t\t\t<h3 class=\"elementor-post__title\">\n\t\t\t<a href=\"https:\/\/www.effe3ti.com\/fr\/quanto-e-utile-prestirare-il-film-estensibile\/\" >\n\t\t\t\tQuelle est l\u2019utilit\u00e9 du pr\u00e9-\u00e9tirage motoris\u00e9 pour le film \u00e9tirable ?\t\t\t<\/a>\n\t\t<\/h3>\n\t\t\t\t<div class=\"elementor-post__excerpt\">\n\t\t\t<p>\u00c9conomies garanties gr\u00e2ce au pr\u00e9-\u00e9tirage motoris\u00e9. Avez-vous d\u00e9j\u00e0 dout\u00e9 de l&#039;utilit\u00e9 du pr\u00e9-\u00e9tirage motoris\u00e9\u00a0? Nous vous proposons un petit quiz pour vous \u00e9clairer.<\/p>\n\t\t<\/div>\n\t\t\n\t\t<a class=\"elementor-post__read-more\" href=\"https:\/\/www.effe3ti.com\/fr\/quanto-e-utile-prestirare-il-film-estensibile\/\" aria-label=\"D\u00e9couvrez en d\u00e9tail l&#039;utilit\u00e9 du pr\u00e9-\u00e9tirage motoris\u00e9 pour les films \u00e9tirables.\" tabindex=\"-1\" >\n\t\t\tLire tout\t\t<\/a>\n\n\t\t\t\t<\/div>\n\t\t\t\t<div class=\"elementor-post__meta-data\">\n\t\t\t\t\t<span class=\"elementor-post-date\">\n\t\t\t9 f\u00e9vrier 2022\t\t<\/span>\n\t\t\t\t<\/div>\n\t\t\t\t\t<\/div>\n\t\t<\/article>\n\t\t\t\t<article class=\"elementor-post elementor-grid-item post-4815 post type-post status-publish format-standard has-post-thumbnail hentry category-news-approfondimenti\" role=\"listitem\">\n\t\t\t<div class=\"elementor-post__card\">\n\t\t\t\t<a class=\"elementor-post__thumbnail__link\" href=\"https:\/\/www.effe3ti.com\/fr\/avvolgitrici-missione-manutenzione\/\" tabindex=\"-1\" ><div class=\"elementor-post__thumbnail\"><img loading=\"lazy\" decoding=\"async\" width=\"300\" height=\"169\" src=\"https:\/\/www.effe3ti.com\/wp-content\/uploads\/2021\/04\/SpinnyS350-video750-1-300x169.jpg\" class=\"attachment-medium size-medium wp-image-1398\" alt=\"banderoleuse tactile Spinny S350\" srcset=\"https:\/\/www.effe3ti.com\/wp-content\/uploads\/2021\/04\/SpinnyS350-video750-1-300x169.jpg 300w, https:\/\/www.effe3ti.com\/wp-content\/uploads\/2021\/04\/SpinnyS350-video750-1-600x338.jpg 600w, https:\/\/www.effe3ti.com\/wp-content\/uploads\/2021\/04\/SpinnyS350-video750-1-1024x576.jpg 1024w, https:\/\/www.effe3ti.com\/wp-content\/uploads\/2021\/04\/SpinnyS350-video750-1-768x432.jpg 768w, https:\/\/www.effe3ti.com\/wp-content\/uploads\/2021\/04\/SpinnyS350-video750-1-1536x864.jpg 1536w, https:\/\/www.effe3ti.com\/wp-content\/uploads\/2021\/04\/SpinnyS350-video750-1.jpg 1802w\" sizes=\"(max-width: 300px) 100vw, 300px\" \/><\/div><\/a>\n\t\t\t\t<div class=\"elementor-post__badge\">Connaissances<\/div>\n\t\t\t\t<div class=\"elementor-post__text\">\n\t\t\t\t<h3 class=\"elementor-post__title\">\n\t\t\t<a href=\"https:\/\/www.effe3ti.com\/fr\/avvolgitrici-missione-manutenzione\/\" >\n\t\t\t\tMachines d&#039;emballage : Mission de maintenance\t\t\t<\/a>\n\t\t<\/h3>\n\t\t\t\t<div class=\"elementor-post__excerpt\">\n\t\t\t<p>L&#039;entretien r\u00e9gulier des banderoleuses de palettes est \u00e9videmment important, m\u00eame si nos machines n\u00e9cessitent peu d&#039;entretien. Cela implique<\/p>\n\t\t<\/div>\n\t\t\n\t\t<a class=\"elementor-post__read-more\" href=\"https:\/\/www.effe3ti.com\/fr\/avvolgitrici-missione-manutenzione\/\" aria-label=\"Apprenez-en davantage sur les machines d&#039;emballage\u00a0: Mission de maintenance\" tabindex=\"-1\" >\n\t\t\tLire tout\t\t<\/a>\n\n\t\t\t\t<\/div>\n\t\t\t\t<div class=\"elementor-post__meta-data\">\n\t\t\t\t\t<span class=\"elementor-post-date\">\n\t\t\t15 novembre 2021\t\t<\/span>\n\t\t\t\t<\/div>\n\t\t\t\t\t<\/div>\n\t\t<\/article>\n\t\t\t\t<article class=\"elementor-post elementor-grid-item post-1408 post type-post status-publish format-standard has-post-thumbnail hentry category-news-approfondimenti category-news-prodotto\" role=\"listitem\">\n\t\t\t<div class=\"elementor-post__card\">\n\t\t\t\t<a class=\"elementor-post__thumbnail__link\" href=\"https:\/\/www.effe3ti.com\/fr\/sempre-piu-richiesta-in-nuova-zelanda\/\" tabindex=\"-1\" ><div class=\"elementor-post__thumbnail\"><img loading=\"lazy\" decoding=\"async\" width=\"300\" height=\"200\" src=\"https:\/\/www.effe3ti.com\/wp-content\/uploads\/2021\/04\/Sealed-Air_03-300x200.jpg\" class=\"attachment-medium size-medium wp-image-886\" alt=\"\" srcset=\"https:\/\/www.effe3ti.com\/wp-content\/uploads\/2021\/04\/Sealed-Air_03-300x200.jpg 300w, https:\/\/www.effe3ti.com\/wp-content\/uploads\/2021\/04\/Sealed-Air_03-600x400.jpg 600w, https:\/\/www.effe3ti.com\/wp-content\/uploads\/2021\/04\/Sealed-Air_03-1024x683.jpg 1024w, https:\/\/www.effe3ti.com\/wp-content\/uploads\/2021\/04\/Sealed-Air_03-768x512.jpg 768w, https:\/\/www.effe3ti.com\/wp-content\/uploads\/2021\/04\/Sealed-Air_03-1536x1024.jpg 1536w, https:\/\/www.effe3ti.com\/wp-content\/uploads\/2021\/04\/Sealed-Air_03-2048x1366.jpg 2048w\" sizes=\"(max-width: 300px) 100vw, 300px\" \/><\/div><\/a>\n\t\t\t\t<div class=\"elementor-post__badge\">Connaissances<\/div>\n\t\t\t\t<div class=\"elementor-post__text\">\n\t\t\t\t<h3 class=\"elementor-post__title\">\n\t\t\t<a href=\"https:\/\/www.effe3ti.com\/fr\/sempre-piu-richiesta-in-nuova-zelanda\/\" >\n\t\t\t\tDe plus en plus demand\u00e9 en Nouvelle-Z\u00e9lande\t\t\t<\/a>\n\t\t<\/h3>\n\t\t\t\t<div class=\"elementor-post__excerpt\">\n\t\t\t<p>L&#039;industrie alimentaire n\u00e9o-z\u00e9landaise s&#039;appuie sur les solutions d&#039;emballage de Sealed Air pour assurer la s\u00e9curit\u00e9 des aliments et r\u00e9duire<\/p>\n\t\t<\/div>\n\t\t\n\t\t<a class=\"elementor-post__read-more\" href=\"https:\/\/www.effe3ti.com\/fr\/sempre-piu-richiesta-in-nuova-zelanda\/\" aria-label=\"En savoir plus sur la demande croissante en Nouvelle-Z\u00e9lande\" tabindex=\"-1\" >\n\t\t\tLire tout\t\t<\/a>\n\n\t\t\t\t<\/div>\n\t\t\t\t<div class=\"elementor-post__meta-data\">\n\t\t\t\t\t<span class=\"elementor-post-date\">\n\t\t\t2 avril 2021\t\t<\/span>\n\t\t\t\t<\/div>\n\t\t\t\t\t<\/div>\n\t\t<\/article>\n\t\t\t\t<article class=\"elementor-post elementor-grid-item post-1413 post type-post status-publish format-standard has-post-thumbnail hentry category-news-approfondimenti\" role=\"listitem\">\n\t\t\t<div class=\"elementor-post__card\">\n\t\t\t\t<a class=\"elementor-post__thumbnail__link\" href=\"https:\/\/www.effe3ti.com\/fr\/food-beverage\/\" tabindex=\"-1\" ><div class=\"elementor-post__thumbnail\"><img loading=\"lazy\" decoding=\"async\" width=\"300\" height=\"260\" src=\"https:\/\/www.effe3ti.com\/wp-content\/uploads\/2021\/04\/effe3ti-foodbeverage-300x260.jpg\" class=\"attachment-medium size-medium wp-image-1414\" alt=\"aliments et boissons\" srcset=\"https:\/\/www.effe3ti.com\/wp-content\/uploads\/2021\/04\/effe3ti-foodbeverage-300x260.jpg 300w, https:\/\/www.effe3ti.com\/wp-content\/uploads\/2021\/04\/effe3ti-foodbeverage-600x519.jpg 600w, https:\/\/www.effe3ti.com\/wp-content\/uploads\/2021\/04\/effe3ti-foodbeverage-1024x886.jpg 1024w, https:\/\/www.effe3ti.com\/wp-content\/uploads\/2021\/04\/effe3ti-foodbeverage-768x665.jpg 768w, https:\/\/www.effe3ti.com\/wp-content\/uploads\/2021\/04\/effe3ti-foodbeverage.jpg 1500w\" sizes=\"(max-width: 300px) 100vw, 300px\" \/><\/div><\/a>\n\t\t\t\t<div class=\"elementor-post__badge\">Connaissances<\/div>\n\t\t\t\t<div class=\"elementor-post__text\">\n\t\t\t\t<h3 class=\"elementor-post__title\">\n\t\t\t<a href=\"https:\/\/www.effe3ti.com\/fr\/food-beverage\/\" >\n\t\t\t\tAlimentation et boissons\t\t\t<\/a>\n\t\t<\/h3>\n\t\t\t\t<div class=\"elementor-post__excerpt\">\n\t\t\t<p>Innovation et automatisation dans le secteur des boissons alimentaires Le secteur des boissons alimentaires repr\u00e9sente l&#039;un des piliers de l&#039;\u00e9conomie italienne, reconnu internationalement pour sa qualit\u00e9,<\/p>\n\t\t<\/div>\n\t\t\n\t\t<a class=\"elementor-post__read-more\" href=\"https:\/\/www.effe3ti.com\/fr\/food-beverage\/\" aria-label=\"Apprenez-en davantage sur la restauration\" tabindex=\"-1\" >\n\t\t\tLire tout\t\t<\/a>\n\n\t\t\t\t<\/div>\n\t\t\t\t<div class=\"elementor-post__meta-data\">\n\t\t\t\t\t<span class=\"elementor-post-date\">\n\t\t\t9 f\u00e9vrier 2021\t\t<\/span>\n\t\t\t\t<\/div>\n\t\t\t\t\t<\/div>\n\t\t<\/article>\n\t\t\t\t<article class=\"elementor-post elementor-grid-item post-1339 post type-post status-publish format-standard has-post-thumbnail hentry category-news-approfondimenti\" role=\"listitem\">\n\t\t\t<div class=\"elementor-post__card\">\n\t\t\t\t<a class=\"elementor-post__thumbnail__link\" href=\"https:\/\/www.effe3ti.com\/fr\/coprire-i-costi-dellautomazione\/\" tabindex=\"-1\" ><div class=\"elementor-post__thumbnail\"><img loading=\"lazy\" decoding=\"async\" width=\"300\" height=\"200\" src=\"https:\/\/www.effe3ti.com\/wp-content\/uploads\/2021\/04\/RotaxS5300-line-300x200.jpg\" class=\"attachment-medium size-medium wp-image-1184\" alt=\"automatisation des usines d&#039;emballage\" srcset=\"https:\/\/www.effe3ti.com\/wp-content\/uploads\/2021\/04\/RotaxS5300-line-300x200.jpg 300w, https:\/\/www.effe3ti.com\/wp-content\/uploads\/2021\/04\/RotaxS5300-line-600x400.jpg 600w, https:\/\/www.effe3ti.com\/wp-content\/uploads\/2021\/04\/RotaxS5300-line-1024x683.jpg 1024w, https:\/\/www.effe3ti.com\/wp-content\/uploads\/2021\/04\/RotaxS5300-line-768x513.jpg 768w, https:\/\/www.effe3ti.com\/wp-content\/uploads\/2021\/04\/RotaxS5300-line.jpg 1500w\" sizes=\"(max-width: 300px) 100vw, 300px\" \/><\/div><\/a>\n\t\t\t\t<div class=\"elementor-post__badge\">Connaissances<\/div>\n\t\t\t\t<div class=\"elementor-post__text\">\n\t\t\t\t<h3 class=\"elementor-post__title\">\n\t\t\t<a href=\"https:\/\/www.effe3ti.com\/fr\/coprire-i-costi-dellautomazione\/\" >\n\t\t\t\tCouvrir les co\u00fbts de l&#039;automatisation\t\t\t<\/a>\n\t\t<\/h3>\n\t\t\t\t<div class=\"elementor-post__excerpt\">\n\t\t\t<p>Quelques consid\u00e9rations simples peuvent r\u00e9v\u00e9ler qu&#039;il est temps de passer \u00e0 l&#039;automatisation. Vous pensez peut-\u00eatre que l&#039;emballage manuel est la m\u00e9thode la plus pratique.<\/p>\n\t\t<\/div>\n\t\t\n\t\t<a class=\"elementor-post__read-more\" href=\"https:\/\/www.effe3ti.com\/fr\/coprire-i-costi-dellautomazione\/\" aria-label=\"Apprenez-en davantage sur la prise en charge des co\u00fbts de l&#039;automatisation\" tabindex=\"-1\" >\n\t\t\tLire tout\t\t<\/a>\n\n\t\t\t\t<\/div>\n\t\t\t\t<div class=\"elementor-post__meta-data\">\n\t\t\t\t\t<span class=\"elementor-post-date\">\n\t\t\t12 ao\u00fbt 2020\t\t<\/span>\n\t\t\t\t<\/div>\n\t\t\t\t\t<\/div>\n\t\t<\/article>\n\t\t\t\t<article class=\"elementor-post elementor-grid-item post-786 post type-post status-publish format-standard has-post-thumbnail hentry category-news-approfondimenti category-news-prodotto\" role=\"listitem\">\n\t\t\t<div class=\"elementor-post__card\">\n\t\t\t\t<a class=\"elementor-post__thumbnail__link\" href=\"https:\/\/www.effe3ti.com\/fr\/la-forza-dellacciaio\/\" tabindex=\"-1\" ><div class=\"elementor-post__thumbnail\"><img loading=\"lazy\" decoding=\"async\" width=\"200\" height=\"300\" src=\"https:\/\/www.effe3ti.com\/wp-content\/uploads\/2021\/04\/Rotax3300-Inox-200x300.jpg\" class=\"attachment-medium size-medium wp-image-1171\" alt=\"machine d&#039;emballage en acier, banderoleuse de palettes\" srcset=\"https:\/\/www.effe3ti.com\/wp-content\/uploads\/2021\/04\/Rotax3300-Inox-200x300.jpg 200w, https:\/\/www.effe3ti.com\/wp-content\/uploads\/2021\/04\/Rotax3300-Inox-600x899.jpg 600w, https:\/\/www.effe3ti.com\/wp-content\/uploads\/2021\/04\/Rotax3300-Inox-683x1024.jpg 683w, https:\/\/www.effe3ti.com\/wp-content\/uploads\/2021\/04\/Rotax3300-Inox-768x1151.jpg 768w, https:\/\/www.effe3ti.com\/wp-content\/uploads\/2021\/04\/Rotax3300-Inox.jpg 1001w\" sizes=\"(max-width: 200px) 100vw, 200px\" \/><\/div><\/a>\n\t\t\t\t<div class=\"elementor-post__badge\">Connaissances<\/div>\n\t\t\t\t<div class=\"elementor-post__text\">\n\t\t\t\t<h3 class=\"elementor-post__title\">\n\t\t\t<a href=\"https:\/\/www.effe3ti.com\/fr\/la-forza-dellacciaio\/\" >\n\t\t\t\tLa force de l&#039;acier\t\t\t<\/a>\n\t\t<\/h3>\n\t\t\t\t<div class=\"elementor-post__excerpt\">\n\t\t\t<p>Certains secteurs industriels impliquent la transformation de produits ainsi que leur conditionnement final dans des environnements humides et\/ou en pr\u00e9sence de<\/p>\n\t\t<\/div>\n\t\t\n\t\t<a class=\"elementor-post__read-more\" href=\"https:\/\/www.effe3ti.com\/fr\/la-forza-dellacciaio\/\" aria-label=\"En savoir plus sur la r\u00e9sistance de l&#039;acier\" tabindex=\"-1\" >\n\t\t\tLire tout\t\t<\/a>\n\n\t\t\t\t<\/div>\n\t\t\t\t<div class=\"elementor-post__meta-data\">\n\t\t\t\t\t<span class=\"elementor-post-date\">\n\t\t\t7 avril 2020\t\t<\/span>\n\t\t\t\t<\/div>\n\t\t\t\t\t<\/div>\n\t\t<\/article>\n\t\t\t\t<article class=\"elementor-post elementor-grid-item post-615 post type-post status-publish format-standard has-post-thumbnail hentry category-news-approfondimenti category-news-evidenza category-news-prodotto\" role=\"listitem\">\n\t\t\t<div class=\"elementor-post__card\">\n\t\t\t\t<a class=\"elementor-post__thumbnail__link\" href=\"https:\/\/www.effe3ti.com\/fr\/come-scegliere-una-avvolgitrice\/\" tabindex=\"-1\" ><div class=\"elementor-post__thumbnail\"><img loading=\"lazy\" decoding=\"async\" width=\"300\" height=\"300\" src=\"https:\/\/www.effe3ti.com\/wp-content\/uploads\/2021\/04\/Spinny-S200-ExtPanel-1-300x300.jpg\" class=\"attachment-medium size-medium wp-image-52\" alt=\"choisir un remontoir\" srcset=\"https:\/\/www.effe3ti.com\/wp-content\/uploads\/2021\/04\/Spinny-S200-ExtPanel-1-300x300.jpg 300w, https:\/\/www.effe3ti.com\/wp-content\/uploads\/2021\/04\/Spinny-S200-ExtPanel-1-100x100.jpg 100w, https:\/\/www.effe3ti.com\/wp-content\/uploads\/2021\/04\/Spinny-S200-ExtPanel-1-600x600.jpg 600w, https:\/\/www.effe3ti.com\/wp-content\/uploads\/2021\/04\/Spinny-S200-ExtPanel-1-1024x1024.jpg 1024w, https:\/\/www.effe3ti.com\/wp-content\/uploads\/2021\/04\/Spinny-S200-ExtPanel-1-150x150.jpg 150w, https:\/\/www.effe3ti.com\/wp-content\/uploads\/2021\/04\/Spinny-S200-ExtPanel-1-768x768.jpg 768w, https:\/\/www.effe3ti.com\/wp-content\/uploads\/2021\/04\/Spinny-S200-ExtPanel-1.jpg 1200w\" sizes=\"(max-width: 300px) 100vw, 300px\" \/><\/div><\/a>\n\t\t\t\t<div class=\"elementor-post__badge\">Connaissances<\/div>\n\t\t\t\t<div class=\"elementor-post__text\">\n\t\t\t\t<h3 class=\"elementor-post__title\">\n\t\t\t<a href=\"https:\/\/www.effe3ti.com\/fr\/come-scegliere-una-avvolgitrice\/\" >\n\t\t\t\tComment choisir une machine d&#039;emballage\t\t\t<\/a>\n\t\t<\/h3>\n\t\t\t\t<div class=\"elementor-post__excerpt\">\n\t\t\t<p>Un guide simple pour choisir une machine d&#039;emballage L&#039;emballage est un besoin consolid\u00e9 pour la protection du produit pour la manutention, le stockage et le transport.<\/p>\n\t\t<\/div>\n\t\t\n\t\t<a class=\"elementor-post__read-more\" href=\"https:\/\/www.effe3ti.com\/fr\/come-scegliere-una-avvolgitrice\/\" aria-label=\"En savoir plus sur Comment choisir une machine d&#039;emballage\" tabindex=\"-1\" >\n\t\t\tLire tout\t\t<\/a>\n\n\t\t\t\t<\/div>\n\t\t\t\t<div class=\"elementor-post__meta-data\">\n\t\t\t\t\t<span class=\"elementor-post-date\">\n\t\t\t4 avril 2020\t\t<\/span>\n\t\t\t\t<\/div>\n\t\t\t\t\t<\/div>\n\t\t<\/article>\n\t\t\t\t<article class=\"elementor-post elementor-grid-item post-828 post type-post status-publish format-standard has-post-thumbnail hentry category-news-approfondimenti category-news-prodotto\" role=\"listitem\">\n\t\t\t<div class=\"elementor-post__card\">\n\t\t\t\t<a class=\"elementor-post__thumbnail__link\" href=\"https:\/\/www.effe3ti.com\/fr\/lavvolgimento-manuale-non-e-economicamente-vantaggioso\/\" tabindex=\"-1\" ><div class=\"elementor-post__thumbnail\"><img loading=\"lazy\" decoding=\"async\" width=\"300\" height=\"200\" src=\"https:\/\/www.effe3ti.com\/wp-content\/uploads\/2021\/04\/avvolgimento-manuale-300x200.jpg\" class=\"attachment-medium size-medium wp-image-829\" alt=\"remontage manuel\" srcset=\"https:\/\/www.effe3ti.com\/wp-content\/uploads\/2021\/04\/avvolgimento-manuale-300x200.jpg 300w, https:\/\/www.effe3ti.com\/wp-content\/uploads\/2021\/04\/avvolgimento-manuale-600x400.jpg 600w, https:\/\/www.effe3ti.com\/wp-content\/uploads\/2021\/04\/avvolgimento-manuale-1024x683.jpg 1024w, https:\/\/www.effe3ti.com\/wp-content\/uploads\/2021\/04\/avvolgimento-manuale-768x512.jpg 768w, https:\/\/www.effe3ti.com\/wp-content\/uploads\/2021\/04\/avvolgimento-manuale.jpg 1500w\" sizes=\"(max-width: 300px) 100vw, 300px\" \/><\/div><\/a>\n\t\t\t\t<div class=\"elementor-post__badge\">Connaissances<\/div>\n\t\t\t\t<div class=\"elementor-post__text\">\n\t\t\t\t<h3 class=\"elementor-post__title\">\n\t\t\t<a href=\"https:\/\/www.effe3ti.com\/fr\/lavvolgimento-manuale-non-e-economicamente-vantaggioso\/\" >\n\t\t\t\tLe remontage manuel n&#039;est pas bon march\u00e9\t\t\t<\/a>\n\t\t<\/h3>\n\t\t\t\t<div class=\"elementor-post__excerpt\">\n\t\t\t<p>Participer \u00e0 un salon professionnel est la meilleure occasion de rencontrer clients et revendeurs, de s&#039;informer sur les probl\u00e9matiques et de d\u00e9couvrir les nouveaut\u00e9s.<\/p>\n\t\t<\/div>\n\t\t\n\t\t<a class=\"elementor-post__read-more\" href=\"https:\/\/www.effe3ti.com\/fr\/lavvolgimento-manuale-non-e-economicamente-vantaggioso\/\" aria-label=\"En savoir plus sur le remontage manuel n&#039;est pas bon march\u00e9\" tabindex=\"-1\" >\n\t\t\tLire tout\t\t<\/a>\n\n\t\t\t\t<\/div>\n\t\t\t\t<div class=\"elementor-post__meta-data\">\n\t\t\t\t\t<span class=\"elementor-post-date\">\n\t\t\t1er avril 2020\t\t<\/span>\n\t\t\t\t<\/div>\n\t\t\t\t\t<\/div>\n\t\t<\/article>\n\t\t\t\t<article class=\"elementor-post elementor-grid-item post-819 post type-post status-publish format-standard has-post-thumbnail hentry category-news-approfondimenti\" role=\"listitem\">\n\t\t\t<div class=\"elementor-post__card\">\n\t\t\t\t<a class=\"elementor-post__thumbnail__link\" href=\"https:\/\/www.effe3ti.com\/fr\/evitare-la-rottura-del-film-estensibile\/\" tabindex=\"-1\" ><div class=\"elementor-post__thumbnail\"><img loading=\"lazy\" decoding=\"async\" width=\"300\" height=\"169\" src=\"https:\/\/www.effe3ti.com\/wp-content\/uploads\/2021\/04\/Film-estensibile-300x169.jpg\" class=\"attachment-medium size-medium wp-image-820\" alt=\"film \u00e9tirable\" srcset=\"https:\/\/www.effe3ti.com\/wp-content\/uploads\/2021\/04\/Film-estensibile-300x169.jpg 300w, https:\/\/www.effe3ti.com\/wp-content\/uploads\/2021\/04\/Film-estensibile-600x338.jpg 600w, https:\/\/www.effe3ti.com\/wp-content\/uploads\/2021\/04\/Film-estensibile-1024x576.jpg 1024w, https:\/\/www.effe3ti.com\/wp-content\/uploads\/2021\/04\/Film-estensibile-768x432.jpg 768w, https:\/\/www.effe3ti.com\/wp-content\/uploads\/2021\/04\/Film-estensibile-1536x864.jpg 1536w, https:\/\/www.effe3ti.com\/wp-content\/uploads\/2021\/04\/Film-estensibile.jpg 1600w\" sizes=\"(max-width: 300px) 100vw, 300px\" \/><\/div><\/a>\n\t\t\t\t<div class=\"elementor-post__badge\">Connaissances<\/div>\n\t\t\t\t<div class=\"elementor-post__text\">\n\t\t\t\t<h3 class=\"elementor-post__title\">\n\t\t\t<a href=\"https:\/\/www.effe3ti.com\/fr\/evitare-la-rottura-del-film-estensibile\/\" >\n\t\t\t\tEviter la casse du film \u00e9tirable\t\t\t<\/a>\n\t\t<\/h3>\n\t\t\t\t<div class=\"elementor-post__excerpt\">\n\t\t\t<p>Le d\u00e9chirement r\u00e9gulier du film \u00e9tirable lors de l&#039;emballage est souvent co\u00fbteux et sans aucun doute frustrant pour les entreprises. Avant d&#039;atteindre<\/p>\n\t\t<\/div>\n\t\t\n\t\t<a class=\"elementor-post__read-more\" href=\"https:\/\/www.effe3ti.com\/fr\/evitare-la-rottura-del-film-estensibile\/\" aria-label=\"Apprenez-en davantage sur la pr\u00e9vention de la rupture du film \u00e9tirable\" tabindex=\"-1\" >\n\t\t\tLire tout\t\t<\/a>\n\n\t\t\t\t<\/div>\n\t\t\t\t<div class=\"elementor-post__meta-data\">\n\t\t\t\t\t<span class=\"elementor-post-date\">\n\t\t\t1er avril 2020\t\t<\/span>\n\t\t\t\t<\/div>\n\t\t\t\t\t<\/div>\n\t\t<\/article>\n\t\t\t\t<article class=\"elementor-post elementor-grid-item post-844 post type-post status-publish format-standard has-post-thumbnail hentry category-news-approfondimenti\" role=\"listitem\">\n\t\t\t<div class=\"elementor-post__card\">\n\t\t\t\t<a class=\"elementor-post__thumbnail__link\" href=\"https:\/\/www.effe3ti.com\/fr\/la-vostra-avvolgitrice-durera-a-lungo\/\" tabindex=\"-1\" ><div class=\"elementor-post__thumbnail\"><img loading=\"lazy\" decoding=\"async\" width=\"300\" height=\"201\" src=\"https:\/\/www.effe3ti.com\/wp-content\/uploads\/2021\/04\/Tools-300x201.jpg\" class=\"attachment-medium size-medium wp-image-845\" alt=\"entretien de la bobineuse\" srcset=\"https:\/\/www.effe3ti.com\/wp-content\/uploads\/2021\/04\/Tools-300x201.jpg 300w, https:\/\/www.effe3ti.com\/wp-content\/uploads\/2021\/04\/Tools-600x402.jpg 600w, https:\/\/www.effe3ti.com\/wp-content\/uploads\/2021\/04\/Tools-1024x685.jpg 1024w, https:\/\/www.effe3ti.com\/wp-content\/uploads\/2021\/04\/Tools-768x514.jpg 768w, https:\/\/www.effe3ti.com\/wp-content\/uploads\/2021\/04\/Tools.jpg 1200w\" sizes=\"(max-width: 300px) 100vw, 300px\" \/><\/div><\/a>\n\t\t\t\t<div class=\"elementor-post__badge\">Connaissances<\/div>\n\t\t\t\t<div class=\"elementor-post__text\">\n\t\t\t\t<h3 class=\"elementor-post__title\">\n\t\t\t<a href=\"https:\/\/www.effe3ti.com\/fr\/la-vostra-avvolgitrice-durera-a-lungo\/\" >\n\t\t\t\tEntretien de votre machine d&#039;emballage\t\t\t<\/a>\n\t\t<\/h3>\n\t\t\t\t<div class=\"elementor-post__excerpt\">\n\t\t\t<p>Conseils pour l&#039;entretien et la maintenance de votre machine d&#039;emballage \u00e0 plateau tournant Des composants de haute qualit\u00e9 et une ing\u00e9nierie moderne, offrent<\/p>\n\t\t<\/div>\n\t\t\n\t\t<a class=\"elementor-post__read-more\" href=\"https:\/\/www.effe3ti.com\/fr\/la-vostra-avvolgitrice-durera-a-lungo\/\" aria-label=\"Apprenez-en davantage sur l&#039;entretien de votre machine d&#039;emballage\" tabindex=\"-1\" >\n\t\t\tLire tout\t\t<\/a>\n\n\t\t\t\t<\/div>\n\t\t\t\t<div class=\"elementor-post__meta-data\">\n\t\t\t\t\t<span class=\"elementor-post-date\">\n\t\t\t7 ao\u00fbt 2019\t\t<\/span>\n\t\t\t\t<\/div>\n\t\t\t\t\t<\/div>\n\t\t<\/article>\n\t\t\t\t<article class=\"elementor-post elementor-grid-item post-630 post type-post status-publish format-standard has-post-thumbnail hentry category-news-approfondimenti\" role=\"listitem\">\n\t\t\t<div class=\"elementor-post__card\">\n\t\t\t\t<a class=\"elementor-post__thumbnail__link\" href=\"https:\/\/www.effe3ti.com\/fr\/effe3ti-e-le-tecnologie-ambientali\/\" tabindex=\"-1\" ><div class=\"elementor-post__thumbnail\"><img loading=\"lazy\" decoding=\"async\" width=\"300\" height=\"169\" src=\"https:\/\/www.effe3ti.com\/wp-content\/uploads\/2021\/04\/TecnologieAmbientali-300x169.jpg\" class=\"attachment-medium size-medium wp-image-632\" alt=\"environnement\" srcset=\"https:\/\/www.effe3ti.com\/wp-content\/uploads\/2021\/04\/TecnologieAmbientali-300x169.jpg 300w, https:\/\/www.effe3ti.com\/wp-content\/uploads\/2021\/04\/TecnologieAmbientali-600x338.jpg 600w, https:\/\/www.effe3ti.com\/wp-content\/uploads\/2021\/04\/TecnologieAmbientali-1024x576.jpg 1024w, https:\/\/www.effe3ti.com\/wp-content\/uploads\/2021\/04\/TecnologieAmbientali-768x432.jpg 768w, https:\/\/www.effe3ti.com\/wp-content\/uploads\/2021\/04\/TecnologieAmbientali-1536x864.jpg 1536w, https:\/\/www.effe3ti.com\/wp-content\/uploads\/2021\/04\/TecnologieAmbientali.jpg 1600w\" sizes=\"(max-width: 300px) 100vw, 300px\" \/><\/div><\/a>\n\t\t\t\t<div class=\"elementor-post__badge\">Connaissances<\/div>\n\t\t\t\t<div class=\"elementor-post__text\">\n\t\t\t\t<h3 class=\"elementor-post__title\">\n\t\t\t<a href=\"https:\/\/www.effe3ti.com\/fr\/effe3ti-e-le-tecnologie-ambientali\/\" >\n\t\t\t\tEFFE3ti et les technologies pour l&#039;environnement\t\t\t<\/a>\n\t\t<\/h3>\n\t\t\t\t<div class=\"elementor-post__excerpt\">\n\t\t\t<p>D\u00e9chets, ressources en eau et \u00e9nergie \u2013 des opportunit\u00e9s pour l\u2019\u00e9conomie verte italienne En Italie, une bonne partie des infrastructures pour<\/p>\n\t\t<\/div>\n\t\t\n\t\t<a class=\"elementor-post__read-more\" href=\"https:\/\/www.effe3ti.com\/fr\/effe3ti-e-le-tecnologie-ambientali\/\" aria-label=\"D\u00e9couvrez-en plus sur EFFE3ti et les technologies pour l&#039;environnement.\" tabindex=\"-1\" >\n\t\t\tLire tout\t\t<\/a>\n\n\t\t\t\t<\/div>\n\t\t\t\t<div class=\"elementor-post__meta-data\">\n\t\t\t\t\t<span class=\"elementor-post-date\">\n\t\t\t4 juillet 2019\t\t<\/span>\n\t\t\t\t<\/div>\n\t\t\t\t\t<\/div>\n\t\t<\/article>\n\t\t\t\t<article class=\"elementor-post elementor-grid-item post-810 post type-post status-publish format-standard has-post-thumbnail hentry category-news-approfondimenti\" role=\"listitem\">\n\t\t\t<div class=\"elementor-post__card\">\n\t\t\t\t<a class=\"elementor-post__thumbnail__link\" href=\"https:\/\/www.effe3ti.com\/fr\/effe3ti-e-lefficienza-energetica\/\" tabindex=\"-1\" ><div class=\"elementor-post__thumbnail\"><img loading=\"lazy\" decoding=\"async\" width=\"300\" height=\"169\" src=\"https:\/\/www.effe3ti.com\/wp-content\/uploads\/2021\/04\/Riciclo-300x169.jpg\" class=\"attachment-medium size-medium wp-image-814\" alt=\"recyclage des mat\u00e9riaux\" srcset=\"https:\/\/www.effe3ti.com\/wp-content\/uploads\/2021\/04\/Riciclo-300x169.jpg 300w, https:\/\/www.effe3ti.com\/wp-content\/uploads\/2021\/04\/Riciclo-600x338.jpg 600w, https:\/\/www.effe3ti.com\/wp-content\/uploads\/2021\/04\/Riciclo-1024x576.jpg 1024w, https:\/\/www.effe3ti.com\/wp-content\/uploads\/2021\/04\/Riciclo-768x432.jpg 768w, https:\/\/www.effe3ti.com\/wp-content\/uploads\/2021\/04\/Riciclo-1536x864.jpg 1536w, https:\/\/www.effe3ti.com\/wp-content\/uploads\/2021\/04\/Riciclo.jpg 1600w\" sizes=\"(max-width: 300px) 100vw, 300px\" \/><\/div><\/a>\n\t\t\t\t<div class=\"elementor-post__badge\">Connaissances<\/div>\n\t\t\t\t<div class=\"elementor-post__text\">\n\t\t\t\t<h3 class=\"elementor-post__title\">\n\t\t\t<a href=\"https:\/\/www.effe3ti.com\/fr\/effe3ti-e-lefficienza-energetica\/\" >\n\t\t\t\tTechnologies d&#039;emballage Effe3ti et efficacit\u00e9 \u00e9nerg\u00e9tique\t\t\t<\/a>\n\t\t<\/h3>\n\t\t\t\t<div class=\"elementor-post__excerpt\">\n\t\t\t<p>La capacit\u00e9 d\u2019un syst\u00e8me physique \u00e0 atteindre un certain r\u00e9sultat en utilisant moins d\u2019\u00e9nergie que d\u2019autres syst\u00e8mes (appel\u00e9s syst\u00e8mes \u00e0 faible consommation d\u2019\u00e9nergie).<\/p>\n\t\t<\/div>\n\t\t\n\t\t<a class=\"elementor-post__read-more\" href=\"https:\/\/www.effe3ti.com\/fr\/effe3ti-e-lefficienza-energetica\/\" aria-label=\"D\u00e9couvrez-en plus sur les technologies d&#039;emballage Effe3ti et l&#039;efficacit\u00e9 \u00e9nerg\u00e9tique.\" tabindex=\"-1\" >\n\t\t\tLire tout\t\t<\/a>\n\n\t\t\t\t<\/div>\n\t\t\t\t<div class=\"elementor-post__meta-data\">\n\t\t\t\t\t<span class=\"elementor-post-date\">\n\t\t\t25 avril 2018\t\t<\/span>\n\t\t\t\t<\/div>\n\t\t\t\t\t<\/div>\n\t\t<\/article>\n\t\t\t\t<\/div>\n\t\t\n\t\t\t\t\t\t<\/div>\n\t\t\t\t<\/div>\n\t\t\t\t\t<\/div>\n\t\t<\/div>\n\t\t\t\t\t<\/div>\n\t\t<\/section>\n\t\t\t\t<section class=\"elementor-section elementor-top-section elementor-element elementor-element-f9552fe elementor-section-boxed elementor-section-height-default elementor-section-height-default\" data-id=\"f9552fe\" data-element_type=\"section\" data-e-type=\"section\">\n\t\t\t\t\t\t<div class=\"elementor-container elementor-column-gap-default\">\n\t\t\t\t\t<div class=\"elementor-column elementor-col-100 elementor-top-column elementor-element elementor-element-1ebf7a9\" data-id=\"1ebf7a9\" data-element_type=\"column\" data-e-type=\"column\">\n\t\t\t<div class=\"elementor-widget-wrap elementor-element-populated\">\n\t\t\t\t\t\t<div class=\"elementor-element elementor-element-2f554c7 elementor-widget elementor-widget-spacer\" data-id=\"2f554c7\" data-element_type=\"widget\" data-e-type=\"widget\" data-widget_type=\"spacer.default\">\n\t\t\t\t<div class=\"elementor-widget-container\">\n\t\t\t\t\t\t\t<div class=\"elementor-spacer\">\n\t\t\t<div class=\"elementor-spacer-inner\"><\/div>\n\t\t<\/div>\n\t\t\t\t\t\t<\/div>\n\t\t\t\t<\/div>\n\t\t\t\t\t<\/div>\n\t\t<\/div>\n\t\t\t\t\t<\/div>\n\t\t<\/section>\n\t\t\t\t<\/div>","protected":false},"excerpt":{"rendered":"","protected":false},"author":1,"featured_media":334,"parent":0,"menu_order":0,"comment_status":"closed","ping_status":"closed","template":"","meta":{"footnotes":""},"class_list":["post-3979","page","type-page","status-publish","has-post-thumbnail","hentry"],"yoast_head":"<!-- This site is optimized with the Yoast SEO plugin v27.4 - https:\/\/yoast.com\/product\/yoast-seo-wordpress\/ -->\n<title>News - Approfondimenti - Effe3ti<\/title>\n<meta name=\"description\" content=\"EFFE3ti Packaging Technologies. Le novit\u00e0 sui nostri prodotti, installazioni, approfondimenti e consigli utili\" \/>\n<meta name=\"robots\" content=\"index, follow, max-snippet:-1, max-image-preview:large, max-video-preview:-1\" \/>\n<link rel=\"canonical\" href=\"https:\/\/www.effe3ti.com\/fr\/informations-sur-lactualite\/\" \/>\n<meta property=\"og:locale\" content=\"fr_FR\" \/>\n<meta property=\"og:type\" content=\"article\" \/>\n<meta property=\"og:title\" content=\"News - Approfondimenti - Effe3ti\" \/>\n<meta property=\"og:description\" content=\"EFFE3ti Packaging Technologies. Le novit\u00e0 sui nostri prodotti, installazioni, approfondimenti e consigli utili\" \/>\n<meta property=\"og:url\" content=\"https:\/\/www.effe3ti.com\/fr\/informations-sur-lactualite\/\" \/>\n<meta property=\"og:site_name\" content=\"Effe3ti\" \/>\n<meta property=\"article:publisher\" content=\"https:\/\/www.facebook.com\/effe3ti.packaging\" \/>\n<meta property=\"article:modified_time\" content=\"2021-10-21T13:57:59+00:00\" \/>\n<meta property=\"og:image\" content=\"https:\/\/www.effe3ti.com\/wp-content\/uploads\/2021\/04\/Effe3ti_logo-solomani-color-512.png\" \/>\n\t<meta property=\"og:image:width\" content=\"512\" \/>\n\t<meta property=\"og:image:height\" content=\"443\" \/>\n\t<meta property=\"og:image:type\" content=\"image\/png\" \/>\n<meta name=\"twitter:card\" content=\"summary_large_image\" \/>\n<meta name=\"twitter:label1\" content=\"Dur\u00e9e de lecture estim\u00e9e\" \/>\n\t<meta name=\"twitter:data1\" content=\"4 minutes\" \/>\n<script type=\"application\/ld+json\" class=\"yoast-schema-graph\">{\"@context\":\"https:\\\/\\\/schema.org\",\"@graph\":[{\"@type\":\"WebPage\",\"@id\":\"https:\\\/\\\/www.effe3ti.com\\\/news-approfondimenti\\\/\",\"url\":\"https:\\\/\\\/www.effe3ti.com\\\/news-approfondimenti\\\/\",\"name\":\"News - Approfondimenti - Effe3ti\",\"isPartOf\":{\"@id\":\"https:\\\/\\\/www.effe3ti.com\\\/#website\"},\"primaryImageOfPage\":{\"@id\":\"https:\\\/\\\/www.effe3ti.com\\\/news-approfondimenti\\\/#primaryimage\"},\"image\":{\"@id\":\"https:\\\/\\\/www.effe3ti.com\\\/news-approfondimenti\\\/#primaryimage\"},\"thumbnailUrl\":\"https:\\\/\\\/www.effe3ti.com\\\/wp-content\\\/uploads\\\/2021\\\/04\\\/Effe3ti_logo-solomani-color-512.png\",\"datePublished\":\"2021-10-21T13:57:15+00:00\",\"dateModified\":\"2021-10-21T13:57:59+00:00\",\"description\":\"EFFE3ti Packaging Technologies. Le novit\u00e0 sui nostri prodotti, installazioni, approfondimenti e consigli utili\",\"breadcrumb\":{\"@id\":\"https:\\\/\\\/www.effe3ti.com\\\/news-approfondimenti\\\/#breadcrumb\"},\"inLanguage\":\"fr-FR\",\"potentialAction\":[{\"@type\":\"ReadAction\",\"target\":[\"https:\\\/\\\/www.effe3ti.com\\\/news-approfondimenti\\\/\"]}]},{\"@type\":\"ImageObject\",\"inLanguage\":\"fr-FR\",\"@id\":\"https:\\\/\\\/www.effe3ti.com\\\/news-approfondimenti\\\/#primaryimage\",\"url\":\"https:\\\/\\\/www.effe3ti.com\\\/wp-content\\\/uploads\\\/2021\\\/04\\\/Effe3ti_logo-solomani-color-512.png\",\"contentUrl\":\"https:\\\/\\\/www.effe3ti.com\\\/wp-content\\\/uploads\\\/2021\\\/04\\\/Effe3ti_logo-solomani-color-512.png\",\"width\":512,\"height\":443},{\"@type\":\"BreadcrumbList\",\"@id\":\"https:\\\/\\\/www.effe3ti.com\\\/news-approfondimenti\\\/#breadcrumb\",\"itemListElement\":[{\"@type\":\"ListItem\",\"position\":1,\"name\":\"Home\",\"item\":\"https:\\\/\\\/www.effe3ti.com\\\/\"},{\"@type\":\"ListItem\",\"position\":2,\"name\":\"News &#8211; Approfondimenti\"}]},{\"@type\":\"WebSite\",\"@id\":\"https:\\\/\\\/www.effe3ti.com\\\/#website\",\"url\":\"https:\\\/\\\/www.effe3ti.com\\\/\",\"name\":\"Effe3ti\",\"description\":\"Packaging Technologies\",\"publisher\":{\"@id\":\"https:\\\/\\\/www.effe3ti.com\\\/#organization\"},\"potentialAction\":[{\"@type\":\"SearchAction\",\"target\":{\"@type\":\"EntryPoint\",\"urlTemplate\":\"https:\\\/\\\/www.effe3ti.com\\\/?s={search_term_string}\"},\"query-input\":{\"@type\":\"PropertyValueSpecification\",\"valueRequired\":true,\"valueName\":\"search_term_string\"}}],\"inLanguage\":\"fr-FR\"},{\"@type\":\"Organization\",\"@id\":\"https:\\\/\\\/www.effe3ti.com\\\/#organization\",\"name\":\"Effe3ti\",\"alternateName\":\"f3t\",\"url\":\"https:\\\/\\\/www.effe3ti.com\\\/\",\"logo\":{\"@type\":\"ImageObject\",\"inLanguage\":\"fr-FR\",\"@id\":\"https:\\\/\\\/www.effe3ti.com\\\/#\\\/schema\\\/logo\\\/image\\\/\",\"url\":\"https:\\\/\\\/www.effe3ti.com\\\/wp-content\\\/uploads\\\/2021\\\/04\\\/Effe3ti_logo-350.gif\",\"contentUrl\":\"https:\\\/\\\/www.effe3ti.com\\\/wp-content\\\/uploads\\\/2021\\\/04\\\/Effe3ti_logo-350.gif\",\"width\":350,\"height\":128,\"caption\":\"Effe3ti\"},\"image\":{\"@id\":\"https:\\\/\\\/www.effe3ti.com\\\/#\\\/schema\\\/logo\\\/image\\\/\"},\"sameAs\":[\"https:\\\/\\\/www.facebook.com\\\/effe3ti.packaging\",\"https:\\\/\\\/www.instagram.com\\\/EFFE3TI\\\/\",\"https:\\\/\\\/www.linkedin.com\\\/company\\\/effe3ti-srl\",\"https:\\\/\\\/www.youtube.com\\\/effe3ti\"]}]}<\/script>\n<!-- \/ Yoast SEO plugin. -->","yoast_head_json":{"title":"Actualit\u00e9s - Insights - Effe3ti","description":"Technologies d&#039;emballage EFFE3ti. Actualit\u00e9s sur nos produits, installations, informations et conseils utiles","robots":{"index":"index","follow":"follow","max-snippet":"max-snippet:-1","max-image-preview":"max-image-preview:large","max-video-preview":"max-video-preview:-1"},"canonical":"https:\/\/www.effe3ti.com\/fr\/informations-sur-lactualite\/","og_locale":"fr_FR","og_type":"article","og_title":"News - Approfondimenti - Effe3ti","og_description":"EFFE3ti Packaging Technologies. Le novit\u00e0 sui nostri prodotti, installazioni, approfondimenti e consigli utili","og_url":"https:\/\/www.effe3ti.com\/fr\/informations-sur-lactualite\/","og_site_name":"Effe3ti","article_publisher":"https:\/\/www.facebook.com\/effe3ti.packaging","article_modified_time":"2021-10-21T13:57:59+00:00","og_image":[{"width":512,"height":443,"url":"https:\/\/www.effe3ti.com\/wp-content\/uploads\/2021\/04\/Effe3ti_logo-solomani-color-512.png","type":"image\/png"}],"twitter_card":"summary_large_image","twitter_misc":{"Dur\u00e9e de lecture estim\u00e9e":"4 minutes"},"schema":{"@context":"https:\/\/schema.org","@graph":[{"@type":"WebPage","@id":"https:\/\/www.effe3ti.com\/news-approfondimenti\/","url":"https:\/\/www.effe3ti.com\/news-approfondimenti\/","name":"Actualit\u00e9s - Insights - Effe3ti","isPartOf":{"@id":"https:\/\/www.effe3ti.com\/#website"},"primaryImageOfPage":{"@id":"https:\/\/www.effe3ti.com\/news-approfondimenti\/#primaryimage"},"image":{"@id":"https:\/\/www.effe3ti.com\/news-approfondimenti\/#primaryimage"},"thumbnailUrl":"https:\/\/www.effe3ti.com\/wp-content\/uploads\/2021\/04\/Effe3ti_logo-solomani-color-512.png","datePublished":"2021-10-21T13:57:15+00:00","dateModified":"2021-10-21T13:57:59+00:00","description":"Technologies d&#039;emballage EFFE3ti. Actualit\u00e9s sur nos produits, installations, informations et conseils utiles","breadcrumb":{"@id":"https:\/\/www.effe3ti.com\/news-approfondimenti\/#breadcrumb"},"inLanguage":"fr-FR","potentialAction":[{"@type":"ReadAction","target":["https:\/\/www.effe3ti.com\/news-approfondimenti\/"]}]},{"@type":"ImageObject","inLanguage":"fr-FR","@id":"https:\/\/www.effe3ti.com\/news-approfondimenti\/#primaryimage","url":"https:\/\/www.effe3ti.com\/wp-content\/uploads\/2021\/04\/Effe3ti_logo-solomani-color-512.png","contentUrl":"https:\/\/www.effe3ti.com\/wp-content\/uploads\/2021\/04\/Effe3ti_logo-solomani-color-512.png","width":512,"height":443},{"@type":"BreadcrumbList","@id":"https:\/\/www.effe3ti.com\/news-approfondimenti\/#breadcrumb","itemListElement":[{"@type":"ListItem","position":1,"name":"Home","item":"https:\/\/www.effe3ti.com\/"},{"@type":"ListItem","position":2,"name":"News &#8211; Approfondimenti"}]},{"@type":"WebSite","@id":"https:\/\/www.effe3ti.com\/#website","url":"https:\/\/www.effe3ti.com\/","name":"Effe3ti","description":"Technologies d&#039;emballage","publisher":{"@id":"https:\/\/www.effe3ti.com\/#organization"},"potentialAction":[{"@type":"SearchAction","target":{"@type":"EntryPoint","urlTemplate":"https:\/\/www.effe3ti.com\/?s={search_term_string}"},"query-input":{"@type":"PropertyValueSpecification","valueRequired":true,"valueName":"search_term_string"}}],"inLanguage":"fr-FR"},{"@type":"Organization","@id":"https:\/\/www.effe3ti.com\/#organization","name":"Effe3ti","alternateName":"f3t","url":"https:\/\/www.effe3ti.com\/","logo":{"@type":"ImageObject","inLanguage":"fr-FR","@id":"https:\/\/www.effe3ti.com\/#\/schema\/logo\/image\/","url":"https:\/\/www.effe3ti.com\/wp-content\/uploads\/2021\/04\/Effe3ti_logo-350.gif","contentUrl":"https:\/\/www.effe3ti.com\/wp-content\/uploads\/2021\/04\/Effe3ti_logo-350.gif","width":350,"height":128,"caption":"Effe3ti"},"image":{"@id":"https:\/\/www.effe3ti.com\/#\/schema\/logo\/image\/"},"sameAs":["https:\/\/www.facebook.com\/effe3ti.packaging","https:\/\/www.instagram.com\/EFFE3TI\/","https:\/\/www.linkedin.com\/company\/effe3ti-srl","https:\/\/www.youtube.com\/effe3ti"]}]}},"_links":{"self":[{"href":"https:\/\/www.effe3ti.com\/fr\/wp-json\/wp\/v2\/pages\/3979","targetHints":{"allow":["GET"]}}],"collection":[{"href":"https:\/\/www.effe3ti.com\/fr\/wp-json\/wp\/v2\/pages"}],"about":[{"href":"https:\/\/www.effe3ti.com\/fr\/wp-json\/wp\/v2\/types\/page"}],"author":[{"embeddable":true,"href":"https:\/\/www.effe3ti.com\/fr\/wp-json\/wp\/v2\/users\/1"}],"replies":[{"embeddable":true,"href":"https:\/\/www.effe3ti.com\/fr\/wp-json\/wp\/v2\/comments?post=3979"}],"version-history":[{"count":0,"href":"https:\/\/www.effe3ti.com\/fr\/wp-json\/wp\/v2\/pages\/3979\/revisions"}],"wp:featuredmedia":[{"embeddable":true,"href":"https:\/\/www.effe3ti.com\/fr\/wp-json\/wp\/v2\/media\/334"}],"wp:attachment":[{"href":"https:\/\/www.effe3ti.com\/fr\/wp-json\/wp\/v2\/media?parent=3979"}],"curies":[{"name":"wp","href":"https:\/\/api.w.org\/{rel}","templated":true}]}}