{"id":3979,"date":"2021-10-21T13:57:15","date_gmt":"2021-10-21T13:57:15","guid":{"rendered":"https:\/\/epic-einstein.5-196-224-87.plesk.page\/?page_id=3979"},"modified":"2021-10-21T13:57:59","modified_gmt":"2021-10-21T13:57:59","slug":"spostrzezenia-dotyczace-wiadomosci","status":"publish","type":"page","link":"https:\/\/www.effe3ti.com\/pl\/news-approfondimenti\/","title":{"rendered":"Aktualno\u015bci \u2013 Spostrze\u017cenia"},"content":{"rendered":"<div data-elementor-type=\"wp-page\" data-elementor-id=\"3979\" class=\"elementor elementor-3979\" data-elementor-post-type=\"page\">\n\t\t\t\t\t\t<section class=\"elementor-section elementor-top-section elementor-element elementor-element-03d5dbb elementor-section-boxed elementor-section-height-default elementor-section-height-default\" data-id=\"03d5dbb\" data-element_type=\"section\" data-e-type=\"section\">\n\t\t\t\t\t\t<div class=\"elementor-container elementor-column-gap-default\">\n\t\t\t\t\t<div class=\"elementor-column elementor-col-100 elementor-top-column elementor-element elementor-element-8dcf13f\" data-id=\"8dcf13f\" data-element_type=\"column\" data-e-type=\"column\">\n\t\t\t<div class=\"elementor-widget-wrap elementor-element-populated\">\n\t\t\t\t\t\t<div class=\"elementor-element elementor-element-6e79d70 elementor-grid-3 elementor-grid-tablet-2 elementor-grid-mobile-1 elementor-posts--thumbnail-top elementor-card-shadow-yes elementor-posts__hover-gradient elementor-widget elementor-widget-posts\" data-id=\"6e79d70\" data-element_type=\"widget\" data-e-type=\"widget\" data-settings=\"{&quot;pagination_type&quot;:&quot;numbers&quot;,&quot;cards_columns&quot;:&quot;3&quot;,&quot;cards_columns_tablet&quot;:&quot;2&quot;,&quot;cards_columns_mobile&quot;:&quot;1&quot;,&quot;cards_row_gap&quot;:{&quot;unit&quot;:&quot;px&quot;,&quot;size&quot;:35,&quot;sizes&quot;:[]},&quot;cards_row_gap_tablet&quot;:{&quot;unit&quot;:&quot;px&quot;,&quot;size&quot;:&quot;&quot;,&quot;sizes&quot;:[]},&quot;cards_row_gap_mobile&quot;:{&quot;unit&quot;:&quot;px&quot;,&quot;size&quot;:&quot;&quot;,&quot;sizes&quot;:[]}}\" data-widget_type=\"posts.cards\">\n\t\t\t\t<div class=\"elementor-widget-container\">\n\t\t\t\t\t\t\t<div class=\"elementor-posts-container elementor-posts elementor-posts--skin-cards elementor-grid\" role=\"list\">\n\t\t\t\t<article class=\"elementor-post elementor-grid-item post-24442 post type-post status-publish format-standard has-post-thumbnail hentry category-news-approfondimenti\" role=\"listitem\">\n\t\t\t<div class=\"elementor-post__card\">\n\t\t\t\t<a class=\"elementor-post__thumbnail__link\" href=\"https:\/\/www.effe3ti.com\/pl\/reggiatrici-automatiche-come-integrarle-nei-processi-produttivi-industriali\/\" tabindex=\"-1\" ><div class=\"elementor-post__thumbnail\"><img fetchpriority=\"high\" decoding=\"async\" width=\"300\" height=\"200\" src=\"https:\/\/www.effe3ti.com\/wp-content\/uploads\/2022\/06\/Impianto-box-pallet-3w-300x200.jpg\" class=\"attachment-medium size-medium wp-image-9334\" alt=\"4.0 system palet i skrzynek\" srcset=\"https:\/\/www.effe3ti.com\/wp-content\/uploads\/2022\/06\/Impianto-box-pallet-3w-300x200.jpg 300w, https:\/\/www.effe3ti.com\/wp-content\/uploads\/2022\/06\/Impianto-box-pallet-3w-600x400.jpg 600w, https:\/\/www.effe3ti.com\/wp-content\/uploads\/2022\/06\/Impianto-box-pallet-3w-1024x683.jpg 1024w, https:\/\/www.effe3ti.com\/wp-content\/uploads\/2022\/06\/Impianto-box-pallet-3w-768x512.jpg 768w, https:\/\/www.effe3ti.com\/wp-content\/uploads\/2022\/06\/Impianto-box-pallet-3w-1536x1024.jpg 1536w, https:\/\/www.effe3ti.com\/wp-content\/uploads\/2022\/06\/Impianto-box-pallet-3w-2048x1365.jpg 2048w\" sizes=\"(max-width: 300px) 100vw, 300px\" \/><\/div><\/a>\n\t\t\t\t<div class=\"elementor-post__badge\">Spostrze\u017cenia<\/div>\n\t\t\t\t<div class=\"elementor-post__text\">\n\t\t\t\t<h3 class=\"elementor-post__title\">\n\t\t\t<a href=\"https:\/\/www.effe3ti.com\/pl\/reggiatrici-automatiche-come-integrarle-nei-processi-produttivi-industriali\/\" >\n\t\t\t\tAutomatyczne maszyny do ta\u015bmowania: jak zintegrowa\u0107 je z procesami produkcji przemys\u0142owej\t\t\t<\/a>\n\t\t<\/h3>\n\t\t\t\t<div class=\"elementor-post__excerpt\">\n\t\t\t<p>Automatyczne maszyny do ta\u015bmowania nie powinny by\u0107 traktowane jako proste urz\u0105dzenie ko\u0144cowe linii produkcyjnej. W rzeczywisto\u015bci s\u0105 one obecnie jednym z punkt\u00f3w, w kt\u00f3rych<\/p>\n\t\t<\/div>\n\t\t\n\t\t<a class=\"elementor-post__read-more\" href=\"https:\/\/www.effe3ti.com\/pl\/reggiatrici-automatiche-come-integrarle-nei-processi-produttivi-industriali\/\" aria-label=\"Read more about Reggiatrici automatiche: come integrarle nei processi produttivi industriali\" tabindex=\"-1\" >\n\t\t\tPrawa &quot;\t\t<\/a>\n\n\t\t\t\t<\/div>\n\t\t\t\t<div class=\"elementor-post__meta-data\">\n\t\t\t\t\t<span class=\"elementor-post-date\">\n\t\t\t15 kwietnia, 2026\t\t<\/span>\n\t\t\t\t<\/div>\n\t\t\t\t\t<\/div>\n\t\t<\/article>\n\t\t\t\t<article class=\"elementor-post elementor-grid-item post-24837 post type-post status-publish format-standard has-post-thumbnail hentry category-news-approfondimenti\" role=\"listitem\">\n\t\t\t<div class=\"elementor-post__card\">\n\t\t\t\t<a class=\"elementor-post__thumbnail__link\" href=\"https:\/\/www.effe3ti.com\/pl\/compattatore-cartone-ecco-perche-ti-serve-davvero-in-azienda\/\" tabindex=\"-1\" ><div class=\"elementor-post__thumbnail\"><img decoding=\"async\" width=\"300\" height=\"200\" src=\"https:\/\/www.effe3ti.com\/wp-content\/uploads\/2026\/03\/arrangement-dirty-dumped-objects-300x200.jpg\" class=\"attachment-medium size-medium wp-image-24710\" alt=\"\" srcset=\"https:\/\/www.effe3ti.com\/wp-content\/uploads\/2026\/03\/arrangement-dirty-dumped-objects-300x200.jpg 300w, https:\/\/www.effe3ti.com\/wp-content\/uploads\/2026\/03\/arrangement-dirty-dumped-objects-1024x683.jpg 1024w, https:\/\/www.effe3ti.com\/wp-content\/uploads\/2026\/03\/arrangement-dirty-dumped-objects-768x512.jpg 768w, https:\/\/www.effe3ti.com\/wp-content\/uploads\/2026\/03\/arrangement-dirty-dumped-objects-1536x1024.jpg 1536w, https:\/\/www.effe3ti.com\/wp-content\/uploads\/2026\/03\/arrangement-dirty-dumped-objects-2048x1365.jpg 2048w, https:\/\/www.effe3ti.com\/wp-content\/uploads\/2026\/03\/arrangement-dirty-dumped-objects-18x12.jpg 18w, https:\/\/www.effe3ti.com\/wp-content\/uploads\/2026\/03\/arrangement-dirty-dumped-objects-600x400.jpg 600w\" sizes=\"(max-width: 300px) 100vw, 300px\" \/><\/div><\/a>\n\t\t\t\t<div class=\"elementor-post__badge\">Spostrze\u017cenia<\/div>\n\t\t\t\t<div class=\"elementor-post__text\">\n\t\t\t\t<h3 class=\"elementor-post__title\">\n\t\t\t<a href=\"https:\/\/www.effe3ti.com\/pl\/compattatore-cartone-ecco-perche-ti-serve-davvero-in-azienda\/\" >\n\t\t\t\tZgniatarka do tektury: dlaczego naprawd\u0119 potrzebujesz jej w swojej firmie.\t\t\t<\/a>\n\t\t<\/h3>\n\t\t\t\t<div class=\"elementor-post__excerpt\">\n\t\t\t<p>Zgniatarka tektury to jedna z maszyn, kt\u00f3ra najszybciej zmienia organizacj\u0119 magazynu lub dzia\u0142u<\/p>\n\t\t<\/div>\n\t\t\n\t\t<a class=\"elementor-post__read-more\" href=\"https:\/\/www.effe3ti.com\/pl\/compattatore-cartone-ecco-perche-ti-serve-davvero-in-azienda\/\" aria-label=\"Read more about Compattatore cartone, ecco perch\u00e9 ti serve davvero in azienda\" tabindex=\"-1\" >\n\t\t\tPrawa &quot;\t\t<\/a>\n\n\t\t\t\t<\/div>\n\t\t\t\t<div class=\"elementor-post__meta-data\">\n\t\t\t\t\t<span class=\"elementor-post-date\">\n\t\t\t30 marca, 2026\t\t<\/span>\n\t\t\t\t<\/div>\n\t\t\t\t\t<\/div>\n\t\t<\/article>\n\t\t\t\t<article class=\"elementor-post elementor-grid-item post-24444 post type-post status-publish format-standard has-post-thumbnail hentry category-news-approfondimenti\" role=\"listitem\">\n\t\t\t<div class=\"elementor-post__card\">\n\t\t\t\t<a class=\"elementor-post__thumbnail__link\" href=\"https:\/\/www.effe3ti.com\/pl\/presse-per-rifiuti-di-piccole-dimensioni-quando-convengono\/\" tabindex=\"-1\" ><div class=\"elementor-post__thumbnail\"><img decoding=\"async\" width=\"300\" height=\"300\" src=\"https:\/\/www.effe3ti.com\/wp-content\/uploads\/2021\/04\/BP4-300x300.jpg\" class=\"attachment-medium size-medium wp-image-272\" alt=\"prasa do odpad\u00f3w\" srcset=\"https:\/\/www.effe3ti.com\/wp-content\/uploads\/2021\/04\/BP4-300x300.jpg 300w, https:\/\/www.effe3ti.com\/wp-content\/uploads\/2021\/04\/BP4-100x100.jpg 100w, https:\/\/www.effe3ti.com\/wp-content\/uploads\/2021\/04\/BP4-600x600.jpg 600w, https:\/\/www.effe3ti.com\/wp-content\/uploads\/2021\/04\/BP4-1024x1024.jpg 1024w, https:\/\/www.effe3ti.com\/wp-content\/uploads\/2021\/04\/BP4-150x150.jpg 150w, https:\/\/www.effe3ti.com\/wp-content\/uploads\/2021\/04\/BP4-768x768.jpg 768w, https:\/\/www.effe3ti.com\/wp-content\/uploads\/2021\/04\/BP4.jpg 1200w\" sizes=\"(max-width: 300px) 100vw, 300px\" \/><\/div><\/a>\n\t\t\t\t<div class=\"elementor-post__badge\">Spostrze\u017cenia<\/div>\n\t\t\t\t<div class=\"elementor-post__text\">\n\t\t\t\t<h3 class=\"elementor-post__title\">\n\t\t\t<a href=\"https:\/\/www.effe3ti.com\/pl\/presse-per-rifiuti-di-piccole-dimensioni-quando-convengono\/\" >\n\t\t\t\tMa\u0142e prasy do odpad\u00f3w: kiedy warto je kupi\u0107?\t\t\t<\/a>\n\t\t<\/h3>\n\t\t\t\t<div class=\"elementor-post__excerpt\">\n\t\t\t<p>Ma\u0142e prasy do odpad\u00f3w ciesz\u0105 si\u0119 coraz wi\u0119ksz\u0105 popularno\u015bci\u0105 w\u015br\u00f3d firm, warsztat\u00f3w, sklep\u00f3w i zak\u0142ad\u00f3w produkcyjnych.<\/p>\n\t\t<\/div>\n\t\t\n\t\t<a class=\"elementor-post__read-more\" href=\"https:\/\/www.effe3ti.com\/pl\/presse-per-rifiuti-di-piccole-dimensioni-quando-convengono\/\" aria-label=\"Read more about Presse per rifiuti di piccole dimensioni: quando convengono?\" tabindex=\"-1\" >\n\t\t\tPrawa &quot;\t\t<\/a>\n\n\t\t\t\t<\/div>\n\t\t\t\t<div class=\"elementor-post__meta-data\">\n\t\t\t\t\t<span class=\"elementor-post-date\">\n\t\t\t23 marca, 2026\t\t<\/span>\n\t\t\t\t<\/div>\n\t\t\t\t\t<\/div>\n\t\t<\/article>\n\t\t\t\t<article class=\"elementor-post elementor-grid-item post-24446 post type-post status-publish format-standard has-post-thumbnail hentry category-news-approfondimenti\" role=\"listitem\">\n\t\t\t<div class=\"elementor-post__card\">\n\t\t\t\t<a class=\"elementor-post__thumbnail__link\" href=\"https:\/\/www.effe3ti.com\/pl\/avvolgitrici-pallet-semiautomatiche-a-tavola-rotante-e-a-braccio-rotante-cosa-cambia\/\" tabindex=\"-1\" ><div class=\"elementor-post__thumbnail\"><img loading=\"lazy\" decoding=\"async\" width=\"300\" height=\"169\" src=\"https:\/\/www.effe3ti.com\/wp-content\/uploads\/2021\/04\/Avvolgere-300x169.jpg\" class=\"attachment-medium size-medium wp-image-2401\" alt=\"owijanie foli\u0105 stretch\" srcset=\"https:\/\/www.effe3ti.com\/wp-content\/uploads\/2021\/04\/Avvolgere-300x169.jpg 300w, https:\/\/www.effe3ti.com\/wp-content\/uploads\/2021\/04\/Avvolgere-600x338.jpg 600w, https:\/\/www.effe3ti.com\/wp-content\/uploads\/2021\/04\/Avvolgere-1024x576.jpg 1024w, https:\/\/www.effe3ti.com\/wp-content\/uploads\/2021\/04\/Avvolgere-768x432.jpg 768w, https:\/\/www.effe3ti.com\/wp-content\/uploads\/2021\/04\/Avvolgere-1536x864.jpg 1536w, https:\/\/www.effe3ti.com\/wp-content\/uploads\/2021\/04\/Avvolgere-2048x1152.jpg 2048w\" sizes=\"(max-width: 300px) 100vw, 300px\" \/><\/div><\/a>\n\t\t\t\t<div class=\"elementor-post__badge\">Spostrze\u017cenia<\/div>\n\t\t\t\t<div class=\"elementor-post__text\">\n\t\t\t\t<h3 class=\"elementor-post__title\">\n\t\t\t<a href=\"https:\/\/www.effe3ti.com\/pl\/avvolgitrici-pallet-semiautomatiche-a-tavola-rotante-e-a-braccio-rotante-cosa-cambia\/\" >\n\t\t\t\tP\u00f3\u0142automatyczne owijarki palet ze sto\u0142em obrotowym i ramieniem obrotowym: co si\u0119 zmienia?\t\t\t<\/a>\n\t\t<\/h3>\n\t\t\t\t<div class=\"elementor-post__excerpt\">\n\t\t\t<p>Owijarki palet s\u0105 cz\u0119sto ostatnim ogniwem w \u0142a\u0144cuchu produkcyjnym, ale jednocze\u015bnie jednym z najdelikatniejszych. To w\u0142a\u015bnie tutaj \u0142adunek<\/p>\n\t\t<\/div>\n\t\t\n\t\t<a class=\"elementor-post__read-more\" href=\"https:\/\/www.effe3ti.com\/pl\/avvolgitrici-pallet-semiautomatiche-a-tavola-rotante-e-a-braccio-rotante-cosa-cambia\/\" aria-label=\"Read more about Avvolgitrici pallet semiautomatiche a tavola rotante e a braccio rotante, cosa cambia\" tabindex=\"-1\" >\n\t\t\tPrawa &quot;\t\t<\/a>\n\n\t\t\t\t<\/div>\n\t\t\t\t<div class=\"elementor-post__meta-data\">\n\t\t\t\t\t<span class=\"elementor-post-date\">\n\t\t\t21 marca, 2026\t\t<\/span>\n\t\t\t\t<\/div>\n\t\t\t\t\t<\/div>\n\t\t<\/article>\n\t\t\t\t<article class=\"elementor-post elementor-grid-item post-24440 post type-post status-publish format-standard has-post-thumbnail hentry category-news-approfondimenti\" role=\"listitem\">\n\t\t\t<div class=\"elementor-post__card\">\n\t\t\t\t<a class=\"elementor-post__thumbnail__link\" href=\"https:\/\/www.effe3ti.com\/pl\/presse-cartone-le-strategie-per-ridurre-limpatto-ambientale-aziendale\/\" tabindex=\"-1\" ><div class=\"elementor-post__thumbnail\"><img decoding=\"async\" width=\"300\" height=\"200\" src=\"https:\/\/www.effe3ti.com\/wp-content\/uploads\/2026\/03\/arrangement-dirty-dumped-objects-300x200.jpg\" class=\"attachment-medium size-medium wp-image-24710\" alt=\"\" srcset=\"https:\/\/www.effe3ti.com\/wp-content\/uploads\/2026\/03\/arrangement-dirty-dumped-objects-300x200.jpg 300w, https:\/\/www.effe3ti.com\/wp-content\/uploads\/2026\/03\/arrangement-dirty-dumped-objects-1024x683.jpg 1024w, https:\/\/www.effe3ti.com\/wp-content\/uploads\/2026\/03\/arrangement-dirty-dumped-objects-768x512.jpg 768w, https:\/\/www.effe3ti.com\/wp-content\/uploads\/2026\/03\/arrangement-dirty-dumped-objects-1536x1024.jpg 1536w, https:\/\/www.effe3ti.com\/wp-content\/uploads\/2026\/03\/arrangement-dirty-dumped-objects-2048x1365.jpg 2048w, https:\/\/www.effe3ti.com\/wp-content\/uploads\/2026\/03\/arrangement-dirty-dumped-objects-18x12.jpg 18w, https:\/\/www.effe3ti.com\/wp-content\/uploads\/2026\/03\/arrangement-dirty-dumped-objects-600x400.jpg 600w\" sizes=\"(max-width: 300px) 100vw, 300px\" \/><\/div><\/a>\n\t\t\t\t<div class=\"elementor-post__badge\">Spostrze\u017cenia<\/div>\n\t\t\t\t<div class=\"elementor-post__text\">\n\t\t\t\t<h3 class=\"elementor-post__title\">\n\t\t\t<a href=\"https:\/\/www.effe3ti.com\/pl\/presse-cartone-le-strategie-per-ridurre-limpatto-ambientale-aziendale\/\" >\n\t\t\t\tPrasy do tektury: strategie zmniejszania wp\u0142ywu Twojej firmy na \u015brodowisko\t\t\t<\/a>\n\t\t<\/h3>\n\t\t\t\t<div class=\"elementor-post__excerpt\">\n\t\t\t<p>Prasy do tektury s\u0105 bardzo skutecznym, cho\u0107 cz\u0119sto niedocenianym narz\u0119dziem dla firm, kt\u00f3re chc\u0105 zmniejszy\u0107 swoje<\/p>\n\t\t<\/div>\n\t\t\n\t\t<a class=\"elementor-post__read-more\" href=\"https:\/\/www.effe3ti.com\/pl\/presse-cartone-le-strategie-per-ridurre-limpatto-ambientale-aziendale\/\" aria-label=\"Dowiedz si\u0119 wi\u0119cej o prasach do tektury: strategie zmniejszania wp\u0142ywu firmy na \u015brodowisko\" tabindex=\"-1\" >\n\t\t\tPrawa &quot;\t\t<\/a>\n\n\t\t\t\t<\/div>\n\t\t\t\t<div class=\"elementor-post__meta-data\">\n\t\t\t\t\t<span class=\"elementor-post-date\">\n\t\t\t17 marca 2026 r.\t\t<\/span>\n\t\t\t\t<\/div>\n\t\t\t\t\t<\/div>\n\t\t<\/article>\n\t\t\t\t<article class=\"elementor-post elementor-grid-item post-24450 post type-post status-publish format-standard has-post-thumbnail hentry category-news-approfondimenti\" role=\"listitem\">\n\t\t\t<div class=\"elementor-post__card\">\n\t\t\t\t<a class=\"elementor-post__thumbnail__link\" href=\"https:\/\/www.effe3ti.com\/pl\/impianti-di-imballaggio-riduci-i-costi-con-una-linea-di-packaging-efficiente\/\" tabindex=\"-1\" ><div class=\"elementor-post__thumbnail\"><img fetchpriority=\"high\" decoding=\"async\" width=\"300\" height=\"200\" src=\"https:\/\/www.effe3ti.com\/wp-content\/uploads\/2022\/06\/Impianto-box-pallet-3w-300x200.jpg\" class=\"attachment-medium size-medium wp-image-9334\" alt=\"4.0 system palet i skrzynek\" srcset=\"https:\/\/www.effe3ti.com\/wp-content\/uploads\/2022\/06\/Impianto-box-pallet-3w-300x200.jpg 300w, https:\/\/www.effe3ti.com\/wp-content\/uploads\/2022\/06\/Impianto-box-pallet-3w-600x400.jpg 600w, https:\/\/www.effe3ti.com\/wp-content\/uploads\/2022\/06\/Impianto-box-pallet-3w-1024x683.jpg 1024w, https:\/\/www.effe3ti.com\/wp-content\/uploads\/2022\/06\/Impianto-box-pallet-3w-768x512.jpg 768w, https:\/\/www.effe3ti.com\/wp-content\/uploads\/2022\/06\/Impianto-box-pallet-3w-1536x1024.jpg 1536w, https:\/\/www.effe3ti.com\/wp-content\/uploads\/2022\/06\/Impianto-box-pallet-3w-2048x1365.jpg 2048w\" sizes=\"(max-width: 300px) 100vw, 300px\" \/><\/div><\/a>\n\t\t\t\t<div class=\"elementor-post__badge\">Spostrze\u017cenia<\/div>\n\t\t\t\t<div class=\"elementor-post__text\">\n\t\t\t\t<h3 class=\"elementor-post__title\">\n\t\t\t<a href=\"https:\/\/www.effe3ti.com\/pl\/impianti-di-imballaggio-riduci-i-costi-con-una-linea-di-packaging-efficiente\/\" >\n\t\t\t\tSystemy pakowania: obni\u017c koszty dzi\u0119ki wydajnej linii pakuj\u0105cej\t\t\t<\/a>\n\t\t<\/h3>\n\t\t\t\t<div class=\"elementor-post__excerpt\">\n\t\t\t<p>Zak\u0142ady pakuj\u0105ce s\u0105 cz\u0119sto uwa\u017cane za prosty, ko\u0144cowy etap produkcji. To jednak b\u0142\u0105d. W rzeczywisto\u015bci stanowi\u0105 one\u2026<\/p>\n\t\t<\/div>\n\t\t\n\t\t<a class=\"elementor-post__read-more\" href=\"https:\/\/www.effe3ti.com\/pl\/impianti-di-imballaggio-riduci-i-costi-con-una-linea-di-packaging-efficiente\/\" aria-label=\"Dowiedz si\u0119 wi\u0119cej o systemach pakowania: Obni\u017c koszty dzi\u0119ki wydajnej linii pakuj\u0105cej\" tabindex=\"-1\" >\n\t\t\tPrawa &quot;\t\t<\/a>\n\n\t\t\t\t<\/div>\n\t\t\t\t<div class=\"elementor-post__meta-data\">\n\t\t\t\t\t<span class=\"elementor-post-date\">\n\t\t\t12 marca 2026 r.\t\t<\/span>\n\t\t\t\t<\/div>\n\t\t\t\t\t<\/div>\n\t\t<\/article>\n\t\t\t\t<article class=\"elementor-post elementor-grid-item post-24438 post type-post status-publish format-standard has-post-thumbnail hentry category-news-approfondimenti\" role=\"listitem\">\n\t\t\t<div class=\"elementor-post__card\">\n\t\t\t\t<a class=\"elementor-post__thumbnail__link\" href=\"https:\/\/www.effe3ti.com\/pl\/presse-e-compattatori-cartone-verticali-vantaggi-e-applicazioni\/\" tabindex=\"-1\" ><div class=\"elementor-post__thumbnail\"><img loading=\"lazy\" decoding=\"async\" width=\"300\" height=\"192\" src=\"https:\/\/www.effe3ti.com\/wp-content\/uploads\/2025\/11\/Strautmann_Maschinen_BalePress03_20230405_2965_Tuer_Mensch_V01-1-scaled-1-300x192.jpg\" class=\"attachment-medium size-medium wp-image-23857\" alt=\"prasy do tektury\" srcset=\"https:\/\/www.effe3ti.com\/wp-content\/uploads\/2025\/11\/Strautmann_Maschinen_BalePress03_20230405_2965_Tuer_Mensch_V01-1-scaled-1-300x192.jpg 300w, https:\/\/www.effe3ti.com\/wp-content\/uploads\/2025\/11\/Strautmann_Maschinen_BalePress03_20230405_2965_Tuer_Mensch_V01-1-scaled-1-1024x657.jpg 1024w, https:\/\/www.effe3ti.com\/wp-content\/uploads\/2025\/11\/Strautmann_Maschinen_BalePress03_20230405_2965_Tuer_Mensch_V01-1-scaled-1-768x493.jpg 768w, https:\/\/www.effe3ti.com\/wp-content\/uploads\/2025\/11\/Strautmann_Maschinen_BalePress03_20230405_2965_Tuer_Mensch_V01-1-scaled-1-1536x985.jpg 1536w, https:\/\/www.effe3ti.com\/wp-content\/uploads\/2025\/11\/Strautmann_Maschinen_BalePress03_20230405_2965_Tuer_Mensch_V01-1-scaled-1-2048x1314.jpg 2048w, https:\/\/www.effe3ti.com\/wp-content\/uploads\/2025\/11\/Strautmann_Maschinen_BalePress03_20230405_2965_Tuer_Mensch_V01-1-scaled-1-18x12.jpg 18w, https:\/\/www.effe3ti.com\/wp-content\/uploads\/2025\/11\/Strautmann_Maschinen_BalePress03_20230405_2965_Tuer_Mensch_V01-1-scaled-1-600x385.jpg 600w\" sizes=\"(max-width: 300px) 100vw, 300px\" \/><\/div><\/a>\n\t\t\t\t<div class=\"elementor-post__badge\">Spostrze\u017cenia<\/div>\n\t\t\t\t<div class=\"elementor-post__text\">\n\t\t\t\t<h3 class=\"elementor-post__title\">\n\t\t\t<a href=\"https:\/\/www.effe3ti.com\/pl\/presse-e-compattatori-cartone-verticali-vantaggi-e-applicazioni\/\" >\n\t\t\t\tPrasy i prasy pionowe do tektury: zalety i zastosowania\t\t\t<\/a>\n\t\t<\/h3>\n\t\t\t\t<div class=\"elementor-post__excerpt\">\n\t\t\t<p>Belownice pionowe i prasy do tektury odgrywaj\u0105 coraz wi\u0119ksz\u0105 rol\u0119 w magazynach, dzia\u0142ach logistycznych i produkcyjnych.<\/p>\n\t\t<\/div>\n\t\t\n\t\t<a class=\"elementor-post__read-more\" href=\"https:\/\/www.effe3ti.com\/pl\/presse-e-compattatori-cartone-verticali-vantaggi-e-applicazioni\/\" aria-label=\"Dowiedz si\u0119 wi\u0119cej o prasach pionowych i zag\u0119szczarkach do tektury: zalety i zastosowania\" tabindex=\"-1\" >\n\t\t\tPrawa &quot;\t\t<\/a>\n\n\t\t\t\t<\/div>\n\t\t\t\t<div class=\"elementor-post__meta-data\">\n\t\t\t\t\t<span class=\"elementor-post-date\">\n\t\t\t12 marca 2026 r.\t\t<\/span>\n\t\t\t\t<\/div>\n\t\t\t\t\t<\/div>\n\t\t<\/article>\n\t\t\t\t<article class=\"elementor-post elementor-grid-item post-24434 post type-post status-publish format-standard has-post-thumbnail hentry category-news-approfondimenti\" role=\"listitem\">\n\t\t\t<div class=\"elementor-post__card\">\n\t\t\t\t<a class=\"elementor-post__thumbnail__link\" href=\"https:\/\/www.effe3ti.com\/pl\/presse-rifiuti-per-comunita-e-ospedali-rivoluziona-la-gestione-di-cassonetti-e-bidoni\/\" tabindex=\"-1\" ><div class=\"elementor-post__thumbnail\"><img loading=\"lazy\" decoding=\"async\" width=\"300\" height=\"200\" src=\"https:\/\/www.effe3ti.com\/wp-content\/uploads\/2025\/01\/pressa-bidoni-300x200.jpg\" class=\"attachment-medium size-medium wp-image-21427\" alt=\"naciskaj na odbi\u00f3r odpad\u00f3w w pojemnikach i kontenerach\" srcset=\"https:\/\/www.effe3ti.com\/wp-content\/uploads\/2025\/01\/pressa-bidoni-300x200.jpg 300w, https:\/\/www.effe3ti.com\/wp-content\/uploads\/2025\/01\/pressa-bidoni-1024x683.jpg 1024w, https:\/\/www.effe3ti.com\/wp-content\/uploads\/2025\/01\/pressa-bidoni-768x513.jpg 768w, https:\/\/www.effe3ti.com\/wp-content\/uploads\/2025\/01\/pressa-bidoni-600x400.jpg 600w, https:\/\/www.effe3ti.com\/wp-content\/uploads\/2025\/01\/pressa-bidoni.jpg 1500w\" sizes=\"(max-width: 300px) 100vw, 300px\" \/><\/div><\/a>\n\t\t\t\t<div class=\"elementor-post__badge\">Spostrze\u017cenia<\/div>\n\t\t\t\t<div class=\"elementor-post__text\">\n\t\t\t\t<h3 class=\"elementor-post__title\">\n\t\t\t<a href=\"https:\/\/www.effe3ti.com\/pl\/presse-rifiuti-per-comunita-e-ospedali-rivoluziona-la-gestione-di-cassonetti-e-bidoni\/\" >\n\t\t\t\tPrasy do odpad\u00f3w dla spo\u0142eczno\u015bci i szpitali: zrewolucjonizuj zarz\u0105dzanie pojemnikami i koszami\t\t\t<\/a>\n\t\t<\/h3>\n\t\t\t\t<div class=\"elementor-post__excerpt\">\n\t\t\t<p>Prasy do odpad\u00f3w zmieniaj\u0105 spos\u00f3b, w jaki szpitale, spo\u0142eczno\u015bci i wszystkie plac\u00f3wki publiczne gospodaruj\u0105 odpadami.<\/p>\n\t\t<\/div>\n\t\t\n\t\t<a class=\"elementor-post__read-more\" href=\"https:\/\/www.effe3ti.com\/pl\/presse-rifiuti-per-comunita-e-ospedali-rivoluziona-la-gestione-di-cassonetti-e-bidoni\/\" aria-label=\"Dowiedz si\u0119 wi\u0119cej o prasach do odpad\u00f3w dla spo\u0142eczno\u015bci i szpitali: zrewolucjonizuj zarz\u0105dzanie pojemnikami i koszami\" tabindex=\"-1\" >\n\t\t\tPrawa &quot;\t\t<\/a>\n\n\t\t\t\t<\/div>\n\t\t\t\t<div class=\"elementor-post__meta-data\">\n\t\t\t\t\t<span class=\"elementor-post-date\">\n\t\t\t12 marca 2026 r.\t\t<\/span>\n\t\t\t\t<\/div>\n\t\t\t\t\t<\/div>\n\t\t<\/article>\n\t\t\t\t<article class=\"elementor-post elementor-grid-item post-24436 post type-post status-publish format-standard has-post-thumbnail hentry category-news-approfondimenti\" role=\"listitem\">\n\t\t\t<div class=\"elementor-post__card\">\n\t\t\t\t<a class=\"elementor-post__thumbnail__link\" href=\"https:\/\/www.effe3ti.com\/pl\/avvolgitrici-pallet-non-lasciarti-tentare-dallusato\/\" tabindex=\"-1\" ><div class=\"elementor-post__thumbnail\"><img loading=\"lazy\" decoding=\"async\" width=\"300\" height=\"300\" src=\"https:\/\/www.effe3ti.com\/wp-content\/uploads\/2023\/04\/old-spinny.jpg-1-300x300.jpg\" class=\"attachment-medium size-medium wp-image-11187\" alt=\"maszyna pakuj\u0105ca\" srcset=\"https:\/\/www.effe3ti.com\/wp-content\/uploads\/2023\/04\/old-spinny.jpg-1-300x300.jpg 300w, https:\/\/www.effe3ti.com\/wp-content\/uploads\/2023\/04\/old-spinny.jpg-1-100x100.jpg 100w, https:\/\/www.effe3ti.com\/wp-content\/uploads\/2023\/04\/old-spinny.jpg-1-600x600.jpg 600w, https:\/\/www.effe3ti.com\/wp-content\/uploads\/2023\/04\/old-spinny.jpg-1-1024x1024.jpg 1024w, https:\/\/www.effe3ti.com\/wp-content\/uploads\/2023\/04\/old-spinny.jpg-1-150x150.jpg 150w, https:\/\/www.effe3ti.com\/wp-content\/uploads\/2023\/04\/old-spinny.jpg-1-768x768.jpg 768w, https:\/\/www.effe3ti.com\/wp-content\/uploads\/2023\/04\/old-spinny.jpg-1.jpg 1536w\" sizes=\"(max-width: 300px) 100vw, 300px\" \/><\/div><\/a>\n\t\t\t\t<div class=\"elementor-post__badge\">Spostrze\u017cenia<\/div>\n\t\t\t\t<div class=\"elementor-post__text\">\n\t\t\t\t<h3 class=\"elementor-post__title\">\n\t\t\t<a href=\"https:\/\/www.effe3ti.com\/pl\/avvolgitrici-pallet-non-lasciarti-tentare-dallusato\/\" >\n\t\t\t\tOwijarki palet: Nie daj si\u0119 skusi\u0107 na u\u017cywane przedmioty\t\t\t<\/a>\n\t\t<\/h3>\n\t\t\t\t<div class=\"elementor-post__excerpt\">\n\t\t\t<p>Owijarki palet to niezb\u0119dne urz\u0105dzenia zapewniaj\u0105ce bezpiecze\u0144stwo i wydajno\u015b\u0107 pakowania przemys\u0142owego. Jednak wiele firm, pr\u00f3buj\u0105c ograniczy\u0107<\/p>\n\t\t<\/div>\n\t\t\n\t\t<a class=\"elementor-post__read-more\" href=\"https:\/\/www.effe3ti.com\/pl\/avvolgitrici-pallet-non-lasciarti-tentare-dallusato\/\" aria-label=\"Dowiedz si\u0119 wi\u0119cej o owijarkach palet: Nie daj si\u0119 skusi\u0107 na u\u017cywane przedmioty\" tabindex=\"-1\" >\n\t\t\tPrawa &quot;\t\t<\/a>\n\n\t\t\t\t<\/div>\n\t\t\t\t<div class=\"elementor-post__meta-data\">\n\t\t\t\t\t<span class=\"elementor-post-date\">\n\t\t\t10 marca 2026 r.\t\t<\/span>\n\t\t\t\t<\/div>\n\t\t\t\t\t<\/div>\n\t\t<\/article>\n\t\t\t\t<article class=\"elementor-post elementor-grid-item post-23848 post type-post status-publish format-standard has-post-thumbnail hentry category-news-approfondimenti\" role=\"listitem\">\n\t\t\t<div class=\"elementor-post__card\">\n\t\t\t\t<a class=\"elementor-post__thumbnail__link\" href=\"https:\/\/www.effe3ti.com\/pl\/pressa-per-imballaggi-cosa-puo-gestire-e-quando-conviene\/\" tabindex=\"-1\" ><div class=\"elementor-post__thumbnail\"><img loading=\"lazy\" decoding=\"async\" width=\"300\" height=\"192\" src=\"https:\/\/www.effe3ti.com\/wp-content\/uploads\/2025\/11\/Strautmann_Maschinen_BalePress53_20230405_3133-scaled-1-300x192.jpg\" class=\"attachment-medium size-medium wp-image-23858\" alt=\"prasa pakuj\u0105ca\" srcset=\"https:\/\/www.effe3ti.com\/wp-content\/uploads\/2025\/11\/Strautmann_Maschinen_BalePress53_20230405_3133-scaled-1-300x192.jpg 300w, https:\/\/www.effe3ti.com\/wp-content\/uploads\/2025\/11\/Strautmann_Maschinen_BalePress53_20230405_3133-scaled-1-1024x656.jpg 1024w, https:\/\/www.effe3ti.com\/wp-content\/uploads\/2025\/11\/Strautmann_Maschinen_BalePress53_20230405_3133-scaled-1-768x492.jpg 768w, https:\/\/www.effe3ti.com\/wp-content\/uploads\/2025\/11\/Strautmann_Maschinen_BalePress53_20230405_3133-scaled-1-1536x985.jpg 1536w, https:\/\/www.effe3ti.com\/wp-content\/uploads\/2025\/11\/Strautmann_Maschinen_BalePress53_20230405_3133-scaled-1-2048x1313.jpg 2048w, https:\/\/www.effe3ti.com\/wp-content\/uploads\/2025\/11\/Strautmann_Maschinen_BalePress53_20230405_3133-scaled-1-18x12.jpg 18w, https:\/\/www.effe3ti.com\/wp-content\/uploads\/2025\/11\/Strautmann_Maschinen_BalePress53_20230405_3133-scaled-1-600x385.jpg 600w\" sizes=\"(max-width: 300px) 100vw, 300px\" \/><\/div><\/a>\n\t\t\t\t<div class=\"elementor-post__badge\">Spostrze\u017cenia<\/div>\n\t\t\t\t<div class=\"elementor-post__text\">\n\t\t\t\t<h3 class=\"elementor-post__title\">\n\t\t\t<a href=\"https:\/\/www.effe3ti.com\/pl\/pressa-per-imballaggi-cosa-puo-gestire-e-quando-conviene\/\" >\n\t\t\t\tPrasa beluj\u0105ca: co potrafi i kiedy warto j\u0105 mie\u0107\t\t\t<\/a>\n\t\t<\/h3>\n\t\t\t\t<div class=\"elementor-post__excerpt\">\n\t\t\t<p>Prasa beluj\u0105ca jest obecnie niezb\u0119dn\u0105 maszyn\u0105 dla wszystkich firm, kt\u00f3re chc\u0105 zoptymalizowa\u0107 gospodark\u0119 odpadami i<\/p>\n\t\t<\/div>\n\t\t\n\t\t<a class=\"elementor-post__read-more\" href=\"https:\/\/www.effe3ti.com\/pl\/pressa-per-imballaggi-cosa-puo-gestire-e-quando-conviene\/\" aria-label=\"Dowiedz si\u0119 wi\u0119cej o prasach beluj\u0105cych: co potrafi\u0105 i kiedy s\u0105 najlepsze\" tabindex=\"-1\" >\n\t\t\tPrawa &quot;\t\t<\/a>\n\n\t\t\t\t<\/div>\n\t\t\t\t<div class=\"elementor-post__meta-data\">\n\t\t\t\t\t<span class=\"elementor-post-date\">\n\t\t\t12 listopada 2025 r.\t\t<\/span>\n\t\t\t\t<\/div>\n\t\t\t\t\t<\/div>\n\t\t<\/article>\n\t\t\t\t<article class=\"elementor-post elementor-grid-item post-23846 post type-post status-publish format-standard has-post-thumbnail hentry category-news-approfondimenti\" role=\"listitem\">\n\t\t\t<div class=\"elementor-post__card\">\n\t\t\t\t<a class=\"elementor-post__thumbnail__link\" href=\"https:\/\/www.effe3ti.com\/pl\/presse-cartone-guida-allacquisto-per-piccole-e-grandi-imprese\/\" tabindex=\"-1\" ><div class=\"elementor-post__thumbnail\"><img loading=\"lazy\" decoding=\"async\" width=\"300\" height=\"192\" src=\"https:\/\/www.effe3ti.com\/wp-content\/uploads\/2023\/11\/Jumboloadbaler-3-300x192.jpg\" class=\"attachment-medium size-medium wp-image-23231\" alt=\"Jumboloadbaler\" srcset=\"https:\/\/www.effe3ti.com\/wp-content\/uploads\/2023\/11\/Jumboloadbaler-3-300x192.jpg 300w, https:\/\/www.effe3ti.com\/wp-content\/uploads\/2023\/11\/Jumboloadbaler-3-1024x656.jpg 1024w, https:\/\/www.effe3ti.com\/wp-content\/uploads\/2023\/11\/Jumboloadbaler-3-768x492.jpg 768w, https:\/\/www.effe3ti.com\/wp-content\/uploads\/2023\/11\/Jumboloadbaler-3-1536x985.jpg 1536w, https:\/\/www.effe3ti.com\/wp-content\/uploads\/2023\/11\/Jumboloadbaler-3-18x12.jpg 18w, https:\/\/www.effe3ti.com\/wp-content\/uploads\/2023\/11\/Jumboloadbaler-3-600x385.jpg 600w, https:\/\/www.effe3ti.com\/wp-content\/uploads\/2023\/11\/Jumboloadbaler-3.jpg 2000w\" sizes=\"(max-width: 300px) 100vw, 300px\" \/><\/div><\/a>\n\t\t\t\t<div class=\"elementor-post__badge\">Spostrze\u017cenia<\/div>\n\t\t\t\t<div class=\"elementor-post__text\">\n\t\t\t\t<h3 class=\"elementor-post__title\">\n\t\t\t<a href=\"https:\/\/www.effe3ti.com\/pl\/presse-cartone-guida-allacquisto-per-piccole-e-grandi-imprese\/\" >\n\t\t\t\tPrasy do tektury: poradnik zakupowy dla ma\u0142ych i du\u017cych przedsi\u0119biorstw\t\t\t<\/a>\n\t\t<\/h3>\n\t\t\t\t<div class=\"elementor-post__excerpt\">\n\t\t\t<p>Prasy do tektury s\u0105 niezb\u0119dne, je\u015bli chcesz efektywnie zarz\u0105dza\u0107 odpadami opakowaniowymi. Od ma\u0142ych firm<\/p>\n\t\t<\/div>\n\t\t\n\t\t<a class=\"elementor-post__read-more\" href=\"https:\/\/www.effe3ti.com\/pl\/presse-cartone-guida-allacquisto-per-piccole-e-grandi-imprese\/\" aria-label=\"Dowiedz si\u0119 wi\u0119cej o prasach do tektury: poradnik zakupowy dla ma\u0142ych i du\u017cych firm\" tabindex=\"-1\" >\n\t\t\tPrawa &quot;\t\t<\/a>\n\n\t\t\t\t<\/div>\n\t\t\t\t<div class=\"elementor-post__meta-data\">\n\t\t\t\t\t<span class=\"elementor-post-date\">\n\t\t\t12 listopada 2025 r.\t\t<\/span>\n\t\t\t\t<\/div>\n\t\t\t\t\t<\/div>\n\t\t<\/article>\n\t\t\t\t<article class=\"elementor-post elementor-grid-item post-23844 post type-post status-publish format-standard has-post-thumbnail hentry category-news-approfondimenti\" role=\"listitem\">\n\t\t\t<div class=\"elementor-post__card\">\n\t\t\t\t<a class=\"elementor-post__thumbnail__link\" href=\"https:\/\/www.effe3ti.com\/pl\/le-avvolgitrici-pallet-per-una-movimentazione-sicura-delle-merci\/\" tabindex=\"-1\" ><div class=\"elementor-post__thumbnail\"><img loading=\"lazy\" decoding=\"async\" width=\"300\" height=\"169\" src=\"https:\/\/www.effe3ti.com\/wp-content\/uploads\/2025\/11\/EFFE3ti-transport-300x169.jpg\" class=\"attachment-medium size-medium wp-image-23854\" alt=\"obs\u0142uga towar\u00f3w\" srcset=\"https:\/\/www.effe3ti.com\/wp-content\/uploads\/2025\/11\/EFFE3ti-transport-300x169.jpg 300w, https:\/\/www.effe3ti.com\/wp-content\/uploads\/2025\/11\/EFFE3ti-transport-768x432.jpg 768w, https:\/\/www.effe3ti.com\/wp-content\/uploads\/2025\/11\/EFFE3ti-transport-18x10.jpg 18w, https:\/\/www.effe3ti.com\/wp-content\/uploads\/2025\/11\/EFFE3ti-transport-600x338.jpg 600w, https:\/\/www.effe3ti.com\/wp-content\/uploads\/2025\/11\/EFFE3ti-transport.jpg 1024w\" sizes=\"(max-width: 300px) 100vw, 300px\" \/><\/div><\/a>\n\t\t\t\t<div class=\"elementor-post__badge\">Spostrze\u017cenia<\/div>\n\t\t\t\t<div class=\"elementor-post__text\">\n\t\t\t\t<h3 class=\"elementor-post__title\">\n\t\t\t<a href=\"https:\/\/www.effe3ti.com\/pl\/le-avvolgitrici-pallet-per-una-movimentazione-sicura-delle-merci\/\" >\n\t\t\t\tOwijarki palet do bezpiecznego transportu towar\u00f3w\t\t\t<\/a>\n\t\t<\/h3>\n\t\t\t\t<div class=\"elementor-post__excerpt\">\n\t\t\t<p>Owijarki palet s\u0105 niezb\u0119dne do zapewnienia integralno\u015bci i stabilno\u015bci \u0142adunk\u00f3w na ka\u017cdym etapie \u0142a\u0144cucha dostaw. Niezale\u017cnie od tego, czy<\/p>\n\t\t<\/div>\n\t\t\n\t\t<a class=\"elementor-post__read-more\" href=\"https:\/\/www.effe3ti.com\/pl\/le-avvolgitrici-pallet-per-una-movimentazione-sicura-delle-merci\/\" aria-label=\"Dowiedz si\u0119 wi\u0119cej o owijarkach palet do bezpiecznego transportu towar\u00f3w\" tabindex=\"-1\" >\n\t\t\tPrawa &quot;\t\t<\/a>\n\n\t\t\t\t<\/div>\n\t\t\t\t<div class=\"elementor-post__meta-data\">\n\t\t\t\t\t<span class=\"elementor-post-date\">\n\t\t\t12 listopada 2025 r.\t\t<\/span>\n\t\t\t\t<\/div>\n\t\t\t\t\t<\/div>\n\t\t<\/article>\n\t\t\t\t<article class=\"elementor-post elementor-grid-item post-23272 post type-post status-publish format-standard has-post-thumbnail hentry category-news-approfondimenti\" role=\"listitem\">\n\t\t\t<div class=\"elementor-post__card\">\n\t\t\t\t<a class=\"elementor-post__thumbnail__link\" href=\"https:\/\/www.effe3ti.com\/pl\/industria-4-0-scegli-gli-impianti-automatici-per-operazioni-piu-veloci\/\" tabindex=\"-1\" ><div class=\"elementor-post__thumbnail\"><img loading=\"lazy\" decoding=\"async\" width=\"300\" height=\"169\" src=\"https:\/\/www.effe3ti.com\/wp-content\/uploads\/2024\/10\/effe3ti-datalogger-2-mobile-300x169.jpg\" class=\"attachment-medium size-medium wp-image-19378\" alt=\"Przemys\u0142 4.0\" srcset=\"https:\/\/www.effe3ti.com\/wp-content\/uploads\/2024\/10\/effe3ti-datalogger-2-mobile-300x169.jpg 300w, https:\/\/www.effe3ti.com\/wp-content\/uploads\/2024\/10\/effe3ti-datalogger-2-mobile-1024x576.jpg 1024w, https:\/\/www.effe3ti.com\/wp-content\/uploads\/2024\/10\/effe3ti-datalogger-2-mobile-768x432.jpg 768w, https:\/\/www.effe3ti.com\/wp-content\/uploads\/2024\/10\/effe3ti-datalogger-2-mobile-1536x864.jpg 1536w, https:\/\/www.effe3ti.com\/wp-content\/uploads\/2024\/10\/effe3ti-datalogger-2-mobile-600x338.jpg 600w, https:\/\/www.effe3ti.com\/wp-content\/uploads\/2024\/10\/effe3ti-datalogger-2-mobile.jpg 2000w\" sizes=\"(max-width: 300px) 100vw, 300px\" \/><\/div><\/a>\n\t\t\t\t<div class=\"elementor-post__badge\">Spostrze\u017cenia<\/div>\n\t\t\t\t<div class=\"elementor-post__text\">\n\t\t\t\t<h3 class=\"elementor-post__title\">\n\t\t\t<a href=\"https:\/\/www.effe3ti.com\/pl\/industria-4-0-scegli-gli-impianti-automatici-per-operazioni-piu-veloci\/\" >\n\t\t\t\tPrzemys\u0142 4.0: Wybierz systemy automatyczne, aby przyspieszy\u0107 dzia\u0142anie\t\t\t<\/a>\n\t\t<\/h3>\n\t\t\t\t<div class=\"elementor-post__excerpt\">\n\t\t\t<p>Przemys\u0142 4.0 nie mo\u017ce ju\u017c d\u0142u\u017cej czeka\u0107: automatyzacja, wydajno\u015b\u0107 i optymalizacja linii produkcyjnych s\u0105 teraz niezb\u0119dne, je\u015bli firmy chc\u0105<\/p>\n\t\t<\/div>\n\t\t\n\t\t<a class=\"elementor-post__read-more\" href=\"https:\/\/www.effe3ti.com\/pl\/industria-4-0-scegli-gli-impianti-automatici-per-operazioni-piu-veloci\/\" aria-label=\"Dowiedz si\u0119 wi\u0119cej o Przemy\u015ble 4.0: Wybierz zautomatyzowane systemy, aby przyspieszy\u0107 dzia\u0142anie\" tabindex=\"-1\" >\n\t\t\tPrawa &quot;\t\t<\/a>\n\n\t\t\t\t<\/div>\n\t\t\t\t<div class=\"elementor-post__meta-data\">\n\t\t\t\t\t<span class=\"elementor-post-date\">\n\t\t\tCzeski 28, 2025\t\t<\/span>\n\t\t\t\t<\/div>\n\t\t\t\t\t<\/div>\n\t\t<\/article>\n\t\t\t\t<article class=\"elementor-post elementor-grid-item post-23199 post type-post status-publish format-standard has-post-thumbnail hentry category-news-approfondimenti\" role=\"listitem\">\n\t\t\t<div class=\"elementor-post__card\">\n\t\t\t\t<a class=\"elementor-post__thumbnail__link\" href=\"https:\/\/www.effe3ti.com\/pl\/con-le-avvolgitrici-non-perdi-merce-e-quindi-soldi\/\" tabindex=\"-1\" ><div class=\"elementor-post__thumbnail\"><img loading=\"lazy\" decoding=\"async\" width=\"300\" height=\"188\" src=\"https:\/\/www.effe3ti.com\/wp-content\/uploads\/2021\/04\/RotaxS3350-scatole-LR-300x188.jpg\" class=\"attachment-medium size-medium wp-image-315\" alt=\"owijarka palet\" srcset=\"https:\/\/www.effe3ti.com\/wp-content\/uploads\/2021\/04\/RotaxS3350-scatole-LR-300x188.jpg 300w, https:\/\/www.effe3ti.com\/wp-content\/uploads\/2021\/04\/RotaxS3350-scatole-LR-600x375.jpg 600w, https:\/\/www.effe3ti.com\/wp-content\/uploads\/2021\/04\/RotaxS3350-scatole-LR-1024x640.jpg 1024w, https:\/\/www.effe3ti.com\/wp-content\/uploads\/2021\/04\/RotaxS3350-scatole-LR-768x480.jpg 768w, https:\/\/www.effe3ti.com\/wp-content\/uploads\/2021\/04\/RotaxS3350-scatole-LR-1536x960.jpg 1536w, https:\/\/www.effe3ti.com\/wp-content\/uploads\/2021\/04\/RotaxS3350-scatole-LR.jpg 1600w\" sizes=\"(max-width: 300px) 100vw, 300px\" \/><\/div><\/a>\n\t\t\t\t<div class=\"elementor-post__badge\">Spostrze\u017cenia<\/div>\n\t\t\t\t<div class=\"elementor-post__text\">\n\t\t\t\t<h3 class=\"elementor-post__title\">\n\t\t\t<a href=\"https:\/\/www.effe3ti.com\/pl\/con-le-avvolgitrici-non-perdi-merce-e-quindi-soldi\/\" >\n\t\t\t\tDzi\u0119ki maszynom pakuj\u0105cym nie tracisz towar\u00f3w (a co za tym idzie pieni\u0119dzy)\t\t\t<\/a>\n\t\t<\/h3>\n\t\t\t\t<div class=\"elementor-post__excerpt\">\n\t\t\t<p>Owijarki paletowe oferuj\u0105 znacznie wi\u0119cej ni\u017c tylko owijanie \u0142adunk\u00f3w: s\u0105 niezb\u0119dnymi narz\u0119dziami do ochrony towar\u00f3w, zapobiegania ich uszkodzeniom i<\/p>\n\t\t<\/div>\n\t\t\n\t\t<a class=\"elementor-post__read-more\" href=\"https:\/\/www.effe3ti.com\/pl\/con-le-avvolgitrici-non-perdi-merce-e-quindi-soldi\/\" aria-label=\"Dowiedz si\u0119 wi\u0119cej Dzi\u0119ki maszynom pakuj\u0105cym nie tracisz towar\u00f3w (a co za tym idzie pieni\u0119dzy)\" tabindex=\"-1\" >\n\t\t\tPrawa &quot;\t\t<\/a>\n\n\t\t\t\t<\/div>\n\t\t\t\t<div class=\"elementor-post__meta-data\">\n\t\t\t\t\t<span class=\"elementor-post-date\">\n\t\t\tCzeski 27, 2025\t\t<\/span>\n\t\t\t\t<\/div>\n\t\t\t\t\t<\/div>\n\t\t<\/article>\n\t\t\t\t<article class=\"elementor-post elementor-grid-item post-23185 post type-post status-publish format-standard has-post-thumbnail hentry category-news-approfondimenti\" role=\"listitem\">\n\t\t\t<div class=\"elementor-post__card\">\n\t\t\t\t<a class=\"elementor-post__thumbnail__link\" href=\"https:\/\/www.effe3ti.com\/pl\/reggiatrici-automatiche-perche-sono-indispensabili-per-limballaggio\/\" tabindex=\"-1\" ><div class=\"elementor-post__thumbnail\"><img loading=\"lazy\" decoding=\"async\" width=\"300\" height=\"169\" src=\"https:\/\/www.effe3ti.com\/wp-content\/uploads\/2021\/11\/Linea-02-300x169.jpg\" class=\"attachment-medium size-medium wp-image-4922\" alt=\"automatyczne maszyny do ta\u015bmowania\" srcset=\"https:\/\/www.effe3ti.com\/wp-content\/uploads\/2021\/11\/Linea-02-300x169.jpg 300w, https:\/\/www.effe3ti.com\/wp-content\/uploads\/2021\/11\/Linea-02-600x338.jpg 600w, https:\/\/www.effe3ti.com\/wp-content\/uploads\/2021\/11\/Linea-02-1024x576.jpg 1024w, https:\/\/www.effe3ti.com\/wp-content\/uploads\/2021\/11\/Linea-02-768x432.jpg 768w, https:\/\/www.effe3ti.com\/wp-content\/uploads\/2021\/11\/Linea-02.jpg 1200w\" sizes=\"(max-width: 300px) 100vw, 300px\" \/><\/div><\/a>\n\t\t\t\t<div class=\"elementor-post__badge\">Spostrze\u017cenia<\/div>\n\t\t\t\t<div class=\"elementor-post__text\">\n\t\t\t\t<h3 class=\"elementor-post__title\">\n\t\t\t<a href=\"https:\/\/www.effe3ti.com\/pl\/reggiatrici-automatiche-perche-sono-indispensabili-per-limballaggio\/\" >\n\t\t\t\tAutomatyczne maszyny do spinania ta\u015bm\u0105: dlaczego s\u0105 niezb\u0119dne do pakowania\t\t\t<\/a>\n\t\t<\/h3>\n\t\t\t\t<div class=\"elementor-post__excerpt\">\n\t\t\t<p>Automatyczne maszyny do ta\u015bmowania ciesz\u0105 si\u0119 coraz wi\u0119kszym popytem w bardzo r\u00f3\u017cnych sektorach. Maszyny te, dost\u0119pne w ma\u0142ych rozmiarach,<\/p>\n\t\t<\/div>\n\t\t\n\t\t<a class=\"elementor-post__read-more\" href=\"https:\/\/www.effe3ti.com\/pl\/reggiatrici-automatiche-perche-sono-indispensabili-per-limballaggio\/\" aria-label=\"Dowiedz si\u0119 wi\u0119cej o automatycznych maszynach do ta\u015bmowania: dlaczego s\u0105 niezb\u0119dne do pakowania\" tabindex=\"-1\" >\n\t\t\tPrawa &quot;\t\t<\/a>\n\n\t\t\t\t<\/div>\n\t\t\t\t<div class=\"elementor-post__meta-data\">\n\t\t\t\t\t<span class=\"elementor-post-date\">\n\t\t\tCzeski 27, 2025\t\t<\/span>\n\t\t\t\t<\/div>\n\t\t\t\t\t<\/div>\n\t\t<\/article>\n\t\t\t\t<article class=\"elementor-post elementor-grid-item post-23193 post type-post status-publish format-standard has-post-thumbnail hentry category-news-approfondimenti\" role=\"listitem\">\n\t\t\t<div class=\"elementor-post__card\">\n\t\t\t\t<a class=\"elementor-post__thumbnail__link\" href=\"https:\/\/www.effe3ti.com\/pl\/avvolgitrice-automatica-o-semiautomatica-qual-e-meglio\/\" tabindex=\"-1\" ><div class=\"elementor-post__thumbnail\"><img loading=\"lazy\" decoding=\"async\" width=\"300\" height=\"200\" src=\"https:\/\/www.effe3ti.com\/wp-content\/uploads\/2022\/09\/rotax-s5300-automatic-line-300x200.jpg\" class=\"attachment-medium size-medium wp-image-9701\" alt=\"Rotax S5300 Automatyczna maszyna do owijania\" srcset=\"https:\/\/www.effe3ti.com\/wp-content\/uploads\/2022\/09\/rotax-s5300-automatic-line-300x200.jpg 300w, https:\/\/www.effe3ti.com\/wp-content\/uploads\/2022\/09\/rotax-s5300-automatic-line-600x400.jpg 600w, https:\/\/www.effe3ti.com\/wp-content\/uploads\/2022\/09\/rotax-s5300-automatic-line-1024x683.jpg 1024w, https:\/\/www.effe3ti.com\/wp-content\/uploads\/2022\/09\/rotax-s5300-automatic-line-768x512.jpg 768w, https:\/\/www.effe3ti.com\/wp-content\/uploads\/2022\/09\/rotax-s5300-automatic-line-1536x1024.jpg 1536w, https:\/\/www.effe3ti.com\/wp-content\/uploads\/2022\/09\/rotax-s5300-automatic-line-2048x1366.jpg 2048w\" sizes=\"(max-width: 300px) 100vw, 300px\" \/><\/div><\/a>\n\t\t\t\t<div class=\"elementor-post__badge\">Spostrze\u017cenia<\/div>\n\t\t\t\t<div class=\"elementor-post__text\">\n\t\t\t\t<h3 class=\"elementor-post__title\">\n\t\t\t<a href=\"https:\/\/www.effe3ti.com\/pl\/avvolgitrice-automatica-o-semiautomatica-qual-e-meglio\/\" >\n\t\t\t\tAutomatyczna czy p\u00f3\u0142automatyczna maszyna do pakowania: kt\u00f3ra jest lepsza?\t\t\t<\/a>\n\t\t<\/h3>\n\t\t\t\t<div class=\"elementor-post__excerpt\">\n\t\t\t<p>Maszyna pakuj\u0105ca mo\u017ce znacz\u0105co wp\u0142yn\u0105\u0107 na Twoj\u0105 firm\u0119. Zw\u0142aszcza w sektorze logistyki i opakowa\u0144 przemys\u0142owych, unikaj\u0105c<\/p>\n\t\t<\/div>\n\t\t\n\t\t<a class=\"elementor-post__read-more\" href=\"https:\/\/www.effe3ti.com\/pl\/avvolgitrice-automatica-o-semiautomatica-qual-e-meglio\/\" aria-label=\"Dowiedz si\u0119 wi\u0119cej na temat automatycznej czy p\u00f3\u0142automatycznej maszyny do owijania: kt\u00f3ra jest lepsza?\" tabindex=\"-1\" >\n\t\t\tPrawa &quot;\t\t<\/a>\n\n\t\t\t\t<\/div>\n\t\t\t\t<div class=\"elementor-post__meta-data\">\n\t\t\t\t\t<span class=\"elementor-post-date\">\n\t\t\tCzeski 27, 2025\t\t<\/span>\n\t\t\t\t<\/div>\n\t\t\t\t\t<\/div>\n\t\t<\/article>\n\t\t\t\t<article class=\"elementor-post elementor-grid-item post-23191 post type-post status-publish format-standard has-post-thumbnail hentry category-news-approfondimenti\" role=\"listitem\">\n\t\t\t<div class=\"elementor-post__card\">\n\t\t\t\t<a class=\"elementor-post__thumbnail__link\" href=\"https:\/\/www.effe3ti.com\/pl\/compattatore-per-carta-quale-scegliere-per-grandi-volumi-aziendali\/\" tabindex=\"-1\" ><div class=\"elementor-post__thumbnail\"><img loading=\"lazy\" decoding=\"async\" width=\"300\" height=\"200\" src=\"https:\/\/www.effe3ti.com\/wp-content\/uploads\/2023\/11\/Jumboloadbaler-4-300x200.jpg\" class=\"attachment-medium size-medium wp-image-23233\" alt=\"prasy\" srcset=\"https:\/\/www.effe3ti.com\/wp-content\/uploads\/2023\/11\/Jumboloadbaler-4-300x200.jpg 300w, https:\/\/www.effe3ti.com\/wp-content\/uploads\/2023\/11\/Jumboloadbaler-4-1024x683.jpg 1024w, https:\/\/www.effe3ti.com\/wp-content\/uploads\/2023\/11\/Jumboloadbaler-4-768x512.jpg 768w, https:\/\/www.effe3ti.com\/wp-content\/uploads\/2023\/11\/Jumboloadbaler-4-1536x1025.jpg 1536w, https:\/\/www.effe3ti.com\/wp-content\/uploads\/2023\/11\/Jumboloadbaler-4-18x12.jpg 18w, https:\/\/www.effe3ti.com\/wp-content\/uploads\/2023\/11\/Jumboloadbaler-4-600x400.jpg 600w, https:\/\/www.effe3ti.com\/wp-content\/uploads\/2023\/11\/Jumboloadbaler-4.jpg 2000w\" sizes=\"(max-width: 300px) 100vw, 300px\" \/><\/div><\/a>\n\t\t\t\t<div class=\"elementor-post__badge\">Spostrze\u017cenia<\/div>\n\t\t\t\t<div class=\"elementor-post__text\">\n\t\t\t\t<h3 class=\"elementor-post__title\">\n\t\t\t<a href=\"https:\/\/www.effe3ti.com\/pl\/compattatore-per-carta-quale-scegliere-per-grandi-volumi-aziendali\/\" >\n\t\t\t\tZgniatarka do papieru i tektury: jak\u0105 wybra\u0107 do du\u017cych wolumen\u00f3w biznesowych?\t\t\t<\/a>\n\t\t<\/h3>\n\t\t\t\t<div class=\"elementor-post__excerpt\">\n\t\t\t<p>Zgniatarka do papieru odpowiada na bardzo konkretn\u0105 i coraz bardziej pal\u0105c\u0105 potrzeb\u0119: codziennego zarz\u0105dzania du\u017c\u0105 ilo\u015bci\u0105 odpad\u00f3w papierowych,<\/p>\n\t\t<\/div>\n\t\t\n\t\t<a class=\"elementor-post__read-more\" href=\"https:\/\/www.effe3ti.com\/pl\/compattatore-per-carta-quale-scegliere-per-grandi-volumi-aziendali\/\" aria-label=\"Dowiedz si\u0119 wi\u0119cej o Prasach do papieru i tektury: kt\u00f3r\u0105 wybra\u0107 do du\u017cych wolumen\u00f3w biznesowych\" tabindex=\"-1\" >\n\t\t\tPrawa &quot;\t\t<\/a>\n\n\t\t\t\t<\/div>\n\t\t\t\t<div class=\"elementor-post__meta-data\">\n\t\t\t\t\t<span class=\"elementor-post-date\">\n\t\t\tCzeski 27, 2025\t\t<\/span>\n\t\t\t\t<\/div>\n\t\t\t\t\t<\/div>\n\t\t<\/article>\n\t\t\t\t<article class=\"elementor-post elementor-grid-item post-23189 post type-post status-publish format-standard has-post-thumbnail hentry category-news-approfondimenti\" role=\"listitem\">\n\t\t\t<div class=\"elementor-post__card\">\n\t\t\t\t<a class=\"elementor-post__thumbnail__link\" href=\"https:\/\/www.effe3ti.com\/pl\/reggiatrici-manuali-o-automatiche-quale-conviene\/\" tabindex=\"-1\" ><div class=\"elementor-post__thumbnail\"><img loading=\"lazy\" decoding=\"async\" width=\"300\" height=\"300\" src=\"https:\/\/www.effe3ti.com\/wp-content\/uploads\/2021\/04\/TP-702CQ-300x300.jpg\" class=\"attachment-medium size-medium wp-image-252\" alt=\"automatyczna maszyna do ta\u015bmowania\" srcset=\"https:\/\/www.effe3ti.com\/wp-content\/uploads\/2021\/04\/TP-702CQ-300x300.jpg 300w, https:\/\/www.effe3ti.com\/wp-content\/uploads\/2021\/04\/TP-702CQ-100x100.jpg 100w, https:\/\/www.effe3ti.com\/wp-content\/uploads\/2021\/04\/TP-702CQ-600x600.jpg 600w, https:\/\/www.effe3ti.com\/wp-content\/uploads\/2021\/04\/TP-702CQ-1024x1024.jpg 1024w, https:\/\/www.effe3ti.com\/wp-content\/uploads\/2021\/04\/TP-702CQ-150x150.jpg 150w, https:\/\/www.effe3ti.com\/wp-content\/uploads\/2021\/04\/TP-702CQ-768x768.jpg 768w, https:\/\/www.effe3ti.com\/wp-content\/uploads\/2021\/04\/TP-702CQ.jpg 1200w\" sizes=\"(max-width: 300px) 100vw, 300px\" \/><\/div><\/a>\n\t\t\t\t<div class=\"elementor-post__badge\">Spostrze\u017cenia<\/div>\n\t\t\t\t<div class=\"elementor-post__text\">\n\t\t\t\t<h3 class=\"elementor-post__title\">\n\t\t\t<a href=\"https:\/\/www.effe3ti.com\/pl\/reggiatrici-manuali-o-automatiche-quale-conviene\/\" >\n\t\t\t\tMaszyny do ta\u015bmowania r\u0119czne czy automatyczne: kt\u00f3ra jest lepsza?\t\t\t<\/a>\n\t\t<\/h3>\n\t\t\t\t<div class=\"elementor-post__excerpt\">\n\t\t\t<p>Dla firm zajmuj\u0105cych si\u0119 logistyk\u0105 i pakowaniem konieczno\u015b\u0107 wyboru mi\u0119dzy r\u0119cznymi i automatycznymi maszynami do ta\u015bmowania jest nieunikniona.<\/p>\n\t\t<\/div>\n\t\t\n\t\t<a class=\"elementor-post__read-more\" href=\"https:\/\/www.effe3ti.com\/pl\/reggiatrici-manuali-o-automatiche-quale-conviene\/\" aria-label=\"Dowiedz si\u0119 wi\u0119cej na temat Maszyny do ta\u015bmowania r\u0119cznego czy automatycznego: kt\u00f3ra jest lepsza?\" tabindex=\"-1\" >\n\t\t\tPrawa &quot;\t\t<\/a>\n\n\t\t\t\t<\/div>\n\t\t\t\t<div class=\"elementor-post__meta-data\">\n\t\t\t\t\t<span class=\"elementor-post-date\">\n\t\t\tCzeski 27, 2025\t\t<\/span>\n\t\t\t\t<\/div>\n\t\t\t\t\t<\/div>\n\t\t<\/article>\n\t\t\t\t<article class=\"elementor-post elementor-grid-item post-22578 post type-post status-publish format-standard has-post-thumbnail hentry category-news-approfondimenti\" role=\"listitem\">\n\t\t\t<div class=\"elementor-post__card\">\n\t\t\t\t<a class=\"elementor-post__thumbnail__link\" href=\"https:\/\/www.effe3ti.com\/pl\/i-5-vantaggi-delle-presse-per-rifiuti-nel-settore-industriale\/\" tabindex=\"-1\" ><div class=\"elementor-post__thumbnail\"><img loading=\"lazy\" decoding=\"async\" width=\"300\" height=\"200\" src=\"https:\/\/www.effe3ti.com\/wp-content\/uploads\/2024\/10\/presse-per-rifiuti-300x200.jpeg\" class=\"attachment-medium size-medium wp-image-20949\" alt=\"prasa do odpad\u00f3w\" srcset=\"https:\/\/www.effe3ti.com\/wp-content\/uploads\/2024\/10\/presse-per-rifiuti-300x200.jpeg 300w, https:\/\/www.effe3ti.com\/wp-content\/uploads\/2024\/10\/presse-per-rifiuti-768x512.jpeg 768w, https:\/\/www.effe3ti.com\/wp-content\/uploads\/2024\/10\/presse-per-rifiuti-600x400.jpeg 600w, https:\/\/www.effe3ti.com\/wp-content\/uploads\/2024\/10\/presse-per-rifiuti.jpeg 1024w\" sizes=\"(max-width: 300px) 100vw, 300px\" \/><\/div><\/a>\n\t\t\t\t<div class=\"elementor-post__badge\">Spostrze\u017cenia<\/div>\n\t\t\t\t<div class=\"elementor-post__text\">\n\t\t\t\t<h3 class=\"elementor-post__title\">\n\t\t\t<a href=\"https:\/\/www.effe3ti.com\/pl\/i-5-vantaggi-delle-presse-per-rifiuti-nel-settore-industriale\/\" >\n\t\t\t\t5 zalet pras do odpad\u00f3w w sektorze przemys\u0142owym\t\t\t<\/a>\n\t\t<\/h3>\n\t\t\t\t<div class=\"elementor-post__excerpt\">\n\t\t\t<p>Obecnie nie mo\u017cna obej\u015b\u0107 si\u0119 bez pras do odpad\u00f3w: s\u0105 one bardzo wa\u017cnym elementem, je\u015bli chcesz zwi\u0119kszy\u0107 wydajno\u015b\u0107<\/p>\n\t\t<\/div>\n\t\t\n\t\t<a class=\"elementor-post__read-more\" href=\"https:\/\/www.effe3ti.com\/pl\/i-5-vantaggi-delle-presse-per-rifiuti-nel-settore-industriale\/\" aria-label=\"Przeczytaj wi\u0119cej o 5 zaletach pras do odpad\u00f3w w sektorze przemys\u0142owym\" tabindex=\"-1\" >\n\t\t\tPrawa &quot;\t\t<\/a>\n\n\t\t\t\t<\/div>\n\t\t\t\t<div class=\"elementor-post__meta-data\">\n\t\t\t\t\t<span class=\"elementor-post-date\">\n\t\t\t2 kwietnia 2025 r.\t\t<\/span>\n\t\t\t\t<\/div>\n\t\t\t\t\t<\/div>\n\t\t<\/article>\n\t\t\t\t<article class=\"elementor-post elementor-grid-item post-21344 post type-post status-publish format-standard has-post-thumbnail hentry category-news-approfondimenti\" role=\"listitem\">\n\t\t\t<div class=\"elementor-post__card\">\n\t\t\t\t<a class=\"elementor-post__thumbnail__link\" href=\"https:\/\/www.effe3ti.com\/pl\/il-trasporto-sicuro-delle-vostre-merci\/\" tabindex=\"-1\" ><div class=\"elementor-post__thumbnail\"><img loading=\"lazy\" decoding=\"async\" width=\"300\" height=\"202\" src=\"https:\/\/www.effe3ti.com\/wp-content\/uploads\/2024\/12\/goods-transport-300x202.jpg\" class=\"attachment-medium size-medium wp-image-21345\" alt=\"transport towar\u00f3w\" srcset=\"https:\/\/www.effe3ti.com\/wp-content\/uploads\/2024\/12\/goods-transport-300x202.jpg 300w, https:\/\/www.effe3ti.com\/wp-content\/uploads\/2024\/12\/goods-transport-1024x691.jpg 1024w, https:\/\/www.effe3ti.com\/wp-content\/uploads\/2024\/12\/goods-transport-768x518.jpg 768w, https:\/\/www.effe3ti.com\/wp-content\/uploads\/2024\/12\/goods-transport-1536x1036.jpg 1536w, https:\/\/www.effe3ti.com\/wp-content\/uploads\/2024\/12\/goods-transport-2048x1382.jpg 2048w, https:\/\/www.effe3ti.com\/wp-content\/uploads\/2024\/12\/goods-transport-600x405.jpg 600w\" sizes=\"(max-width: 300px) 100vw, 300px\" \/><\/div><\/a>\n\t\t\t\t<div class=\"elementor-post__badge\">Spostrze\u017cenia<\/div>\n\t\t\t\t<div class=\"elementor-post__text\">\n\t\t\t\t<h3 class=\"elementor-post__title\">\n\t\t\t<a href=\"https:\/\/www.effe3ti.com\/pl\/il-trasporto-sicuro-delle-vostre-merci\/\" >\n\t\t\t\tBezpieczny transport Twoich towar\u00f3w\t\t\t<\/a>\n\t\t<\/h3>\n\t\t\t\t<div class=\"elementor-post__excerpt\">\n\t\t\t<p>Wydajno\u015b\u0107 i bezpiecze\u0144stwo dzi\u0119ki owijarce do palet Owijarki do palet s\u0105 niezb\u0119dnym rozwi\u0105zaniem gwarantuj\u0105cym bezpiecze\u0144stwo Twoich produkt\u00f3w.<\/p>\n\t\t<\/div>\n\t\t\n\t\t<a class=\"elementor-post__read-more\" href=\"https:\/\/www.effe3ti.com\/pl\/il-trasporto-sicuro-delle-vostre-merci\/\" aria-label=\"Dowiedz si\u0119 wi\u0119cej o Bezpiecznym transporcie Twoich towar\u00f3w\" tabindex=\"-1\" >\n\t\t\tPrawa &quot;\t\t<\/a>\n\n\t\t\t\t<\/div>\n\t\t\t\t<div class=\"elementor-post__meta-data\">\n\t\t\t\t\t<span class=\"elementor-post-date\">\n\t\t\t17 czerwca 2024 r.\t\t<\/span>\n\t\t\t\t<\/div>\n\t\t\t\t\t<\/div>\n\t\t<\/article>\n\t\t\t\t<article class=\"elementor-post elementor-grid-item post-21152 post type-post status-publish format-standard has-post-thumbnail hentry category-news-approfondimenti\" role=\"listitem\">\n\t\t\t<div class=\"elementor-post__card\">\n\t\t\t\t<a class=\"elementor-post__thumbnail__link\" href=\"https:\/\/www.effe3ti.com\/pl\/limportanza-della-formazione-effe3ti\/\" tabindex=\"-1\" ><div class=\"elementor-post__thumbnail\"><img loading=\"lazy\" decoding=\"async\" width=\"300\" height=\"169\" src=\"https:\/\/www.effe3ti.com\/wp-content\/uploads\/2024\/10\/cover-300x169.jpg\" class=\"attachment-medium size-medium wp-image-21153\" alt=\"szkolenie komercyjne\" srcset=\"https:\/\/www.effe3ti.com\/wp-content\/uploads\/2024\/10\/cover-300x169.jpg 300w, https:\/\/www.effe3ti.com\/wp-content\/uploads\/2024\/10\/cover-1024x576.jpg 1024w, https:\/\/www.effe3ti.com\/wp-content\/uploads\/2024\/10\/cover-768x432.jpg 768w, https:\/\/www.effe3ti.com\/wp-content\/uploads\/2024\/10\/cover-1536x864.jpg 1536w, https:\/\/www.effe3ti.com\/wp-content\/uploads\/2024\/10\/cover-600x338.jpg 600w, https:\/\/www.effe3ti.com\/wp-content\/uploads\/2024\/10\/cover.jpg 1701w\" sizes=\"(max-width: 300px) 100vw, 300px\" \/><\/div><\/a>\n\t\t\t\t<div class=\"elementor-post__badge\">Spostrze\u017cenia<\/div>\n\t\t\t\t<div class=\"elementor-post__text\">\n\t\t\t\t<h3 class=\"elementor-post__title\">\n\t\t\t<a href=\"https:\/\/www.effe3ti.com\/pl\/limportanza-della-formazione-effe3ti\/\" >\n\t\t\t\tZnaczenie szkole\u0144 sprzeda\u017cowych EFFE3ti\t\t\t<\/a>\n\t\t<\/h3>\n\t\t\t\t<div class=\"elementor-post__excerpt\">\n\t\t\t<p>Dlaczego wa\u017cne jest odbycie szkolenia sprzeda\u017cowego dla korporacji? W dzisiejszym \u015bwiecie korporacji, charakteryzuj\u0105cym si\u0119 zaci\u0119t\u0105 konkurencj\u0105 i zr\u00f3\u017cnicowanym krajobrazem<\/p>\n\t\t<\/div>\n\t\t\n\t\t<a class=\"elementor-post__read-more\" href=\"https:\/\/www.effe3ti.com\/pl\/limportanza-della-formazione-effe3ti\/\" aria-label=\"Dowiedz si\u0119 wi\u0119cej o znaczeniu szkole\u0144 sprzeda\u017cowych EFFE3ti\" tabindex=\"-1\" >\n\t\t\tPrawa &quot;\t\t<\/a>\n\n\t\t\t\t<\/div>\n\t\t\t\t<div class=\"elementor-post__meta-data\">\n\t\t\t\t\t<span class=\"elementor-post-date\">\n\t\t\t25 pa\u017adziernika 2024 r.\t\t<\/span>\n\t\t\t\t<\/div>\n\t\t\t\t\t<\/div>\n\t\t<\/article>\n\t\t\t\t<article class=\"elementor-post elementor-grid-item post-20948 post type-post status-publish format-standard has-post-thumbnail hentry category-news-approfondimenti category-news-prodotto\" role=\"listitem\">\n\t\t\t<div class=\"elementor-post__card\">\n\t\t\t\t<a class=\"elementor-post__thumbnail__link\" href=\"https:\/\/www.effe3ti.com\/pl\/le-presse-per-rifiuti\/\" tabindex=\"-1\" ><div class=\"elementor-post__thumbnail\"><img loading=\"lazy\" decoding=\"async\" width=\"300\" height=\"200\" src=\"https:\/\/www.effe3ti.com\/wp-content\/uploads\/2021\/04\/MK1100-1-300x200.jpg\" class=\"attachment-medium size-medium wp-image-23259\" alt=\"MK1100\" srcset=\"https:\/\/www.effe3ti.com\/wp-content\/uploads\/2021\/04\/MK1100-1-300x200.jpg 300w, https:\/\/www.effe3ti.com\/wp-content\/uploads\/2021\/04\/MK1100-1-1024x683.jpg 1024w, https:\/\/www.effe3ti.com\/wp-content\/uploads\/2021\/04\/MK1100-1-768x512.jpg 768w, https:\/\/www.effe3ti.com\/wp-content\/uploads\/2021\/04\/MK1100-1-1536x1025.jpg 1536w, https:\/\/www.effe3ti.com\/wp-content\/uploads\/2021\/04\/MK1100-1-18x12.jpg 18w, https:\/\/www.effe3ti.com\/wp-content\/uploads\/2021\/04\/MK1100-1-600x400.jpg 600w, https:\/\/www.effe3ti.com\/wp-content\/uploads\/2021\/04\/MK1100-1.jpg 2000w\" sizes=\"(max-width: 300px) 100vw, 300px\" \/><\/div><\/a>\n\t\t\t\t<div class=\"elementor-post__badge\">Spostrze\u017cenia<\/div>\n\t\t\t\t<div class=\"elementor-post__text\">\n\t\t\t\t<h3 class=\"elementor-post__title\">\n\t\t\t<a href=\"https:\/\/www.effe3ti.com\/pl\/le-presse-per-rifiuti\/\" >\n\t\t\t\tPrasy do recyklingu tektury, plastiku i innych odpad\u00f3w\t\t\t<\/a>\n\t\t<\/h3>\n\t\t\t\t<div class=\"elementor-post__excerpt\">\n\t\t\t<p>Zoptymalizuj gospodark\u0119 odpadami w firmie dzi\u0119ki prasom do recyklingu Odpady opakowaniowe s\u0105 cz\u0119sto uwa\u017cane za obci\u0105\u017cenie<\/p>\n\t\t<\/div>\n\t\t\n\t\t<a class=\"elementor-post__read-more\" href=\"https:\/\/www.effe3ti.com\/pl\/le-presse-per-rifiuti\/\" aria-label=\"Dowiedz si\u0119 wi\u0119cej o prasach do recyklingu tektury, plastiku i innych odpad\u00f3w\" tabindex=\"-1\" >\n\t\t\tPrawa &quot;\t\t<\/a>\n\n\t\t\t\t<\/div>\n\t\t\t\t<div class=\"elementor-post__meta-data\">\n\t\t\t\t\t<span class=\"elementor-post-date\">\n\t\t\t21 pa\u017adziernika 2024 r.\t\t<\/span>\n\t\t\t\t<\/div>\n\t\t\t\t\t<\/div>\n\t\t<\/article>\n\t\t\t\t<article class=\"elementor-post elementor-grid-item post-17316 post type-post status-publish format-standard has-post-thumbnail hentry category-news-approfondimenti\" role=\"listitem\">\n\t\t\t<div class=\"elementor-post__card\">\n\t\t\t\t<a class=\"elementor-post__thumbnail__link\" href=\"https:\/\/www.effe3ti.com\/pl\/avvolgimento-pallet-innovazione-nella-protezione-del-carico\/\" tabindex=\"-1\" ><div class=\"elementor-post__thumbnail\"><img loading=\"lazy\" decoding=\"async\" width=\"200\" height=\"300\" src=\"https:\/\/www.effe3ti.com\/wp-content\/uploads\/2024\/09\/S2300P-MF2000-240215-web-200x300.jpg\" class=\"attachment-medium size-medium wp-image-17317\" alt=\"Maszyna owijaj\u0105ca z podajnikiem arkuszy zabezpieczaj\u0105cych \u0142adunek\" srcset=\"https:\/\/www.effe3ti.com\/wp-content\/uploads\/2024\/09\/S2300P-MF2000-240215-web-200x300.jpg 200w, https:\/\/www.effe3ti.com\/wp-content\/uploads\/2024\/09\/S2300P-MF2000-240215-web-600x898.jpg 600w, https:\/\/www.effe3ti.com\/wp-content\/uploads\/2024\/09\/S2300P-MF2000-240215-web.jpg 668w\" sizes=\"(max-width: 200px) 100vw, 200px\" \/><\/div><\/a>\n\t\t\t\t<div class=\"elementor-post__badge\">Spostrze\u017cenia<\/div>\n\t\t\t\t<div class=\"elementor-post__text\">\n\t\t\t\t<h3 class=\"elementor-post__title\">\n\t\t\t<a href=\"https:\/\/www.effe3ti.com\/pl\/avvolgimento-pallet-innovazione-nella-protezione-del-carico\/\" >\n\t\t\t\tOwijanie palet. Innowacja w ochronie \u0142adunk\u00f3w\t\t\t<\/a>\n\t\t<\/h3>\n\t\t\t\t<div class=\"elementor-post__excerpt\">\n\t\t\t<p>Automatyczne owijarki palet z podajnikiem arkuszy W kontek\u015bcie nowoczesnego zarz\u0105dzania logistyk\u0105 i wysy\u0142k\u0105, wydajno\u015b\u0107 operacyjna i<\/p>\n\t\t<\/div>\n\t\t\n\t\t<a class=\"elementor-post__read-more\" href=\"https:\/\/www.effe3ti.com\/pl\/avvolgimento-pallet-innovazione-nella-protezione-del-carico\/\" aria-label=\"Dowiedz si\u0119 wi\u0119cej o owijaniu palet. Innowacja w ochronie \u0142adunku\" tabindex=\"-1\" >\n\t\t\tPrawa &quot;\t\t<\/a>\n\n\t\t\t\t<\/div>\n\t\t\t\t<div class=\"elementor-post__meta-data\">\n\t\t\t\t\t<span class=\"elementor-post-date\">\n\t\t\t9 stycznia 2024 r.\t\t<\/span>\n\t\t\t\t<\/div>\n\t\t\t\t\t<\/div>\n\t\t<\/article>\n\t\t\t\t<article class=\"elementor-post elementor-grid-item post-11305 post type-post status-publish format-standard has-post-thumbnail hentry category-news-approfondimenti\" role=\"listitem\">\n\t\t\t<div class=\"elementor-post__card\">\n\t\t\t\t<a class=\"elementor-post__thumbnail__link\" href=\"https:\/\/www.effe3ti.com\/pl\/styropress-per-compattare-imballi-in-polistirolo\/\" tabindex=\"-1\" ><div class=\"elementor-post__thumbnail\"><img loading=\"lazy\" decoding=\"async\" width=\"300\" height=\"300\" src=\"https:\/\/www.effe3ti.com\/wp-content\/uploads\/2021\/04\/Cutcompact-300x300.jpg\" class=\"attachment-medium size-medium wp-image-282\" alt=\"zag\u0119szczanie polistyrenu\" srcset=\"https:\/\/www.effe3ti.com\/wp-content\/uploads\/2021\/04\/Cutcompact-300x300.jpg 300w, https:\/\/www.effe3ti.com\/wp-content\/uploads\/2021\/04\/Cutcompact-100x100.jpg 100w, https:\/\/www.effe3ti.com\/wp-content\/uploads\/2021\/04\/Cutcompact-600x600.jpg 600w, https:\/\/www.effe3ti.com\/wp-content\/uploads\/2021\/04\/Cutcompact-1024x1024.jpg 1024w, https:\/\/www.effe3ti.com\/wp-content\/uploads\/2021\/04\/Cutcompact-150x150.jpg 150w, https:\/\/www.effe3ti.com\/wp-content\/uploads\/2021\/04\/Cutcompact-768x768.jpg 768w, https:\/\/www.effe3ti.com\/wp-content\/uploads\/2021\/04\/Cutcompact.jpg 1200w\" sizes=\"(max-width: 300px) 100vw, 300px\" \/><\/div><\/a>\n\t\t\t\t<div class=\"elementor-post__badge\">Spostrze\u017cenia<\/div>\n\t\t\t\t<div class=\"elementor-post__text\">\n\t\t\t\t<h3 class=\"elementor-post__title\">\n\t\t\t<a href=\"https:\/\/www.effe3ti.com\/pl\/styropress-per-compattare-imballi-in-polistirolo\/\" >\n\t\t\t\tStyropress do zag\u0119szczania opakowa\u0144 styropianowych\t\t\t<\/a>\n\t\t<\/h3>\n\t\t\t\t<div class=\"elementor-post__excerpt\">\n\t\t\t<p>Zag\u0119szczarki do styropianu krusz\u0105 i zag\u0119szczaj\u0105 odpady EPS (polistyrenu spienionego) w bloki, kt\u00f3re u\u0142atwiaj\u0105 przechowywanie,<\/p>\n\t\t<\/div>\n\t\t\n\t\t<a class=\"elementor-post__read-more\" href=\"https:\/\/www.effe3ti.com\/pl\/styropress-per-compattare-imballi-in-polistirolo\/\" aria-label=\"Dowiedz si\u0119 wi\u0119cej o Styropressie do zag\u0119szczania opakowa\u0144 ze styropianu\" tabindex=\"-1\" >\n\t\t\tPrawa &quot;\t\t<\/a>\n\n\t\t\t\t<\/div>\n\t\t\t\t<div class=\"elementor-post__meta-data\">\n\t\t\t\t\t<span class=\"elementor-post-date\">\n\t\t\tCzeski 30, 2023\t\t<\/span>\n\t\t\t\t<\/div>\n\t\t\t\t\t<\/div>\n\t\t<\/article>\n\t\t\t\t<article class=\"elementor-post elementor-grid-item post-11186 post type-post status-publish format-standard has-post-thumbnail hentry category-news-approfondimenti\" role=\"listitem\">\n\t\t\t<div class=\"elementor-post__card\">\n\t\t\t\t<a class=\"elementor-post__thumbnail__link\" href=\"https:\/\/www.effe3ti.com\/pl\/avvolgitrice-nuova\/\" tabindex=\"-1\" ><div class=\"elementor-post__thumbnail\"><img loading=\"lazy\" decoding=\"async\" width=\"300\" height=\"300\" src=\"https:\/\/www.effe3ti.com\/wp-content\/uploads\/2023\/04\/old-spinny.jpg-1-300x300.jpg\" class=\"attachment-medium size-medium wp-image-11187\" alt=\"maszyna pakuj\u0105ca\" srcset=\"https:\/\/www.effe3ti.com\/wp-content\/uploads\/2023\/04\/old-spinny.jpg-1-300x300.jpg 300w, https:\/\/www.effe3ti.com\/wp-content\/uploads\/2023\/04\/old-spinny.jpg-1-100x100.jpg 100w, https:\/\/www.effe3ti.com\/wp-content\/uploads\/2023\/04\/old-spinny.jpg-1-600x600.jpg 600w, https:\/\/www.effe3ti.com\/wp-content\/uploads\/2023\/04\/old-spinny.jpg-1-1024x1024.jpg 1024w, https:\/\/www.effe3ti.com\/wp-content\/uploads\/2023\/04\/old-spinny.jpg-1-150x150.jpg 150w, https:\/\/www.effe3ti.com\/wp-content\/uploads\/2023\/04\/old-spinny.jpg-1-768x768.jpg 768w, https:\/\/www.effe3ti.com\/wp-content\/uploads\/2023\/04\/old-spinny.jpg-1.jpg 1536w\" sizes=\"(max-width: 300px) 100vw, 300px\" \/><\/div><\/a>\n\t\t\t\t<div class=\"elementor-post__badge\">Spostrze\u017cenia<\/div>\n\t\t\t\t<div class=\"elementor-post__text\">\n\t\t\t\t<h3 class=\"elementor-post__title\">\n\t\t\t<a href=\"https:\/\/www.effe3ti.com\/pl\/avvolgitrice-nuova\/\" >\n\t\t\t\tNowa maszyna pakuj\u0105ca. Kiedy nadszed\u0142 czas na zmian\u0119?\t\t\t<\/a>\n\t\t<\/h3>\n\t\t\t\t<div class=\"elementor-post__excerpt\">\n\t\t\t<p>Nawet w przypadku maszyny pakuj\u0105cej czasami \u201enormalne\u201d staje si\u0119 codzienne zmaganie si\u0119 z przekroczeniami limitu czasu i przerwami. EFFE3ti produkuje maszyny pakuj\u0105ce<\/p>\n\t\t<\/div>\n\t\t\n\t\t<a class=\"elementor-post__read-more\" href=\"https:\/\/www.effe3ti.com\/pl\/avvolgitrice-nuova\/\" aria-label=\"Przeczytaj wi\u0119cej o nowej maszynie pakuj\u0105cej. Kiedy nadszed\u0142 czas na zmian\u0119?\" tabindex=\"-1\" >\n\t\t\tPrawa &quot;\t\t<\/a>\n\n\t\t\t\t<\/div>\n\t\t\t\t<div class=\"elementor-post__meta-data\">\n\t\t\t\t\t<span class=\"elementor-post-date\">\n\t\t\t13 kwietnia 2023 r.\t\t<\/span>\n\t\t\t\t<\/div>\n\t\t\t\t\t<\/div>\n\t\t<\/article>\n\t\t\t\t<article class=\"elementor-post elementor-grid-item post-10419 post type-post status-publish format-standard has-post-thumbnail hentry category-news-approfondimenti\" role=\"listitem\">\n\t\t\t<div class=\"elementor-post__card\">\n\t\t\t\t<a class=\"elementor-post__thumbnail__link\" href=\"https:\/\/www.effe3ti.com\/pl\/presse-per-rifiuti\/\" tabindex=\"-1\" ><div class=\"elementor-post__thumbnail\"><img loading=\"lazy\" decoding=\"async\" width=\"300\" height=\"169\" src=\"https:\/\/www.effe3ti.com\/wp-content\/uploads\/2021\/11\/RicicloScarti-300x169.jpg\" class=\"attachment-medium size-medium wp-image-4948\" alt=\"recykling odpad\u00f3w\" srcset=\"https:\/\/www.effe3ti.com\/wp-content\/uploads\/2021\/11\/RicicloScarti-300x169.jpg 300w, https:\/\/www.effe3ti.com\/wp-content\/uploads\/2021\/11\/RicicloScarti-600x338.jpg 600w, https:\/\/www.effe3ti.com\/wp-content\/uploads\/2021\/11\/RicicloScarti-1024x576.jpg 1024w, https:\/\/www.effe3ti.com\/wp-content\/uploads\/2021\/11\/RicicloScarti-768x432.jpg 768w, https:\/\/www.effe3ti.com\/wp-content\/uploads\/2021\/11\/RicicloScarti-1536x864.jpg 1536w, https:\/\/www.effe3ti.com\/wp-content\/uploads\/2021\/11\/RicicloScarti.jpg 1600w\" sizes=\"(max-width: 300px) 100vw, 300px\" \/><\/div><\/a>\n\t\t\t\t<div class=\"elementor-post__badge\">Spostrze\u017cenia<\/div>\n\t\t\t\t<div class=\"elementor-post__text\">\n\t\t\t\t<h3 class=\"elementor-post__title\">\n\t\t\t<a href=\"https:\/\/www.effe3ti.com\/pl\/presse-per-rifiuti\/\" >\n\t\t\t\tPrasy beluj\u0105ce\t\t\t<\/a>\n\t\t<\/h3>\n\t\t\t\t<div class=\"elementor-post__excerpt\">\n\t\t\t<p>Optymalizacja gospodarki odpadami w przedsi\u0119biorstwie Odpady i \u015bmieci s\u0105 cz\u0119sto uwa\u017cane za obci\u0105\u017cenie dla gospodarki przedsi\u0119biorstw. A<\/p>\n\t\t<\/div>\n\t\t\n\t\t<a class=\"elementor-post__read-more\" href=\"https:\/\/www.effe3ti.com\/pl\/presse-per-rifiuti\/\" aria-label=\"Dowiedz si\u0119 wi\u0119cej o prasach beluj\u0105cych\" tabindex=\"-1\" >\n\t\t\tPrawa &quot;\t\t<\/a>\n\n\t\t\t\t<\/div>\n\t\t\t\t<div class=\"elementor-post__meta-data\">\n\t\t\t\t\t<span class=\"elementor-post-date\">\n\t\t\t16 stycznia 2023 r.\t\t<\/span>\n\t\t\t\t<\/div>\n\t\t\t\t\t<\/div>\n\t\t<\/article>\n\t\t\t\t<article class=\"elementor-post elementor-grid-item post-10313 post type-post status-publish format-standard has-post-thumbnail hentry category-news-approfondimenti category-news-prodotto\" role=\"listitem\">\n\t\t\t<div class=\"elementor-post__card\">\n\t\t\t\t<a class=\"elementor-post__thumbnail__link\" href=\"https:\/\/www.effe3ti.com\/pl\/stabilita-del-carico\/\" tabindex=\"-1\" ><div class=\"elementor-post__thumbnail\"><img loading=\"lazy\" decoding=\"async\" width=\"300\" height=\"200\" src=\"https:\/\/www.effe3ti.com\/wp-content\/uploads\/2022\/11\/Stability-Test-2-300x200.jpg\" class=\"attachment-medium size-medium wp-image-10325\" alt=\"stabilno\u015b\u0107 obci\u0105\u017cenia\" srcset=\"https:\/\/www.effe3ti.com\/wp-content\/uploads\/2022\/11\/Stability-Test-2-300x200.jpg 300w, https:\/\/www.effe3ti.com\/wp-content\/uploads\/2022\/11\/Stability-Test-2-600x400.jpg 600w, https:\/\/www.effe3ti.com\/wp-content\/uploads\/2022\/11\/Stability-Test-2-1024x683.jpg 1024w, https:\/\/www.effe3ti.com\/wp-content\/uploads\/2022\/11\/Stability-Test-2-768x512.jpg 768w, https:\/\/www.effe3ti.com\/wp-content\/uploads\/2022\/11\/Stability-Test-2-1536x1024.jpg 1536w, https:\/\/www.effe3ti.com\/wp-content\/uploads\/2022\/11\/Stability-Test-2-2048x1366.jpg 2048w\" sizes=\"(max-width: 300px) 100vw, 300px\" \/><\/div><\/a>\n\t\t\t\t<div class=\"elementor-post__badge\">Spostrze\u017cenia<\/div>\n\t\t\t\t<div class=\"elementor-post__text\">\n\t\t\t\t<h3 class=\"elementor-post__title\">\n\t\t\t<a href=\"https:\/\/www.effe3ti.com\/pl\/stabilita-del-carico\/\" >\n\t\t\t\tStabilno\u015b\u0107 obci\u0105\u017cenia\t\t\t<\/a>\n\t\t<\/h3>\n\t\t\t\t<div class=\"elementor-post__excerpt\">\n\t\t\t<p>Utrata \u0142adunku podczas transportu towar\u00f3w jest problemem, kt\u00f3rego nie nale\u017cy lekcewa\u017cy\u0107. Istnieje norma EN 12195-1<\/p>\n\t\t<\/div>\n\t\t\n\t\t<a class=\"elementor-post__read-more\" href=\"https:\/\/www.effe3ti.com\/pl\/stabilita-del-carico\/\" aria-label=\"Dowiedz si\u0119 wi\u0119cej o stabilno\u015bci obci\u0105\u017cenia\" tabindex=\"-1\" >\n\t\t\tPrawa &quot;\t\t<\/a>\n\n\t\t\t\t<\/div>\n\t\t\t\t<div class=\"elementor-post__meta-data\">\n\t\t\t\t\t<span class=\"elementor-post-date\">\n\t\t\t18 listopada 2022 r.\t\t<\/span>\n\t\t\t\t<\/div>\n\t\t\t\t\t<\/div>\n\t\t<\/article>\n\t\t\t\t<article class=\"elementor-post elementor-grid-item post-9964 post type-post status-publish format-standard has-post-thumbnail hentry category-news-approfondimenti category-news-prodotto\" role=\"listitem\">\n\t\t\t<div class=\"elementor-post__card\">\n\t\t\t\t<a class=\"elementor-post__thumbnail__link\" href=\"https:\/\/www.effe3ti.com\/pl\/avvolgere-pallet-con-spinny-s300-semplifica-la-vita\/\" tabindex=\"-1\" ><div class=\"elementor-post__thumbnail\"><img loading=\"lazy\" decoding=\"async\" width=\"234\" height=\"300\" src=\"https:\/\/www.effe3ti.com\/wp-content\/uploads\/2021\/04\/Spinny-S300w-234x300.jpg\" class=\"attachment-medium size-medium wp-image-1093\" alt=\"owijarka palet spinny\" srcset=\"https:\/\/www.effe3ti.com\/wp-content\/uploads\/2021\/04\/Spinny-S300w-234x300.jpg 234w, https:\/\/www.effe3ti.com\/wp-content\/uploads\/2021\/04\/Spinny-S300w-600x770.jpg 600w, https:\/\/www.effe3ti.com\/wp-content\/uploads\/2021\/04\/Spinny-S300w-798x1024.jpg 798w, https:\/\/www.effe3ti.com\/wp-content\/uploads\/2021\/04\/Spinny-S300w-768x986.jpg 768w, https:\/\/www.effe3ti.com\/wp-content\/uploads\/2021\/04\/Spinny-S300w-1197x1536.jpg 1197w, https:\/\/www.effe3ti.com\/wp-content\/uploads\/2021\/04\/Spinny-S300w-1596x2048.jpg 1596w, https:\/\/www.effe3ti.com\/wp-content\/uploads\/2021\/04\/Spinny-S300w.jpg 1948w\" sizes=\"(max-width: 234px) 100vw, 234px\" \/><\/div><\/a>\n\t\t\t\t<div class=\"elementor-post__badge\">Spostrze\u017cenia<\/div>\n\t\t\t\t<div class=\"elementor-post__text\">\n\t\t\t\t<h3 class=\"elementor-post__title\">\n\t\t\t<a href=\"https:\/\/www.effe3ti.com\/pl\/avvolgere-pallet-con-spinny-s300-semplifica-la-vita\/\" >\n\t\t\t\tOwijanie palet za pomoc\u0105 Spinny S300 u\u0142atwia \u017cycie\t\t\t<\/a>\n\t\t<\/h3>\n\t\t\t\t<div class=\"elementor-post__excerpt\">\n\t\t\t<p>Owijaj palety wydajnie i inteligentnie: odkryj Spinny S300 Owijaj palety bezpiecznie, wydajnie i z maksymalnymi oszcz\u0119dno\u015bciami<\/p>\n\t\t<\/div>\n\t\t\n\t\t<a class=\"elementor-post__read-more\" href=\"https:\/\/www.effe3ti.com\/pl\/avvolgere-pallet-con-spinny-s300-semplifica-la-vita\/\" aria-label=\"Dowiedz si\u0119 wi\u0119cej o owijaniu palet za pomoc\u0105 Spinny S300, kt\u00f3re u\u0142atwia \u017cycie\" tabindex=\"-1\" >\n\t\t\tPrawa &quot;\t\t<\/a>\n\n\t\t\t\t<\/div>\n\t\t\t\t<div class=\"elementor-post__meta-data\">\n\t\t\t\t\t<span class=\"elementor-post-date\">\n\t\t\t17 pa\u017adziernika 2022 r.\t\t<\/span>\n\t\t\t\t<\/div>\n\t\t\t\t\t<\/div>\n\t\t<\/article>\n\t\t\t\t<article class=\"elementor-post elementor-grid-item post-8452 post type-post status-publish format-standard has-post-thumbnail hentry category-news-approfondimenti\" role=\"listitem\">\n\t\t\t<div class=\"elementor-post__card\">\n\t\t\t\t<a class=\"elementor-post__thumbnail__link\" href=\"https:\/\/www.effe3ti.com\/pl\/effe3ti-e-lenergia-pulita\/\" tabindex=\"-1\" ><div class=\"elementor-post__thumbnail\"><img loading=\"lazy\" decoding=\"async\" width=\"300\" height=\"169\" src=\"https:\/\/www.effe3ti.com\/wp-content\/uploads\/2022\/03\/energia-pulita-effe3ti-1-300x169.jpg\" class=\"attachment-medium size-medium wp-image-8454\" alt=\"czysta energia\" srcset=\"https:\/\/www.effe3ti.com\/wp-content\/uploads\/2022\/03\/energia-pulita-effe3ti-1-300x169.jpg 300w, https:\/\/www.effe3ti.com\/wp-content\/uploads\/2022\/03\/energia-pulita-effe3ti-1-600x338.jpg 600w, https:\/\/www.effe3ti.com\/wp-content\/uploads\/2022\/03\/energia-pulita-effe3ti-1-1024x576.jpg 1024w, https:\/\/www.effe3ti.com\/wp-content\/uploads\/2022\/03\/energia-pulita-effe3ti-1-768x432.jpg 768w, https:\/\/www.effe3ti.com\/wp-content\/uploads\/2022\/03\/energia-pulita-effe3ti-1-1536x864.jpg 1536w, https:\/\/www.effe3ti.com\/wp-content\/uploads\/2022\/03\/energia-pulita-effe3ti-1-2048x1152.jpg 2048w\" sizes=\"(max-width: 300px) 100vw, 300px\" \/><\/div><\/a>\n\t\t\t\t<div class=\"elementor-post__badge\">Spostrze\u017cenia<\/div>\n\t\t\t\t<div class=\"elementor-post__text\">\n\t\t\t\t<h3 class=\"elementor-post__title\">\n\t\t\t<a href=\"https:\/\/www.effe3ti.com\/pl\/effe3ti-e-lenergia-pulita\/\" >\n\t\t\t\tEFFE3ti i czysta energia\t\t\t<\/a>\n\t\t<\/h3>\n\t\t\t\t<div class=\"elementor-post__excerpt\">\n\t\t\t<p>Transformacja energetyczna: dach EFFE3ti staje si\u0119 czystym \u017ar\u00f3d\u0142em energii Krok w stron\u0119 zr\u00f3wnowa\u017conego rozwoju i oszcz\u0119dno\u015bci energii<\/p>\n\t\t<\/div>\n\t\t\n\t\t<a class=\"elementor-post__read-more\" href=\"https:\/\/www.effe3ti.com\/pl\/effe3ti-e-lenergia-pulita\/\" aria-label=\"Dowiedz si\u0119 wi\u0119cej o EFFE3ti i czystej energii\" tabindex=\"-1\" >\n\t\t\tPrawa &quot;\t\t<\/a>\n\n\t\t\t\t<\/div>\n\t\t\t\t<div class=\"elementor-post__meta-data\">\n\t\t\t\t\t<span class=\"elementor-post-date\">\n\t\t\t9 marca 2022 r.\t\t<\/span>\n\t\t\t\t<\/div>\n\t\t\t\t\t<\/div>\n\t\t<\/article>\n\t\t\t\t<article class=\"elementor-post elementor-grid-item post-7977 post type-post status-publish format-standard has-post-thumbnail hentry category-news-approfondimenti\" role=\"listitem\">\n\t\t\t<div class=\"elementor-post__card\">\n\t\t\t\t<a class=\"elementor-post__thumbnail__link\" href=\"https:\/\/www.effe3ti.com\/pl\/quanto-e-utile-prestirare-il-film-estensibile\/\" tabindex=\"-1\" ><div class=\"elementor-post__thumbnail\"><img loading=\"lazy\" decoding=\"async\" width=\"300\" height=\"191\" src=\"https:\/\/www.effe3ti.com\/wp-content\/uploads\/2021\/04\/oscar-pre-stretch-300x191.jpg\" class=\"attachment-medium size-medium wp-image-6237\" alt=\"zmechanizowane rozci\u0105ganie wst\u0119pne\" srcset=\"https:\/\/www.effe3ti.com\/wp-content\/uploads\/2021\/04\/oscar-pre-stretch-300x191.jpg 300w, https:\/\/www.effe3ti.com\/wp-content\/uploads\/2021\/04\/oscar-pre-stretch-600x382.jpg 600w, https:\/\/www.effe3ti.com\/wp-content\/uploads\/2021\/04\/oscar-pre-stretch-1024x653.jpg 1024w, https:\/\/www.effe3ti.com\/wp-content\/uploads\/2021\/04\/oscar-pre-stretch-768x489.jpg 768w, https:\/\/www.effe3ti.com\/wp-content\/uploads\/2021\/04\/oscar-pre-stretch-1536x979.jpg 1536w, https:\/\/www.effe3ti.com\/wp-content\/uploads\/2021\/04\/oscar-pre-stretch-2048x1305.jpg 2048w\" sizes=\"(max-width: 300px) 100vw, 300px\" \/><\/div><\/a>\n\t\t\t\t<div class=\"elementor-post__badge\">Spostrze\u017cenia<\/div>\n\t\t\t\t<div class=\"elementor-post__text\">\n\t\t\t\t<h3 class=\"elementor-post__title\">\n\t\t\t<a href=\"https:\/\/www.effe3ti.com\/pl\/quanto-e-utile-prestirare-il-film-estensibile\/\" >\n\t\t\t\tJak przydatna jest funkcja mechanicznego rozci\u0105gania wst\u0119pnego folii stretch?\t\t\t<\/a>\n\t\t<\/h3>\n\t\t\t\t<div class=\"elementor-post__excerpt\">\n\t\t\t<p>Gwarantowane oszcz\u0119dno\u015bci dzi\u0119ki mechanicznemu rozci\u0105ganiu wst\u0119pnemu Czy kiedykolwiek mia\u0142e\u015b w\u0105tpliwo\u015bci co do przydatno\u015bci mechanicznego urz\u0105dzenia do rozci\u0105gania wst\u0119pnego? Oferujemy Pa\u0144stwu ma\u0142y quiz<\/p>\n\t\t<\/div>\n\t\t\n\t\t<a class=\"elementor-post__read-more\" href=\"https:\/\/www.effe3ti.com\/pl\/quanto-e-utile-prestirare-il-film-estensibile\/\" aria-label=\"Przeczytaj wi\u0119cej na temat tego, jak przydatna jest funkcja automatycznego rozci\u0105gania wst\u0119pnego folii stretch?\" tabindex=\"-1\" >\n\t\t\tPrawa &quot;\t\t<\/a>\n\n\t\t\t\t<\/div>\n\t\t\t\t<div class=\"elementor-post__meta-data\">\n\t\t\t\t\t<span class=\"elementor-post-date\">\n\t\t\t9 lipca 2022 r.\t\t<\/span>\n\t\t\t\t<\/div>\n\t\t\t\t\t<\/div>\n\t\t<\/article>\n\t\t\t\t<article class=\"elementor-post elementor-grid-item post-4815 post type-post status-publish format-standard has-post-thumbnail hentry category-news-approfondimenti\" role=\"listitem\">\n\t\t\t<div class=\"elementor-post__card\">\n\t\t\t\t<a class=\"elementor-post__thumbnail__link\" href=\"https:\/\/www.effe3ti.com\/pl\/avvolgitrici-missione-manutenzione\/\" tabindex=\"-1\" ><div class=\"elementor-post__thumbnail\"><img loading=\"lazy\" decoding=\"async\" width=\"300\" height=\"169\" src=\"https:\/\/www.effe3ti.com\/wp-content\/uploads\/2021\/04\/SpinnyS350-video750-1-300x169.jpg\" class=\"attachment-medium size-medium wp-image-1398\" alt=\"spinny s350 touch owijarka palet\" srcset=\"https:\/\/www.effe3ti.com\/wp-content\/uploads\/2021\/04\/SpinnyS350-video750-1-300x169.jpg 300w, https:\/\/www.effe3ti.com\/wp-content\/uploads\/2021\/04\/SpinnyS350-video750-1-600x338.jpg 600w, https:\/\/www.effe3ti.com\/wp-content\/uploads\/2021\/04\/SpinnyS350-video750-1-1024x576.jpg 1024w, https:\/\/www.effe3ti.com\/wp-content\/uploads\/2021\/04\/SpinnyS350-video750-1-768x432.jpg 768w, https:\/\/www.effe3ti.com\/wp-content\/uploads\/2021\/04\/SpinnyS350-video750-1-1536x864.jpg 1536w, https:\/\/www.effe3ti.com\/wp-content\/uploads\/2021\/04\/SpinnyS350-video750-1.jpg 1802w\" sizes=\"(max-width: 300px) 100vw, 300px\" \/><\/div><\/a>\n\t\t\t\t<div class=\"elementor-post__badge\">Spostrze\u017cenia<\/div>\n\t\t\t\t<div class=\"elementor-post__text\">\n\t\t\t\t<h3 class=\"elementor-post__title\">\n\t\t\t<a href=\"https:\/\/www.effe3ti.com\/pl\/avvolgitrici-missione-manutenzione\/\" >\n\t\t\t\tMaszyny do pakowania: misja konserwacyjna\t\t\t<\/a>\n\t\t<\/h3>\n\t\t\t\t<div class=\"elementor-post__excerpt\">\n\t\t\t<p>Regularna konserwacja owijarek do palet jest oczywi\u015bcie wa\u017cna, chocia\u017c nasze maszyny wymagaj\u0105 niewielkiej konserwacji. To poci\u0105ga za sob\u0105<\/p>\n\t\t<\/div>\n\t\t\n\t\t<a class=\"elementor-post__read-more\" href=\"https:\/\/www.effe3ti.com\/pl\/avvolgitrici-missione-manutenzione\/\" aria-label=\"Dowiedz si\u0119 wi\u0119cej o maszynach do owijania: misja konserwacyjna\" tabindex=\"-1\" >\n\t\t\tPrawa &quot;\t\t<\/a>\n\n\t\t\t\t<\/div>\n\t\t\t\t<div class=\"elementor-post__meta-data\">\n\t\t\t\t\t<span class=\"elementor-post-date\">\n\t\t\t15 listopada 2021 r.\t\t<\/span>\n\t\t\t\t<\/div>\n\t\t\t\t\t<\/div>\n\t\t<\/article>\n\t\t\t\t<article class=\"elementor-post elementor-grid-item post-1408 post type-post status-publish format-standard has-post-thumbnail hentry category-news-approfondimenti category-news-prodotto\" role=\"listitem\">\n\t\t\t<div class=\"elementor-post__card\">\n\t\t\t\t<a class=\"elementor-post__thumbnail__link\" href=\"https:\/\/www.effe3ti.com\/pl\/sempre-piu-richiesta-in-nuova-zelanda\/\" tabindex=\"-1\" ><div class=\"elementor-post__thumbnail\"><img loading=\"lazy\" decoding=\"async\" width=\"300\" height=\"200\" src=\"https:\/\/www.effe3ti.com\/wp-content\/uploads\/2021\/04\/Sealed-Air_03-300x200.jpg\" class=\"attachment-medium size-medium wp-image-886\" alt=\"\" srcset=\"https:\/\/www.effe3ti.com\/wp-content\/uploads\/2021\/04\/Sealed-Air_03-300x200.jpg 300w, https:\/\/www.effe3ti.com\/wp-content\/uploads\/2021\/04\/Sealed-Air_03-600x400.jpg 600w, https:\/\/www.effe3ti.com\/wp-content\/uploads\/2021\/04\/Sealed-Air_03-1024x683.jpg 1024w, https:\/\/www.effe3ti.com\/wp-content\/uploads\/2021\/04\/Sealed-Air_03-768x512.jpg 768w, https:\/\/www.effe3ti.com\/wp-content\/uploads\/2021\/04\/Sealed-Air_03-1536x1024.jpg 1536w, https:\/\/www.effe3ti.com\/wp-content\/uploads\/2021\/04\/Sealed-Air_03-2048x1366.jpg 2048w\" sizes=\"(max-width: 300px) 100vw, 300px\" \/><\/div><\/a>\n\t\t\t\t<div class=\"elementor-post__badge\">Spostrze\u017cenia<\/div>\n\t\t\t\t<div class=\"elementor-post__text\">\n\t\t\t\t<h3 class=\"elementor-post__title\">\n\t\t\t<a href=\"https:\/\/www.effe3ti.com\/pl\/sempre-piu-richiesta-in-nuova-zelanda\/\" >\n\t\t\t\tCoraz wi\u0119ksze zapotrzebowanie w Nowej Zelandii\t\t\t<\/a>\n\t\t<\/h3>\n\t\t\t\t<div class=\"elementor-post__excerpt\">\n\t\t\t<p>Nowozelandzki przemys\u0142 spo\u017cywczy polega na rozwi\u0105zaniach opakowaniowych firmy Sealed Air, aby zachowa\u0107 bezpiecze\u0144stwo \u017cywno\u015bci i zmniejszy\u0107<\/p>\n\t\t<\/div>\n\t\t\n\t\t<a class=\"elementor-post__read-more\" href=\"https:\/\/www.effe3ti.com\/pl\/sempre-piu-richiesta-in-nuova-zelanda\/\" aria-label=\"Przeczytaj wi\u0119cej o rosn\u0105cym popycie w Nowej Zelandii\" tabindex=\"-1\" >\n\t\t\tPrawa &quot;\t\t<\/a>\n\n\t\t\t\t<\/div>\n\t\t\t\t<div class=\"elementor-post__meta-data\">\n\t\t\t\t\t<span class=\"elementor-post-date\">\n\t\t\t2 kwietnia 2021 r.\t\t<\/span>\n\t\t\t\t<\/div>\n\t\t\t\t\t<\/div>\n\t\t<\/article>\n\t\t\t\t<article class=\"elementor-post elementor-grid-item post-1413 post type-post status-publish format-standard has-post-thumbnail hentry category-news-approfondimenti\" role=\"listitem\">\n\t\t\t<div class=\"elementor-post__card\">\n\t\t\t\t<a class=\"elementor-post__thumbnail__link\" href=\"https:\/\/www.effe3ti.com\/pl\/food-beverage\/\" tabindex=\"-1\" ><div class=\"elementor-post__thumbnail\"><img loading=\"lazy\" decoding=\"async\" width=\"300\" height=\"260\" src=\"https:\/\/www.effe3ti.com\/wp-content\/uploads\/2021\/04\/effe3ti-foodbeverage-300x260.jpg\" class=\"attachment-medium size-medium wp-image-1414\" alt=\"jedzenie-nap\u00f3j\" srcset=\"https:\/\/www.effe3ti.com\/wp-content\/uploads\/2021\/04\/effe3ti-foodbeverage-300x260.jpg 300w, https:\/\/www.effe3ti.com\/wp-content\/uploads\/2021\/04\/effe3ti-foodbeverage-600x519.jpg 600w, https:\/\/www.effe3ti.com\/wp-content\/uploads\/2021\/04\/effe3ti-foodbeverage-1024x886.jpg 1024w, https:\/\/www.effe3ti.com\/wp-content\/uploads\/2021\/04\/effe3ti-foodbeverage-768x665.jpg 768w, https:\/\/www.effe3ti.com\/wp-content\/uploads\/2021\/04\/effe3ti-foodbeverage.jpg 1500w\" sizes=\"(max-width: 300px) 100vw, 300px\" \/><\/div><\/a>\n\t\t\t\t<div class=\"elementor-post__badge\">Spostrze\u017cenia<\/div>\n\t\t\t\t<div class=\"elementor-post__text\">\n\t\t\t\t<h3 class=\"elementor-post__title\">\n\t\t\t<a href=\"https:\/\/www.effe3ti.com\/pl\/food-beverage\/\" >\n\t\t\t\t\u017bywno\u015b\u0107 i napoje\t\t\t<\/a>\n\t\t<\/h3>\n\t\t\t\t<div class=\"elementor-post__excerpt\">\n\t\t\t<p>Innowacje i automatyzacja w sektorze napoj\u00f3w spo\u017cywczych Sektor napoj\u00f3w spo\u017cywczych stanowi jeden z filar\u00f3w w\u0142oskiej gospodarki, ceniony na arenie mi\u0119dzynarodowej za swoj\u0105 jako\u015b\u0107,<\/p>\n\t\t<\/div>\n\t\t\n\t\t<a class=\"elementor-post__read-more\" href=\"https:\/\/www.effe3ti.com\/pl\/food-beverage\/\" aria-label=\"Dowiedz si\u0119 wi\u0119cej o \u017cywno\u015bci i napojach\" tabindex=\"-1\" >\n\t\t\tPrawa &quot;\t\t<\/a>\n\n\t\t\t\t<\/div>\n\t\t\t\t<div class=\"elementor-post__meta-data\">\n\t\t\t\t\t<span class=\"elementor-post-date\">\n\t\t\t9 lipca 2021\t\t<\/span>\n\t\t\t\t<\/div>\n\t\t\t\t\t<\/div>\n\t\t<\/article>\n\t\t\t\t<article class=\"elementor-post elementor-grid-item post-1339 post type-post status-publish format-standard has-post-thumbnail hentry category-news-approfondimenti\" role=\"listitem\">\n\t\t\t<div class=\"elementor-post__card\">\n\t\t\t\t<a class=\"elementor-post__thumbnail__link\" href=\"https:\/\/www.effe3ti.com\/pl\/coprire-i-costi-dellautomazione\/\" tabindex=\"-1\" ><div class=\"elementor-post__thumbnail\"><img loading=\"lazy\" decoding=\"async\" width=\"300\" height=\"200\" src=\"https:\/\/www.effe3ti.com\/wp-content\/uploads\/2021\/04\/RotaxS5300-line-300x200.jpg\" class=\"attachment-medium size-medium wp-image-1184\" alt=\"automatyzacja zak\u0142ad\u00f3w pakuj\u0105cych\" srcset=\"https:\/\/www.effe3ti.com\/wp-content\/uploads\/2021\/04\/RotaxS5300-line-300x200.jpg 300w, https:\/\/www.effe3ti.com\/wp-content\/uploads\/2021\/04\/RotaxS5300-line-600x400.jpg 600w, https:\/\/www.effe3ti.com\/wp-content\/uploads\/2021\/04\/RotaxS5300-line-1024x683.jpg 1024w, https:\/\/www.effe3ti.com\/wp-content\/uploads\/2021\/04\/RotaxS5300-line-768x513.jpg 768w, https:\/\/www.effe3ti.com\/wp-content\/uploads\/2021\/04\/RotaxS5300-line.jpg 1500w\" sizes=\"(max-width: 300px) 100vw, 300px\" \/><\/div><\/a>\n\t\t\t\t<div class=\"elementor-post__badge\">Spostrze\u017cenia<\/div>\n\t\t\t\t<div class=\"elementor-post__text\">\n\t\t\t\t<h3 class=\"elementor-post__title\">\n\t\t\t<a href=\"https:\/\/www.effe3ti.com\/pl\/coprire-i-costi-dellautomazione\/\" >\n\t\t\t\tPokrycie koszt\u00f3w automatyzacji\t\t\t<\/a>\n\t\t<\/h3>\n\t\t\t\t<div class=\"elementor-post__excerpt\">\n\t\t\t<p>Kilka prostych rozwa\u017ca\u0144 mo\u017ce wskaza\u0107, \u017ce nadszed\u0142 czas na automatyzacj\u0119. Mo\u017cesz my\u015ble\u0107, \u017ce r\u0119czne pakowanie jest najwygodniejsz\u0105 metod\u0105.<\/p>\n\t\t<\/div>\n\t\t\n\t\t<a class=\"elementor-post__read-more\" href=\"https:\/\/www.effe3ti.com\/pl\/coprire-i-costi-dellautomazione\/\" aria-label=\"Dowiedz si\u0119 wi\u0119cej o pokryciu koszt\u00f3w automatyzacji\" tabindex=\"-1\" >\n\t\t\tPrawa &quot;\t\t<\/a>\n\n\t\t\t\t<\/div>\n\t\t\t\t<div class=\"elementor-post__meta-data\">\n\t\t\t\t\t<span class=\"elementor-post-date\">\n\t\t\t12 sierpnia 2020\t\t<\/span>\n\t\t\t\t<\/div>\n\t\t\t\t\t<\/div>\n\t\t<\/article>\n\t\t\t\t<article class=\"elementor-post elementor-grid-item post-786 post type-post status-publish format-standard has-post-thumbnail hentry category-news-approfondimenti category-news-prodotto\" role=\"listitem\">\n\t\t\t<div class=\"elementor-post__card\">\n\t\t\t\t<a class=\"elementor-post__thumbnail__link\" href=\"https:\/\/www.effe3ti.com\/pl\/la-forza-dellacciaio\/\" tabindex=\"-1\" ><div class=\"elementor-post__thumbnail\"><img loading=\"lazy\" decoding=\"async\" width=\"200\" height=\"300\" src=\"https:\/\/www.effe3ti.com\/wp-content\/uploads\/2021\/04\/Rotax3300-Inox-200x300.jpg\" class=\"attachment-medium size-medium wp-image-1171\" alt=\"maszyna do owijania palet stalowa\" srcset=\"https:\/\/www.effe3ti.com\/wp-content\/uploads\/2021\/04\/Rotax3300-Inox-200x300.jpg 200w, https:\/\/www.effe3ti.com\/wp-content\/uploads\/2021\/04\/Rotax3300-Inox-600x899.jpg 600w, https:\/\/www.effe3ti.com\/wp-content\/uploads\/2021\/04\/Rotax3300-Inox-683x1024.jpg 683w, https:\/\/www.effe3ti.com\/wp-content\/uploads\/2021\/04\/Rotax3300-Inox-768x1151.jpg 768w, https:\/\/www.effe3ti.com\/wp-content\/uploads\/2021\/04\/Rotax3300-Inox.jpg 1001w\" sizes=\"(max-width: 200px) 100vw, 200px\" \/><\/div><\/a>\n\t\t\t\t<div class=\"elementor-post__badge\">Spostrze\u017cenia<\/div>\n\t\t\t\t<div class=\"elementor-post__text\">\n\t\t\t\t<h3 class=\"elementor-post__title\">\n\t\t\t<a href=\"https:\/\/www.effe3ti.com\/pl\/la-forza-dellacciaio\/\" >\n\t\t\t\tSi\u0142a stali\t\t\t<\/a>\n\t\t<\/h3>\n\t\t\t\t<div class=\"elementor-post__excerpt\">\n\t\t\t<p>W niekt\u00f3rych sektorach przemys\u0142u przetwarzanie produkt\u00f3w, a tak\u017ce ich ko\u0144cowe pakowanie odbywa si\u0119 w wilgotnym \u015brodowisku i\/lub w obecno\u015bci<\/p>\n\t\t<\/div>\n\t\t\n\t\t<a class=\"elementor-post__read-more\" href=\"https:\/\/www.effe3ti.com\/pl\/la-forza-dellacciaio\/\" aria-label=\"Przeczytaj wi\u0119cej o sile stali\" tabindex=\"-1\" >\n\t\t\tPrawa &quot;\t\t<\/a>\n\n\t\t\t\t<\/div>\n\t\t\t\t<div class=\"elementor-post__meta-data\">\n\t\t\t\t\t<span class=\"elementor-post-date\">\n\t\t\t7 kwietnia 2020 r.\t\t<\/span>\n\t\t\t\t<\/div>\n\t\t\t\t\t<\/div>\n\t\t<\/article>\n\t\t\t\t<article class=\"elementor-post elementor-grid-item post-615 post type-post status-publish format-standard has-post-thumbnail hentry category-news-approfondimenti category-news-evidenza category-news-prodotto\" role=\"listitem\">\n\t\t\t<div class=\"elementor-post__card\">\n\t\t\t\t<a class=\"elementor-post__thumbnail__link\" href=\"https:\/\/www.effe3ti.com\/pl\/come-scegliere-una-avvolgitrice\/\" tabindex=\"-1\" ><div class=\"elementor-post__thumbnail\"><img loading=\"lazy\" decoding=\"async\" width=\"300\" height=\"300\" src=\"https:\/\/www.effe3ti.com\/wp-content\/uploads\/2021\/04\/Spinny-S200-ExtPanel-1-300x300.jpg\" class=\"attachment-medium size-medium wp-image-52\" alt=\"wybierz nawijark\u0119\" srcset=\"https:\/\/www.effe3ti.com\/wp-content\/uploads\/2021\/04\/Spinny-S200-ExtPanel-1-300x300.jpg 300w, https:\/\/www.effe3ti.com\/wp-content\/uploads\/2021\/04\/Spinny-S200-ExtPanel-1-100x100.jpg 100w, https:\/\/www.effe3ti.com\/wp-content\/uploads\/2021\/04\/Spinny-S200-ExtPanel-1-600x600.jpg 600w, https:\/\/www.effe3ti.com\/wp-content\/uploads\/2021\/04\/Spinny-S200-ExtPanel-1-1024x1024.jpg 1024w, https:\/\/www.effe3ti.com\/wp-content\/uploads\/2021\/04\/Spinny-S200-ExtPanel-1-150x150.jpg 150w, https:\/\/www.effe3ti.com\/wp-content\/uploads\/2021\/04\/Spinny-S200-ExtPanel-1-768x768.jpg 768w, https:\/\/www.effe3ti.com\/wp-content\/uploads\/2021\/04\/Spinny-S200-ExtPanel-1.jpg 1200w\" sizes=\"(max-width: 300px) 100vw, 300px\" \/><\/div><\/a>\n\t\t\t\t<div class=\"elementor-post__badge\">Spostrze\u017cenia<\/div>\n\t\t\t\t<div class=\"elementor-post__text\">\n\t\t\t\t<h3 class=\"elementor-post__title\">\n\t\t\t<a href=\"https:\/\/www.effe3ti.com\/pl\/come-scegliere-una-avvolgitrice\/\" >\n\t\t\t\tJak wybra\u0107 maszyn\u0119 pakuj\u0105c\u0105\t\t\t<\/a>\n\t\t<\/h3>\n\t\t\t\t<div class=\"elementor-post__excerpt\">\n\t\t\t<p>Prosty przewodnik po wyborze maszyny pakuj\u0105cej Opakowanie jest skonsolidowan\u0105 potrzeb\u0105 zapewnienia ochrony produktu podczas obs\u0142ugi, przechowywania i transportu.<\/p>\n\t\t<\/div>\n\t\t\n\t\t<a class=\"elementor-post__read-more\" href=\"https:\/\/www.effe3ti.com\/pl\/come-scegliere-una-avvolgitrice\/\" aria-label=\"Przeczytaj wi\u0119cej o tym, jak wybra\u0107 maszyn\u0119 pakuj\u0105c\u0105\" tabindex=\"-1\" >\n\t\t\tPrawa &quot;\t\t<\/a>\n\n\t\t\t\t<\/div>\n\t\t\t\t<div class=\"elementor-post__meta-data\">\n\t\t\t\t\t<span class=\"elementor-post-date\">\n\t\t\t4 kwietnia 2020 r.\t\t<\/span>\n\t\t\t\t<\/div>\n\t\t\t\t\t<\/div>\n\t\t<\/article>\n\t\t\t\t<article class=\"elementor-post elementor-grid-item post-828 post type-post status-publish format-standard has-post-thumbnail hentry category-news-approfondimenti category-news-prodotto\" role=\"listitem\">\n\t\t\t<div class=\"elementor-post__card\">\n\t\t\t\t<a class=\"elementor-post__thumbnail__link\" href=\"https:\/\/www.effe3ti.com\/pl\/lavvolgimento-manuale-non-e-economicamente-vantaggioso\/\" tabindex=\"-1\" ><div class=\"elementor-post__thumbnail\"><img loading=\"lazy\" decoding=\"async\" width=\"300\" height=\"200\" src=\"https:\/\/www.effe3ti.com\/wp-content\/uploads\/2021\/04\/avvolgimento-manuale-300x200.jpg\" class=\"attachment-medium size-medium wp-image-829\" alt=\"nakr\u0119canie r\u0119czne\" srcset=\"https:\/\/www.effe3ti.com\/wp-content\/uploads\/2021\/04\/avvolgimento-manuale-300x200.jpg 300w, https:\/\/www.effe3ti.com\/wp-content\/uploads\/2021\/04\/avvolgimento-manuale-600x400.jpg 600w, https:\/\/www.effe3ti.com\/wp-content\/uploads\/2021\/04\/avvolgimento-manuale-1024x683.jpg 1024w, https:\/\/www.effe3ti.com\/wp-content\/uploads\/2021\/04\/avvolgimento-manuale-768x512.jpg 768w, https:\/\/www.effe3ti.com\/wp-content\/uploads\/2021\/04\/avvolgimento-manuale.jpg 1500w\" sizes=\"(max-width: 300px) 100vw, 300px\" \/><\/div><\/a>\n\t\t\t\t<div class=\"elementor-post__badge\">Spostrze\u017cenia<\/div>\n\t\t\t\t<div class=\"elementor-post__text\">\n\t\t\t\t<h3 class=\"elementor-post__title\">\n\t\t\t<a href=\"https:\/\/www.effe3ti.com\/pl\/lavvolgimento-manuale-non-e-economicamente-vantaggioso\/\" >\n\t\t\t\tR\u0119czne nakr\u0119canie nie jest tanie\t\t\t<\/a>\n\t\t<\/h3>\n\t\t\t\t<div class=\"elementor-post__excerpt\">\n\t\t\t<p>Udzia\u0142 w targach bran\u017cowych to najlepsza okazja, aby spotka\u0107 si\u0119 z klientami i sprzedawcami detalicznymi, dowiedzie\u0107 si\u0119 wi\u0119cej o problemach i zobaczy\u0107, co nowego. W ostatnich latach<\/p>\n\t\t<\/div>\n\t\t\n\t\t<a class=\"elementor-post__read-more\" href=\"https:\/\/www.effe3ti.com\/pl\/lavvolgimento-manuale-non-e-economicamente-vantaggioso\/\" aria-label=\"Przeczytaj wi\u0119cej o tym, \u017ce nakr\u0119canie r\u0119czne nie jest tanie\" tabindex=\"-1\" >\n\t\t\tPrawa &quot;\t\t<\/a>\n\n\t\t\t\t<\/div>\n\t\t\t\t<div class=\"elementor-post__meta-data\">\n\t\t\t\t\t<span class=\"elementor-post-date\">\n\t\t\t1 kwietnia 2020 r.\t\t<\/span>\n\t\t\t\t<\/div>\n\t\t\t\t\t<\/div>\n\t\t<\/article>\n\t\t\t\t<article class=\"elementor-post elementor-grid-item post-819 post type-post status-publish format-standard has-post-thumbnail hentry category-news-approfondimenti\" role=\"listitem\">\n\t\t\t<div class=\"elementor-post__card\">\n\t\t\t\t<a class=\"elementor-post__thumbnail__link\" href=\"https:\/\/www.effe3ti.com\/pl\/evitare-la-rottura-del-film-estensibile\/\" tabindex=\"-1\" ><div class=\"elementor-post__thumbnail\"><img loading=\"lazy\" decoding=\"async\" width=\"300\" height=\"169\" src=\"https:\/\/www.effe3ti.com\/wp-content\/uploads\/2021\/04\/Film-estensibile-300x169.jpg\" class=\"attachment-medium size-medium wp-image-820\" alt=\"folia rozci\u0105gliwa\" srcset=\"https:\/\/www.effe3ti.com\/wp-content\/uploads\/2021\/04\/Film-estensibile-300x169.jpg 300w, https:\/\/www.effe3ti.com\/wp-content\/uploads\/2021\/04\/Film-estensibile-600x338.jpg 600w, https:\/\/www.effe3ti.com\/wp-content\/uploads\/2021\/04\/Film-estensibile-1024x576.jpg 1024w, https:\/\/www.effe3ti.com\/wp-content\/uploads\/2021\/04\/Film-estensibile-768x432.jpg 768w, https:\/\/www.effe3ti.com\/wp-content\/uploads\/2021\/04\/Film-estensibile-1536x864.jpg 1536w, https:\/\/www.effe3ti.com\/wp-content\/uploads\/2021\/04\/Film-estensibile.jpg 1600w\" sizes=\"(max-width: 300px) 100vw, 300px\" \/><\/div><\/a>\n\t\t\t\t<div class=\"elementor-post__badge\">Spostrze\u017cenia<\/div>\n\t\t\t\t<div class=\"elementor-post__text\">\n\t\t\t\t<h3 class=\"elementor-post__title\">\n\t\t\t<a href=\"https:\/\/www.effe3ti.com\/pl\/evitare-la-rottura-del-film-estensibile\/\" >\n\t\t\t\tUnikanie p\u0119kania folii stretch\t\t\t<\/a>\n\t\t<\/h3>\n\t\t\t\t<div class=\"elementor-post__excerpt\">\n\t\t\t<p>Regularne p\u0119kanie folii stretch podczas owijania jest cz\u0119sto kosztowne i niew\u0105tpliwie frustruj\u0105ce dla firm. Przed dotarciem do<\/p>\n\t\t<\/div>\n\t\t\n\t\t<a class=\"elementor-post__read-more\" href=\"https:\/\/www.effe3ti.com\/pl\/evitare-la-rottura-del-film-estensibile\/\" aria-label=\"Dowiedz si\u0119 wi\u0119cej o zapobieganiu p\u0119kaniu folii stretch\" tabindex=\"-1\" >\n\t\t\tPrawa &quot;\t\t<\/a>\n\n\t\t\t\t<\/div>\n\t\t\t\t<div class=\"elementor-post__meta-data\">\n\t\t\t\t\t<span class=\"elementor-post-date\">\n\t\t\t1 kwietnia 2020 r.\t\t<\/span>\n\t\t\t\t<\/div>\n\t\t\t\t\t<\/div>\n\t\t<\/article>\n\t\t\t\t<article class=\"elementor-post elementor-grid-item post-844 post type-post status-publish format-standard has-post-thumbnail hentry category-news-approfondimenti\" role=\"listitem\">\n\t\t\t<div class=\"elementor-post__card\">\n\t\t\t\t<a class=\"elementor-post__thumbnail__link\" href=\"https:\/\/www.effe3ti.com\/pl\/la-vostra-avvolgitrice-durera-a-lungo\/\" tabindex=\"-1\" ><div class=\"elementor-post__thumbnail\"><img loading=\"lazy\" decoding=\"async\" width=\"300\" height=\"201\" src=\"https:\/\/www.effe3ti.com\/wp-content\/uploads\/2021\/04\/Tools-300x201.jpg\" class=\"attachment-medium size-medium wp-image-845\" alt=\"konserwacja maszyny nawijaj\u0105cej\" srcset=\"https:\/\/www.effe3ti.com\/wp-content\/uploads\/2021\/04\/Tools-300x201.jpg 300w, https:\/\/www.effe3ti.com\/wp-content\/uploads\/2021\/04\/Tools-600x402.jpg 600w, https:\/\/www.effe3ti.com\/wp-content\/uploads\/2021\/04\/Tools-1024x685.jpg 1024w, https:\/\/www.effe3ti.com\/wp-content\/uploads\/2021\/04\/Tools-768x514.jpg 768w, https:\/\/www.effe3ti.com\/wp-content\/uploads\/2021\/04\/Tools.jpg 1200w\" sizes=\"(max-width: 300px) 100vw, 300px\" \/><\/div><\/a>\n\t\t\t\t<div class=\"elementor-post__badge\">Spostrze\u017cenia<\/div>\n\t\t\t\t<div class=\"elementor-post__text\">\n\t\t\t\t<h3 class=\"elementor-post__title\">\n\t\t\t<a href=\"https:\/\/www.effe3ti.com\/pl\/la-vostra-avvolgitrice-durera-a-lungo\/\" >\n\t\t\t\tKonserwacja maszyny pakuj\u0105cej\t\t\t<\/a>\n\t\t<\/h3>\n\t\t\t\t<div class=\"elementor-post__excerpt\">\n\t\t\t<p>Wskaz\u00f3wki dotycz\u0105ce piel\u0119gnacji i konserwacji maszyny do owijania sto\u0142u obrotowego Wysokiej jako\u015bci komponenty i nowoczesna in\u017cynieria, oferuj\u0105<\/p>\n\t\t<\/div>\n\t\t\n\t\t<a class=\"elementor-post__read-more\" href=\"https:\/\/www.effe3ti.com\/pl\/la-vostra-avvolgitrice-durera-a-lungo\/\" aria-label=\"Dowiedz si\u0119 wi\u0119cej o konserwacji maszyny do owijania\" tabindex=\"-1\" >\n\t\t\tPrawa &quot;\t\t<\/a>\n\n\t\t\t\t<\/div>\n\t\t\t\t<div class=\"elementor-post__meta-data\">\n\t\t\t\t\t<span class=\"elementor-post-date\">\n\t\t\t7 sierpnia 2019\t\t<\/span>\n\t\t\t\t<\/div>\n\t\t\t\t\t<\/div>\n\t\t<\/article>\n\t\t\t\t<article class=\"elementor-post elementor-grid-item post-630 post type-post status-publish format-standard has-post-thumbnail hentry category-news-approfondimenti\" role=\"listitem\">\n\t\t\t<div class=\"elementor-post__card\">\n\t\t\t\t<a class=\"elementor-post__thumbnail__link\" href=\"https:\/\/www.effe3ti.com\/pl\/effe3ti-e-le-tecnologie-ambientali\/\" tabindex=\"-1\" ><div class=\"elementor-post__thumbnail\"><img loading=\"lazy\" decoding=\"async\" width=\"300\" height=\"169\" src=\"https:\/\/www.effe3ti.com\/wp-content\/uploads\/2021\/04\/TecnologieAmbientali-300x169.jpg\" class=\"attachment-medium size-medium wp-image-632\" alt=\"\u015brodowisko\" srcset=\"https:\/\/www.effe3ti.com\/wp-content\/uploads\/2021\/04\/TecnologieAmbientali-300x169.jpg 300w, https:\/\/www.effe3ti.com\/wp-content\/uploads\/2021\/04\/TecnologieAmbientali-600x338.jpg 600w, https:\/\/www.effe3ti.com\/wp-content\/uploads\/2021\/04\/TecnologieAmbientali-1024x576.jpg 1024w, https:\/\/www.effe3ti.com\/wp-content\/uploads\/2021\/04\/TecnologieAmbientali-768x432.jpg 768w, https:\/\/www.effe3ti.com\/wp-content\/uploads\/2021\/04\/TecnologieAmbientali-1536x864.jpg 1536w, https:\/\/www.effe3ti.com\/wp-content\/uploads\/2021\/04\/TecnologieAmbientali.jpg 1600w\" sizes=\"(max-width: 300px) 100vw, 300px\" \/><\/div><\/a>\n\t\t\t\t<div class=\"elementor-post__badge\">Spostrze\u017cenia<\/div>\n\t\t\t\t<div class=\"elementor-post__text\">\n\t\t\t\t<h3 class=\"elementor-post__title\">\n\t\t\t<a href=\"https:\/\/www.effe3ti.com\/pl\/effe3ti-e-le-tecnologie-ambientali\/\" >\n\t\t\t\tEFFE3ti i technologie dla \u015brodowiska\t\t\t<\/a>\n\t\t<\/h3>\n\t\t\t\t<div class=\"elementor-post__excerpt\">\n\t\t\t<p>Odpady, zasoby wodne i energia \u2013 szanse dla w\u0142oskiej zielonej gospodarki We W\u0142oszech du\u017ca cz\u0119\u015b\u0107 infrastruktury dla<\/p>\n\t\t<\/div>\n\t\t\n\t\t<a class=\"elementor-post__read-more\" href=\"https:\/\/www.effe3ti.com\/pl\/effe3ti-e-le-tecnologie-ambientali\/\" aria-label=\"Dowiedz si\u0119 wi\u0119cej o EFFE3ti i technologiach \u015brodowiskowych\" tabindex=\"-1\" >\n\t\t\tPrawa &quot;\t\t<\/a>\n\n\t\t\t\t<\/div>\n\t\t\t\t<div class=\"elementor-post__meta-data\">\n\t\t\t\t\t<span class=\"elementor-post-date\">\n\t\t\t4, 2019\t\t<\/span>\n\t\t\t\t<\/div>\n\t\t\t\t\t<\/div>\n\t\t<\/article>\n\t\t\t\t<article class=\"elementor-post elementor-grid-item post-810 post type-post status-publish format-standard has-post-thumbnail hentry category-news-approfondimenti\" role=\"listitem\">\n\t\t\t<div class=\"elementor-post__card\">\n\t\t\t\t<a class=\"elementor-post__thumbnail__link\" href=\"https:\/\/www.effe3ti.com\/pl\/effe3ti-e-lefficienza-energetica\/\" tabindex=\"-1\" ><div class=\"elementor-post__thumbnail\"><img loading=\"lazy\" decoding=\"async\" width=\"300\" height=\"169\" src=\"https:\/\/www.effe3ti.com\/wp-content\/uploads\/2021\/04\/Riciclo-300x169.jpg\" class=\"attachment-medium size-medium wp-image-814\" alt=\"recykling materia\u0142\u00f3w\" srcset=\"https:\/\/www.effe3ti.com\/wp-content\/uploads\/2021\/04\/Riciclo-300x169.jpg 300w, https:\/\/www.effe3ti.com\/wp-content\/uploads\/2021\/04\/Riciclo-600x338.jpg 600w, https:\/\/www.effe3ti.com\/wp-content\/uploads\/2021\/04\/Riciclo-1024x576.jpg 1024w, https:\/\/www.effe3ti.com\/wp-content\/uploads\/2021\/04\/Riciclo-768x432.jpg 768w, https:\/\/www.effe3ti.com\/wp-content\/uploads\/2021\/04\/Riciclo-1536x864.jpg 1536w, https:\/\/www.effe3ti.com\/wp-content\/uploads\/2021\/04\/Riciclo.jpg 1600w\" sizes=\"(max-width: 300px) 100vw, 300px\" \/><\/div><\/a>\n\t\t\t\t<div class=\"elementor-post__badge\">Spostrze\u017cenia<\/div>\n\t\t\t\t<div class=\"elementor-post__text\">\n\t\t\t\t<h3 class=\"elementor-post__title\">\n\t\t\t<a href=\"https:\/\/www.effe3ti.com\/pl\/effe3ti-e-lefficienza-energetica\/\" >\n\t\t\t\tEffe3ti Packaging Technologies i efektywno\u015b\u0107 energetyczna\t\t\t<\/a>\n\t\t<\/h3>\n\t\t\t\t<div class=\"elementor-post__excerpt\">\n\t\t\t<p>Zdolno\u015b\u0107 uk\u0142adu fizycznego do osi\u0105gni\u0119cia okre\u015blonego rezultatu przy wykorzystaniu mniejszej ilo\u015bci energii ni\u017c inne uk\u0142ady (tzw. uk\u0142ady o ni\u017cszej energii).<\/p>\n\t\t<\/div>\n\t\t\n\t\t<a class=\"elementor-post__read-more\" href=\"https:\/\/www.effe3ti.com\/pl\/effe3ti-e-lefficienza-energetica\/\" aria-label=\"Dowiedz si\u0119 wi\u0119cej o technologiach pakowania Effe3ti i efektywno\u015bci energetycznej\" tabindex=\"-1\" >\n\t\t\tPrawa &quot;\t\t<\/a>\n\n\t\t\t\t<\/div>\n\t\t\t\t<div class=\"elementor-post__meta-data\">\n\t\t\t\t\t<span class=\"elementor-post-date\">\n\t\t\t25 kwietnia 2018\t\t<\/span>\n\t\t\t\t<\/div>\n\t\t\t\t\t<\/div>\n\t\t<\/article>\n\t\t\t\t<\/div>\n\t\t\n\t\t\t\t\t\t<\/div>\n\t\t\t\t<\/div>\n\t\t\t\t\t<\/div>\n\t\t<\/div>\n\t\t\t\t\t<\/div>\n\t\t<\/section>\n\t\t\t\t<section class=\"elementor-section elementor-top-section elementor-element elementor-element-f9552fe elementor-section-boxed elementor-section-height-default elementor-section-height-default\" data-id=\"f9552fe\" data-element_type=\"section\" data-e-type=\"section\">\n\t\t\t\t\t\t<div class=\"elementor-container elementor-column-gap-default\">\n\t\t\t\t\t<div class=\"elementor-column elementor-col-100 elementor-top-column elementor-element elementor-element-1ebf7a9\" data-id=\"1ebf7a9\" data-element_type=\"column\" data-e-type=\"column\">\n\t\t\t<div class=\"elementor-widget-wrap elementor-element-populated\">\n\t\t\t\t\t\t<div class=\"elementor-element elementor-element-2f554c7 elementor-widget elementor-widget-spacer\" data-id=\"2f554c7\" data-element_type=\"widget\" data-e-type=\"widget\" data-widget_type=\"spacer.default\">\n\t\t\t\t<div class=\"elementor-widget-container\">\n\t\t\t\t\t\t\t<div class=\"elementor-spacer\">\n\t\t\t<div class=\"elementor-spacer-inner\"><\/div>\n\t\t<\/div>\n\t\t\t\t\t\t<\/div>\n\t\t\t\t<\/div>\n\t\t\t\t\t<\/div>\n\t\t<\/div>\n\t\t\t\t\t<\/div>\n\t\t<\/section>\n\t\t\t\t<\/div>","protected":false},"excerpt":{"rendered":"","protected":false},"author":1,"featured_media":334,"parent":0,"menu_order":0,"comment_status":"closed","ping_status":"closed","template":"","meta":{"footnotes":""},"class_list":["post-3979","page","type-page","status-publish","has-post-thumbnail","hentry"],"yoast_head":"<!-- This site is optimized with the Yoast SEO plugin v27.5 - https:\/\/yoast.com\/product\/yoast-seo-wordpress\/ -->\n<title>News - Approfondimenti - Effe3ti<\/title>\n<meta name=\"description\" content=\"EFFE3ti Packaging Technologies. Le novit\u00e0 sui nostri prodotti, installazioni, approfondimenti e consigli utili\" \/>\n<meta name=\"robots\" content=\"index, follow, max-snippet:-1, max-image-preview:large, max-video-preview:-1\" \/>\n<link rel=\"canonical\" href=\"https:\/\/www.effe3ti.com\/pl\/spostrzezenia-dotyczace-wiadomosci\/\" \/>\n<meta property=\"og:locale\" content=\"pl_PL\" \/>\n<meta property=\"og:type\" content=\"article\" \/>\n<meta property=\"og:title\" content=\"News - Approfondimenti - Effe3ti\" \/>\n<meta property=\"og:description\" content=\"EFFE3ti Packaging Technologies. Le novit\u00e0 sui nostri prodotti, installazioni, approfondimenti e consigli utili\" \/>\n<meta property=\"og:url\" content=\"https:\/\/www.effe3ti.com\/pl\/spostrzezenia-dotyczace-wiadomosci\/\" \/>\n<meta property=\"og:site_name\" content=\"Effe3ti\" \/>\n<meta property=\"article:publisher\" content=\"https:\/\/www.facebook.com\/effe3ti.packaging\" \/>\n<meta property=\"article:modified_time\" content=\"2021-10-21T13:57:59+00:00\" \/>\n<meta property=\"og:image\" content=\"https:\/\/www.effe3ti.com\/wp-content\/uploads\/2021\/04\/Effe3ti_logo-solomani-color-512.png\" \/>\n\t<meta property=\"og:image:width\" content=\"512\" \/>\n\t<meta property=\"og:image:height\" content=\"443\" \/>\n\t<meta property=\"og:image:type\" content=\"image\/png\" \/>\n<meta name=\"twitter:card\" content=\"summary_large_image\" \/>\n<meta name=\"twitter:label1\" content=\"Szacowany czas czytania\" \/>\n\t<meta name=\"twitter:data1\" content=\"4 minuty\" \/>\n<script type=\"application\/ld+json\" class=\"yoast-schema-graph\">{\"@context\":\"https:\\\/\\\/schema.org\",\"@graph\":[{\"@type\":\"WebPage\",\"@id\":\"https:\\\/\\\/www.effe3ti.com\\\/news-approfondimenti\\\/\",\"url\":\"https:\\\/\\\/www.effe3ti.com\\\/news-approfondimenti\\\/\",\"name\":\"News - Approfondimenti - Effe3ti\",\"isPartOf\":{\"@id\":\"https:\\\/\\\/www.effe3ti.com\\\/#website\"},\"primaryImageOfPage\":{\"@id\":\"https:\\\/\\\/www.effe3ti.com\\\/news-approfondimenti\\\/#primaryimage\"},\"image\":{\"@id\":\"https:\\\/\\\/www.effe3ti.com\\\/news-approfondimenti\\\/#primaryimage\"},\"thumbnailUrl\":\"https:\\\/\\\/www.effe3ti.com\\\/wp-content\\\/uploads\\\/2021\\\/04\\\/Effe3ti_logo-solomani-color-512.png\",\"datePublished\":\"2021-10-21T13:57:15+00:00\",\"dateModified\":\"2021-10-21T13:57:59+00:00\",\"description\":\"EFFE3ti Packaging Technologies. Le novit\u00e0 sui nostri prodotti, installazioni, approfondimenti e consigli utili\",\"breadcrumb\":{\"@id\":\"https:\\\/\\\/www.effe3ti.com\\\/news-approfondimenti\\\/#breadcrumb\"},\"inLanguage\":\"pl-PL\",\"potentialAction\":[{\"@type\":\"ReadAction\",\"target\":[\"https:\\\/\\\/www.effe3ti.com\\\/news-approfondimenti\\\/\"]}]},{\"@type\":\"ImageObject\",\"inLanguage\":\"pl-PL\",\"@id\":\"https:\\\/\\\/www.effe3ti.com\\\/news-approfondimenti\\\/#primaryimage\",\"url\":\"https:\\\/\\\/www.effe3ti.com\\\/wp-content\\\/uploads\\\/2021\\\/04\\\/Effe3ti_logo-solomani-color-512.png\",\"contentUrl\":\"https:\\\/\\\/www.effe3ti.com\\\/wp-content\\\/uploads\\\/2021\\\/04\\\/Effe3ti_logo-solomani-color-512.png\",\"width\":512,\"height\":443},{\"@type\":\"BreadcrumbList\",\"@id\":\"https:\\\/\\\/www.effe3ti.com\\\/news-approfondimenti\\\/#breadcrumb\",\"itemListElement\":[{\"@type\":\"ListItem\",\"position\":1,\"name\":\"Home\",\"item\":\"https:\\\/\\\/www.effe3ti.com\\\/\"},{\"@type\":\"ListItem\",\"position\":2,\"name\":\"News &#8211; Approfondimenti\"}]},{\"@type\":\"WebSite\",\"@id\":\"https:\\\/\\\/www.effe3ti.com\\\/#website\",\"url\":\"https:\\\/\\\/www.effe3ti.com\\\/\",\"name\":\"Effe3ti\",\"description\":\"Packaging Technologies\",\"publisher\":{\"@id\":\"https:\\\/\\\/www.effe3ti.com\\\/#organization\"},\"potentialAction\":[{\"@type\":\"SearchAction\",\"target\":{\"@type\":\"EntryPoint\",\"urlTemplate\":\"https:\\\/\\\/www.effe3ti.com\\\/?s={search_term_string}\"},\"query-input\":{\"@type\":\"PropertyValueSpecification\",\"valueRequired\":true,\"valueName\":\"search_term_string\"}}],\"inLanguage\":\"pl-PL\"},{\"@type\":\"Organization\",\"@id\":\"https:\\\/\\\/www.effe3ti.com\\\/#organization\",\"name\":\"Effe3ti\",\"alternateName\":\"f3t\",\"url\":\"https:\\\/\\\/www.effe3ti.com\\\/\",\"logo\":{\"@type\":\"ImageObject\",\"inLanguage\":\"pl-PL\",\"@id\":\"https:\\\/\\\/www.effe3ti.com\\\/#\\\/schema\\\/logo\\\/image\\\/\",\"url\":\"https:\\\/\\\/www.effe3ti.com\\\/wp-content\\\/uploads\\\/2021\\\/04\\\/Effe3ti_logo-350.gif\",\"contentUrl\":\"https:\\\/\\\/www.effe3ti.com\\\/wp-content\\\/uploads\\\/2021\\\/04\\\/Effe3ti_logo-350.gif\",\"width\":350,\"height\":128,\"caption\":\"Effe3ti\"},\"image\":{\"@id\":\"https:\\\/\\\/www.effe3ti.com\\\/#\\\/schema\\\/logo\\\/image\\\/\"},\"sameAs\":[\"https:\\\/\\\/www.facebook.com\\\/effe3ti.packaging\",\"https:\\\/\\\/www.instagram.com\\\/EFFE3TI\\\/\",\"https:\\\/\\\/www.linkedin.com\\\/company\\\/effe3ti-srl\",\"https:\\\/\\\/www.youtube.com\\\/effe3ti\"]}]}<\/script>\n<!-- \/ Yoast SEO plugin. -->","yoast_head_json":{"title":"Aktualno\u015bci - Spostrze\u017cenia - Effe3ti","description":"Technologie pakowania EFFE3ti. Aktualno\u015bci o naszych produktach, instalacjach, spostrze\u017cenia i przydatne porady","robots":{"index":"index","follow":"follow","max-snippet":"max-snippet:-1","max-image-preview":"max-image-preview:large","max-video-preview":"max-video-preview:-1"},"canonical":"https:\/\/www.effe3ti.com\/pl\/spostrzezenia-dotyczace-wiadomosci\/","og_locale":"pl_PL","og_type":"article","og_title":"News - Approfondimenti - Effe3ti","og_description":"EFFE3ti Packaging Technologies. Le novit\u00e0 sui nostri prodotti, installazioni, approfondimenti e consigli utili","og_url":"https:\/\/www.effe3ti.com\/pl\/spostrzezenia-dotyczace-wiadomosci\/","og_site_name":"Effe3ti","article_publisher":"https:\/\/www.facebook.com\/effe3ti.packaging","article_modified_time":"2021-10-21T13:57:59+00:00","og_image":[{"width":512,"height":443,"url":"https:\/\/www.effe3ti.com\/wp-content\/uploads\/2021\/04\/Effe3ti_logo-solomani-color-512.png","type":"image\/png"}],"twitter_card":"summary_large_image","twitter_misc":{"Szacowany czas czytania":"4 minuty"},"schema":{"@context":"https:\/\/schema.org","@graph":[{"@type":"WebPage","@id":"https:\/\/www.effe3ti.com\/news-approfondimenti\/","url":"https:\/\/www.effe3ti.com\/news-approfondimenti\/","name":"Aktualno\u015bci - Spostrze\u017cenia - Effe3ti","isPartOf":{"@id":"https:\/\/www.effe3ti.com\/#website"},"primaryImageOfPage":{"@id":"https:\/\/www.effe3ti.com\/news-approfondimenti\/#primaryimage"},"image":{"@id":"https:\/\/www.effe3ti.com\/news-approfondimenti\/#primaryimage"},"thumbnailUrl":"https:\/\/www.effe3ti.com\/wp-content\/uploads\/2021\/04\/Effe3ti_logo-solomani-color-512.png","datePublished":"2021-10-21T13:57:15+00:00","dateModified":"2021-10-21T13:57:59+00:00","description":"Technologie pakowania EFFE3ti. Aktualno\u015bci o naszych produktach, instalacjach, spostrze\u017cenia i przydatne porady","breadcrumb":{"@id":"https:\/\/www.effe3ti.com\/news-approfondimenti\/#breadcrumb"},"inLanguage":"pl-PL","potentialAction":[{"@type":"ReadAction","target":["https:\/\/www.effe3ti.com\/news-approfondimenti\/"]}]},{"@type":"ImageObject","inLanguage":"pl-PL","@id":"https:\/\/www.effe3ti.com\/news-approfondimenti\/#primaryimage","url":"https:\/\/www.effe3ti.com\/wp-content\/uploads\/2021\/04\/Effe3ti_logo-solomani-color-512.png","contentUrl":"https:\/\/www.effe3ti.com\/wp-content\/uploads\/2021\/04\/Effe3ti_logo-solomani-color-512.png","width":512,"height":443},{"@type":"BreadcrumbList","@id":"https:\/\/www.effe3ti.com\/news-approfondimenti\/#breadcrumb","itemListElement":[{"@type":"ListItem","position":1,"name":"Home","item":"https:\/\/www.effe3ti.com\/"},{"@type":"ListItem","position":2,"name":"News &#8211; Approfondimenti"}]},{"@type":"WebSite","@id":"https:\/\/www.effe3ti.com\/#website","url":"https:\/\/www.effe3ti.com\/","name":"Efektywny","description":"Technologie pakowania","publisher":{"@id":"https:\/\/www.effe3ti.com\/#organization"},"potentialAction":[{"@type":"SearchAction","target":{"@type":"EntryPoint","urlTemplate":"https:\/\/www.effe3ti.com\/?s={search_term_string}"},"query-input":{"@type":"PropertyValueSpecification","valueRequired":true,"valueName":"search_term_string"}}],"inLanguage":"pl-PL"},{"@type":"Organization","@id":"https:\/\/www.effe3ti.com\/#organization","name":"Efektywny","alternateName":"f3t","url":"https:\/\/www.effe3ti.com\/","logo":{"@type":"ImageObject","inLanguage":"pl-PL","@id":"https:\/\/www.effe3ti.com\/#\/schema\/logo\/image\/","url":"https:\/\/www.effe3ti.com\/wp-content\/uploads\/2021\/04\/Effe3ti_logo-350.gif","contentUrl":"https:\/\/www.effe3ti.com\/wp-content\/uploads\/2021\/04\/Effe3ti_logo-350.gif","width":350,"height":128,"caption":"Effe3ti"},"image":{"@id":"https:\/\/www.effe3ti.com\/#\/schema\/logo\/image\/"},"sameAs":["https:\/\/www.facebook.com\/effe3ti.packaging","https:\/\/www.instagram.com\/EFFE3TI\/","https:\/\/www.linkedin.com\/company\/effe3ti-srl","https:\/\/www.youtube.com\/effe3ti"]}]}},"_links":{"self":[{"href":"https:\/\/www.effe3ti.com\/pl\/wp-json\/wp\/v2\/pages\/3979","targetHints":{"allow":["GET"]}}],"collection":[{"href":"https:\/\/www.effe3ti.com\/pl\/wp-json\/wp\/v2\/pages"}],"about":[{"href":"https:\/\/www.effe3ti.com\/pl\/wp-json\/wp\/v2\/types\/page"}],"author":[{"embeddable":true,"href":"https:\/\/www.effe3ti.com\/pl\/wp-json\/wp\/v2\/users\/1"}],"replies":[{"embeddable":true,"href":"https:\/\/www.effe3ti.com\/pl\/wp-json\/wp\/v2\/comments?post=3979"}],"version-history":[{"count":0,"href":"https:\/\/www.effe3ti.com\/pl\/wp-json\/wp\/v2\/pages\/3979\/revisions"}],"wp:featuredmedia":[{"embeddable":true,"href":"https:\/\/www.effe3ti.com\/pl\/wp-json\/wp\/v2\/media\/334"}],"wp:attachment":[{"href":"https:\/\/www.effe3ti.com\/pl\/wp-json\/wp\/v2\/media?parent=3979"}],"curies":[{"name":"wp","href":"https:\/\/api.w.org\/{rel}","templated":true}]}}