{"id":4569,"date":"2021-11-03T16:46:18","date_gmt":"2021-11-03T16:46:18","guid":{"rendered":"https:\/\/epic-einstein.5-196-224-87.plesk.page\/?page_id=4569"},"modified":"2026-03-04T08:27:10","modified_gmt":"2026-03-04T08:27:10","slug":"logistica-de-compactadores","status":"publish","type":"page","link":"https:\/\/www.effe3ti.com\/pt\/logistica-compattatori\/","title":{"rendered":"Prensas \u2013 Compactadores"},"content":{"rendered":"<div data-elementor-type=\"wp-page\" data-elementor-id=\"4569\" class=\"elementor elementor-4569\" data-elementor-post-type=\"page\">\n\t\t\t\t\t\t<section class=\"elementor-section elementor-top-section elementor-element elementor-element-e9f74f1 elementor-section-full_width elementor-section-height-default elementor-section-height-default\" data-id=\"e9f74f1\" data-element_type=\"section\" data-e-type=\"section\">\n\t\t\t\t\t\t<div class=\"elementor-container elementor-column-gap-no\">\n\t\t\t\t\t<div class=\"elementor-column elementor-col-100 elementor-top-column elementor-element elementor-element-a762bf6\" data-id=\"a762bf6\" data-element_type=\"column\" data-e-type=\"column\">\n\t\t\t<div class=\"elementor-widget-wrap elementor-element-populated\">\n\t\t\t\t\t\t<div class=\"elementor-element elementor-element-315391f elementor--h-position-center elementor--v-position-middle elementor-arrows-position-inside elementor-pagination-position-inside elementor-widget elementor-widget-slides\" data-id=\"315391f\" data-element_type=\"widget\" data-e-type=\"widget\" data-settings=\"{&quot;navigation&quot;:&quot;both&quot;,&quot;autoplay&quot;:&quot;yes&quot;,&quot;pause_on_hover&quot;:&quot;yes&quot;,&quot;pause_on_interaction&quot;:&quot;yes&quot;,&quot;autoplay_speed&quot;:5000,&quot;infinite&quot;:&quot;yes&quot;,&quot;transition&quot;:&quot;slide&quot;,&quot;transition_speed&quot;:500}\" data-widget_type=\"slides.default\">\n\t\t\t\t<div class=\"elementor-widget-container\">\n\t\t\t\t\t\t\t\t\t<div class=\"elementor-swiper\">\n\t\t\t\t\t<div class=\"elementor-slides-wrapper elementor-main-swiper swiper\" role=\"region\" aria-roledescription=\"carousel\" aria-label=\"Slides\" dir=\"ltr\" data-animation=\"fadeInUp\">\n\t\t\t\t<div class=\"swiper-wrapper elementor-slides\">\n\t\t\t\t\t\t\t\t\t\t<div class=\"elementor-repeater-item-56a8bf6 swiper-slide\" role=\"group\" aria-roledescription=\"slide\"><div class=\"swiper-slide-bg\" role=\"img\" aria-label=\"reciclagem de res\u00edduos\"><\/div><div class=\"swiper-slide-inner\" ><div class=\"swiper-slide-contents\"><\/div><\/div><\/div>\t\t\t\t<\/div>\n\t\t\t\t\t\t\t<\/div>\n\t\t\t\t<\/div>\n\t\t\t\t\t\t\t\t<\/div>\n\t\t\t\t<\/div>\n\t\t\t\t\t<\/div>\n\t\t<\/div>\n\t\t\t\t\t<\/div>\n\t\t<\/section>\n\t\t\t\t<section class=\"elementor-section elementor-top-section elementor-element elementor-element-2937c25 elementor-section-boxed elementor-section-height-default elementor-section-height-default\" data-id=\"2937c25\" data-element_type=\"section\" data-e-type=\"section\">\n\t\t\t\t\t\t<div class=\"elementor-container elementor-column-gap-default\">\n\t\t\t\t\t<div class=\"elementor-column elementor-col-100 elementor-top-column elementor-element elementor-element-3143c52\" data-id=\"3143c52\" data-element_type=\"column\" data-e-type=\"column\">\n\t\t\t<div class=\"elementor-widget-wrap elementor-element-populated\">\n\t\t\t\t\t\t<div class=\"elementor-element elementor-element-8e6e8c0 elementor-widget elementor-widget-spacer\" data-id=\"8e6e8c0\" data-element_type=\"widget\" data-e-type=\"widget\" data-widget_type=\"spacer.default\">\n\t\t\t\t<div class=\"elementor-widget-container\">\n\t\t\t\t\t\t\t<div class=\"elementor-spacer\">\n\t\t\t<div class=\"elementor-spacer-inner\"><\/div>\n\t\t<\/div>\n\t\t\t\t\t\t<\/div>\n\t\t\t\t<\/div>\n\t\t\t\t\t<\/div>\n\t\t<\/div>\n\t\t\t\t\t<\/div>\n\t\t<\/section>\n\t\t\t\t<section class=\"elementor-section elementor-top-section elementor-element elementor-element-8804b7d elementor-section-full_width elementor-section-height-default elementor-section-height-default\" data-id=\"8804b7d\" data-element_type=\"section\" data-e-type=\"section\">\n\t\t\t\t\t\t<div class=\"elementor-container elementor-column-gap-default\">\n\t\t\t\t\t<div class=\"elementor-column elementor-col-100 elementor-top-column elementor-element elementor-element-2c079f0\" data-id=\"2c079f0\" data-element_type=\"column\" data-e-type=\"column\">\n\t\t\t<div class=\"elementor-widget-wrap elementor-element-populated\">\n\t\t\t\t\t\t<div class=\"elementor-element elementor-element-2552230 elementor-widget elementor-widget-text-editor\" data-id=\"2552230\" data-element_type=\"widget\" data-e-type=\"widget\" data-widget_type=\"text-editor.default\">\n\t\t\t\t<div class=\"elementor-widget-container\">\n\t\t\t\t\t\t\t\t\t<h1>Prensas \u2013 Compactadores de Embalagem<\/h1>\t\t\t\t\t\t\t\t<\/div>\n\t\t\t\t<\/div>\n\t\t\t\t\t<\/div>\n\t\t<\/div>\n\t\t\t\t\t<\/div>\n\t\t<\/section>\n\t\t\t\t<section class=\"elementor-section elementor-top-section elementor-element elementor-element-fe68a1d elementor-section-boxed elementor-section-height-default elementor-section-height-default\" data-id=\"fe68a1d\" data-element_type=\"section\" data-e-type=\"section\">\n\t\t\t\t\t\t<div class=\"elementor-container elementor-column-gap-default\">\n\t\t\t\t\t<div class=\"elementor-column elementor-col-100 elementor-top-column elementor-element elementor-element-9c009fe\" data-id=\"9c009fe\" data-element_type=\"column\" data-e-type=\"column\">\n\t\t\t<div class=\"elementor-widget-wrap elementor-element-populated\">\n\t\t\t\t\t\t<div class=\"elementor-element elementor-element-acc89b5 elementor-widget elementor-widget-text-editor\" data-id=\"acc89b5\" data-element_type=\"widget\" data-e-type=\"widget\" data-widget_type=\"text-editor.default\">\n\t\t\t\t<div class=\"elementor-widget-container\">\n\t\t\t\t\t\t\t\t\t<p>Economize espa\u00e7o, livre-se de res\u00edduos de embalagens e ganhe dinheiro com as enfardadeiras perfeitas para compactar materiais de res\u00edduos de embalagens para reciclagem. Pl\u00e1stico, PVC, latas, papel, papel\u00e3o. Sistemas autom\u00e1ticos de esvaziamento de l\u00edquidos.<\/p>\t\t\t\t\t\t\t\t<\/div>\n\t\t\t\t<\/div>\n\t\t\t\t\t<\/div>\n\t\t<\/div>\n\t\t\t\t\t<\/div>\n\t\t<\/section>\n\t\t\t\t<section class=\"elementor-section elementor-top-section elementor-element elementor-element-81e8ee6 elementor-section-boxed elementor-section-height-default elementor-section-height-default\" data-id=\"81e8ee6\" data-element_type=\"section\" data-e-type=\"section\">\n\t\t\t\t\t\t<div class=\"elementor-container elementor-column-gap-default\">\n\t\t\t\t\t<div class=\"elementor-column elementor-col-100 elementor-top-column elementor-element elementor-element-24cbaba\" data-id=\"24cbaba\" data-element_type=\"column\" data-e-type=\"column\">\n\t\t\t<div class=\"elementor-widget-wrap elementor-element-populated\">\n\t\t\t\t\t\t<div class=\"elementor-element elementor-element-db3a646 elementor-grid-3 elementor-grid-tablet-2 elementor-grid-mobile-1 elementor-posts--thumbnail-top elementor-card-shadow-yes elementor-posts__hover-gradient elementor-widget elementor-widget-posts\" data-id=\"db3a646\" data-element_type=\"widget\" data-e-type=\"widget\" data-settings=\"{&quot;cards_columns&quot;:&quot;3&quot;,&quot;cards_columns_tablet&quot;:&quot;2&quot;,&quot;cards_columns_mobile&quot;:&quot;1&quot;,&quot;cards_row_gap&quot;:{&quot;unit&quot;:&quot;px&quot;,&quot;size&quot;:35,&quot;sizes&quot;:[]},&quot;cards_row_gap_tablet&quot;:{&quot;unit&quot;:&quot;px&quot;,&quot;size&quot;:&quot;&quot;,&quot;sizes&quot;:[]},&quot;cards_row_gap_mobile&quot;:{&quot;unit&quot;:&quot;px&quot;,&quot;size&quot;:&quot;&quot;,&quot;sizes&quot;:[]}}\" data-widget_type=\"posts.cards\">\n\t\t\t\t<div class=\"elementor-widget-container\">\n\t\t\t\t\t\t\t<div class=\"elementor-posts-container elementor-posts elementor-posts--skin-cards elementor-grid\" role=\"list\">\n\t\t\t\t<article class=\"elementor-post elementor-grid-item post-216 product type-product status-publish has-post-thumbnail product_cat-compattatori-it product_tag-compattatore product_tag-ecologia product_tag-pressa product_tag-riciclo product_tag-rifiuti first instock shipping-taxable product-type-simple\" role=\"listitem\">\n\t\t\t<div class=\"elementor-post__card\">\n\t\t\t\t<a class=\"elementor-post__thumbnail__link\" href=\"https:\/\/www.effe3ti.com\/pt\/prodotto\/autoloadbaler-pressa-automatica\/\" tabindex=\"-1\" ><div class=\"elementor-post__thumbnail\"><img fetchpriority=\"high\" decoding=\"async\" width=\"300\" height=\"192\" src=\"https:\/\/www.effe3ti.com\/wp-content\/uploads\/2021\/04\/Autoloadbaler-1-1-300x192.jpg\" class=\"attachment-medium size-medium wp-image-23222\" alt=\"Carregador autom\u00e1tico\" srcset=\"https:\/\/www.effe3ti.com\/wp-content\/uploads\/2021\/04\/Autoloadbaler-1-1-300x192.jpg 300w, https:\/\/www.effe3ti.com\/wp-content\/uploads\/2021\/04\/Autoloadbaler-1-1-1024x657.jpg 1024w, https:\/\/www.effe3ti.com\/wp-content\/uploads\/2021\/04\/Autoloadbaler-1-1-768x493.jpg 768w, https:\/\/www.effe3ti.com\/wp-content\/uploads\/2021\/04\/Autoloadbaler-1-1-18x12.jpg 18w, https:\/\/www.effe3ti.com\/wp-content\/uploads\/2021\/04\/Autoloadbaler-1-1-600x385.jpg 600w, https:\/\/www.effe3ti.com\/wp-content\/uploads\/2021\/04\/Autoloadbaler-1-1.jpg 1500w\" sizes=\"(max-width: 300px) 100vw, 300px\" \/><\/div><\/a>\n\t\t\t\t<div class=\"elementor-post__text\">\n\t\t\t\t<h3 class=\"elementor-post__title\">\n\t\t\t<a href=\"https:\/\/www.effe3ti.com\/pt\/prodotto\/autoloadbaler-pressa-automatica\/\" >\n\t\t\t\tAutoLoadBaler \u2013 Enfardadeira Autom\u00e1tica\t\t\t<\/a>\n\t\t<\/h3>\n\t\t\n\t\t<a class=\"elementor-post__read-more\" href=\"https:\/\/www.effe3ti.com\/pt\/prodotto\/autoloadbaler-pressa-automatica\/\" aria-label=\"Saiba mais sobre AutoLoadBaler \u2013 enfardadeira autom\u00e1tica\" tabindex=\"-1\" >\n\t\t\tVoc\u00ea v\u00ea &quot;\t\t<\/a>\n\n\t\t\t\t<\/div>\n\t\t\t\t\t<\/div>\n\t\t<\/article>\n\t\t\t\t<article class=\"elementor-post elementor-grid-item post-53 product type-product status-publish has-post-thumbnail product_cat-compattatori-it product_tag-compattatore product_tag-ecologia product_tag-pressa product_tag-riciclo product_tag-rifiuti  instock shipping-taxable product-type-simple\" role=\"listitem\">\n\t\t\t<div class=\"elementor-post__card\">\n\t\t\t\t<a class=\"elementor-post__thumbnail__link\" href=\"https:\/\/www.effe3ti.com\/pt\/prodotto\/baletainer-pressa-automatica\/\" tabindex=\"-1\" ><div class=\"elementor-post__thumbnail\"><img decoding=\"async\" width=\"250\" height=\"300\" src=\"https:\/\/www.effe3ti.com\/wp-content\/uploads\/2021\/04\/Baletainer-250x300.jpg\" class=\"attachment-medium size-medium wp-image-159\" alt=\"\" srcset=\"https:\/\/www.effe3ti.com\/wp-content\/uploads\/2021\/04\/Baletainer-250x300.jpg 250w, https:\/\/www.effe3ti.com\/wp-content\/uploads\/2021\/04\/Baletainer-600x720.jpg 600w, https:\/\/www.effe3ti.com\/wp-content\/uploads\/2021\/04\/Baletainer-853x1024.jpg 853w, https:\/\/www.effe3ti.com\/wp-content\/uploads\/2021\/04\/Baletainer-768x922.jpg 768w, https:\/\/www.effe3ti.com\/wp-content\/uploads\/2021\/04\/Baletainer.jpg 1000w\" sizes=\"(max-width: 250px) 100vw, 250px\" \/><\/div><\/a>\n\t\t\t\t<div class=\"elementor-post__text\">\n\t\t\t\t<h3 class=\"elementor-post__title\">\n\t\t\t<a href=\"https:\/\/www.effe3ti.com\/pt\/prodotto\/baletainer-pressa-automatica\/\" >\n\t\t\t\tBaleTainer \u2013 Enfardadeira autom\u00e1tica\t\t\t<\/a>\n\t\t<\/h3>\n\t\t\n\t\t<a class=\"elementor-post__read-more\" href=\"https:\/\/www.effe3ti.com\/pt\/prodotto\/baletainer-pressa-automatica\/\" aria-label=\"Saiba mais sobre BaleTainer \u2013 Enfardadeira autom\u00e1tica\" tabindex=\"-1\" >\n\t\t\tVoc\u00ea v\u00ea &quot;\t\t<\/a>\n\n\t\t\t\t<\/div>\n\t\t\t\t\t<\/div>\n\t\t<\/article>\n\t\t\t\t<article class=\"elementor-post elementor-grid-item post-219 product type-product status-publish has-post-thumbnail product_cat-compattatori-it product_tag-compattatore product_tag-ecologia product_tag-pressa product_tag-riciclo product_tag-rifiuti  instock shipping-taxable product-type-simple\" role=\"listitem\">\n\t\t\t<div class=\"elementor-post__card\">\n\t\t\t\t<a class=\"elementor-post__thumbnail__link\" href=\"https:\/\/www.effe3ti.com\/pt\/prodotto\/bp10-pressa-a-camera-verticale-10t\/\" tabindex=\"-1\" ><div class=\"elementor-post__thumbnail\"><img decoding=\"async\" width=\"300\" height=\"300\" src=\"https:\/\/www.effe3ti.com\/wp-content\/uploads\/2021\/04\/BP10-300x300.jpg\" class=\"attachment-medium size-medium wp-image-271\" alt=\"imprensa de res\u00edduos\" srcset=\"https:\/\/www.effe3ti.com\/wp-content\/uploads\/2021\/04\/BP10-300x300.jpg 300w, https:\/\/www.effe3ti.com\/wp-content\/uploads\/2021\/04\/BP10-100x100.jpg 100w, https:\/\/www.effe3ti.com\/wp-content\/uploads\/2021\/04\/BP10-600x600.jpg 600w, https:\/\/www.effe3ti.com\/wp-content\/uploads\/2021\/04\/BP10-1024x1024.jpg 1024w, https:\/\/www.effe3ti.com\/wp-content\/uploads\/2021\/04\/BP10-150x150.jpg 150w, https:\/\/www.effe3ti.com\/wp-content\/uploads\/2021\/04\/BP10-768x768.jpg 768w, https:\/\/www.effe3ti.com\/wp-content\/uploads\/2021\/04\/BP10.jpg 1200w\" sizes=\"(max-width: 300px) 100vw, 300px\" \/><\/div><\/a>\n\t\t\t\t<div class=\"elementor-post__text\">\n\t\t\t\t<h3 class=\"elementor-post__title\">\n\t\t\t<a href=\"https:\/\/www.effe3ti.com\/pt\/prodotto\/bp10-pressa-a-camera-verticale-10t\/\" >\n\t\t\t\tBP10 \u2013 Prensa de c\u00e2mara vertical de 10t\t\t\t<\/a>\n\t\t<\/h3>\n\t\t\n\t\t<a class=\"elementor-post__read-more\" href=\"https:\/\/www.effe3ti.com\/pt\/prodotto\/bp10-pressa-a-camera-verticale-10t\/\" aria-label=\"Saiba mais sobre BP10 \u2013 prensa de c\u00e2mara vertical de 10t\" tabindex=\"-1\" >\n\t\t\tVoc\u00ea v\u00ea &quot;\t\t<\/a>\n\n\t\t\t\t<\/div>\n\t\t\t\t\t<\/div>\n\t\t<\/article>\n\t\t\t\t<article class=\"elementor-post elementor-grid-item post-221 product type-product status-publish has-post-thumbnail product_cat-compattatori-it product_tag-compattatore product_tag-ecologia product_tag-pressa product_tag-riciclo product_tag-rifiuti last instock shipping-taxable product-type-simple\" role=\"listitem\">\n\t\t\t<div class=\"elementor-post__card\">\n\t\t\t\t<a class=\"elementor-post__thumbnail__link\" href=\"https:\/\/www.effe3ti.com\/pt\/prodotto\/bp18-pressa-a-camera-verticale-18t\/\" tabindex=\"-1\" ><div class=\"elementor-post__thumbnail\"><img loading=\"lazy\" decoding=\"async\" width=\"300\" height=\"300\" src=\"https:\/\/www.effe3ti.com\/wp-content\/uploads\/2021\/04\/BP18-300x300.jpg\" class=\"attachment-medium size-medium wp-image-273\" alt=\"imprensa de res\u00edduos\" srcset=\"https:\/\/www.effe3ti.com\/wp-content\/uploads\/2021\/04\/BP18-300x300.jpg 300w, https:\/\/www.effe3ti.com\/wp-content\/uploads\/2021\/04\/BP18-100x100.jpg 100w, https:\/\/www.effe3ti.com\/wp-content\/uploads\/2021\/04\/BP18-600x600.jpg 600w, https:\/\/www.effe3ti.com\/wp-content\/uploads\/2021\/04\/BP18-1024x1024.jpg 1024w, https:\/\/www.effe3ti.com\/wp-content\/uploads\/2021\/04\/BP18-150x150.jpg 150w, https:\/\/www.effe3ti.com\/wp-content\/uploads\/2021\/04\/BP18-768x768.jpg 768w, https:\/\/www.effe3ti.com\/wp-content\/uploads\/2021\/04\/BP18.jpg 1200w\" sizes=\"(max-width: 300px) 100vw, 300px\" \/><\/div><\/a>\n\t\t\t\t<div class=\"elementor-post__text\">\n\t\t\t\t<h3 class=\"elementor-post__title\">\n\t\t\t<a href=\"https:\/\/www.effe3ti.com\/pt\/prodotto\/bp18-pressa-a-camera-verticale-18t\/\" >\n\t\t\t\tBP18 \u2013 Prensa de c\u00e2mara vertical de 18t\t\t\t<\/a>\n\t\t<\/h3>\n\t\t\n\t\t<a class=\"elementor-post__read-more\" href=\"https:\/\/www.effe3ti.com\/pt\/prodotto\/bp18-pressa-a-camera-verticale-18t\/\" aria-label=\"Saiba mais sobre BP18 \u2013 prensa de c\u00e2mara vertical de 18t\" tabindex=\"-1\" >\n\t\t\tVoc\u00ea v\u00ea &quot;\t\t<\/a>\n\n\t\t\t\t<\/div>\n\t\t\t\t\t<\/div>\n\t\t<\/article>\n\t\t\t\t<article class=\"elementor-post elementor-grid-item post-222 product type-product status-publish has-post-thumbnail product_cat-compattatori-it product_tag-compattatore product_tag-ecologia product_tag-pressa product_tag-riciclo product_tag-rifiuti first instock shipping-taxable product-type-simple\" role=\"listitem\">\n\t\t\t<div class=\"elementor-post__card\">\n\t\t\t\t<a class=\"elementor-post__thumbnail__link\" href=\"https:\/\/www.effe3ti.com\/pt\/prodotto\/bp28-pressa-a-camera-verticale-28t\/\" tabindex=\"-1\" ><div class=\"elementor-post__thumbnail\"><img loading=\"lazy\" decoding=\"async\" width=\"300\" height=\"300\" src=\"https:\/\/www.effe3ti.com\/wp-content\/uploads\/2021\/04\/BP28-300x300.jpg\" class=\"attachment-medium size-medium wp-image-274\" alt=\"imprensa de res\u00edduos\" srcset=\"https:\/\/www.effe3ti.com\/wp-content\/uploads\/2021\/04\/BP28-300x300.jpg 300w, https:\/\/www.effe3ti.com\/wp-content\/uploads\/2021\/04\/BP28-100x100.jpg 100w, https:\/\/www.effe3ti.com\/wp-content\/uploads\/2021\/04\/BP28-600x600.jpg 600w, https:\/\/www.effe3ti.com\/wp-content\/uploads\/2021\/04\/BP28-1024x1024.jpg 1024w, https:\/\/www.effe3ti.com\/wp-content\/uploads\/2021\/04\/BP28-150x150.jpg 150w, https:\/\/www.effe3ti.com\/wp-content\/uploads\/2021\/04\/BP28-768x768.jpg 768w, https:\/\/www.effe3ti.com\/wp-content\/uploads\/2021\/04\/BP28.jpg 1200w\" sizes=\"(max-width: 300px) 100vw, 300px\" \/><\/div><\/a>\n\t\t\t\t<div class=\"elementor-post__text\">\n\t\t\t\t<h3 class=\"elementor-post__title\">\n\t\t\t<a href=\"https:\/\/www.effe3ti.com\/pt\/prodotto\/bp28-pressa-a-camera-verticale-28t\/\" >\n\t\t\t\tBP28 \u2013 Prensa de c\u00e2mara vertical de 28t\t\t\t<\/a>\n\t\t<\/h3>\n\t\t\n\t\t<a class=\"elementor-post__read-more\" href=\"https:\/\/www.effe3ti.com\/pt\/prodotto\/bp28-pressa-a-camera-verticale-28t\/\" aria-label=\"Saiba mais sobre BP28 \u2013 prensa de c\u00e2mara vertical de 28t\" tabindex=\"-1\" >\n\t\t\tVoc\u00ea v\u00ea &quot;\t\t<\/a>\n\n\t\t\t\t<\/div>\n\t\t\t\t\t<\/div>\n\t\t<\/article>\n\t\t\t\t<article class=\"elementor-post elementor-grid-item post-220 product type-product status-publish has-post-thumbnail product_cat-compattatori-it product_tag-compattatore product_tag-ecologia product_tag-pressa product_tag-riciclo product_tag-rifiuti  instock shipping-taxable product-type-simple\" role=\"listitem\">\n\t\t\t<div class=\"elementor-post__card\">\n\t\t\t\t<a class=\"elementor-post__thumbnail__link\" href=\"https:\/\/www.effe3ti.com\/pt\/prodotto\/bp4-pressa-a-camera-verticale-4t\/\" tabindex=\"-1\" ><div class=\"elementor-post__thumbnail\"><img loading=\"lazy\" decoding=\"async\" width=\"300\" height=\"300\" src=\"https:\/\/www.effe3ti.com\/wp-content\/uploads\/2021\/04\/BP4-300x300.jpg\" class=\"attachment-medium size-medium wp-image-272\" alt=\"imprensa de res\u00edduos\" srcset=\"https:\/\/www.effe3ti.com\/wp-content\/uploads\/2021\/04\/BP4-300x300.jpg 300w, https:\/\/www.effe3ti.com\/wp-content\/uploads\/2021\/04\/BP4-100x100.jpg 100w, https:\/\/www.effe3ti.com\/wp-content\/uploads\/2021\/04\/BP4-600x600.jpg 600w, https:\/\/www.effe3ti.com\/wp-content\/uploads\/2021\/04\/BP4-1024x1024.jpg 1024w, https:\/\/www.effe3ti.com\/wp-content\/uploads\/2021\/04\/BP4-150x150.jpg 150w, https:\/\/www.effe3ti.com\/wp-content\/uploads\/2021\/04\/BP4-768x768.jpg 768w, https:\/\/www.effe3ti.com\/wp-content\/uploads\/2021\/04\/BP4.jpg 1200w\" sizes=\"(max-width: 300px) 100vw, 300px\" \/><\/div><\/a>\n\t\t\t\t<div class=\"elementor-post__text\">\n\t\t\t\t<h3 class=\"elementor-post__title\">\n\t\t\t<a href=\"https:\/\/www.effe3ti.com\/pt\/prodotto\/bp4-pressa-a-camera-verticale-4t\/\" >\n\t\t\t\tBP4 \u2013 Prensa de c\u00e2mara vertical 4t\t\t\t<\/a>\n\t\t<\/h3>\n\t\t\n\t\t<a class=\"elementor-post__read-more\" href=\"https:\/\/www.effe3ti.com\/pt\/prodotto\/bp4-pressa-a-camera-verticale-4t\/\" aria-label=\"Saiba mais sobre BP4 \u2013 prensa de c\u00e2mara vertical de 4t\" tabindex=\"-1\" >\n\t\t\tVoc\u00ea v\u00ea &quot;\t\t<\/a>\n\n\t\t\t\t<\/div>\n\t\t\t\t\t<\/div>\n\t\t<\/article>\n\t\t\t\t<article class=\"elementor-post elementor-grid-item post-223 product type-product status-publish has-post-thumbnail product_cat-compattatori-it product_tag-compattatore product_tag-ecologia product_tag-pressa product_tag-riciclo product_tag-rifiuti  instock shipping-taxable product-type-simple\" role=\"listitem\">\n\t\t\t<div class=\"elementor-post__card\">\n\t\t\t\t<a class=\"elementor-post__thumbnail__link\" href=\"https:\/\/www.effe3ti.com\/pt\/prodotto\/bp53-pressa-a-camera-verticale-53t\/\" tabindex=\"-1\" ><div class=\"elementor-post__thumbnail\"><img loading=\"lazy\" decoding=\"async\" width=\"300\" height=\"300\" src=\"https:\/\/www.effe3ti.com\/wp-content\/uploads\/2021\/04\/BP53-300x300.jpg\" class=\"attachment-medium size-medium wp-image-275\" alt=\"imprensa de res\u00edduos\" srcset=\"https:\/\/www.effe3ti.com\/wp-content\/uploads\/2021\/04\/BP53-300x300.jpg 300w, https:\/\/www.effe3ti.com\/wp-content\/uploads\/2021\/04\/BP53-100x100.jpg 100w, https:\/\/www.effe3ti.com\/wp-content\/uploads\/2021\/04\/BP53-600x600.jpg 600w, https:\/\/www.effe3ti.com\/wp-content\/uploads\/2021\/04\/BP53-1024x1024.jpg 1024w, https:\/\/www.effe3ti.com\/wp-content\/uploads\/2021\/04\/BP53-150x150.jpg 150w, https:\/\/www.effe3ti.com\/wp-content\/uploads\/2021\/04\/BP53-768x768.jpg 768w, https:\/\/www.effe3ti.com\/wp-content\/uploads\/2021\/04\/BP53.jpg 1200w\" sizes=\"(max-width: 300px) 100vw, 300px\" \/><\/div><\/a>\n\t\t\t\t<div class=\"elementor-post__text\">\n\t\t\t\t<h3 class=\"elementor-post__title\">\n\t\t\t<a href=\"https:\/\/www.effe3ti.com\/pt\/prodotto\/bp53-pressa-a-camera-verticale-53t\/\" >\n\t\t\t\tBP53 \u2013 Prensa de c\u00e2mara vertical de 53t\t\t\t<\/a>\n\t\t<\/h3>\n\t\t\n\t\t<a class=\"elementor-post__read-more\" href=\"https:\/\/www.effe3ti.com\/pt\/prodotto\/bp53-pressa-a-camera-verticale-53t\/\" aria-label=\"Saiba mais sobre BP53 \u2013 prensa de c\u00e2mara vertical de 53t\" tabindex=\"-1\" >\n\t\t\tVoc\u00ea v\u00ea &quot;\t\t<\/a>\n\n\t\t\t\t<\/div>\n\t\t\t\t\t<\/div>\n\t\t<\/article>\n\t\t\t\t<article class=\"elementor-post elementor-grid-item post-218 product type-product status-publish has-post-thumbnail product_cat-compattatori-it product_tag-compattatore product_tag-ecologia product_tag-pressa product_tag-riciclo product_tag-rifiuti last instock shipping-taxable product-type-simple\" role=\"listitem\">\n\t\t\t<div class=\"elementor-post__card\">\n\t\t\t\t<a class=\"elementor-post__thumbnail__link\" href=\"https:\/\/www.effe3ti.com\/pt\/prodotto\/bp6-pressa-a-camera-verticale-6t\/\" tabindex=\"-1\" ><div class=\"elementor-post__thumbnail\"><img loading=\"lazy\" decoding=\"async\" width=\"300\" height=\"300\" src=\"https:\/\/www.effe3ti.com\/wp-content\/uploads\/2021\/04\/BP6-300x300.jpg\" class=\"attachment-medium size-medium wp-image-264\" alt=\"imprensa de res\u00edduos\" srcset=\"https:\/\/www.effe3ti.com\/wp-content\/uploads\/2021\/04\/BP6-300x300.jpg 300w, https:\/\/www.effe3ti.com\/wp-content\/uploads\/2021\/04\/BP6-100x100.jpg 100w, https:\/\/www.effe3ti.com\/wp-content\/uploads\/2021\/04\/BP6-600x600.jpg 600w, https:\/\/www.effe3ti.com\/wp-content\/uploads\/2021\/04\/BP6-1024x1024.jpg 1024w, https:\/\/www.effe3ti.com\/wp-content\/uploads\/2021\/04\/BP6-150x150.jpg 150w, https:\/\/www.effe3ti.com\/wp-content\/uploads\/2021\/04\/BP6-768x768.jpg 768w, https:\/\/www.effe3ti.com\/wp-content\/uploads\/2021\/04\/BP6.jpg 1200w\" sizes=\"(max-width: 300px) 100vw, 300px\" \/><\/div><\/a>\n\t\t\t\t<div class=\"elementor-post__text\">\n\t\t\t\t<h3 class=\"elementor-post__title\">\n\t\t\t<a href=\"https:\/\/www.effe3ti.com\/pt\/prodotto\/bp6-pressa-a-camera-verticale-6t\/\" >\n\t\t\t\tBP6 \u2013 Prensa de C\u00e2mara Vertical 6t\t\t\t<\/a>\n\t\t<\/h3>\n\t\t\n\t\t<a class=\"elementor-post__read-more\" href=\"https:\/\/www.effe3ti.com\/pt\/prodotto\/bp6-pressa-a-camera-verticale-6t\/\" aria-label=\"Saiba mais sobre BP6 \u2013 prensa de c\u00e2mara vertical de 6t\" tabindex=\"-1\" >\n\t\t\tVoc\u00ea v\u00ea &quot;\t\t<\/a>\n\n\t\t\t\t<\/div>\n\t\t\t\t\t<\/div>\n\t\t<\/article>\n\t\t\t\t<article class=\"elementor-post elementor-grid-item post-245 product type-product status-publish has-post-thumbnail product_cat-compattatori-it product_tag-compattatore product_tag-ecologia product_tag-pressa product_tag-riciclo product_tag-rifiuti first instock shipping-taxable product-type-simple\" role=\"listitem\">\n\t\t\t<div class=\"elementor-post__card\">\n\t\t\t\t<a class=\"elementor-post__thumbnail__link\" href=\"https:\/\/www.effe3ti.com\/pt\/prodotto\/brikpress-pressa-bricchettatrice\/\" tabindex=\"-1\" ><div class=\"elementor-post__thumbnail\"><img loading=\"lazy\" decoding=\"async\" width=\"300\" height=\"300\" src=\"https:\/\/www.effe3ti.com\/wp-content\/uploads\/2021\/04\/Brikpress-300x300.jpg\" class=\"attachment-medium size-medium wp-image-284\" alt=\"compacta\u00e7\u00e3o de poliestireno\" srcset=\"https:\/\/www.effe3ti.com\/wp-content\/uploads\/2021\/04\/Brikpress-300x300.jpg 300w, https:\/\/www.effe3ti.com\/wp-content\/uploads\/2021\/04\/Brikpress-100x100.jpg 100w, https:\/\/www.effe3ti.com\/wp-content\/uploads\/2021\/04\/Brikpress-600x600.jpg 600w, https:\/\/www.effe3ti.com\/wp-content\/uploads\/2021\/04\/Brikpress-1024x1024.jpg 1024w, https:\/\/www.effe3ti.com\/wp-content\/uploads\/2021\/04\/Brikpress-150x150.jpg 150w, https:\/\/www.effe3ti.com\/wp-content\/uploads\/2021\/04\/Brikpress-768x768.jpg 768w, https:\/\/www.effe3ti.com\/wp-content\/uploads\/2021\/04\/Brikpress.jpg 1200w\" sizes=\"(max-width: 300px) 100vw, 300px\" \/><\/div><\/a>\n\t\t\t\t<div class=\"elementor-post__text\">\n\t\t\t\t<h3 class=\"elementor-post__title\">\n\t\t\t<a href=\"https:\/\/www.effe3ti.com\/pt\/prodotto\/brikpress-pressa-bricchettatrice\/\" >\n\t\t\t\tBrikpress \u2013 Prensa de briquetagem\t\t\t<\/a>\n\t\t<\/h3>\n\t\t\n\t\t<a class=\"elementor-post__read-more\" href=\"https:\/\/www.effe3ti.com\/pt\/prodotto\/brikpress-pressa-bricchettatrice\/\" aria-label=\"Saiba mais sobre Brikpress \u2013 Prensa de briquetagem\" tabindex=\"-1\" >\n\t\t\tVoc\u00ea v\u00ea &quot;\t\t<\/a>\n\n\t\t\t\t<\/div>\n\t\t\t\t\t<\/div>\n\t\t<\/article>\n\t\t\t\t<article class=\"elementor-post elementor-grid-item post-241 product type-product status-publish has-post-thumbnail product_cat-compattatori-it product_tag-compattatore product_tag-ecologia product_tag-pressa product_tag-riciclo product_tag-rifiuti  instock shipping-taxable product-type-simple\" role=\"listitem\">\n\t\t\t<div class=\"elementor-post__card\">\n\t\t\t\t<a class=\"elementor-post__thumbnail__link\" href=\"https:\/\/www.effe3ti.com\/pt\/prodotto\/fp200-pressa-per-barili\/\" tabindex=\"-1\" ><div class=\"elementor-post__thumbnail\"><img loading=\"lazy\" decoding=\"async\" width=\"300\" height=\"300\" src=\"https:\/\/www.effe3ti.com\/wp-content\/uploads\/2021\/04\/FP200-300x300.jpg\" class=\"attachment-medium size-medium wp-image-279\" alt=\"imprensa de res\u00edduos\" srcset=\"https:\/\/www.effe3ti.com\/wp-content\/uploads\/2021\/04\/FP200-300x300.jpg 300w, https:\/\/www.effe3ti.com\/wp-content\/uploads\/2021\/04\/FP200-100x100.jpg 100w, https:\/\/www.effe3ti.com\/wp-content\/uploads\/2021\/04\/FP200-600x600.jpg 600w, https:\/\/www.effe3ti.com\/wp-content\/uploads\/2021\/04\/FP200-1024x1024.jpg 1024w, https:\/\/www.effe3ti.com\/wp-content\/uploads\/2021\/04\/FP200-150x150.jpg 150w, https:\/\/www.effe3ti.com\/wp-content\/uploads\/2021\/04\/FP200-768x768.jpg 768w, https:\/\/www.effe3ti.com\/wp-content\/uploads\/2021\/04\/FP200.jpg 1200w\" sizes=\"(max-width: 300px) 100vw, 300px\" \/><\/div><\/a>\n\t\t\t\t<div class=\"elementor-post__text\">\n\t\t\t\t<h3 class=\"elementor-post__title\">\n\t\t\t<a href=\"https:\/\/www.effe3ti.com\/pt\/prodotto\/fp200-pressa-per-barili\/\" >\n\t\t\t\tFP200 \u2013 Prensa de Barril\t\t\t<\/a>\n\t\t<\/h3>\n\t\t\n\t\t<a class=\"elementor-post__read-more\" href=\"https:\/\/www.effe3ti.com\/pt\/prodotto\/fp200-pressa-per-barili\/\" aria-label=\"Saiba mais sobre FP200 \u2013 Prensa de barril\" tabindex=\"-1\" >\n\t\t\tVoc\u00ea v\u00ea &quot;\t\t<\/a>\n\n\t\t\t\t<\/div>\n\t\t\t\t\t<\/div>\n\t\t<\/article>\n\t\t\t\t<article class=\"elementor-post elementor-grid-item post-23246 product type-product status-publish has-post-thumbnail product_cat-compattatori-it product_tag-compattatore product_tag-ecologia product_tag-pressa product_tag-riciclo product_tag-rifiuti  instock shipping-taxable product-type-simple\" role=\"listitem\">\n\t\t\t<div class=\"elementor-post__card\">\n\t\t\t\t<a class=\"elementor-post__thumbnail__link\" href=\"https:\/\/www.effe3ti.com\/pt\/prodotto\/gigabaler-pressa-automatica\/\" tabindex=\"-1\" ><div class=\"elementor-post__thumbnail\"><img loading=\"lazy\" decoding=\"async\" width=\"300\" height=\"200\" src=\"https:\/\/www.effe3ti.com\/wp-content\/uploads\/2025\/06\/Gigabaler_1-300x200.jpg\" class=\"attachment-medium size-medium wp-image-23247\" alt=\"gigabaler\" srcset=\"https:\/\/www.effe3ti.com\/wp-content\/uploads\/2025\/06\/Gigabaler_1-300x200.jpg 300w, https:\/\/www.effe3ti.com\/wp-content\/uploads\/2025\/06\/Gigabaler_1-1024x681.jpg 1024w, https:\/\/www.effe3ti.com\/wp-content\/uploads\/2025\/06\/Gigabaler_1-768x511.jpg 768w, https:\/\/www.effe3ti.com\/wp-content\/uploads\/2025\/06\/Gigabaler_1-1536x1022.jpg 1536w, https:\/\/www.effe3ti.com\/wp-content\/uploads\/2025\/06\/Gigabaler_1-18x12.jpg 18w, https:\/\/www.effe3ti.com\/wp-content\/uploads\/2025\/06\/Gigabaler_1-600x399.jpg 600w, https:\/\/www.effe3ti.com\/wp-content\/uploads\/2025\/06\/Gigabaler_1.jpg 2000w\" sizes=\"(max-width: 300px) 100vw, 300px\" \/><\/div><\/a>\n\t\t\t\t<div class=\"elementor-post__text\">\n\t\t\t\t<h3 class=\"elementor-post__title\">\n\t\t\t<a href=\"https:\/\/www.effe3ti.com\/pt\/prodotto\/gigabaler-pressa-automatica\/\" >\n\t\t\t\tGigaBaler \u2013 Enfardadeira Autom\u00e1tica\t\t\t<\/a>\n\t\t<\/h3>\n\t\t\n\t\t<a class=\"elementor-post__read-more\" href=\"https:\/\/www.effe3ti.com\/pt\/prodotto\/gigabaler-pressa-automatica\/\" aria-label=\"Read more about GigaBaler &#8211; Pressa Automatica\" tabindex=\"-1\" >\n\t\t\tVoc\u00ea v\u00ea &quot;\t\t<\/a>\n\n\t\t\t\t<\/div>\n\t\t\t\t\t<\/div>\n\t\t<\/article>\n\t\t\t\t<article class=\"elementor-post elementor-grid-item post-12010 product type-product status-publish has-post-thumbnail product_cat-compattatori-it product_tag-compattatore product_tag-ecologia product_tag-pressa product_tag-riciclo product_tag-rifiuti last instock shipping-taxable product-type-simple\" role=\"listitem\">\n\t\t\t<div class=\"elementor-post__card\">\n\t\t\t\t<a class=\"elementor-post__thumbnail__link\" href=\"https:\/\/www.effe3ti.com\/pt\/prodotto\/jumboloadbaler-pressa-automatica\/\" tabindex=\"-1\" ><div class=\"elementor-post__thumbnail\"><img loading=\"lazy\" decoding=\"async\" width=\"300\" height=\"200\" src=\"https:\/\/www.effe3ti.com\/wp-content\/uploads\/2023\/11\/Jumboloadbaler-1-300x200.jpg\" class=\"attachment-medium size-medium wp-image-23229\" alt=\"\" srcset=\"https:\/\/www.effe3ti.com\/wp-content\/uploads\/2023\/11\/Jumboloadbaler-1-300x200.jpg 300w, https:\/\/www.effe3ti.com\/wp-content\/uploads\/2023\/11\/Jumboloadbaler-1-1024x683.jpg 1024w, https:\/\/www.effe3ti.com\/wp-content\/uploads\/2023\/11\/Jumboloadbaler-1-768x512.jpg 768w, https:\/\/www.effe3ti.com\/wp-content\/uploads\/2023\/11\/Jumboloadbaler-1-1536x1025.jpg 1536w, https:\/\/www.effe3ti.com\/wp-content\/uploads\/2023\/11\/Jumboloadbaler-1-18x12.jpg 18w, https:\/\/www.effe3ti.com\/wp-content\/uploads\/2023\/11\/Jumboloadbaler-1-600x400.jpg 600w, https:\/\/www.effe3ti.com\/wp-content\/uploads\/2023\/11\/Jumboloadbaler-1.jpg 2000w\" sizes=\"(max-width: 300px) 100vw, 300px\" \/><\/div><\/a>\n\t\t\t\t<div class=\"elementor-post__text\">\n\t\t\t\t<h3 class=\"elementor-post__title\">\n\t\t\t<a href=\"https:\/\/www.effe3ti.com\/pt\/prodotto\/jumboloadbaler-pressa-automatica\/\" >\n\t\t\t\tJumboLoadBaler \u2013 Enfardadeira Autom\u00e1tica\t\t\t<\/a>\n\t\t<\/h3>\n\t\t\n\t\t<a class=\"elementor-post__read-more\" href=\"https:\/\/www.effe3ti.com\/pt\/prodotto\/jumboloadbaler-pressa-automatica\/\" aria-label=\"Saiba mais sobre JumboLoadBaler \u2013 Enfardadeira Autom\u00e1tica\" tabindex=\"-1\" >\n\t\t\tVoc\u00ea v\u00ea &quot;\t\t<\/a>\n\n\t\t\t\t<\/div>\n\t\t\t\t\t<\/div>\n\t\t<\/article>\n\t\t\t\t<article class=\"elementor-post elementor-grid-item post-246 product type-product status-publish has-post-thumbnail product_cat-svuotamento-liquidi product_tag-compattatore product_tag-ecologia product_tag-pressa product_tag-riciclo product_tag-rifiuti first instock shipping-taxable product-type-simple\" role=\"listitem\">\n\t\t\t<div class=\"elementor-post__card\">\n\t\t\t\t<a class=\"elementor-post__thumbnail__link\" href=\"https:\/\/www.effe3ti.com\/pt\/prodotto\/sistema-di-svuotamento-liquidi-liquidrainer\/\" tabindex=\"-1\" ><div class=\"elementor-post__thumbnail\"><img loading=\"lazy\" decoding=\"async\" width=\"300\" height=\"200\" src=\"https:\/\/www.effe3ti.com\/wp-content\/uploads\/2021\/04\/LiquiDrainer-1-300x200.jpg\" class=\"attachment-medium size-medium wp-image-23237\" alt=\"\" srcset=\"https:\/\/www.effe3ti.com\/wp-content\/uploads\/2021\/04\/LiquiDrainer-1-300x200.jpg 300w, https:\/\/www.effe3ti.com\/wp-content\/uploads\/2021\/04\/LiquiDrainer-1-1024x683.jpg 1024w, https:\/\/www.effe3ti.com\/wp-content\/uploads\/2021\/04\/LiquiDrainer-1-768x512.jpg 768w, https:\/\/www.effe3ti.com\/wp-content\/uploads\/2021\/04\/LiquiDrainer-1-1536x1025.jpg 1536w, https:\/\/www.effe3ti.com\/wp-content\/uploads\/2021\/04\/LiquiDrainer-1-18x12.jpg 18w, https:\/\/www.effe3ti.com\/wp-content\/uploads\/2021\/04\/LiquiDrainer-1-600x400.jpg 600w, https:\/\/www.effe3ti.com\/wp-content\/uploads\/2021\/04\/LiquiDrainer-1.jpg 2000w\" sizes=\"(max-width: 300px) 100vw, 300px\" \/><\/div><\/a>\n\t\t\t\t<div class=\"elementor-post__text\">\n\t\t\t\t<h3 class=\"elementor-post__title\">\n\t\t\t<a href=\"https:\/\/www.effe3ti.com\/pt\/prodotto\/sistema-di-svuotamento-liquidi-liquidrainer\/\" >\n\t\t\t\tSistema de esvaziamento Liquidrainer\t\t\t<\/a>\n\t\t<\/h3>\n\t\t\n\t\t<a class=\"elementor-post__read-more\" href=\"https:\/\/www.effe3ti.com\/pt\/prodotto\/sistema-di-svuotamento-liquidi-liquidrainer\/\" aria-label=\"Saiba mais sobre o sistema de esvaziamento Liquidrainer\" tabindex=\"-1\" >\n\t\t\tVoc\u00ea v\u00ea &quot;\t\t<\/a>\n\n\t\t\t\t<\/div>\n\t\t\t\t\t<\/div>\n\t\t<\/article>\n\t\t\t\t<article class=\"elementor-post elementor-grid-item post-240 product type-product status-publish has-post-thumbnail product_cat-compattatori-it product_tag-compattatore product_tag-ecologia product_tag-pressa product_tag-riciclo product_tag-rifiuti  instock shipping-taxable product-type-simple\" role=\"listitem\">\n\t\t\t<div class=\"elementor-post__card\">\n\t\t\t\t<a class=\"elementor-post__thumbnail__link\" href=\"https:\/\/www.effe3ti.com\/pt\/prodotto\/mk1100-pressa-multicamera-verticale-20t\/\" tabindex=\"-1\" ><div class=\"elementor-post__thumbnail\"><img loading=\"lazy\" decoding=\"async\" width=\"300\" height=\"192\" src=\"https:\/\/www.effe3ti.com\/wp-content\/uploads\/2021\/04\/MK1100-3-300x192.jpg\" class=\"attachment-medium size-medium wp-image-23261\" alt=\"MK1100\" srcset=\"https:\/\/www.effe3ti.com\/wp-content\/uploads\/2021\/04\/MK1100-3-300x192.jpg 300w, https:\/\/www.effe3ti.com\/wp-content\/uploads\/2021\/04\/MK1100-3-1024x657.jpg 1024w, https:\/\/www.effe3ti.com\/wp-content\/uploads\/2021\/04\/MK1100-3-768x493.jpg 768w, https:\/\/www.effe3ti.com\/wp-content\/uploads\/2021\/04\/MK1100-3-1536x985.jpg 1536w, https:\/\/www.effe3ti.com\/wp-content\/uploads\/2021\/04\/MK1100-3-18x12.jpg 18w, https:\/\/www.effe3ti.com\/wp-content\/uploads\/2021\/04\/MK1100-3-600x385.jpg 600w, https:\/\/www.effe3ti.com\/wp-content\/uploads\/2021\/04\/MK1100-3.jpg 2000w\" sizes=\"(max-width: 300px) 100vw, 300px\" \/><\/div><\/a>\n\t\t\t\t<div class=\"elementor-post__text\">\n\t\t\t\t<h3 class=\"elementor-post__title\">\n\t\t\t<a href=\"https:\/\/www.effe3ti.com\/pt\/prodotto\/mk1100-pressa-multicamera-verticale-20t\/\" >\n\t\t\t\tMK1100 \u2013 Prensa vertical multic\u00e2mara de 20t\t\t\t<\/a>\n\t\t<\/h3>\n\t\t\n\t\t<a class=\"elementor-post__read-more\" href=\"https:\/\/www.effe3ti.com\/pt\/prodotto\/mk1100-pressa-multicamera-verticale-20t\/\" aria-label=\"Saiba mais sobre MK1100 \u2013 enfardadeira vertical multic\u00e2mara de 20t\" tabindex=\"-1\" >\n\t\t\tVoc\u00ea v\u00ea &quot;\t\t<\/a>\n\n\t\t\t\t<\/div>\n\t\t\t\t\t<\/div>\n\t\t<\/article>\n\t\t\t\t<article class=\"elementor-post elementor-grid-item post-239 product type-product status-publish has-post-thumbnail product_cat-compattatori-it product_tag-compattatore product_tag-ecologia product_tag-pressa product_tag-riciclo product_tag-rifiuti  instock shipping-taxable product-type-simple\" role=\"listitem\">\n\t\t\t<div class=\"elementor-post__card\">\n\t\t\t\t<a class=\"elementor-post__thumbnail__link\" href=\"https:\/\/www.effe3ti.com\/pt\/prodotto\/mk700-pressa-multicamera-verticale-6t\/\" tabindex=\"-1\" ><div class=\"elementor-post__thumbnail\"><img loading=\"lazy\" decoding=\"async\" width=\"217\" height=\"300\" src=\"https:\/\/www.effe3ti.com\/wp-content\/uploads\/2021\/04\/MK700-2-217x300.jpg\" class=\"attachment-medium size-medium wp-image-23249\" alt=\"MK700\" srcset=\"https:\/\/www.effe3ti.com\/wp-content\/uploads\/2021\/04\/MK700-2-217x300.jpg 217w, https:\/\/www.effe3ti.com\/wp-content\/uploads\/2021\/04\/MK700-2-739x1024.jpg 739w, https:\/\/www.effe3ti.com\/wp-content\/uploads\/2021\/04\/MK700-2-768x1064.jpg 768w, https:\/\/www.effe3ti.com\/wp-content\/uploads\/2021\/04\/MK700-2-1109x1536.jpg 1109w, https:\/\/www.effe3ti.com\/wp-content\/uploads\/2021\/04\/MK700-2-9x12.jpg 9w, https:\/\/www.effe3ti.com\/wp-content\/uploads\/2021\/04\/MK700-2-600x831.jpg 600w, https:\/\/www.effe3ti.com\/wp-content\/uploads\/2021\/04\/MK700-2.jpg 1444w\" sizes=\"(max-width: 217px) 100vw, 217px\" \/><\/div><\/a>\n\t\t\t\t<div class=\"elementor-post__text\">\n\t\t\t\t<h3 class=\"elementor-post__title\">\n\t\t\t<a href=\"https:\/\/www.effe3ti.com\/pt\/prodotto\/mk700-pressa-multicamera-verticale-6t\/\" >\n\t\t\t\tMK700 \u2013 Prensa vertical multic\u00e2mara de 6t\t\t\t<\/a>\n\t\t<\/h3>\n\t\t\n\t\t<a class=\"elementor-post__read-more\" href=\"https:\/\/www.effe3ti.com\/pt\/prodotto\/mk700-pressa-multicamera-verticale-6t\/\" aria-label=\"Saiba mais sobre MK700 \u2013 enfardadeira vertical multic\u00e2mara de 6t\" tabindex=\"-1\" >\n\t\t\tVoc\u00ea v\u00ea &quot;\t\t<\/a>\n\n\t\t\t\t<\/div>\n\t\t\t\t\t<\/div>\n\t\t<\/article>\n\t\t\t\t<article class=\"elementor-post elementor-grid-item post-242 product type-product status-publish has-post-thumbnail product_cat-compattatori-it product_tag-compattatore product_tag-ecologia product_tag-pressa product_tag-riciclo product_tag-rifiuti last instock shipping-taxable product-type-simple\" role=\"listitem\">\n\t\t\t<div class=\"elementor-post__card\">\n\t\t\t\t<a class=\"elementor-post__thumbnail__link\" href=\"https:\/\/www.effe3ti.com\/pt\/prodotto\/mt240-mt120-mt360-pressa-per-bidoni\/\" tabindex=\"-1\" ><div class=\"elementor-post__thumbnail\"><img loading=\"lazy\" decoding=\"async\" width=\"300\" height=\"300\" src=\"https:\/\/www.effe3ti.com\/wp-content\/uploads\/2021\/04\/MT240-300x300.jpg\" class=\"attachment-medium size-medium wp-image-280\" alt=\"prensa de lixeira\" srcset=\"https:\/\/www.effe3ti.com\/wp-content\/uploads\/2021\/04\/MT240-300x300.jpg 300w, https:\/\/www.effe3ti.com\/wp-content\/uploads\/2021\/04\/MT240-100x100.jpg 100w, https:\/\/www.effe3ti.com\/wp-content\/uploads\/2021\/04\/MT240-600x600.jpg 600w, https:\/\/www.effe3ti.com\/wp-content\/uploads\/2021\/04\/MT240-1024x1024.jpg 1024w, https:\/\/www.effe3ti.com\/wp-content\/uploads\/2021\/04\/MT240-150x150.jpg 150w, https:\/\/www.effe3ti.com\/wp-content\/uploads\/2021\/04\/MT240-768x768.jpg 768w, https:\/\/www.effe3ti.com\/wp-content\/uploads\/2021\/04\/MT240.jpg 1200w\" sizes=\"(max-width: 300px) 100vw, 300px\" \/><\/div><\/a>\n\t\t\t\t<div class=\"elementor-post__text\">\n\t\t\t\t<h3 class=\"elementor-post__title\">\n\t\t\t<a href=\"https:\/\/www.effe3ti.com\/pt\/prodotto\/mt240-mt120-mt360-pressa-per-bidoni\/\" >\n\t\t\t\tMT240 \/ MT120 \/ MT360 \u2013 Prensa de caixa\t\t\t<\/a>\n\t\t<\/h3>\n\t\t\n\t\t<a class=\"elementor-post__read-more\" href=\"https:\/\/www.effe3ti.com\/pt\/prodotto\/mt240-mt120-mt360-pressa-per-bidoni\/\" aria-label=\"Saiba mais sobre MT240 \/ MT120 \/ MT360 \u2013 Prensa de Bin\" tabindex=\"-1\" >\n\t\t\tVoc\u00ea v\u00ea &quot;\t\t<\/a>\n\n\t\t\t\t<\/div>\n\t\t\t\t\t<\/div>\n\t\t<\/article>\n\t\t\t\t<article class=\"elementor-post elementor-grid-item post-238 product type-product status-publish has-post-thumbnail product_cat-compattatori-it product_tag-compattatore product_tag-ecologia product_tag-pressa product_tag-riciclo product_tag-rifiuti first instock shipping-taxable product-type-simple\" role=\"listitem\">\n\t\t\t<div class=\"elementor-post__card\">\n\t\t\t\t<a class=\"elementor-post__thumbnail__link\" href=\"https:\/\/www.effe3ti.com\/pt\/prodotto\/pp1208-pressa-a-camera-verticale-58t-70t\/\" tabindex=\"-1\" ><div class=\"elementor-post__thumbnail\"><img loading=\"lazy\" decoding=\"async\" width=\"300\" height=\"300\" src=\"https:\/\/www.effe3ti.com\/wp-content\/uploads\/2021\/04\/PP1208-300x300.jpg\" class=\"attachment-medium size-medium wp-image-276\" alt=\"imprensa de res\u00edduos\" srcset=\"https:\/\/www.effe3ti.com\/wp-content\/uploads\/2021\/04\/PP1208-300x300.jpg 300w, https:\/\/www.effe3ti.com\/wp-content\/uploads\/2021\/04\/PP1208-100x100.jpg 100w, https:\/\/www.effe3ti.com\/wp-content\/uploads\/2021\/04\/PP1208-600x600.jpg 600w, https:\/\/www.effe3ti.com\/wp-content\/uploads\/2021\/04\/PP1208-1024x1024.jpg 1024w, https:\/\/www.effe3ti.com\/wp-content\/uploads\/2021\/04\/PP1208-150x150.jpg 150w, https:\/\/www.effe3ti.com\/wp-content\/uploads\/2021\/04\/PP1208-768x768.jpg 768w, https:\/\/www.effe3ti.com\/wp-content\/uploads\/2021\/04\/PP1208.jpg 1200w\" sizes=\"(max-width: 300px) 100vw, 300px\" \/><\/div><\/a>\n\t\t\t\t<div class=\"elementor-post__text\">\n\t\t\t\t<h3 class=\"elementor-post__title\">\n\t\t\t<a href=\"https:\/\/www.effe3ti.com\/pt\/prodotto\/pp1208-pressa-a-camera-verticale-58t-70t\/\" >\n\t\t\t\tPP1208 \u2013 Prensa de C\u00e2mara Vertical 58t\/70t\t\t\t<\/a>\n\t\t<\/h3>\n\t\t\n\t\t<a class=\"elementor-post__read-more\" href=\"https:\/\/www.effe3ti.com\/pt\/prodotto\/pp1208-pressa-a-camera-verticale-58t-70t\/\" aria-label=\"Saiba mais sobre PP1208 \u2013 prensa de c\u00e2mara vertical de 58t\/70t\" tabindex=\"-1\" >\n\t\t\tVoc\u00ea v\u00ea &quot;\t\t<\/a>\n\n\t\t\t\t<\/div>\n\t\t\t\t\t<\/div>\n\t\t<\/article>\n\t\t\t\t<article class=\"elementor-post elementor-grid-item post-243 product type-product status-publish has-post-thumbnail product_cat-compattatori-it product_tag-compattatore product_tag-ecologia product_tag-pressa product_tag-riciclo product_tag-rifiuti  instock shipping-taxable product-type-simple\" role=\"listitem\">\n\t\t\t<div class=\"elementor-post__card\">\n\t\t\t\t<a class=\"elementor-post__thumbnail__link\" href=\"https:\/\/www.effe3ti.com\/pt\/prodotto\/rc1100-e-rc660-770-pressa-per-cassonetti\/\" tabindex=\"-1\" ><div class=\"elementor-post__thumbnail\"><img loading=\"lazy\" decoding=\"async\" width=\"300\" height=\"300\" src=\"https:\/\/www.effe3ti.com\/wp-content\/uploads\/2021\/04\/RC1100-300x300.jpg\" class=\"attachment-medium size-medium wp-image-281\" alt=\"prensa de lixeira\" srcset=\"https:\/\/www.effe3ti.com\/wp-content\/uploads\/2021\/04\/RC1100-300x300.jpg 300w, https:\/\/www.effe3ti.com\/wp-content\/uploads\/2021\/04\/RC1100-100x100.jpg 100w, https:\/\/www.effe3ti.com\/wp-content\/uploads\/2021\/04\/RC1100-600x600.jpg 600w, https:\/\/www.effe3ti.com\/wp-content\/uploads\/2021\/04\/RC1100-1024x1024.jpg 1024w, https:\/\/www.effe3ti.com\/wp-content\/uploads\/2021\/04\/RC1100-150x150.jpg 150w, https:\/\/www.effe3ti.com\/wp-content\/uploads\/2021\/04\/RC1100-768x768.jpg 768w, https:\/\/www.effe3ti.com\/wp-content\/uploads\/2021\/04\/RC1100.jpg 1200w\" sizes=\"(max-width: 300px) 100vw, 300px\" \/><\/div><\/a>\n\t\t\t\t<div class=\"elementor-post__text\">\n\t\t\t\t<h3 class=\"elementor-post__title\">\n\t\t\t<a href=\"https:\/\/www.effe3ti.com\/pt\/prodotto\/rc1100-e-rc660-770-pressa-per-cassonetti\/\" >\n\t\t\t\tRC1100 e RC660\/770 \u2013 Prensa de cont\u00eainer\t\t\t<\/a>\n\t\t<\/h3>\n\t\t\n\t\t<a class=\"elementor-post__read-more\" href=\"https:\/\/www.effe3ti.com\/pt\/prodotto\/rc1100-e-rc660-770-pressa-per-cassonetti\/\" aria-label=\"Saiba mais sobre RC1100 e RC660\/770 \u2013 Prensa de Cont\u00eaineres\" tabindex=\"-1\" >\n\t\t\tVoc\u00ea v\u00ea &quot;\t\t<\/a>\n\n\t\t\t\t<\/div>\n\t\t\t\t\t<\/div>\n\t\t<\/article>\n\t\t\t\t<article class=\"elementor-post elementor-grid-item post-244 product type-product status-publish has-post-thumbnail product_cat-compattatori-it product_tag-compattatore product_tag-ecologia product_tag-pressa product_tag-riciclo product_tag-rifiuti  instock shipping-taxable product-type-simple\" role=\"listitem\">\n\t\t\t<div class=\"elementor-post__card\">\n\t\t\t\t<a class=\"elementor-post__thumbnail__link\" href=\"https:\/\/www.effe3ti.com\/pt\/prodotto\/styropress-bricchettatrice-per-polistirolo\/\" tabindex=\"-1\" ><div class=\"elementor-post__thumbnail\"><img loading=\"lazy\" decoding=\"async\" width=\"300\" height=\"300\" src=\"https:\/\/www.effe3ti.com\/wp-content\/uploads\/2021\/04\/Cutcompact-300x300.jpg\" class=\"attachment-medium size-medium wp-image-282\" alt=\"compacta\u00e7\u00e3o de poliestireno\" srcset=\"https:\/\/www.effe3ti.com\/wp-content\/uploads\/2021\/04\/Cutcompact-300x300.jpg 300w, https:\/\/www.effe3ti.com\/wp-content\/uploads\/2021\/04\/Cutcompact-100x100.jpg 100w, https:\/\/www.effe3ti.com\/wp-content\/uploads\/2021\/04\/Cutcompact-600x600.jpg 600w, https:\/\/www.effe3ti.com\/wp-content\/uploads\/2021\/04\/Cutcompact-1024x1024.jpg 1024w, https:\/\/www.effe3ti.com\/wp-content\/uploads\/2021\/04\/Cutcompact-150x150.jpg 150w, https:\/\/www.effe3ti.com\/wp-content\/uploads\/2021\/04\/Cutcompact-768x768.jpg 768w, https:\/\/www.effe3ti.com\/wp-content\/uploads\/2021\/04\/Cutcompact.jpg 1200w\" sizes=\"(max-width: 300px) 100vw, 300px\" \/><\/div><\/a>\n\t\t\t\t<div class=\"elementor-post__text\">\n\t\t\t\t<h3 class=\"elementor-post__title\">\n\t\t\t<a href=\"https:\/\/www.effe3ti.com\/pt\/prodotto\/styropress-bricchettatrice-per-polistirolo\/\" >\n\t\t\t\tStyropress \u2013 Prensa de briquetagem para poliestireno\t\t\t<\/a>\n\t\t<\/h3>\n\t\t\n\t\t<a class=\"elementor-post__read-more\" href=\"https:\/\/www.effe3ti.com\/pt\/prodotto\/styropress-bricchettatrice-per-polistirolo\/\" aria-label=\"Saiba mais sobre Styropress \u2013 M\u00e1quina de Briquetagem de Poliestireno\" tabindex=\"-1\" >\n\t\t\tVoc\u00ea v\u00ea &quot;\t\t<\/a>\n\n\t\t\t\t<\/div>\n\t\t\t\t\t<\/div>\n\t\t<\/article>\n\t\t\t\t<\/div>\n\t\t\n\t\t\t\t\t\t<\/div>\n\t\t\t\t<\/div>\n\t\t\t\t\t<\/div>\n\t\t<\/div>\n\t\t\t\t\t<\/div>\n\t\t<\/section>\n\t\t\t\t<\/div>","protected":false},"excerpt":{"rendered":"<p>Enfardadeiras \u2013 Compactadores de Embalagens Economize espa\u00e7o, livre-se de res\u00edduos de embalagens e ganhe dinheiro com as enfardadeiras perfeitas para compacta\u00e7\u00e3o<\/p>","protected":false},"author":1,"featured_media":4628,"parent":0,"menu_order":0,"comment_status":"closed","ping_status":"closed","template":"","meta":{"footnotes":""},"class_list":["post-4569","page","type-page","status-publish","has-post-thumbnail","hentry"],"yoast_head":"<!-- This site is optimized with the Yoast SEO plugin v27.4 - https:\/\/yoast.com\/product\/yoast-seo-wordpress\/ -->\n<title>Presse - Compattatori - Effe3ti<\/title>\n<meta name=\"description\" content=\"Presse - Compattatori per imballaggi destinati al riciclo. Ideali per la compattazione dei materiali di scarto degli imballaggi\" \/>\n<meta name=\"robots\" content=\"index, follow, max-snippet:-1, max-image-preview:large, max-video-preview:-1\" \/>\n<link rel=\"canonical\" href=\"https:\/\/www.effe3ti.com\/pt\/logistica-de-compactadores\/\" \/>\n<meta property=\"og:locale\" content=\"pt_PT\" \/>\n<meta property=\"og:type\" content=\"article\" \/>\n<meta property=\"og:title\" content=\"Presse - Compattatori - Effe3ti\" \/>\n<meta property=\"og:description\" content=\"Presse - Compattatori per imballaggi destinati al riciclo. Ideali per la compattazione dei materiali di scarto degli imballaggi\" \/>\n<meta property=\"og:url\" content=\"https:\/\/www.effe3ti.com\/pt\/logistica-de-compactadores\/\" \/>\n<meta property=\"og:site_name\" content=\"Effe3ti\" \/>\n<meta property=\"article:publisher\" content=\"https:\/\/www.facebook.com\/effe3ti.packaging\" \/>\n<meta property=\"article:modified_time\" content=\"2026-03-04T08:27:10+00:00\" \/>\n<meta property=\"og:image\" content=\"https:\/\/www.effe3ti.com\/wp-content\/uploads\/2021\/04\/contentbilder-1.png\" \/>\n\t<meta property=\"og:image:width\" content=\"613\" \/>\n\t<meta property=\"og:image:height\" content=\"500\" \/>\n\t<meta property=\"og:image:type\" content=\"image\/png\" \/>\n<meta name=\"twitter:card\" content=\"summary_large_image\" \/>\n<meta name=\"twitter:label1\" content=\"Tempo estimado de leitura\" \/>\n\t<meta name=\"twitter:data1\" content=\"5 minutos\" \/>\n<script type=\"application\/ld+json\" class=\"yoast-schema-graph\">{\"@context\":\"https:\\\/\\\/schema.org\",\"@graph\":[{\"@type\":\"WebPage\",\"@id\":\"https:\\\/\\\/www.effe3ti.com\\\/logistica-compattatori\\\/\",\"url\":\"https:\\\/\\\/www.effe3ti.com\\\/logistica-compattatori\\\/\",\"name\":\"Presse - Compattatori - Effe3ti\",\"isPartOf\":{\"@id\":\"https:\\\/\\\/www.effe3ti.com\\\/#website\"},\"primaryImageOfPage\":{\"@id\":\"https:\\\/\\\/www.effe3ti.com\\\/logistica-compattatori\\\/#primaryimage\"},\"image\":{\"@id\":\"https:\\\/\\\/www.effe3ti.com\\\/logistica-compattatori\\\/#primaryimage\"},\"thumbnailUrl\":\"https:\\\/\\\/www.effe3ti.com\\\/wp-content\\\/uploads\\\/2021\\\/04\\\/contentbilder-1.png\",\"datePublished\":\"2021-11-03T16:46:18+00:00\",\"dateModified\":\"2026-03-04T08:27:10+00:00\",\"description\":\"Presse - Compattatori per imballaggi destinati al riciclo. Ideali per la compattazione dei materiali di scarto degli imballaggi\",\"breadcrumb\":{\"@id\":\"https:\\\/\\\/www.effe3ti.com\\\/logistica-compattatori\\\/#breadcrumb\"},\"inLanguage\":\"pt-PT\",\"potentialAction\":[{\"@type\":\"ReadAction\",\"target\":[\"https:\\\/\\\/www.effe3ti.com\\\/logistica-compattatori\\\/\"]}]},{\"@type\":\"ImageObject\",\"inLanguage\":\"pt-PT\",\"@id\":\"https:\\\/\\\/www.effe3ti.com\\\/logistica-compattatori\\\/#primaryimage\",\"url\":\"https:\\\/\\\/www.effe3ti.com\\\/wp-content\\\/uploads\\\/2021\\\/04\\\/contentbilder-1.png\",\"contentUrl\":\"https:\\\/\\\/www.effe3ti.com\\\/wp-content\\\/uploads\\\/2021\\\/04\\\/contentbilder-1.png\",\"width\":613,\"height\":500,\"caption\":\"pressa verticale\"},{\"@type\":\"BreadcrumbList\",\"@id\":\"https:\\\/\\\/www.effe3ti.com\\\/logistica-compattatori\\\/#breadcrumb\",\"itemListElement\":[{\"@type\":\"ListItem\",\"position\":1,\"name\":\"Home\",\"item\":\"https:\\\/\\\/www.effe3ti.com\\\/\"},{\"@type\":\"ListItem\",\"position\":2,\"name\":\"Presse &#8211; Compattatori\"}]},{\"@type\":\"WebSite\",\"@id\":\"https:\\\/\\\/www.effe3ti.com\\\/#website\",\"url\":\"https:\\\/\\\/www.effe3ti.com\\\/\",\"name\":\"Effe3ti\",\"description\":\"Packaging Technologies\",\"publisher\":{\"@id\":\"https:\\\/\\\/www.effe3ti.com\\\/#organization\"},\"potentialAction\":[{\"@type\":\"SearchAction\",\"target\":{\"@type\":\"EntryPoint\",\"urlTemplate\":\"https:\\\/\\\/www.effe3ti.com\\\/?s={search_term_string}\"},\"query-input\":{\"@type\":\"PropertyValueSpecification\",\"valueRequired\":true,\"valueName\":\"search_term_string\"}}],\"inLanguage\":\"pt-PT\"},{\"@type\":\"Organization\",\"@id\":\"https:\\\/\\\/www.effe3ti.com\\\/#organization\",\"name\":\"Effe3ti\",\"alternateName\":\"f3t\",\"url\":\"https:\\\/\\\/www.effe3ti.com\\\/\",\"logo\":{\"@type\":\"ImageObject\",\"inLanguage\":\"pt-PT\",\"@id\":\"https:\\\/\\\/www.effe3ti.com\\\/#\\\/schema\\\/logo\\\/image\\\/\",\"url\":\"https:\\\/\\\/www.effe3ti.com\\\/wp-content\\\/uploads\\\/2021\\\/04\\\/Effe3ti_logo-350.gif\",\"contentUrl\":\"https:\\\/\\\/www.effe3ti.com\\\/wp-content\\\/uploads\\\/2021\\\/04\\\/Effe3ti_logo-350.gif\",\"width\":350,\"height\":128,\"caption\":\"Effe3ti\"},\"image\":{\"@id\":\"https:\\\/\\\/www.effe3ti.com\\\/#\\\/schema\\\/logo\\\/image\\\/\"},\"sameAs\":[\"https:\\\/\\\/www.facebook.com\\\/effe3ti.packaging\",\"https:\\\/\\\/www.instagram.com\\\/EFFE3TI\\\/\",\"https:\\\/\\\/www.linkedin.com\\\/company\\\/effe3ti-srl\",\"https:\\\/\\\/www.youtube.com\\\/effe3ti\"]}]}<\/script>\n<!-- \/ Yoast SEO plugin. -->","yoast_head_json":{"title":"Prensas - Compactadores - Effe3ti","description":"Prensas - Compactadores para embalagens destinadas \u00e0 reciclagem. Ideal para compactar res\u00edduos de embalagens","robots":{"index":"index","follow":"follow","max-snippet":"max-snippet:-1","max-image-preview":"max-image-preview:large","max-video-preview":"max-video-preview:-1"},"canonical":"https:\/\/www.effe3ti.com\/pt\/logistica-de-compactadores\/","og_locale":"pt_PT","og_type":"article","og_title":"Presse - Compattatori - Effe3ti","og_description":"Presse - Compattatori per imballaggi destinati al riciclo. Ideali per la compattazione dei materiali di scarto degli imballaggi","og_url":"https:\/\/www.effe3ti.com\/pt\/logistica-de-compactadores\/","og_site_name":"Effe3ti","article_publisher":"https:\/\/www.facebook.com\/effe3ti.packaging","article_modified_time":"2026-03-04T08:27:10+00:00","og_image":[{"width":613,"height":500,"url":"https:\/\/www.effe3ti.com\/wp-content\/uploads\/2021\/04\/contentbilder-1.png","type":"image\/png"}],"twitter_card":"summary_large_image","twitter_misc":{"Tempo estimado de leitura":"5 minutos"},"schema":{"@context":"https:\/\/schema.org","@graph":[{"@type":"WebPage","@id":"https:\/\/www.effe3ti.com\/logistica-compattatori\/","url":"https:\/\/www.effe3ti.com\/logistica-compattatori\/","name":"Prensas - Compactadores - Effe3ti","isPartOf":{"@id":"https:\/\/www.effe3ti.com\/#website"},"primaryImageOfPage":{"@id":"https:\/\/www.effe3ti.com\/logistica-compattatori\/#primaryimage"},"image":{"@id":"https:\/\/www.effe3ti.com\/logistica-compattatori\/#primaryimage"},"thumbnailUrl":"https:\/\/www.effe3ti.com\/wp-content\/uploads\/2021\/04\/contentbilder-1.png","datePublished":"2021-11-03T16:46:18+00:00","dateModified":"2026-03-04T08:27:10+00:00","description":"Prensas - Compactadores para embalagens destinadas \u00e0 reciclagem. Ideal para compactar res\u00edduos de embalagens","breadcrumb":{"@id":"https:\/\/www.effe3ti.com\/logistica-compattatori\/#breadcrumb"},"inLanguage":"pt-PT","potentialAction":[{"@type":"ReadAction","target":["https:\/\/www.effe3ti.com\/logistica-compattatori\/"]}]},{"@type":"ImageObject","inLanguage":"pt-PT","@id":"https:\/\/www.effe3ti.com\/logistica-compattatori\/#primaryimage","url":"https:\/\/www.effe3ti.com\/wp-content\/uploads\/2021\/04\/contentbilder-1.png","contentUrl":"https:\/\/www.effe3ti.com\/wp-content\/uploads\/2021\/04\/contentbilder-1.png","width":613,"height":500,"caption":"pressa verticale"},{"@type":"BreadcrumbList","@id":"https:\/\/www.effe3ti.com\/logistica-compattatori\/#breadcrumb","itemListElement":[{"@type":"ListItem","position":1,"name":"Home","item":"https:\/\/www.effe3ti.com\/"},{"@type":"ListItem","position":2,"name":"Presse &#8211; Compattatori"}]},{"@type":"WebSite","@id":"https:\/\/www.effe3ti.com\/#website","url":"https:\/\/www.effe3ti.com\/","name":"Efe3ti","description":"Tecnologias de Embalagem","publisher":{"@id":"https:\/\/www.effe3ti.com\/#organization"},"potentialAction":[{"@type":"SearchAction","target":{"@type":"EntryPoint","urlTemplate":"https:\/\/www.effe3ti.com\/?s={search_term_string}"},"query-input":{"@type":"PropertyValueSpecification","valueRequired":true,"valueName":"search_term_string"}}],"inLanguage":"pt-PT"},{"@type":"Organization","@id":"https:\/\/www.effe3ti.com\/#organization","name":"Efe3ti","alternateName":"f3t","url":"https:\/\/www.effe3ti.com\/","logo":{"@type":"ImageObject","inLanguage":"pt-PT","@id":"https:\/\/www.effe3ti.com\/#\/schema\/logo\/image\/","url":"https:\/\/www.effe3ti.com\/wp-content\/uploads\/2021\/04\/Effe3ti_logo-350.gif","contentUrl":"https:\/\/www.effe3ti.com\/wp-content\/uploads\/2021\/04\/Effe3ti_logo-350.gif","width":350,"height":128,"caption":"Effe3ti"},"image":{"@id":"https:\/\/www.effe3ti.com\/#\/schema\/logo\/image\/"},"sameAs":["https:\/\/www.facebook.com\/effe3ti.packaging","https:\/\/www.instagram.com\/EFFE3TI\/","https:\/\/www.linkedin.com\/company\/effe3ti-srl","https:\/\/www.youtube.com\/effe3ti"]}]}},"_links":{"self":[{"href":"https:\/\/www.effe3ti.com\/pt\/wp-json\/wp\/v2\/pages\/4569","targetHints":{"allow":["GET"]}}],"collection":[{"href":"https:\/\/www.effe3ti.com\/pt\/wp-json\/wp\/v2\/pages"}],"about":[{"href":"https:\/\/www.effe3ti.com\/pt\/wp-json\/wp\/v2\/types\/page"}],"author":[{"embeddable":true,"href":"https:\/\/www.effe3ti.com\/pt\/wp-json\/wp\/v2\/users\/1"}],"replies":[{"embeddable":true,"href":"https:\/\/www.effe3ti.com\/pt\/wp-json\/wp\/v2\/comments?post=4569"}],"version-history":[{"count":3,"href":"https:\/\/www.effe3ti.com\/pt\/wp-json\/wp\/v2\/pages\/4569\/revisions"}],"predecessor-version":[{"id":24418,"href":"https:\/\/www.effe3ti.com\/pt\/wp-json\/wp\/v2\/pages\/4569\/revisions\/24418"}],"wp:featuredmedia":[{"embeddable":true,"href":"https:\/\/www.effe3ti.com\/pt\/wp-json\/wp\/v2\/media\/4628"}],"wp:attachment":[{"href":"https:\/\/www.effe3ti.com\/pt\/wp-json\/wp\/v2\/media?parent=4569"}],"curies":[{"name":"wp","href":"https:\/\/api.w.org\/{rel}","templated":true}]}}