{"id":221,"date":"2021-04-01T20:32:33","date_gmt":"2021-04-01T20:32:33","guid":{"rendered":"https:\/\/vps-de1b14d9.vps.ovh.net\/effe3ti\/?post_type=product&#038;p=221"},"modified":"2026-04-07T15:17:54","modified_gmt":"2026-04-07T15:17:54","slug":"prensa-de-camara-vertical-bp18-18t","status":"publish","type":"product","link":"https:\/\/www.effe3ti.com\/pt\/prodotto\/bp18-pressa-a-camera-verticale-18t\/","title":{"rendered":"BP18 \u2013 Prensa de c\u00e2mara vertical de 18t"},"content":{"rendered":"<div data-elementor-type=\"product-post\" data-elementor-id=\"221\" class=\"elementor elementor-221\" data-elementor-post-type=\"product\">\n\t\t\t\t\t\t<section class=\"elementor-section elementor-top-section elementor-element elementor-element-5445402 animated-slow elementor-section-boxed elementor-section-height-default elementor-section-height-default elementor-invisible\" data-id=\"5445402\" data-element_type=\"section\" data-e-type=\"section\" data-settings=\"{&quot;animation&quot;:&quot;fadeInUp&quot;}\">\n\t\t\t\t\t\t<div class=\"elementor-container elementor-column-gap-default\">\n\t\t\t\t\t<div class=\"elementor-column elementor-col-50 elementor-top-column elementor-element elementor-element-7860905\" data-id=\"7860905\" data-element_type=\"column\" data-e-type=\"column\">\n\t\t\t<div class=\"elementor-widget-wrap elementor-element-populated\">\n\t\t\t\t\t\t<div class=\"elementor-element elementor-element-d623332 elementor-widget elementor-widget-text-editor\" data-id=\"d623332\" data-element_type=\"widget\" data-e-type=\"widget\" data-widget_type=\"text-editor.default\">\n\t\t\t\t<div class=\"elementor-widget-container\">\n\t\t\t\t\t\t\t\t\t<p>Fardos de at\u00e9 250 kg. A enfardadeira vertical de c\u00e2mara BP 18 comprime papel e filme pl\u00e1stico em fardos de alta densidade. A placa de prensagem com sistema TopPlus garante a longa vida \u00fatil da enfardadeira BP 18.<\/p><p>Um sistema de veda\u00e7\u00e3o exclusivo dentro da c\u00e2mara de prensagem evita a reexpans\u00e3o do material prensado.<\/p><p>O BalePress 18 est\u00e1 dispon\u00edvel com cintas ou encaderna\u00e7\u00e3o com arame e com porta manual ou autom\u00e1tica.<\/p>\t\t\t\t\t\t\t\t<\/div>\n\t\t\t\t<\/div>\n\t\t\t\t\t<\/div>\n\t\t<\/div>\n\t\t\t\t<div class=\"elementor-column elementor-col-50 elementor-top-column elementor-element elementor-element-92be79c\" data-id=\"92be79c\" data-element_type=\"column\" data-e-type=\"column\">\n\t\t\t<div class=\"elementor-widget-wrap elementor-element-populated\">\n\t\t\t\t\t\t<div class=\"elementor-element elementor-element-4e2115d elementor-widget elementor-widget-image\" data-id=\"4e2115d\" data-element_type=\"widget\" data-e-type=\"widget\" data-widget_type=\"image.default\">\n\t\t\t\t<div class=\"elementor-widget-container\">\n\t\t\t\t\t\t\t\t\t\t\t\t\t\t\t<img fetchpriority=\"high\" decoding=\"async\" width=\"800\" height=\"534\" src=\"https:\/\/www.effe3ti.com\/wp-content\/uploads\/2021\/04\/BalePress-18-3-1024x683-1.jpeg\" class=\"attachment-large size-large wp-image-4645\" alt=\"prensa vertical\" srcset=\"https:\/\/www.effe3ti.com\/wp-content\/uploads\/2021\/04\/BalePress-18-3-1024x683-1.jpeg 1024w, https:\/\/www.effe3ti.com\/wp-content\/uploads\/2021\/04\/BalePress-18-3-1024x683-1-600x400.jpeg 600w, https:\/\/www.effe3ti.com\/wp-content\/uploads\/2021\/04\/BalePress-18-3-1024x683-1-300x200.jpeg 300w, https:\/\/www.effe3ti.com\/wp-content\/uploads\/2021\/04\/BalePress-18-3-1024x683-1-768x512.jpeg 768w\" sizes=\"(max-width: 800px) 100vw, 800px\" \/>\t\t\t\t\t\t\t\t\t\t\t\t\t\t\t<\/div>\n\t\t\t\t<\/div>\n\t\t\t\t\t<\/div>\n\t\t<\/div>\n\t\t\t\t\t<\/div>\n\t\t<\/section>\n\t\t\t\t<section class=\"elementor-section elementor-top-section elementor-element elementor-element-a8440cf elementor-section-boxed elementor-section-height-default elementor-section-height-default\" data-id=\"a8440cf\" data-element_type=\"section\" data-e-type=\"section\">\n\t\t\t\t\t\t<div class=\"elementor-container elementor-column-gap-default\">\n\t\t\t\t\t<div class=\"elementor-column elementor-col-100 elementor-top-column elementor-element elementor-element-73ae649\" data-id=\"73ae649\" data-element_type=\"column\" data-e-type=\"column\">\n\t\t\t<div class=\"elementor-widget-wrap elementor-element-populated\">\n\t\t\t\t\t\t<div class=\"elementor-element elementor-element-497c838 elementor-widget elementor-widget-text-editor\" data-id=\"497c838\" data-element_type=\"widget\" data-e-type=\"widget\" data-widget_type=\"text-editor.default\">\n\t\t\t\t<div class=\"elementor-widget-container\">\n\t\t\t\t\t\t\t\t\t<p>PRINCIPAIS CARACTER\u00cdSTICAS<\/p><ul><li>Fonte de alimenta\u00e7\u00e3o: 400 V \u2013 50 Hz<\/li><li>Pot\u00eancia: 4 kW<\/li><li>For\u00e7a de press\u00e3o: 180 kN<\/li><li>Curso: 890 mm<\/li><li>Peso: 1400 kg<\/li><li>Boca de carga: 1190\u00d7555 mm<\/li><li>Tempo de ciclo: 34 seg.<\/li><li>Peso do fardo: 250 kg<\/li><li>Dimens\u00f5es do fardo: 1200 x 800 x 800 mm<\/li><li>Porta de correr<\/li><li>Eje\u00e7\u00e3o mec\u00e2nica do fardo de material<\/li><li>Encaderna\u00e7\u00e3o com cinta ou arame<\/li><\/ul><p>MATERIAIS<\/p><ul><li>Papel e papel\u00e3o<\/li><li>Filme<\/li><\/ul>\t\t\t\t\t\t\t\t<\/div>\n\t\t\t\t<\/div>\n\t\t\t\t\t<\/div>\n\t\t<\/div>\n\t\t\t\t\t<\/div>\n\t\t<\/section>\n\t\t\t\t<section class=\"elementor-section elementor-top-section elementor-element elementor-element-65fcff1 animated-slow elementor-section-boxed elementor-section-height-default elementor-section-height-default elementor-invisible\" data-id=\"65fcff1\" data-element_type=\"section\" data-e-type=\"section\" data-settings=\"{&quot;animation&quot;:&quot;fadeInDown&quot;}\">\n\t\t\t\t\t\t<div class=\"elementor-container elementor-column-gap-default\">\n\t\t\t\t\t<div class=\"elementor-column elementor-col-33 elementor-top-column elementor-element elementor-element-4cfe54b\" data-id=\"4cfe54b\" data-element_type=\"column\" data-e-type=\"column\">\n\t\t\t<div class=\"elementor-widget-wrap elementor-element-populated\">\n\t\t\t\t\t\t<div class=\"elementor-element elementor-element-78e3003 elementor-widget elementor-widget-text-editor\" data-id=\"78e3003\" data-element_type=\"widget\" data-e-type=\"widget\" data-widget_type=\"text-editor.default\">\n\t\t\t\t<div class=\"elementor-widget-container\">\n\t\t\t\t\t\t\t\t\t<p>F\u00e1cil instala\u00e7\u00e3o<\/p>\t\t\t\t\t\t\t\t<\/div>\n\t\t\t\t<\/div>\n\t\t\t\t\t<\/div>\n\t\t<\/div>\n\t\t\t\t<div class=\"elementor-column elementor-col-33 elementor-top-column elementor-element elementor-element-798a005\" data-id=\"798a005\" data-element_type=\"column\" data-e-type=\"column\">\n\t\t\t<div class=\"elementor-widget-wrap elementor-element-populated\">\n\t\t\t\t\t\t<div class=\"elementor-element elementor-element-0ca32ba elementor-widget elementor-widget-text-editor\" data-id=\"0ca32ba\" data-element_type=\"widget\" data-e-type=\"widget\" data-widget_type=\"text-editor.default\">\n\t\t\t\t<div class=\"elementor-widget-container\">\n\t\t\t\t\t\t\t\t\t<p>Pegada reduzida<\/p>\t\t\t\t\t\t\t\t<\/div>\n\t\t\t\t<\/div>\n\t\t\t\t\t<\/div>\n\t\t<\/div>\n\t\t\t\t<div class=\"elementor-column elementor-col-33 elementor-top-column elementor-element elementor-element-a20d283\" data-id=\"a20d283\" data-element_type=\"column\" data-e-type=\"column\">\n\t\t\t<div class=\"elementor-widget-wrap elementor-element-populated\">\n\t\t\t\t\t\t<div class=\"elementor-element elementor-element-687db19 elementor-widget elementor-widget-text-editor\" data-id=\"687db19\" data-element_type=\"widget\" data-e-type=\"widget\" data-widget_type=\"text-editor.default\">\n\t\t\t\t<div class=\"elementor-widget-container\">\n\t\t\t\t\t\t\t\t\t<p>Facilidade de uso<\/p>\t\t\t\t\t\t\t\t<\/div>\n\t\t\t\t<\/div>\n\t\t\t\t\t<\/div>\n\t\t<\/div>\n\t\t\t\t\t<\/div>\n\t\t<\/section>\n\t\t\t\t<section class=\"elementor-section elementor-top-section elementor-element elementor-element-ea34d98 animated-slow elementor-section-boxed elementor-section-height-default elementor-section-height-default elementor-invisible\" data-id=\"ea34d98\" data-element_type=\"section\" data-e-type=\"section\" data-settings=\"{&quot;animation&quot;:&quot;fadeInDown&quot;}\">\n\t\t\t\t\t\t<div class=\"elementor-container elementor-column-gap-default\">\n\t\t\t\t\t<div class=\"elementor-column elementor-col-50 elementor-top-column elementor-element elementor-element-4f28aa4\" data-id=\"4f28aa4\" data-element_type=\"column\" data-e-type=\"column\">\n\t\t\t<div class=\"elementor-widget-wrap elementor-element-populated\">\n\t\t\t\t\t\t<div class=\"elementor-element elementor-element-e9fc586 elementor-widget elementor-widget-text-editor\" data-id=\"e9fc586\" data-element_type=\"widget\" data-e-type=\"widget\" data-widget_type=\"text-editor.default\">\n\t\t\t\t<div class=\"elementor-widget-container\">\n\t\t\t\t\t\t\t\t\t<p>Estabilidade e longa vida \u00fatil<\/p>\t\t\t\t\t\t\t\t<\/div>\n\t\t\t\t<\/div>\n\t\t\t\t\t<\/div>\n\t\t<\/div>\n\t\t\t\t<div class=\"elementor-column elementor-col-50 elementor-top-column elementor-element elementor-element-7da1c70\" data-id=\"7da1c70\" data-element_type=\"column\" data-e-type=\"column\">\n\t\t\t<div class=\"elementor-widget-wrap elementor-element-populated\">\n\t\t\t\t\t\t<div class=\"elementor-element elementor-element-516d3c5 elementor-widget elementor-widget-text-editor\" data-id=\"516d3c5\" data-element_type=\"widget\" data-e-type=\"widget\" data-widget_type=\"text-editor.default\">\n\t\t\t\t<div class=\"elementor-widget-container\">\n\t\t\t\t\t\t\t\t\t<p>Economia em custos de armazenagem e transporte<\/p>\t\t\t\t\t\t\t\t<\/div>\n\t\t\t\t<\/div>\n\t\t\t\t\t<\/div>\n\t\t<\/div>\n\t\t\t\t\t<\/div>\n\t\t<\/section>\n\t\t\t\t<section class=\"elementor-section elementor-top-section elementor-element elementor-element-456d5e5 elementor-section-boxed elementor-section-height-default elementor-section-height-default\" data-id=\"456d5e5\" data-element_type=\"section\" data-e-type=\"section\">\n\t\t\t\t\t\t<div class=\"elementor-container elementor-column-gap-default\">\n\t\t\t\t\t<div class=\"elementor-column elementor-col-100 elementor-top-column elementor-element elementor-element-5dda053\" data-id=\"5dda053\" data-element_type=\"column\" data-e-type=\"column\">\n\t\t\t<div class=\"elementor-widget-wrap elementor-element-populated\">\n\t\t\t\t\t\t<div class=\"elementor-element elementor-element-42efc0b elementor-widget elementor-widget-button\" data-id=\"42efc0b\" data-element_type=\"widget\" data-e-type=\"widget\" data-widget_type=\"button.default\">\n\t\t\t\t<div class=\"elementor-widget-container\">\n\t\t\t\t\t\t\t\t\t<div class=\"elementor-button-wrapper\">\n\t\t\t\t\t<a class=\"elementor-button elementor-button-link elementor-size-lg\" href=\"https:\/\/drive.google.com\/file\/d\/1-YRJ4f0D97LxlI3z5_TRAxXf5xF5UDp1\/view?usp=share_link\" target=\"_blank\">\n\t\t\t\t\t\t<span class=\"elementor-button-content-wrapper\">\n\t\t\t\t\t\t\t\t\t<span class=\"elementor-button-text\">BAIXE O CAT\u00c1LOGO<\/span>\n\t\t\t\t\t<\/span>\n\t\t\t\t\t<\/a>\n\t\t\t\t<\/div>\n\t\t\t\t\t\t\t\t<\/div>\n\t\t\t\t<\/div>\n\t\t\t\t\t<\/div>\n\t\t<\/div>\n\t\t\t\t\t<\/div>\n\t\t<\/section>\n\t\t\t\t<section class=\"elementor-section elementor-top-section elementor-element elementor-element-c878923 elementor-section-full_width elementor-section-height-default elementor-section-height-default\" data-id=\"c878923\" data-element_type=\"section\" data-e-type=\"section\">\n\t\t\t\t\t\t<div class=\"elementor-container elementor-column-gap-no\">\n\t\t\t\t\t<div class=\"elementor-column elementor-col-100 elementor-top-column elementor-element elementor-element-ac4edd9\" data-id=\"ac4edd9\" data-element_type=\"column\" data-e-type=\"column\">\n\t\t\t<div class=\"elementor-widget-wrap elementor-element-populated\">\n\t\t\t\t\t\t<div class=\"elementor-element elementor-element-1b8d60f elementor-cta--skin-cover elementor-animated-content elementor-bg-transform elementor-bg-transform-zoom-in elementor-widget elementor-widget-call-to-action\" data-id=\"1b8d60f\" data-element_type=\"widget\" data-e-type=\"widget\" data-widget_type=\"call-to-action.default\">\n\t\t\t\t<div class=\"elementor-widget-container\">\n\t\t\t\t\t\t\t<div class=\"elementor-cta\">\n\t\t\t\t\t<div class=\"elementor-cta__bg-wrapper\">\n\t\t\t\t<div class=\"elementor-cta__bg elementor-bg\" style=\"background-image: url(https:\/\/www.effe3ti.com\/wp-content\/uploads\/2024\/10\/informazioni-1024x576.jpg);\" role=\"img\" aria-label=\"solu\u00e7\u00f5es de embalagem effe3ti\"><\/div>\n\t\t\t\t<div class=\"elementor-cta__bg-overlay\"><\/div>\n\t\t\t<\/div>\n\t\t\t\t\t\t\t<div class=\"elementor-cta__content\">\n\t\t\t\t\n\t\t\t\t\t\t\t\t\t<h2 class=\"elementor-cta__title elementor-cta__content-item elementor-content-item elementor-animated-item--grow\">\n\t\t\t\t\t\tSOLICITE UM OR\u00c7AMENTO\t\t\t\t\t<\/h2>\n\t\t\t\t\n\t\t\t\t\n\t\t\t\t\t\t\t\t\t<div class=\"elementor-cta__button-wrapper elementor-cta__content-item elementor-content-item elementor-animated-item--grow\">\n\t\t\t\t\t<a class=\"elementor-cta__button elementor-button elementor-size-\" href=\"https:\/\/www.effe3ti.com\/pt\/contatos\/\">\n\t\t\t\t\t\tCONTATE-NOS\t\t\t\t\t<\/a>\n\t\t\t\t\t<\/div>\n\t\t\t\t\t\t\t<\/div>\n\t\t\t\t\t\t<\/div>\n\t\t\t\t\t\t<\/div>\n\t\t\t\t<\/div>\n\t\t\t\t\t<\/div>\n\t\t<\/div>\n\t\t\t\t\t<\/div>\n\t\t<\/section>\n\t\t\t\t<section class=\"elementor-section elementor-top-section elementor-element elementor-element-a42bae9 elementor-section-boxed elementor-section-height-default elementor-section-height-default\" data-id=\"a42bae9\" data-element_type=\"section\" data-e-type=\"section\">\n\t\t\t\t\t\t<div class=\"elementor-container elementor-column-gap-default\">\n\t\t\t\t\t<div class=\"elementor-column elementor-col-100 elementor-top-column elementor-element elementor-element-581d52a\" data-id=\"581d52a\" data-element_type=\"column\" data-e-type=\"column\">\n\t\t\t<div class=\"elementor-widget-wrap elementor-element-populated\">\n\t\t\t\t\t\t<div class=\"elementor-element elementor-element-71d837f elementor-widget elementor-widget-heading\" data-id=\"71d837f\" data-element_type=\"widget\" data-e-type=\"widget\" data-widget_type=\"heading.default\">\n\t\t\t\t<div class=\"elementor-widget-container\">\n\t\t\t\t\t<h2 class=\"elementor-heading-title elementor-size-default\">PRODUTOS RELACIONADOS<\/h2>\t\t\t\t<\/div>\n\t\t\t\t<\/div>\n\t\t\t\t<div class=\"elementor-element elementor-element-bdf9c97 elementor-grid-3 elementor-grid-tablet-2 elementor-grid-mobile-1 elementor-posts--thumbnail-top elementor-card-shadow-yes elementor-posts__hover-gradient elementor-widget elementor-widget-posts\" data-id=\"bdf9c97\" data-element_type=\"widget\" data-e-type=\"widget\" data-settings=\"{&quot;cards_columns&quot;:&quot;3&quot;,&quot;cards_columns_tablet&quot;:&quot;2&quot;,&quot;cards_columns_mobile&quot;:&quot;1&quot;,&quot;cards_row_gap&quot;:{&quot;unit&quot;:&quot;px&quot;,&quot;size&quot;:35,&quot;sizes&quot;:[]},&quot;cards_row_gap_tablet&quot;:{&quot;unit&quot;:&quot;px&quot;,&quot;size&quot;:&quot;&quot;,&quot;sizes&quot;:[]},&quot;cards_row_gap_mobile&quot;:{&quot;unit&quot;:&quot;px&quot;,&quot;size&quot;:&quot;&quot;,&quot;sizes&quot;:[]}}\" data-widget_type=\"posts.cards\">\n\t\t\t\t<div class=\"elementor-widget-container\">\n\t\t\t\t\t\t\t<div class=\"elementor-posts-container elementor-posts elementor-posts--skin-cards elementor-grid\" role=\"list\">\n\t\t\t\t<article class=\"elementor-post elementor-grid-item post-238 product type-product status-publish has-post-thumbnail product_cat-compattatori-it product_tag-compattatore product_tag-ecologia product_tag-pressa product_tag-riciclo product_tag-rifiuti first instock shipping-taxable product-type-simple\" role=\"listitem\">\n\t\t\t<div class=\"elementor-post__card\">\n\t\t\t\t<a class=\"elementor-post__thumbnail__link\" href=\"https:\/\/www.effe3ti.com\/pt\/prodotto\/pp1208-pressa-a-camera-verticale-58t-70t\/\" tabindex=\"-1\" ><div class=\"elementor-post__thumbnail\"><img decoding=\"async\" width=\"300\" height=\"300\" src=\"https:\/\/www.effe3ti.com\/wp-content\/uploads\/2021\/04\/PP1208-300x300.jpg\" class=\"attachment-medium size-medium wp-image-276\" alt=\"imprensa de res\u00edduos\" srcset=\"https:\/\/www.effe3ti.com\/wp-content\/uploads\/2021\/04\/PP1208-300x300.jpg 300w, https:\/\/www.effe3ti.com\/wp-content\/uploads\/2021\/04\/PP1208-100x100.jpg 100w, https:\/\/www.effe3ti.com\/wp-content\/uploads\/2021\/04\/PP1208-600x600.jpg 600w, https:\/\/www.effe3ti.com\/wp-content\/uploads\/2021\/04\/PP1208-1024x1024.jpg 1024w, https:\/\/www.effe3ti.com\/wp-content\/uploads\/2021\/04\/PP1208-150x150.jpg 150w, https:\/\/www.effe3ti.com\/wp-content\/uploads\/2021\/04\/PP1208-768x768.jpg 768w, https:\/\/www.effe3ti.com\/wp-content\/uploads\/2021\/04\/PP1208.jpg 1200w\" sizes=\"(max-width: 300px) 100vw, 300px\" \/><\/div><\/a>\n\t\t\t\t<div class=\"elementor-post__text\">\n\t\t\t\t<h3 class=\"elementor-post__title\">\n\t\t\t<a href=\"https:\/\/www.effe3ti.com\/pt\/prodotto\/pp1208-pressa-a-camera-verticale-58t-70t\/\" >\n\t\t\t\tPP1208 \u2013 Prensa de C\u00e2mara Vertical 58t\/70t\t\t\t<\/a>\n\t\t<\/h3>\n\t\t\n\t\t<a class=\"elementor-post__read-more\" href=\"https:\/\/www.effe3ti.com\/pt\/prodotto\/pp1208-pressa-a-camera-verticale-58t-70t\/\" aria-label=\"Saiba mais sobre PP1208 \u2013 prensa de c\u00e2mara vertical de 58t\/70t\" tabindex=\"-1\" >\n\t\t\tVoc\u00ea descobre &quot;\t\t<\/a>\n\n\t\t\t\t<\/div>\n\t\t\t\t\t<\/div>\n\t\t<\/article>\n\t\t\t\t<article class=\"elementor-post elementor-grid-item post-244 product type-product status-publish has-post-thumbnail product_cat-compattatori-it product_tag-compattatore product_tag-ecologia product_tag-pressa product_tag-riciclo product_tag-rifiuti  instock shipping-taxable product-type-simple\" role=\"listitem\">\n\t\t\t<div class=\"elementor-post__card\">\n\t\t\t\t<a class=\"elementor-post__thumbnail__link\" href=\"https:\/\/www.effe3ti.com\/pt\/prodotto\/styropress-bricchettatrice-per-polistirolo\/\" tabindex=\"-1\" ><div class=\"elementor-post__thumbnail\"><img decoding=\"async\" width=\"300\" height=\"300\" src=\"https:\/\/www.effe3ti.com\/wp-content\/uploads\/2021\/04\/Cutcompact-300x300.jpg\" class=\"attachment-medium size-medium wp-image-282\" alt=\"compacta\u00e7\u00e3o de poliestireno\" srcset=\"https:\/\/www.effe3ti.com\/wp-content\/uploads\/2021\/04\/Cutcompact-300x300.jpg 300w, https:\/\/www.effe3ti.com\/wp-content\/uploads\/2021\/04\/Cutcompact-100x100.jpg 100w, https:\/\/www.effe3ti.com\/wp-content\/uploads\/2021\/04\/Cutcompact-600x600.jpg 600w, https:\/\/www.effe3ti.com\/wp-content\/uploads\/2021\/04\/Cutcompact-1024x1024.jpg 1024w, https:\/\/www.effe3ti.com\/wp-content\/uploads\/2021\/04\/Cutcompact-150x150.jpg 150w, https:\/\/www.effe3ti.com\/wp-content\/uploads\/2021\/04\/Cutcompact-768x768.jpg 768w, https:\/\/www.effe3ti.com\/wp-content\/uploads\/2021\/04\/Cutcompact.jpg 1200w\" sizes=\"(max-width: 300px) 100vw, 300px\" \/><\/div><\/a>\n\t\t\t\t<div class=\"elementor-post__text\">\n\t\t\t\t<h3 class=\"elementor-post__title\">\n\t\t\t<a href=\"https:\/\/www.effe3ti.com\/pt\/prodotto\/styropress-bricchettatrice-per-polistirolo\/\" >\n\t\t\t\tStyropress \u2013 Prensa de briquetagem para poliestireno\t\t\t<\/a>\n\t\t<\/h3>\n\t\t\n\t\t<a class=\"elementor-post__read-more\" href=\"https:\/\/www.effe3ti.com\/pt\/prodotto\/styropress-bricchettatrice-per-polistirolo\/\" aria-label=\"Saiba mais sobre Styropress \u2013 M\u00e1quina de Briquetagem de Poliestireno\" tabindex=\"-1\" >\n\t\t\tVoc\u00ea descobre &quot;\t\t<\/a>\n\n\t\t\t\t<\/div>\n\t\t\t\t\t<\/div>\n\t\t<\/article>\n\t\t\t\t<article class=\"elementor-post elementor-grid-item post-239 product type-product status-publish has-post-thumbnail product_cat-compattatori-it product_tag-compattatore product_tag-ecologia product_tag-pressa product_tag-riciclo product_tag-rifiuti  instock shipping-taxable product-type-simple\" role=\"listitem\">\n\t\t\t<div class=\"elementor-post__card\">\n\t\t\t\t<a class=\"elementor-post__thumbnail__link\" href=\"https:\/\/www.effe3ti.com\/pt\/prodotto\/mk700-pressa-multicamera-verticale-6t\/\" tabindex=\"-1\" ><div class=\"elementor-post__thumbnail\"><img loading=\"lazy\" decoding=\"async\" width=\"217\" height=\"300\" src=\"https:\/\/www.effe3ti.com\/wp-content\/uploads\/2021\/04\/MK700-2-217x300.jpg\" class=\"attachment-medium size-medium wp-image-23249\" alt=\"MK700\" srcset=\"https:\/\/www.effe3ti.com\/wp-content\/uploads\/2021\/04\/MK700-2-217x300.jpg 217w, https:\/\/www.effe3ti.com\/wp-content\/uploads\/2021\/04\/MK700-2-739x1024.jpg 739w, https:\/\/www.effe3ti.com\/wp-content\/uploads\/2021\/04\/MK700-2-768x1064.jpg 768w, https:\/\/www.effe3ti.com\/wp-content\/uploads\/2021\/04\/MK700-2-1109x1536.jpg 1109w, https:\/\/www.effe3ti.com\/wp-content\/uploads\/2021\/04\/MK700-2-9x12.jpg 9w, https:\/\/www.effe3ti.com\/wp-content\/uploads\/2021\/04\/MK700-2-600x831.jpg 600w, https:\/\/www.effe3ti.com\/wp-content\/uploads\/2021\/04\/MK700-2.jpg 1444w\" sizes=\"(max-width: 217px) 100vw, 217px\" \/><\/div><\/a>\n\t\t\t\t<div class=\"elementor-post__text\">\n\t\t\t\t<h3 class=\"elementor-post__title\">\n\t\t\t<a href=\"https:\/\/www.effe3ti.com\/pt\/prodotto\/mk700-pressa-multicamera-verticale-6t\/\" >\n\t\t\t\tMK700 \u2013 Prensa vertical multic\u00e2mara de 6t\t\t\t<\/a>\n\t\t<\/h3>\n\t\t\n\t\t<a class=\"elementor-post__read-more\" href=\"https:\/\/www.effe3ti.com\/pt\/prodotto\/mk700-pressa-multicamera-verticale-6t\/\" aria-label=\"Saiba mais sobre MK700 \u2013 enfardadeira vertical multic\u00e2mara de 6t\" tabindex=\"-1\" >\n\t\t\tVoc\u00ea descobre &quot;\t\t<\/a>\n\n\t\t\t\t<\/div>\n\t\t\t\t\t<\/div>\n\t\t<\/article>\n\t\t\t\t<\/div>\n\t\t\n\t\t\t\t\t\t<\/div>\n\t\t\t\t<\/div>\n\t\t\t\t\t<\/div>\n\t\t<\/div>\n\t\t\t\t\t<\/div>\n\t\t<\/section>\n\t\t\t\t<\/div>","protected":false},"excerpt":{"rendered":"<p>Fardos de at\u00e9 250 kg. A enfardadeira de c\u00e2mara vertical BP 18 comprime papel e filme pl\u00e1stico em fardos de alta densidade. A placa de prensagem com sistema TopPlus garante a compacta\u00e7\u00e3o do material.<\/p>","protected":false},"featured_media":273,"comment_status":"closed","ping_status":"closed","template":"","meta":[],"product_brand":[],"product_cat":[25],"product_tag":[456,454,446,450,452],"class_list":{"0":"post-221","1":"product","2":"type-product","3":"status-publish","4":"has-post-thumbnail","6":"product_cat-compattatori-it","7":"product_tag-compattatore","8":"product_tag-ecologia","9":"product_tag-pressa","10":"product_tag-riciclo","11":"product_tag-rifiuti","13":"last","14":"instock","15":"shipping-taxable","16":"product-type-simple"},"yoast_head":"<!-- This site is optimized with the Yoast SEO plugin v27.5 - https:\/\/yoast.com\/product\/yoast-seo-wordpress\/ -->\n<title>BP18 - Pressa a camera verticale 18t - Effe3ti<\/title>\n<meta name=\"description\" content=\"La pressa a camera verticale\u00a0BP 18\u00a0comprime carta e film plastico in balle ad alta densit\u00e0 con una forza pressante di 180kN\" \/>\n<meta name=\"robots\" content=\"index, follow, max-snippet:-1, max-image-preview:large, max-video-preview:-1\" \/>\n<link rel=\"canonical\" href=\"https:\/\/www.effe3ti.com\/pt\/produto\/prensa-de-camara-vertical-bp18-18t\/\" \/>\n<meta property=\"og:locale\" content=\"pt_PT\" \/>\n<meta property=\"og:type\" content=\"article\" \/>\n<meta property=\"og:title\" content=\"BP18 - Pressa a camera verticale 18t - Effe3ti\" \/>\n<meta property=\"og:description\" content=\"La pressa a camera verticale\u00a0BP 18\u00a0comprime carta e film plastico in balle ad alta densit\u00e0 con una forza pressante di 180kN\" \/>\n<meta property=\"og:url\" content=\"https:\/\/www.effe3ti.com\/pt\/produto\/prensa-de-camara-vertical-bp18-18t\/\" \/>\n<meta property=\"og:site_name\" content=\"Effe3ti\" \/>\n<meta property=\"article:publisher\" content=\"https:\/\/www.facebook.com\/effe3ti.packaging\" \/>\n<meta property=\"article:modified_time\" content=\"2026-04-07T15:17:54+00:00\" \/>\n<meta property=\"og:image\" content=\"https:\/\/www.effe3ti.com\/wp-content\/uploads\/2021\/04\/BP18.jpg\" \/>\n\t<meta property=\"og:image:width\" content=\"1200\" \/>\n\t<meta property=\"og:image:height\" content=\"1200\" \/>\n\t<meta property=\"og:image:type\" content=\"image\/jpeg\" \/>\n<meta name=\"twitter:card\" content=\"summary_large_image\" \/>\n<script type=\"application\/ld+json\" class=\"yoast-schema-graph\">{\"@context\":\"https:\\\/\\\/schema.org\",\"@graph\":[{\"@type\":\"WebPage\",\"@id\":\"https:\\\/\\\/www.effe3ti.com\\\/prodotto\\\/bp18-pressa-a-camera-verticale-18t\\\/\",\"url\":\"https:\\\/\\\/www.effe3ti.com\\\/prodotto\\\/bp18-pressa-a-camera-verticale-18t\\\/\",\"name\":\"BP18 - Pressa a camera verticale 18t - Effe3ti\",\"isPartOf\":{\"@id\":\"https:\\\/\\\/www.effe3ti.com\\\/#website\"},\"primaryImageOfPage\":{\"@id\":\"https:\\\/\\\/www.effe3ti.com\\\/prodotto\\\/bp18-pressa-a-camera-verticale-18t\\\/#primaryimage\"},\"image\":{\"@id\":\"https:\\\/\\\/www.effe3ti.com\\\/prodotto\\\/bp18-pressa-a-camera-verticale-18t\\\/#primaryimage\"},\"thumbnailUrl\":\"https:\\\/\\\/www.effe3ti.com\\\/wp-content\\\/uploads\\\/2021\\\/04\\\/BP18.jpg\",\"datePublished\":\"2021-04-01T20:32:33+00:00\",\"dateModified\":\"2026-04-07T15:17:54+00:00\",\"description\":\"La pressa a camera verticale\u00a0BP 18\u00a0comprime carta e film plastico in balle ad alta densit\u00e0 con una forza pressante di 180kN\",\"breadcrumb\":{\"@id\":\"https:\\\/\\\/www.effe3ti.com\\\/prodotto\\\/bp18-pressa-a-camera-verticale-18t\\\/#breadcrumb\"},\"inLanguage\":\"pt-PT\",\"potentialAction\":[{\"@type\":\"ReadAction\",\"target\":[\"https:\\\/\\\/www.effe3ti.com\\\/prodotto\\\/bp18-pressa-a-camera-verticale-18t\\\/\"]}]},{\"@type\":\"ImageObject\",\"inLanguage\":\"pt-PT\",\"@id\":\"https:\\\/\\\/www.effe3ti.com\\\/prodotto\\\/bp18-pressa-a-camera-verticale-18t\\\/#primaryimage\",\"url\":\"https:\\\/\\\/www.effe3ti.com\\\/wp-content\\\/uploads\\\/2021\\\/04\\\/BP18.jpg\",\"contentUrl\":\"https:\\\/\\\/www.effe3ti.com\\\/wp-content\\\/uploads\\\/2021\\\/04\\\/BP18.jpg\",\"width\":1200,\"height\":1200,\"caption\":\"pressa rifiuti\"},{\"@type\":\"BreadcrumbList\",\"@id\":\"https:\\\/\\\/www.effe3ti.com\\\/prodotto\\\/bp18-pressa-a-camera-verticale-18t\\\/#breadcrumb\",\"itemListElement\":[{\"@type\":\"ListItem\",\"position\":1,\"name\":\"Home\",\"item\":\"https:\\\/\\\/www.effe3ti.com\\\/\"},{\"@type\":\"ListItem\",\"position\":2,\"name\":\"Products\",\"item\":\"https:\\\/\\\/www.effe3ti.com\\\/en\\\/shop\\\/\"},{\"@type\":\"ListItem\",\"position\":3,\"name\":\"BP18 &#8211; Pressa a camera verticale 18t\"}]},{\"@type\":\"WebSite\",\"@id\":\"https:\\\/\\\/www.effe3ti.com\\\/#website\",\"url\":\"https:\\\/\\\/www.effe3ti.com\\\/\",\"name\":\"Effe3ti\",\"description\":\"Packaging Technologies\",\"publisher\":{\"@id\":\"https:\\\/\\\/www.effe3ti.com\\\/#organization\"},\"potentialAction\":[{\"@type\":\"SearchAction\",\"target\":{\"@type\":\"EntryPoint\",\"urlTemplate\":\"https:\\\/\\\/www.effe3ti.com\\\/?s={search_term_string}\"},\"query-input\":{\"@type\":\"PropertyValueSpecification\",\"valueRequired\":true,\"valueName\":\"search_term_string\"}}],\"inLanguage\":\"pt-PT\"},{\"@type\":\"Organization\",\"@id\":\"https:\\\/\\\/www.effe3ti.com\\\/#organization\",\"name\":\"Effe3ti\",\"alternateName\":\"f3t\",\"url\":\"https:\\\/\\\/www.effe3ti.com\\\/\",\"logo\":{\"@type\":\"ImageObject\",\"inLanguage\":\"pt-PT\",\"@id\":\"https:\\\/\\\/www.effe3ti.com\\\/#\\\/schema\\\/logo\\\/image\\\/\",\"url\":\"https:\\\/\\\/www.effe3ti.com\\\/wp-content\\\/uploads\\\/2021\\\/04\\\/Effe3ti_logo-350.gif\",\"contentUrl\":\"https:\\\/\\\/www.effe3ti.com\\\/wp-content\\\/uploads\\\/2021\\\/04\\\/Effe3ti_logo-350.gif\",\"width\":350,\"height\":128,\"caption\":\"Effe3ti\"},\"image\":{\"@id\":\"https:\\\/\\\/www.effe3ti.com\\\/#\\\/schema\\\/logo\\\/image\\\/\"},\"sameAs\":[\"https:\\\/\\\/www.facebook.com\\\/effe3ti.packaging\",\"https:\\\/\\\/www.instagram.com\\\/EFFE3TI\\\/\",\"https:\\\/\\\/www.linkedin.com\\\/company\\\/effe3ti-srl\",\"https:\\\/\\\/www.youtube.com\\\/effe3ti\"]}]}<\/script>\n<!-- \/ Yoast SEO plugin. -->","yoast_head_json":{"title":"BP18 - Prensa de c\u00e2mara vertical de 18t - Effe3ti","description":"A enfardadeira de c\u00e2mara vertical BP 18 comprime papel e filme pl\u00e1stico em fardos de alta densidade com uma for\u00e7a de press\u00e3o de 180 kN","robots":{"index":"index","follow":"follow","max-snippet":"max-snippet:-1","max-image-preview":"max-image-preview:large","max-video-preview":"max-video-preview:-1"},"canonical":"https:\/\/www.effe3ti.com\/pt\/produto\/prensa-de-camara-vertical-bp18-18t\/","og_locale":"pt_PT","og_type":"article","og_title":"BP18 - Pressa a camera verticale 18t - Effe3ti","og_description":"La pressa a camera verticale\u00a0BP 18\u00a0comprime carta e film plastico in balle ad alta densit\u00e0 con una forza pressante di 180kN","og_url":"https:\/\/www.effe3ti.com\/pt\/produto\/prensa-de-camara-vertical-bp18-18t\/","og_site_name":"Effe3ti","article_publisher":"https:\/\/www.facebook.com\/effe3ti.packaging","article_modified_time":"2026-04-07T15:17:54+00:00","og_image":[{"width":1200,"height":1200,"url":"https:\/\/www.effe3ti.com\/wp-content\/uploads\/2021\/04\/BP18.jpg","type":"image\/jpeg"}],"twitter_card":"summary_large_image","schema":{"@context":"https:\/\/schema.org","@graph":[{"@type":"WebPage","@id":"https:\/\/www.effe3ti.com\/prodotto\/bp18-pressa-a-camera-verticale-18t\/","url":"https:\/\/www.effe3ti.com\/prodotto\/bp18-pressa-a-camera-verticale-18t\/","name":"BP18 - Prensa de c\u00e2mara vertical de 18t - Effe3ti","isPartOf":{"@id":"https:\/\/www.effe3ti.com\/#website"},"primaryImageOfPage":{"@id":"https:\/\/www.effe3ti.com\/prodotto\/bp18-pressa-a-camera-verticale-18t\/#primaryimage"},"image":{"@id":"https:\/\/www.effe3ti.com\/prodotto\/bp18-pressa-a-camera-verticale-18t\/#primaryimage"},"thumbnailUrl":"https:\/\/www.effe3ti.com\/wp-content\/uploads\/2021\/04\/BP18.jpg","datePublished":"2021-04-01T20:32:33+00:00","dateModified":"2026-04-07T15:17:54+00:00","description":"A enfardadeira de c\u00e2mara vertical BP 18 comprime papel e filme pl\u00e1stico em fardos de alta densidade com uma for\u00e7a de press\u00e3o de 180 kN","breadcrumb":{"@id":"https:\/\/www.effe3ti.com\/prodotto\/bp18-pressa-a-camera-verticale-18t\/#breadcrumb"},"inLanguage":"pt-PT","potentialAction":[{"@type":"ReadAction","target":["https:\/\/www.effe3ti.com\/prodotto\/bp18-pressa-a-camera-verticale-18t\/"]}]},{"@type":"ImageObject","inLanguage":"pt-PT","@id":"https:\/\/www.effe3ti.com\/prodotto\/bp18-pressa-a-camera-verticale-18t\/#primaryimage","url":"https:\/\/www.effe3ti.com\/wp-content\/uploads\/2021\/04\/BP18.jpg","contentUrl":"https:\/\/www.effe3ti.com\/wp-content\/uploads\/2021\/04\/BP18.jpg","width":1200,"height":1200,"caption":"pressa rifiuti"},{"@type":"BreadcrumbList","@id":"https:\/\/www.effe3ti.com\/prodotto\/bp18-pressa-a-camera-verticale-18t\/#breadcrumb","itemListElement":[{"@type":"ListItem","position":1,"name":"Home","item":"https:\/\/www.effe3ti.com\/"},{"@type":"ListItem","position":2,"name":"Products","item":"https:\/\/www.effe3ti.com\/en\/shop\/"},{"@type":"ListItem","position":3,"name":"BP18 &#8211; Pressa a camera verticale 18t"}]},{"@type":"WebSite","@id":"https:\/\/www.effe3ti.com\/#website","url":"https:\/\/www.effe3ti.com\/","name":"Efe3ti","description":"Tecnologias de Embalagem","publisher":{"@id":"https:\/\/www.effe3ti.com\/#organization"},"potentialAction":[{"@type":"SearchAction","target":{"@type":"EntryPoint","urlTemplate":"https:\/\/www.effe3ti.com\/?s={search_term_string}"},"query-input":{"@type":"PropertyValueSpecification","valueRequired":true,"valueName":"search_term_string"}}],"inLanguage":"pt-PT"},{"@type":"Organization","@id":"https:\/\/www.effe3ti.com\/#organization","name":"Efe3ti","alternateName":"f3t","url":"https:\/\/www.effe3ti.com\/","logo":{"@type":"ImageObject","inLanguage":"pt-PT","@id":"https:\/\/www.effe3ti.com\/#\/schema\/logo\/image\/","url":"https:\/\/www.effe3ti.com\/wp-content\/uploads\/2021\/04\/Effe3ti_logo-350.gif","contentUrl":"https:\/\/www.effe3ti.com\/wp-content\/uploads\/2021\/04\/Effe3ti_logo-350.gif","width":350,"height":128,"caption":"Effe3ti"},"image":{"@id":"https:\/\/www.effe3ti.com\/#\/schema\/logo\/image\/"},"sameAs":["https:\/\/www.facebook.com\/effe3ti.packaging","https:\/\/www.instagram.com\/EFFE3TI\/","https:\/\/www.linkedin.com\/company\/effe3ti-srl","https:\/\/www.youtube.com\/effe3ti"]}]}},"_links":{"self":[{"href":"https:\/\/www.effe3ti.com\/pt\/wp-json\/wp\/v2\/product\/221","targetHints":{"allow":["GET"]}}],"collection":[{"href":"https:\/\/www.effe3ti.com\/pt\/wp-json\/wp\/v2\/product"}],"about":[{"href":"https:\/\/www.effe3ti.com\/pt\/wp-json\/wp\/v2\/types\/product"}],"replies":[{"embeddable":true,"href":"https:\/\/www.effe3ti.com\/pt\/wp-json\/wp\/v2\/comments?post=221"}],"version-history":[{"count":5,"href":"https:\/\/www.effe3ti.com\/pt\/wp-json\/wp\/v2\/product\/221\/revisions"}],"predecessor-version":[{"id":25013,"href":"https:\/\/www.effe3ti.com\/pt\/wp-json\/wp\/v2\/product\/221\/revisions\/25013"}],"wp:featuredmedia":[{"embeddable":true,"href":"https:\/\/www.effe3ti.com\/pt\/wp-json\/wp\/v2\/media\/273"}],"wp:attachment":[{"href":"https:\/\/www.effe3ti.com\/pt\/wp-json\/wp\/v2\/media?parent=221"}],"wp:term":[{"taxonomy":"product_brand","embeddable":true,"href":"https:\/\/www.effe3ti.com\/pt\/wp-json\/wp\/v2\/product_brand?post=221"},{"taxonomy":"product_cat","embeddable":true,"href":"https:\/\/www.effe3ti.com\/pt\/wp-json\/wp\/v2\/product_cat?post=221"},{"taxonomy":"product_tag","embeddable":true,"href":"https:\/\/www.effe3ti.com\/pt\/wp-json\/wp\/v2\/product_tag?post=221"}],"curies":[{"name":"wp","href":"https:\/\/api.w.org\/{rel}","templated":true}]}}